{"id":107,"date":"2008-03-08T22:22:34","date_gmt":"2008-03-08T21:22:34","guid":{"rendered":"https:\/\/mode-franziska.de\/neu\/trendige-mode\/"},"modified":"2021-09-16T14:26:01","modified_gmt":"2021-09-16T12:26:01","slug":"trendige-mode","status":"publish","type":"page","link":"https:\/\/mode-franziska.de\/neu\/trendige-mode\/","title":{"rendered":"trendige Mode"},"content":{"rendered":"<div align=\"left\">\n<div align=\"right\"><img loading=\"lazy\" decoding=\"async\" title=\"schere\" src=\"http:\/\/www.mode-franziska.de\/atelier\/images\/stories\/Grafiken\/schere.gif\" alt=\"schere\" width=\"56\" height=\"44\" align=\"middle\" border=\"5\" hspace=\"5\" vspace=\"5\" \/><a title=\"weitere Modelle\" href=\"https:\/\/mode-franziska.de\/neu\/trendige-mode-1\/\"><strong>weitere Modelle<\/strong><\/a><\/div>\n<div align=\"left\">Mit extravagantem coolem Outfit haben sie Spa\u00df und der Hingucker ist Ihnen gewiss.<\/div>\n<div align=\"left\"><strong> Sommerfolklore <\/strong><\/p>\n<table border=\"0\" width=\"348\" cellspacing=\"5\" cellpadding=\"5\" align=\"center\">\n<tbody>\n<tr>\n<td>\n<div align=\"center\"><a class=\"jcebox\" title=\"Sommerfolklore\" href=\"https:\/\/mode-franziska.de\/neu\/wp-content\/uploads\/2008\/03\/sommer1.jpg\" rel=\"Sommerfolklore\"><img loading=\"lazy\" decoding=\"async\" class=\" size-full wp-image-90\" src=\"https:\/\/mode-franziska.de\/neu\/wp-content\/uploads\/2008\/03\/thumb_sommer1.jpg\" alt=\"\" width=\"100\" height=\"150\" border=\"0\" \/><\/a><\/div>\n<\/td>\n<td><a class=\"jcebox\" title=\"Sommerfolklore\" href=\"https:\/\/mode-franziska.de\/neu\/wp-content\/uploads\/2008\/03\/sommer2.jpg\" rel=\"Sommerfolklore\"><img loading=\"lazy\" decoding=\"async\" class=\" size-full wp-image-92\" src=\"https:\/\/mode-franziska.de\/neu\/wp-content\/uploads\/2008\/03\/thumb_sommer2.jpg\" alt=\"\" width=\"100\" height=\"150\" border=\"0\" \/><\/a><\/td>\n<td><a class=\"jcebox\" title=\"Sommerfolklore\" href=\"https:\/\/mode-franziska.de\/neu\/wp-content\/uploads\/2008\/03\/sommer3.jpg\" rel=\"Sommerfolklore\"><img loading=\"lazy\" decoding=\"async\" class=\" size-full wp-image-94\" src=\"https:\/\/mode-franziska.de\/neu\/wp-content\/uploads\/2008\/03\/thumb_sommer3.jpg\" alt=\"\" width=\"100\" height=\"150\" border=\"0\" \/><\/a><\/td>\n<\/tr>\n<\/tbody>\n<\/table>\n<div align=\"left\"><span style=\"font-size: 8pt;\">Foto: Monika Vitzthum<\/span><\/div>\n<p>Die Schlichtheit beeindruckt bei diesem Modell aus k\u00f6nigsblauer Baumwolle, kombiniert mit erbsengr\u00fcnen Streifen. Der Rock ist in Quetschfalten gelegt. Das \u00e4rmellose Oberteil hat schlichte Wiener N\u00e4hte. Ein farb- und materialgleiches Paspolband schm\u00fcckt den ovalen Ausschnitt. Die Taillennaht und die Mittelnaht im R\u00fccken zieren ein zwei Zentimeter breiter Streifen, bei dem das interessante Webmuster deutlich wird.<br \/>\nDie dazu passende Baumwollweste ist unter Herrenmode &#8211; Verwandlungsk\u00fcnstler &#8211; n\u00e4her beschrieben<\/p>\n<\/div>\n<div align=\"left\"><strong> Streifenspiel <\/strong><\/p>\n<table border=\"0\" width=\"348\" cellspacing=\"5\" cellpadding=\"5\" align=\"center\">\n<tbody>\n<tr>\n<td>\n<div align=\"center\"><a class=\"jcebox\" title=\"Streifenspiel\" href=\"https:\/\/mode-franziska.de\/neu\/wp-content\/uploads\/2008\/03\/streifen_1.jpg\" rel=\"streifen2\"><img loading=\"lazy\" decoding=\"async\" class=\" size-full wp-image-96\" src=\"https:\/\/mode-franziska.de\/neu\/wp-content\/uploads\/2008\/03\/thumb_streifen_1.jpg\" alt=\"\" width=\"100\" height=\"150\" border=\"0\" \/><\/a><\/div>\n<\/td>\n<td><a class=\"jcebox\" title=\"Streifenspiel\" href=\"https:\/\/mode-franziska.de\/neu\/wp-content\/uploads\/2008\/03\/streifen_2.jpg\" rel=\"streifen2\"><img loading=\"lazy\" decoding=\"async\" class=\" size-full wp-image-98\" src=\"https:\/\/mode-franziska.de\/neu\/wp-content\/uploads\/2008\/03\/thumb_streifen_2.jpg\" alt=\"\" width=\"100\" height=\"150\" border=\"0\" \/><\/a><\/td>\n<td><a class=\"jcebox\" title=\"Streifenspiel\" href=\"https:\/\/mode-franziska.de\/neu\/wp-content\/uploads\/2008\/03\/streifen_3.jpg\" rel=\"streifen2\"><img loading=\"lazy\" decoding=\"async\" class=\" size-full wp-image-100\" src=\"https:\/\/mode-franziska.de\/neu\/wp-content\/uploads\/2008\/03\/thumb_streifen_3.jpg\" alt=\"\" width=\"100\" height=\"150\" border=\"0\" \/><\/a><\/td>\n<\/tr>\n<\/tbody>\n<\/table>\n<div align=\"left\"><span style=\"font-size: 8pt;\">Foto: Monika Vitzthum<\/span><\/div>\n<p>Dieses figurbetonende Tr\u00e4gerkleid aus k\u00f6nigsblauer und gr\u00fcner Baumwolle \u00fcberzeugt durch seinen interessanten Blockeinsatz: Schmale Streifen, die das interessante Webmuster aufgreifen, sind abwechselnd mit dem blauen bzw. gr\u00fcnen Baumwollstoff zu einem 20cm breiten Block verarbeitet. Dieser ist schr\u00e4gverlaufend in das Grundkleid eingesetzt. Deckungsgleich verl\u00e4uft das &#8222;Streifenspiel&#8220; auch bei der taillenkurzen Jacke und wiederholt sich zum Rundhalsausschnitt. Das dazu passende Herrenoutfit ist unter Herrenmode &#8211; Verwandlungsk\u00fcnstler &#8211; beschrieben.<\/p>\n<\/div>\n<div align=\"left\"><strong> Leicht wie eine Meeresbrise <\/strong><\/p>\n<table border=\"0\" width=\"348\" cellspacing=\"5\" cellpadding=\"5\" align=\"center\">\n<tbody>\n<tr>\n<td>\n<div align=\"center\"><a class=\"jcebox\" title=\"Leicht wie eine Meeresbrise\" href=\"https:\/\/mode-franziska.de\/neu\/wp-content\/uploads\/2008\/03\/meer1.jpg\" rel=\"meer\"><img loading=\"lazy\" decoding=\"async\" class=\" size-full wp-image-102\" src=\"https:\/\/mode-franziska.de\/neu\/wp-content\/uploads\/2008\/03\/thumb_meer1.jpg\" alt=\"\" width=\"100\" height=\"150\" border=\"0\" \/><\/a><\/div>\n<\/td>\n<td><a class=\"jcebox\" title=\"Leicht wie eine Meeresbrise\" href=\"https:\/\/mode-franziska.de\/neu\/wp-content\/uploads\/2008\/03\/meer2.jpg\" rel=\"meer\"><img loading=\"lazy\" decoding=\"async\" class=\" size-full wp-image-104\" src=\"https:\/\/mode-franziska.de\/neu\/wp-content\/uploads\/2008\/03\/thumb_meer2.jpg\" alt=\"\" width=\"100\" height=\"150\" border=\"0\" \/><\/a><\/td>\n<td><a class=\"jcebox\" title=\"Leicht wie eine Meeresbrise\" href=\"https:\/\/mode-franziska.de\/neu\/wp-content\/uploads\/2008\/03\/meer3.jpg\" rel=\"meer\"><img loading=\"lazy\" decoding=\"async\" class=\" size-full wp-image-106\" src=\"https:\/\/mode-franziska.de\/neu\/wp-content\/uploads\/2008\/03\/thumb_meer3.jpg\" alt=\"\" width=\"100\" height=\"150\" border=\"0\" \/><\/a><\/td>\n<\/tr>\n<\/tbody>\n<\/table>\n<div align=\"left\"><span style=\"font-size: 8pt;\">Foto: Monika Vitzthum<\/span><\/div>\n<p>Dieses zarte, kniekurze Kleid aus lagunenfarbigem Poly-Georgette ist 3-lagig verarbeitet, wobei die oberste Lage beim hochgeg\u00fcrteten R\u00f6ckchen ein interessanter Sonnenpliessee ist. Ein weiterer Pliesseestreifen l\u00e4uft schr\u00e4g \u00fcber die rechte Schulter und ziert das glattgehaltene Corsagenoberteil.<\/p>\n<\/div>\n<div align=\"left\"><strong>Retrokleid <\/strong><br \/>\n<strong><br \/>\n<\/strong><\/div>\n<table border=\"0\" width=\"348\" cellspacing=\"5\" cellpadding=\"5\" align=\"center\">\n<tbody>\n<tr>\n<td><a class=\"jcebox\" title=\"Retrokleid \" href=\"http:\/\/www.mode-franziska.de\/atelier\/images\/stories\/trendige_Mode9\/retrokleid1.jpg\" rel=\"trendige_Mode9\"><img decoding=\"async\" src=\"http:\/\/www.mode-franziska.de\/atelier\/images\/stories\/trendige_Mode9\/thumbnails\/thumb_retrokleid1.jpg\" alt=\"\" border=\"0\" \/><\/a><\/td>\n<td><a class=\"jcebox\" title=\"Retrokleid \" href=\"http:\/\/www.mode-franziska.de\/atelier\/images\/stories\/trendige_Mode9\/retrokleid2.jpg\" rel=\"trendige_Mode9\"><img decoding=\"async\" src=\"http:\/\/www.mode-franziska.de\/atelier\/images\/stories\/trendige_Mode9\/thumbnails\/thumb_retrokleid2.jpg\" alt=\"\" border=\"0\" \/><\/a><\/td>\n<td><a class=\"jcebox\" title=\"Retrokleid\" href=\"http:\/\/www.mode-franziska.de\/atelier\/images\/stories\/trendige_Mode9\/retrokleid3.jpg\" rel=\"trendige_Mode9\"><img decoding=\"async\" src=\"http:\/\/www.mode-franziska.de\/atelier\/images\/stories\/trendige_Mode9\/thumbnails\/thumb_retrokleid3.jpg\" alt=\"\" border=\"0\" \/><\/a><\/td>\n<\/tr>\n<\/tbody>\n<\/table>\n<div align=\"left\"><span style=\"font-size: 8pt;\"><br \/>\nFoto: Monika Vitzthum<\/span><\/div>\n<\/div>\n<div align=\"left\">\n<div align=\"left\">Dieses Kleid im Stil der 50er Jahre unterstreicht in Bezug auf Schnitt-, Farb-und Materialwahl den jugendlichen Typ der Kundin. Das taillenlange Tr\u00e4geroberteil ist passgenau \u00a0auf \u00a0Figur gearbeitet. Am angesetzten, knieumspielenden Glockenrock sind im Vorderteil zwei tiefe, locker aufspringende \u00a0 Quetschfalten. Unter der Brust verl\u00e4uft schr\u00e4g eine farblich abgestimmte Seidensch\u00e4rpe, die im Rockteil locker bis zum Saum ausl\u00e4uft. Ein klassisches Wendebolero mit Kelchkragen aus dem Grundstoff und ein an die 50er Jahre erinnerndes Stoffdesign machen aus dem jugendlichen Kleid ein schickes Ensemble. Das Outfit komplettiert eine dazugeh\u00f6rige, schlichte Stofftasche mit einem langen Seidenriemen.<\/div>\n<\/div>\n<div align=\"left\"><\/div>\n<div align=\"left\"><strong style=\"letter-spacing: 0.04em; text-align: center;\">Jugendliches Kost\u00fcm mit Seidentop &#8211; Voll im Trend<\/strong><\/div>\n<div align=\"left\"><\/div>\n<table border=\"0\" width=\"348\" cellspacing=\"5\" cellpadding=\"5\" align=\"center\">\n<tbody>\n<tr>\n<td>\n<div align=\"center\"><a class=\"jcebox\" title=\"Jugendliches Kost\u00fcm mit Seidentop - Voll im Trend\" href=\"http:\/\/www.mode-franziska.de\/atelier\/images\/stories\/trendige_Mode8\/trend4.jpg\" rel=\"trendige_Mode8\"><img decoding=\"async\" src=\"http:\/\/www.mode-franziska.de\/atelier\/images\/stories\/trendige_Mode8\/thumbnails\/thumb_trend4.jpg\" alt=\"\" border=\"0\" \/><\/a><\/div>\n<\/td>\n<td><a class=\"jcebox\" title=\"Jugendliches Kost\u00fcm mit Seidentop - Voll im Trend\" href=\"http:\/\/www.mode-franziska.de\/atelier\/images\/stories\/trendige_Mode8\/trend1.jpg\" rel=\"trendige_Mode8\"><img decoding=\"async\" src=\"http:\/\/www.mode-franziska.de\/atelier\/images\/stories\/trendige_Mode8\/thumbnails\/thumb_trend1.jpg\" alt=\"\" border=\"0\" \/><\/a><\/td>\n<td><a class=\"jcebox\" title=\"Jugendliches Kost\u00fcm mit Seidentop - Voll im Trend\" href=\"http:\/\/www.mode-franziska.de\/atelier\/images\/stories\/trendige_Mode8\/trend2.jpg\" rel=\"trendige_Mode8\"><img decoding=\"async\" src=\"http:\/\/www.mode-franziska.de\/atelier\/images\/stories\/trendige_Mode8\/thumbnails\/thumb_trend2.jpg\" alt=\"\" border=\"0\" \/><\/a><\/td>\n<td><a class=\"jcebox\" title=\"Jugendliches Kost\u00fcm mit Seidentop - Voll im Trend\" href=\"http:\/\/www.mode-franziska.de\/atelier\/images\/stories\/trendige_Mode8\/trend3.jpg\" rel=\"trendige_Mode8\"><img decoding=\"async\" src=\"http:\/\/www.mode-franziska.de\/atelier\/images\/stories\/trendige_Mode8\/thumbnails\/thumb_trend3.jpg\" alt=\"\" border=\"0\" \/><\/a><\/td>\n<\/tr>\n<\/tbody>\n<\/table>\n<div align=\"left\"><span style=\"font-size: 8pt;\">Foto: Monika Vitzthum<\/span><\/div>\n<p>Die zweireihige olivgr\u00fcne Kurzjacke hat im Vorder- und R\u00fcckenteil abgesteppte Teilungsn\u00e4hte. Zwei Koller im Vorderteil und ein gr\u00f6\u00dferer im R\u00fccken werden mit Kn\u00f6pfen gehalten. An den gerade verlaufenden \u00c4rmeln sitzen im unteren Teil Riegel mit Schlaufen. Das \u00fcppige Revers geht in einen gro\u00dfen Kragen \u00fcber, der mit einem peppigen Karostoff unterlegt ist. Als Blickfang sitzt im Jackenr\u00fccken auf Taillenh\u00f6he ein geteilter Riegel, der mit Schlaufen und Kn\u00f6pfen gehalten und in der Teilung mit einem olivgr\u00fcnen Seidenband des Tops zusammengeknotet ist.<br \/>\nDer farblich passende grau-olive Karorock hat im geraden Passenteil einen interessant verlaufenden Einsatz aus dem Jackenstoff.. Das untere Rockteil ist in breiten Quetschfalten gelegt.<br \/>\nEin olivfarbenes h\u00fcftlanges Seidentop mit Spaghettitr\u00e4gern komplettiert das Ensemble. Es ist in der vordern Mitte gerafft und an der Blende mit kleinen Kn\u00f6pfen geschlossen.<strong><br \/>\n<\/strong><\/p>\n<div align=\"left\"><\/div>\n<div align=\"left\"><strong>Lodenmantel &#8211; Kurzer Mantel &#8211; gro\u00dfe Wirkung<\/strong><br \/>\n<strong><br \/>\n<\/strong><\/div>\n<table border=\"0\" width=\"348\" cellspacing=\"5\" cellpadding=\"5\" align=\"center\">\n<tbody>\n<tr>\n<td>\n<div align=\"center\"><a class=\"jcebox\" title=\"Lodenmantel - Kurzer Mantel - gro\u00dfe Wirkung\" href=\"http:\/\/www.mode-franziska.de\/atelier\/images\/stories\/trendige_Mode7\/trend1.jpg\" rel=\"trendige_Mode7\"><img decoding=\"async\" src=\"http:\/\/www.mode-franziska.de\/atelier\/images\/stories\/trendige_Mode7\/thumbnails\/thumb_trend1.jpg\" alt=\"\" border=\"0\" \/><\/a><\/div>\n<\/td>\n<td><a class=\"jcebox\" title=\"Lodenmantel - Kurzer Mantel - gro\u00dfe Wirkung\" href=\"http:\/\/www.mode-franziska.de\/atelier\/images\/stories\/trendige_Mode7\/trend2.jpg\" rel=\"trendige_Mode7\"><img decoding=\"async\" src=\"http:\/\/www.mode-franziska.de\/atelier\/images\/stories\/trendige_Mode7\/thumbnails\/thumb_trend2.jpg\" alt=\"\" border=\"0\" \/><\/a><\/td>\n<td><a class=\"jcebox\" title=\"Lodenmantel - Kurzer Mantel - gro\u00dfe Wirkung\" href=\"http:\/\/www.mode-franziska.de\/atelier\/images\/stories\/trendige_Mode7\/trend3.jpg\" rel=\"trendige_Mode7\"><img decoding=\"async\" src=\"http:\/\/www.mode-franziska.de\/atelier\/images\/stories\/trendige_Mode7\/thumbnails\/thumb_trend3.jpg\" alt=\"\" border=\"0\" \/><\/a><\/td>\n<\/tr>\n<\/tbody>\n<\/table>\n<div align=\"left\"><span style=\"font-size: 8pt;\"><br \/>\nFoto: Monika Vitzthum<\/span><\/div>\n<div align=\"left\">Der hochgeg\u00fcrtete zweireihige Mantel mit Stehkragen ist aus nachtblauem Loden gearbeitet. Auffallend sind die zwei tief geb\u00fcgelten Quetschfalten im Vorderteil, die bereits unter der Brust aufspringen. Den R\u00fccken ziert ein schlichter Riegel mit Zierkn\u00f6pfen \u00fcber einer weiteren Quetschfalte.<br \/>\nDie besondere Raffinesse bei diesem Modell sind die \u00c4rmel: Auch hier wiederholen sich die Quetschfalten im unteren \u00c4rmeldrittel. Geschlossen wird der Mantel mit dunkelblauen Lederkn\u00f6pfen.<\/div>\n<div align=\"left\">\n<div align=\"left\">\n<div align=\"left\"><strong>Seidenwickelbluse \u2013 flott und elegant \u00a0<\/strong><\/div>\n<table border=\"0\" width=\"348\" cellspacing=\"5\" cellpadding=\"5\" align=\"center\">\n<tbody>\n<tr>\n<td>\n<div align=\"center\"><a class=\"jcebox\" title=\"Seidenwickelbluse \u2013 flott und elegant  \" href=\"http:\/\/www.mode-franziska.de\/atelier\/images\/stories\/Blusen2\/blusen2-3.jpg\" rel=\"Blusen2\"><img decoding=\"async\" src=\"http:\/\/www.mode-franziska.de\/atelier\/images\/stories\/Blusen2\/thumbnails\/thumb_blusen2-3.jpg\" alt=\"\" border=\"0\" \/><\/a><\/div>\n<\/td>\n<td><a class=\"jcebox\" title=\"Seidenwickelbluse \u2013 flott und elegant  \" href=\"http:\/\/www.mode-franziska.de\/atelier\/images\/stories\/Blusen2\/blusen2.jpg\" rel=\"Blusen2\"><img decoding=\"async\" src=\"http:\/\/www.mode-franziska.de\/atelier\/images\/stories\/Blusen2\/thumbnails\/thumb_blusen2.jpg\" alt=\"\" border=\"0\" \/><\/a><\/td>\n<td><a class=\"jcebox\" title=\"Seidenwickelbluse \u2013 flott und elegant  \" href=\"http:\/\/www.mode-franziska.de\/atelier\/images\/stories\/Blusen2\/blusen2-2.jpg\" rel=\"Blusen2\"><img decoding=\"async\" src=\"http:\/\/www.mode-franziska.de\/atelier\/images\/stories\/Blusen2\/thumbnails\/thumb_blusen2-2.jpg\" alt=\"\" border=\"0\" \/><\/a><\/td>\n<\/tr>\n<\/tbody>\n<\/table>\n<div align=\"left\"><span style=\"font-size: 8pt;\"><br \/>\nFoto: Monika Vitzthum<\/span><\/div>\n<p>Die aparte Wickelbluse aus naturfarbener Seide mit mehrfarbigem Bl\u00e4tterdruck ist zu vielen Teilen zu tragen. Sie hat einen V-Ausschnitt, \u00fcberschnittene \u00c4rmel und eine ansprechende L\u00e4nge, Gehalten wird die Bluse seitlich durch eine gleichfarbige G\u00fcrtelschlie\u00dfe, durch die die langen, verst\u00fcrzten B\u00e4nder gezogen werden. Dadurch gewinnt die Bluse an Exklusivit\u00e4t.<\/p>\n<\/div>\n<\/div>\n","protected":false},"excerpt":{"rendered":"<p>weitere Modelle Mit extravagantem coolem Outfit haben sie Spa\u00df und der Hingucker ist Ihnen gewiss. Sommerfolklore Foto: Monika Vitzthum Die Schlichtheit beeindruckt bei diesem Modell aus k\u00f6nigsblauer Baumwolle, kombiniert mit erbsengr\u00fcnen Streifen. Der Rock ist in Quetschfalten gelegt. Das \u00e4rmellose Oberteil hat schlichte Wiener N\u00e4hte. Ein farb- und materialgleiches Paspolband schm\u00fcckt den ovalen Ausschnitt. Die [&hellip;]<\/p>\n","protected":false},"author":1,"featured_media":0,"parent":0,"menu_order":38,"comment_status":"closed","ping_status":"closed","template":"","meta":{"_et_pb_use_builder":"","_et_pb_old_content":"","_et_gb_content_width":"793","footnotes":""},"class_list":["post-107","page","type-page","status-publish","hentry"],"_links":{"self":[{"href":"https:\/\/mode-franziska.de\/neu\/wp-json\/wp\/v2\/pages\/107","targetHints":{"allow":["GET"]}}],"collection":[{"href":"https:\/\/mode-franziska.de\/neu\/wp-json\/wp\/v2\/pages"}],"about":[{"href":"https:\/\/mode-franziska.de\/neu\/wp-json\/wp\/v2\/types\/page"}],"author":[{"embeddable":true,"href":"https:\/\/mode-franziska.de\/neu\/wp-json\/wp\/v2\/users\/1"}],"replies":[{"embeddable":true,"href":"https:\/\/mode-franziska.de\/neu\/wp-json\/wp\/v2\/comments?post=107"}],"version-history":[{"count":5,"href":"https:\/\/mode-franziska.de\/neu\/wp-json\/wp\/v2\/pages\/107\/revisions"}],"predecessor-version":[{"id":841,"href":"https:\/\/mode-franziska.de\/neu\/wp-json\/wp\/v2\/pages\/107\/revisions\/841"}],"wp:attachment":[{"href":"https:\/\/mode-franziska.de\/neu\/wp-json\/wp\/v2\/media?parent=107"}],"curies":[{"name":"wp","href":"https:\/\/api.w.org\/{rel}","templated":true}]}}