{"id":126,"date":"2008-03-08T22:29:32","date_gmt":"2008-03-08T21:29:32","guid":{"rendered":"https:\/\/mode-franziska.de\/neu\/hochzeitsmoden\/"},"modified":"2021-09-17T15:18:13","modified_gmt":"2021-09-17T13:18:13","slug":"hochzeitsmoden","status":"publish","type":"page","link":"https:\/\/mode-franziska.de\/neu\/hochzeitsmoden\/","title":{"rendered":"Hochzeitsmode"},"content":{"rendered":"<div align=\"right\">\u00a0 <img loading=\"lazy\" decoding=\"async\" title=\"schere\" src=\"http:\/\/www.mode-franziska.de\/atelier\/images\/stories\/Grafiken\/schere.gif\" alt=\"schere\" width=\"56\" height=\"44\" align=\"middle\" border=\"5\" hspace=\"5\" vspace=\"5\" \/><a href=\"https:\/\/mode-franziska.de\/neu\/hochzeitsmoden-1\/\"><strong>weitere Modelle<\/strong><\/a><\/div>\n<div align=\"left\">Mit einem einzigartigen wundersch\u00f6nen Traumkleid f\u00fcr die Braut und einem eleganten Hochzeitsanzug f\u00fcr den Br\u00e4utigam feiern und genie\u00dfen Sie Ihren unvergesslichen Hochzeitstag.<\/div>\n<div align=\"left\"><strong>Zauberhafte Braut im schulterfreien Kleid mit Schmetterlingscorsage <\/strong><\/p>\n<table border=\"0\" width=\"348\" cellspacing=\"5\" cellpadding=\"5\" align=\"center\">\n<tbody>\n<tr>\n<td><a class=\"jcebox\" title=\"Zauberhafte Braut im schulterfreien Kleid mit Schmetterlingscorsage\" href=\"https:\/\/mode-franziska.de\/neu\/wp-content\/uploads\/2021\/09\/corsage1.jpg\" rel=\"Zauberhafte Braut im schulterfreien Kleid mit Schmetterlingscorsage \"><img loading=\"lazy\" decoding=\"async\" class=\"alignnone\" src=\"https:\/\/mode-franziska.de\/neu\/wp-content\/uploads\/2021\/09\/thumb_corsage1.jpg\" alt=\"\" width=\"101\" height=\"150\" border=\"0\" \/><\/a><\/td>\n<td><a class=\"jcebox\" title=\"Zauberhafte Braut im schulterfreien Kleid mit Schmetterlingscorsage\" href=\"https:\/\/mode-franziska.de\/neu\/wp-content\/uploads\/2021\/09\/corsage2.jpg\" rel=\"Zauberhafte Braut im schulterfreien Kleid mit Schmetterlingscorsage \"><img loading=\"lazy\" decoding=\"async\" class=\"alignnone\" src=\"https:\/\/mode-franziska.de\/neu\/wp-content\/uploads\/2021\/09\/thumb_corsage2.jpg\" alt=\"\" width=\"101\" height=\"150\" border=\"0\" \/><\/a><\/td>\n<td><a class=\"jcebox\" title=\"Zauberhafte Braut im schulterfreien Kleid mit Schmetterlingscorsage\" href=\"https:\/\/mode-franziska.de\/neu\/wp-content\/uploads\/2021\/09\/corsage3.jpg\" rel=\"Zauberhafte Braut im schulterfreien Kleid mit Schmetterlingscorsage \"><img loading=\"lazy\" decoding=\"async\" class=\"alignnone\" src=\"https:\/\/mode-franziska.de\/neu\/wp-content\/uploads\/2021\/09\/thumb_corsage3.jpg\" alt=\"\" width=\"101\" height=\"150\" border=\"0\" \/><\/a><\/td>\n<td><a class=\"jcebox\" title=\"Zauberhafte Braut im schulterfreien Kleid mit Schmetterlingscorsage\" href=\"https:\/\/mode-franziska.de\/neu\/wp-content\/uploads\/2021\/09\/corsage4.jpg\" rel=\"Zauberhafte Braut im schulterfreien Kleid mit Schmetterlingscorsage \"><img loading=\"lazy\" decoding=\"async\" class=\"alignnone\" src=\"https:\/\/mode-franziska.de\/neu\/wp-content\/uploads\/2021\/09\/thumb_corsage4.jpg\" alt=\"\" width=\"101\" height=\"150\" border=\"0\" \/><\/a><\/td>\n<\/tr>\n<\/tbody>\n<\/table>\n<\/div>\n<div align=\"left\"><span style=\"font-size: 8pt;\">Foto: privat<\/span><\/div>\n<div align=\"left\">\n<p>Reinweisser Stretchsatin wurde einem ansprechenden Brautkleid verarbeitet. Am Oberteil verl\u00e4uft ein Drappe\u00e8. Zudem zieren es zarte Schmetterlinge, die sich auch wieder auf dem Schleier aus Softt\u00fcll finden. Der Rock ist im Vorderteil mit Doppelfalten verarbeitet. An den Seitenn\u00e4hten sind Eingriffstaschen. Das Kleid hat eine 1,80m lange Schleppe.<\/p>\n<div align=\"left\"><strong>Variables Brautkleid <\/strong><\/p>\n<table border=\"0\" width=\"348\" cellspacing=\"5\" cellpadding=\"5\" align=\"center\">\n<tbody>\n<tr>\n<td><a href=\"https:\/\/mode-franziska.de\/neu\/wp-content\/uploads\/2021\/09\/wandel1.jpg\"><img loading=\"lazy\" decoding=\"async\" class=\"alignnone wp-image-634 size-full\" src=\"https:\/\/mode-franziska.de\/neu\/wp-content\/uploads\/2021\/09\/thumb_wandel1.jpg\" alt=\"\" width=\"100\" height=\"150\" \/><\/a><\/td>\n<td><a href=\"https:\/\/mode-franziska.de\/neu\/wp-content\/uploads\/2021\/09\/wandel2.jpg\"><img loading=\"lazy\" decoding=\"async\" class=\"alignnone wp-image-635 size-full\" src=\"https:\/\/mode-franziska.de\/neu\/wp-content\/uploads\/2021\/09\/thumb_wandel2.jpg\" alt=\"\" width=\"100\" height=\"150\" \/><\/a><\/td>\n<td><a href=\"https:\/\/mode-franziska.de\/neu\/wp-content\/uploads\/2021\/09\/wandel3.jpg\"><img loading=\"lazy\" decoding=\"async\" class=\"alignnone wp-image-636 size-full\" src=\"https:\/\/mode-franziska.de\/neu\/wp-content\/uploads\/2021\/09\/thumb_wandel3.jpg\" alt=\"\" width=\"100\" height=\"150\" \/><\/a><\/td>\n<\/tr>\n<\/tbody>\n<\/table>\n<\/div>\n<div align=\"left\"><span style=\"font-size: 8pt;\">Foto: privat<\/span><\/div>\n<\/div>\n<div align=\"left\">Grundkleid: Rein wei\u00dfe, gestickte Spitze mit Bogenabschluss ziert das interessante Oberteil. Dabei sind sowohl der R\u00fccken und der ansprechende V-Ausschnitt im Vorderteil transparent. Der leicht ausgestellte, knielange Rock ist aus Cr\u00eape Satin. Dar\u00fcber tr\u00e4gt die Braut einen separaten bodenlagen Glockenrock aus dreilagigem Georgette.<br \/>\nPartykleid: Aus dem festlichen, langen Kleid wird im Handumdrehen ein Partykleid.<\/p>\n<div align=\"left\"><strong id=\"Traditionelles Brautpaar\">Traditionelles Brautpaar<\/strong><\/div>\n<table border=\"0\" width=\"348\" cellspacing=\"5\" cellpadding=\"5\" align=\"center\">\n<tbody>\n<tr>\n<td>\n<div align=\"center\"><a class=\"jcebox\" title=\"Traditionelles Brautpaar\" href=\"https:\/\/mode-franziska.de\/neu\/wp-content\/uploads\/2021\/09\/trachtenpaar001.jpg \" rel=\"Traditionelles Brautpaar\"><img decoding=\"async\" class=\"aligncenter\" src=\"https:\/\/mode-franziska.de\/neu\/wp-content\/uploads\/2021\/09\/thumb_trachtenpaar001.jpg\" alt=\"\" border=\"0\" \/><\/a><\/div>\n<\/td>\n<td><a class=\"jcebox\" title=\"Traditionelles Brautpaar\" href=\"https:\/\/mode-franziska.de\/neu\/wp-content\/uploads\/2021\/09\/trachtenpaar002.jpg\" rel=\"Traditionelles Brautpaar\"><img decoding=\"async\" class=\"aligncenter\" src=\"https:\/\/mode-franziska.de\/neu\/wp-content\/uploads\/2021\/09\/thumb_trachtenpaar002.jpg\" alt=\"\" border=\"0\" \/><\/a><\/td>\n<td><a class=\"jcebox\" title=\"Traditionelles Brautpaar\" href=\"https:\/\/mode-franziska.de\/neu\/wp-content\/uploads\/2021\/09\/trachtenpaar003.jpg\" rel=\"Traditionelles Brautpaar\"><img decoding=\"async\" class=\"aligncenter\" src=\"https:\/\/mode-franziska.de\/neu\/wp-content\/uploads\/2021\/09\/thumb_trachtenpaar003.jpg\" alt=\"\" border=\"0\" \/><\/a><\/td>\n<\/tr>\n<tr style=\"vertical-align: middle;\">\n<td><a class=\"jcebox\" title=\"Traditionelles Brautpaar\" href=\"https:\/\/mode-franziska.de\/neu\/wp-content\/uploads\/2021\/09\/trachtenpaar004.jpg\" rel=\"Traditionelles Brautpaar\"><img loading=\"lazy\" decoding=\"async\" class=\"vertical-align:middle aligncenter\" src=\"https:\/\/mode-franziska.de\/neu\/wp-content\/uploads\/2021\/09\/thumb_trachtenpaar004.jpg\" alt=\"\" width=\"100\" height=\"150\" border=\"0\" \/><\/a><\/td>\n<td><a class=\"jcebox\" title=\"Traditionelles Brautpaar\" href=\"https:\/\/mode-franziska.de\/neu\/wp-content\/uploads\/2021\/09\/trachtenpaar005.jpg\" rel=\"Traditionelles Brautpaar\"><img loading=\"lazy\" decoding=\"async\" class=\"aligncenter\" src=\"https:\/\/mode-franziska.de\/neu\/wp-content\/uploads\/2021\/09\/thumb_trachtenpaar005.jpg\" alt=\"\" width=\"100\" height=\"150\" border=\"0\" \/><\/a><\/td>\n<td><a class=\"jcebox\" title=\"Traditionelles Brautpaar\" href=\"https:\/\/mode-franziska.de\/neu\/wp-content\/uploads\/2021\/09\/trachtenpaar006.jpg\" rel=\"Traditionelles Brautpaar\"><img loading=\"lazy\" decoding=\"async\" class=\"aligncenter\" src=\"https:\/\/mode-franziska.de\/neu\/wp-content\/uploads\/2021\/09\/thumb_trachtenpaar006.jpg\" alt=\"\" width=\"100\" height=\"150\" border=\"0\" \/><\/a><\/td>\n<\/tr>\n<\/tbody>\n<\/table>\n<\/div>\n<div align=\"left\"><span style=\"font-size: 8pt;\">Foto: privat<\/span><\/div>\n<p>Zu dem blaugrundigen, knielangen Rock aus einer Wollmischung harmoniert ein Leinenoberteil, das im Vorderteil traditionelle Abn\u00e4her und im R\u00fcckenteil schr\u00e4g gelegte Schultern und Wienern\u00e4hte hat. Diese Teilungsn\u00e4hte ziert eine Paspel aus dem Rockstoff. Um den tiefen Ausschnitt schmiegt sich eine schmale, graue Posamentenborte. Das Vorderteil schlie\u00dfen in Silber gefasste Perlmuttkn\u00f6pfe. Neben der schlichten Sch\u00fcrze aus zarter Bortenspitze verleiht vor allem die Kelchkragenbluse der Braut Eleganz.<br \/>\nEin weiterer Blickfang ist das Sch\u00fcrzenband aus ecrufarbigem Moiree.<br \/>\nDer Br\u00e4utigam tr\u00e4gt eine hochgeschlossene Weste mit Stehkragen aus dem gleichen Leinenstoff. Die Kanten der Leistentaschen und das Westenvorderteil sind mit dem blauen Rockstoff der Braut schmal verziert. In der Brusttasche steckt das Moireeband der Brautsch\u00fcrze als Einstecktuch. Silberfarbene Halbkugelkn\u00f6pfe schlie\u00dfen die Weste. Im R\u00fccken wurde graues Sergefutter verarbeitet.<\/p>\n<div align=\"left\"><strong id=\"Zarter Spitzentraum\">Zarter Spitzentraum<\/strong><\/div>\n<table border=\"0\" width=\"348\" cellspacing=\"5\" cellpadding=\"5\" align=\"center\">\n<tbody>\n<tr>\n<td>\n<div align=\"center\"><a class=\"jcebox\" title=\"Zarter Spitzentraum\" href=\"https:\/\/mode-franziska.de\/neu\/wp-content\/uploads\/2008\/03\/spitze1.jpg\" rel=\"spitzentraum\"><img loading=\"lazy\" decoding=\"async\" class=\" size-full wp-image-109\" src=\"https:\/\/mode-franziska.de\/neu\/wp-content\/uploads\/2008\/03\/thumb_01_spitze.jpg\" alt=\"\" width=\"120\" height=\"150\" border=\"0\" \/><\/a><\/div>\n<\/td>\n<td><a class=\"jcebox\" title=\"Zarter Spitzentraum\" href=\"https:\/\/mode-franziska.de\/neu\/wp-content\/uploads\/2008\/03\/spitze2.jpg\" rel=\"spitzentraum\"><img loading=\"lazy\" decoding=\"async\" class=\" size-full wp-image-111\" src=\"https:\/\/mode-franziska.de\/neu\/wp-content\/uploads\/2008\/03\/thumb_02_spitze.jpg\" alt=\"\" width=\"100\" height=\"150\" border=\"0\" \/><\/a><\/td>\n<td><a class=\"jcebox\" title=\"Zarter Spitzentraum\" href=\"https:\/\/mode-franziska.de\/neu\/wp-content\/uploads\/2008\/03\/spitze3.jpg\" rel=\"spitzentraum\"><img loading=\"lazy\" decoding=\"async\" class=\" size-full wp-image-113\" src=\"https:\/\/mode-franziska.de\/neu\/wp-content\/uploads\/2008\/03\/thumb_03_spitze.jpg\" alt=\"\" width=\"100\" height=\"150\" border=\"0\" \/><\/a><\/td>\n<\/tr>\n<tr>\n<td><a class=\"jcebox\" title=\"Zarter Spitzentraum\" href=\"https:\/\/mode-franziska.de\/neu\/wp-content\/uploads\/2008\/03\/spitze4.jpg\" rel=\"spitzentraum\"><img loading=\"lazy\" decoding=\"async\" class=\" size-full wp-image-115\" src=\"https:\/\/mode-franziska.de\/neu\/wp-content\/uploads\/2008\/03\/thumb_04_spitze.jpg\" alt=\"\" width=\"150\" height=\"100\" border=\"0\" \/><\/a><\/td>\n<td><a class=\"jcebox\" title=\"Zarter Spitzentraum\" href=\"https:\/\/mode-franziska.de\/neu\/wp-content\/uploads\/2008\/03\/spitze5.jpg\" rel=\"spitzentraum\"><img loading=\"lazy\" decoding=\"async\" class=\" size-full wp-image-117\" src=\"https:\/\/mode-franziska.de\/neu\/wp-content\/uploads\/2008\/03\/thumb_05_spitze.jpg\" alt=\"\" width=\"150\" height=\"100\" border=\"0\" \/><\/a><\/td>\n<td><a class=\"jcebox\" title=\"Zarter Spitzentraum\" href=\"https:\/\/mode-franziska.de\/neu\/wp-content\/uploads\/2008\/03\/spitze6.jpg\" rel=\"spitzentraum\"><img loading=\"lazy\" decoding=\"async\" class=\" size-full wp-image-119\" src=\"https:\/\/mode-franziska.de\/neu\/wp-content\/uploads\/2008\/03\/thumb_06_spitze.jpg\" alt=\"\" width=\"150\" height=\"100\" border=\"0\" \/><\/a><\/td>\n<\/tr>\n<\/tbody>\n<\/table>\n<div align=\"left\"><span style=\"font-size: 8pt;\">Foto: privat<\/span><\/div>\n<div align=\"left\">Filigrane T\u00fcllspitze umspielt das mit weich flie\u00dfendem Crepe unterlegte Brautkleid in der Farbe Ivory. Wiener N\u00e4hte formen die elfenhafte Figur. Die zarten Spitzen lenken den Blick auch auf Dekollet\u00e8 und tiefen R\u00fccken. Der Bogenabschluss der dreiviertel langen \u00c4rmel wiederholt sich am Saum und der Schleppe. Ein drei Zentimeter breiter Crepeg\u00fcrtel mit angekn\u00f6pfter Spitzenschleife betont die Taille.<br \/>\nDie Brautjungfern dieser wundersch\u00f6nen Braut wurden in traumhaften Kombinationen dieses Themas geh\u00fcllt, <a href=\"http:\/\/www.mode-franziska.de\/atelier\/index.php?option=com_content&amp;task=view&amp;id=46&amp;Itemid=64#Brautjungfernkleider\">die hier zu sehen sind.<\/a><\/div>\n<div align=\"left\"><\/div>\n<div align=\"left\"><strong>Trachtenhochzeit <\/strong><\/p>\n<table border=\"0\" width=\"348\" cellspacing=\"5\" cellpadding=\"5\" align=\"center\">\n<tbody>\n<tr>\n<td><a class=\"jcebox\" title=\"Trachtenhochzeit\" href=\"https:\/\/mode-franziska.de\/neu\/wp-content\/uploads\/2008\/03\/trachtenhochzeit1.jpg\" rel=\"Trachtenhochzeit\"><img loading=\"lazy\" decoding=\"async\" src=\"http:\/\/www.mode-franziska.de\/atelier\/images\/stories\/Trachtenhochzeit\/thumbs\/thumbs_trachtenhochzeit1.jpg\" alt=\"\" width=\"101\" height=\"150\" border=\"0\" \/><\/a><\/td>\n<td><a class=\"jcebox\" title=\"Trachtenhochzeit\" href=\"https:\/\/mode-franziska.de\/neu\/wp-content\/uploads\/2008\/03\/trachtenhochzeit2.jpg\" rel=\"Trachtenhochzeit\"><img loading=\"lazy\" decoding=\"async\" src=\"http:\/\/www.mode-franziska.de\/atelier\/images\/stories\/Trachtenhochzeit\/thumbs\/thumbs_trachtenhochzeit2.jpg\" alt=\"\" width=\"101\" height=\"150\" border=\"0\" \/><\/a><\/td>\n<td><a class=\"jcebox\" title=\"Trachtenhochzeit\" href=\"https:\/\/mode-franziska.de\/neu\/wp-content\/uploads\/2008\/03\/trachtenhochzeit3.jpg\" rel=\"Trachtenhochzeit\"><img loading=\"lazy\" decoding=\"async\" src=\"http:\/\/www.mode-franziska.de\/atelier\/images\/stories\/Trachtenhochzeit\/thumbs\/thumbs_trachtenhochzeit3.jpg\" alt=\"\" width=\"101\" height=\"150\" border=\"0\" \/><\/a><\/td>\n<\/tr>\n<\/tbody>\n<\/table>\n<\/div>\n<div align=\"left\"><span style=\"font-size: 8pt;\">Foto: privat<\/span><\/div>\n<div align=\"left\">\n<p>Blickfang ist der enzianblaue weichfallende \u201eTramin Rose\u201c den das Brautpaar ausgew\u00e4hlt hat. Biesenb\u00e4nder aus dem gleichen Material schm\u00fccken das interessant geschnittene Oberteil. Geschlossen wird das Kleid mit Silberkn\u00f6pfen die mit blauen Swarowskisteinen besetzt sind. Den Brustausschnitt ziert eine Froschmaulr\u00fcsche bei der das Grundband mit blauem Organza verst\u00fcrzt ist. Aus diesem Material wurde auch ein schmales Schr\u00e4gband f\u00fcr die Halskette und die Umrandung des mit Perlen ausgef\u00fcllten Schmetterlings im linken Vorderteil gefertigt. Der bodenlange Rock ist in Falten gelegt. Den Brautcharakter bekommt dieses Dirndl durch die weisse Plisseesch\u00fcrze und die transparente Bluse mit den ansprechenden Plissee\u00e4rmeln. Der Br\u00e4utigam tr\u00e4gt eine enzianblaue Weste mit Stehkragen. Der R\u00fccken wurde aus dunkelblauem Futterserge gearbeitet. In der Brusttasche steckt ein wei\u00dfes Plisset\u00fcchlein. Der Familienhund tr\u00e4gt voll Stolz ein mit Klettband schnell verschlie\u00dfbares Halstuch passend zu Frauchen und Herrchen.<\/p>\n<\/div>\n<div align=\"left\"><\/div>\n<p><strong>Elegante Brautmutter<\/strong><\/p>\n<table border=\"0\" width=\"348\" cellspacing=\"5\" cellpadding=\"5\" align=\"center\">\n<tbody>\n<tr>\n<td><a class=\"jcebox\" title=\"Elegante Brautmutter\" href=\"https:\/\/mode-franziska.de\/neu\/wp-content\/uploads\/2008\/03\/Brautmutter1.jpg\" rel=\"Elegante_Brautmutter\"><img loading=\"lazy\" decoding=\"async\" src=\"http:\/\/www.mode-franziska.de\/atelier\/images\/stories\/Elegante_Brautmutter\/thumbs\/thumbs_Brautmutter1.jpg\" alt=\"\" width=\"101\" height=\"150\" border=\"0\" \/><\/a><\/td>\n<td><a class=\"jcebox\" title=\"Elegante Brautmutter\" href=\"https:\/\/mode-franziska.de\/neu\/wp-content\/uploads\/2008\/03\/Brautmutter2.jpg\" rel=\"Elegante_Brautmutter\"><img loading=\"lazy\" decoding=\"async\" src=\"http:\/\/www.mode-franziska.de\/atelier\/images\/stories\/Elegante_Brautmutter\/thumbs\/thumbs_Brautmutter2.jpg\" alt=\"\" width=\"101\" height=\"150\" border=\"0\" \/><\/a><\/td>\n<td><a class=\"jcebox\" title=\"Elegante Brautmutter\" href=\"https:\/\/mode-franziska.de\/neu\/wp-content\/uploads\/2008\/03\/Brautmutter3.jpg\" rel=\"Elegante_Brautmutter\"><img decoding=\"async\" src=\"http:\/\/www.mode-franziska.de\/atelier\/images\/stories\/Elegante_Brautmutter\/thumbs\/thumbs_Brautmutter3.jpg\" alt=\"\" width=\"101\" border=\"0\" \/><\/a><\/td>\n<\/tr>\n<\/tbody>\n<\/table>\n<div align=\"left\"><span style=\"font-size: 8pt;\">Foto: privat<\/span><\/div>\n<div align=\"left\">Dieses ansprechende Etuikleid aus rosa\/alpaka farbigen Rosenjacquard in Leinen-Schurwollmischung betont und umspielt die weibliche Figur zugleich.<\/div>\n<div align=\"left\">Ein einfacher Rundhalsausschnitt und kurze \u00c4rmel unterstreichen die Eleganz des Kleides. Komplettiert wir das Ensemble durch ein Kimonochaussuble mit locker fallendem Revers aus gleichfarbigem, weichfliesendem Georgette.<\/div>\n<div align=\"left\"><\/div>\n<div align=\"left\"><\/div>\n","protected":false},"excerpt":{"rendered":"<p>\u00a0 weitere Modelle Mit einem einzigartigen wundersch\u00f6nen Traumkleid f\u00fcr die Braut und einem eleganten Hochzeitsanzug f\u00fcr den Br\u00e4utigam feiern und genie\u00dfen Sie Ihren unvergesslichen Hochzeitstag. Zauberhafte Braut im schulterfreien Kleid mit Schmetterlingscorsage Foto: privat Reinweisser Stretchsatin wurde einem ansprechenden Brautkleid verarbeitet. Am Oberteil verl\u00e4uft ein Drappe\u00e8. Zudem zieren es zarte Schmetterlinge, die sich auch wieder [&hellip;]<\/p>\n","protected":false},"author":1,"featured_media":0,"parent":0,"menu_order":39,"comment_status":"closed","ping_status":"closed","template":"","meta":{"_et_pb_use_builder":"","_et_pb_old_content":"","_et_gb_content_width":"793","footnotes":""},"class_list":["post-126","page","type-page","status-publish","hentry"],"_links":{"self":[{"href":"https:\/\/mode-franziska.de\/neu\/wp-json\/wp\/v2\/pages\/126","targetHints":{"allow":["GET"]}}],"collection":[{"href":"https:\/\/mode-franziska.de\/neu\/wp-json\/wp\/v2\/pages"}],"about":[{"href":"https:\/\/mode-franziska.de\/neu\/wp-json\/wp\/v2\/types\/page"}],"author":[{"embeddable":true,"href":"https:\/\/mode-franziska.de\/neu\/wp-json\/wp\/v2\/users\/1"}],"replies":[{"embeddable":true,"href":"https:\/\/mode-franziska.de\/neu\/wp-json\/wp\/v2\/comments?post=126"}],"version-history":[{"count":29,"href":"https:\/\/mode-franziska.de\/neu\/wp-json\/wp\/v2\/pages\/126\/revisions"}],"predecessor-version":[{"id":849,"href":"https:\/\/mode-franziska.de\/neu\/wp-json\/wp\/v2\/pages\/126\/revisions\/849"}],"wp:attachment":[{"href":"https:\/\/mode-franziska.de\/neu\/wp-json\/wp\/v2\/media?parent=126"}],"curies":[{"name":"wp","href":"https:\/\/api.w.org\/{rel}","templated":true}]}}