{"id":130,"date":"2008-03-08T22:34:14","date_gmt":"2008-03-08T21:34:14","guid":{"rendered":"https:\/\/mode-franziska.de\/neu\/trachten\/"},"modified":"2021-09-16T14:28:24","modified_gmt":"2021-09-16T12:28:24","slug":"trachten","status":"publish","type":"page","link":"https:\/\/mode-franziska.de\/neu\/trachten\/","title":{"rendered":"Trachten"},"content":{"rendered":"<div align=\"left\">\n<div align=\"right\"><img loading=\"lazy\" decoding=\"async\" title=\"schere\" src=\"http:\/\/www.mode-franziska.de\/atelier\/images\/stories\/Grafiken\/schere.gif\" alt=\"schere\" width=\"56\" height=\"44\" align=\"middle\" border=\"5\" hspace=\"5\" vspace=\"5\" \/><a href=\"https:\/\/mode-franziska.de\/neu\/tracht-1\/\"><strong>weitere Modelle<\/strong><\/a><\/div>\n<p>Mit traditionellen historischen Trachten zeigen Sie Bodenst\u00e4ndigkeit und Liebe zum Detail und haben somit \u201ea gscheids Gwand\u201c.<\/p>\n<\/div>\n<div align=\"left\">\n<div align=\"left\"><\/div>\n<p><strong>Stehkragendirndl<\/strong><\/p>\n<table border=\"0\" width=\"348\" cellspacing=\"5\" cellpadding=\"5\" align=\"center\">\n<tbody>\n<tr>\n<td><a href=\"https:\/\/mode-franziska.de\/neu\/wp-content\/uploads\/2021\/09\/stehk_1.jpg\"><img loading=\"lazy\" decoding=\"async\" class=\"alignnone wp-image-695 size-full\" src=\"https:\/\/mode-franziska.de\/neu\/wp-content\/uploads\/2021\/09\/thumb_stehk_1.jpg\" alt=\"\" width=\"100\" height=\"150\" \/><\/a><\/td>\n<td><a href=\"https:\/\/mode-franziska.de\/neu\/wp-content\/uploads\/2021\/09\/stehk_2.jpg\"><img loading=\"lazy\" decoding=\"async\" class=\"alignnone wp-image-696 size-full\" src=\"https:\/\/mode-franziska.de\/neu\/wp-content\/uploads\/2021\/09\/thumb_stehk_2.jpg\" alt=\"\" width=\"100\" height=\"150\" \/><\/a><\/td>\n<td><a href=\"https:\/\/mode-franziska.de\/neu\/wp-content\/uploads\/2021\/09\/stehk_3.jpg\"><img loading=\"lazy\" decoding=\"async\" class=\"alignnone wp-image-697 size-full\" src=\"https:\/\/mode-franziska.de\/neu\/wp-content\/uploads\/2021\/09\/thumb_stehk_3.jpg\" alt=\"\" width=\"100\" height=\"150\" \/><\/a><\/td>\n<\/tr>\n<\/tbody>\n<\/table>\n<div align=\"left\"><span style=\"font-size: 8pt;\">Foto: privat<\/span><\/div>\n<\/div>\n<div align=\"left\">\n<p>Bei dem klassischen Dirndl aus dunkelgr\u00fcnem Wollstoff ist der knielange Rock in Quetschfalten gelegt. Beim Oberteil sind die formenden R\u00fcckenn\u00e4hte mit Paspol und das Vorderteil mit jeweils zwei Abn\u00e4hern verarbeitet. Acht gr\u00fcne Emailkn\u00f6pfe mit Silberrand verschliessen das Kleid. Ein Stehkragen schmiegt sich an den Hals. Die apricot-gr\u00fcne Halbseidensch\u00fcrze ist geh\u00e4nselt, d.h.handgereiht. Eine passende Tasche und eine Spitzenbluse mit Stehkragen vervollst\u00e4ndigen das Trachtenoutfit.<\/p>\n<\/div>\n<div align=\"left\"><\/div>\n<div align=\"left\"><\/div>\n<div align=\"left\">\n<div align=\"left\"><\/div>\n<p><strong>Magentafarbenes Goldhaubenkleid<\/strong><\/p>\n<table border=\"0\" width=\"348\" cellspacing=\"5\" cellpadding=\"5\" align=\"center\">\n<tbody>\n<tr>\n<td><a class=\"jcebox\" title=\"Magentafarbenes Goldhaubenkleid\" href=\"https:\/\/mode-franziska.de\/neu\/wp-content\/uploads\/2008\/03\/gold1.jpg\" rel=\"Magentafarbenes Goldhaubenkleid\"><img loading=\"lazy\" decoding=\"async\" src=\"http:\/\/www.mode-franziska.de\/atelier\/images\/stories\/gold\/thumb\/thumb_gold1.jpg\" alt=\"\" width=\"101\" height=\"150\" border=\"0\" \/><\/a><\/td>\n<td><a class=\"jcebox\" title=\"Magentafarbenes Goldhaubenkleid\" href=\"https:\/\/mode-franziska.de\/neu\/wp-content\/uploads\/2008\/03\/gold2.jpg\" rel=\"Magentafarbenes Goldhaubenkleid\"><img loading=\"lazy\" decoding=\"async\" src=\"http:\/\/www.mode-franziska.de\/atelier\/images\/stories\/gold\/thumb\/thumb_gold2.jpg\" alt=\"\" width=\"101\" height=\"150\" border=\"0\" \/><\/a><\/td>\n<td><a class=\"jcebox\" title=\"Magentafarbenes Goldhaubenkleid\" href=\"https:\/\/mode-franziska.de\/neu\/wp-content\/uploads\/2008\/03\/gold3.jpg\" rel=\"Magentafarbenes Goldhaubenkleid\"><img loading=\"lazy\" decoding=\"async\" src=\"http:\/\/www.mode-franziska.de\/atelier\/images\/stories\/gold\/thumb\/thumb_gold3.jpg\" alt=\"\" width=\"150\" height=\"101\" border=\"0\" \/><\/a><\/td>\n<\/tr>\n<\/tbody>\n<\/table>\n<div align=\"left\"><span style=\"font-size: 8pt;\">Foto: privat<\/span><\/div>\n<\/div>\n<div align=\"left\">\n<p>Das au\u00dfergew\u00f6hnliche an diesem Goldhaubenkleid ist die auffallende Farbe. Sowohl der plissierte Rock als auch die Falteneinfassung des V-Ausschnittes im Oberteil sind aus uni Wollsatin gearbeitet. K\u00f6rperbetonende Wiener N\u00e4hte formen die Weiblichkeit des in sich gemusterten Spencers. Das Vorderteil und den umschlagbaren Schlitz in den \u00c4rmeln zieren silbereingefasste Emailkn\u00f6pfe.<\/p>\n<\/div>\n<div align=\"left\"><\/div>\n<div align=\"left\"><\/div>\n<p><strong>Trachtenhochzeit <\/strong><\/p>\n<table border=\"0\" width=\"348\" cellspacing=\"5\" cellpadding=\"5\" align=\"center\">\n<tbody>\n<tr>\n<td><a class=\"jcebox\" title=\"Trachtenhochzeit\" href=\"https:\/\/mode-franziska.de\/neu\/wp-content\/uploads\/2008\/03\/trachtenhochzeit1.jpg\" rel=\"Trachtenhochzeit\"><img loading=\"lazy\" decoding=\"async\" src=\"http:\/\/www.mode-franziska.de\/atelier\/images\/stories\/Trachtenhochzeit\/thumbs\/thumbs_trachtenhochzeit1.jpg\" alt=\"\" width=\"101\" height=\"150\" border=\"0\" \/><\/a><\/td>\n<td><a class=\"jcebox\" title=\"Trachtenhochzeit\" href=\"https:\/\/mode-franziska.de\/neu\/wp-content\/uploads\/2008\/03\/trachtenhochzeit2.jpg\" rel=\"Trachtenhochzeit\"><img loading=\"lazy\" decoding=\"async\" src=\"http:\/\/www.mode-franziska.de\/atelier\/images\/stories\/Trachtenhochzeit\/thumbs\/thumbs_trachtenhochzeit2.jpg\" alt=\"\" width=\"101\" height=\"150\" border=\"0\" \/><\/a><\/td>\n<td><a class=\"jcebox\" title=\"Trachtenhochzeit\" href=\"https:\/\/mode-franziska.de\/neu\/wp-content\/uploads\/2008\/03\/trachtenhochzeit3.jpg\" rel=\"Trachtenhochzeit\"><img loading=\"lazy\" decoding=\"async\" src=\"http:\/\/www.mode-franziska.de\/atelier\/images\/stories\/Trachtenhochzeit\/thumbs\/thumbs_trachtenhochzeit3.jpg\" alt=\"\" width=\"101\" height=\"150\" border=\"0\" \/><\/a><\/td>\n<\/tr>\n<\/tbody>\n<\/table>\n<div align=\"left\"><span style=\"font-size: 8pt;\">Foto: privat<\/span><\/div>\n<div align=\"left\">\n<p>Blickfang ist der enzianblaue weichfallende \u201eTramin Rose\u201c den das Brautpaar ausgew\u00e4hlt hat. Biesenb\u00e4nder aus dem gleichen Material schm\u00fccken das interessant geschnittene Oberteil. Geschlossen wird das Kleid mit Silberkn\u00f6pfen die mit blauen Swarowskisteinen besetzt sind. Den Brustausschnitt ziert eine Froschmaulr\u00fcsche bei der das Grundband mit blauem Organza verst\u00fcrzt ist. Aus diesem Material wurde auch ein schmales Schr\u00e4gband f\u00fcr die Halskette und die Umrandung des mit Perlen ausgef\u00fcllten Schmetterlings im linken Vorderteil gefertigt. Der bodenlange Rock ist in Falten gelegt. Den Brautcharakter bekommt dieses Dirndl durch die weisse Plisseesch\u00fcrze und die transparente Bluse mit den ansprechenden Plissee\u00e4rmeln. Der Br\u00e4utigam tr\u00e4gt eine enzianblaue Weste mit Stehkragen. Der R\u00fccken wurde aus dunkelblauem Futterserge gearbeitet. In der Brusttasche steckt ein wei\u00dfes Plisset\u00fcchlein. Der Familienhund tr\u00e4gt voll Stolz ein mit Klettband schnell verschlie\u00dfbares Halstuch passend zu Frauchen und Herrchen.<\/p>\n<\/div>\n<div align=\"left\"><\/div>\n<div align=\"left\"><\/div>\n<div align=\"left\"><strong>Kombination nach Herzenslust<\/strong><\/p>\n<div align=\"left\"><\/div>\n<table style=\"height: 213px;\" border=\"0\" width=\"483\" cellspacing=\"5\" cellpadding=\"5\" align=\"center\">\n<tbody>\n<tr>\n<td><a class=\"jcebox\" title=\"Kombination nach Herzenslust\" href=\"http:\/\/www.mode-franziska.de\/atelier\/images\/stories\/komb\/komb1.jpg\" rel=\"Kombination nach Herzenslust\"><img decoding=\"async\" src=\"http:\/\/www.mode-franziska.de\/atelier\/images\/stories\/komb\/thumb\/thumb_komb1.jpg\" alt=\"\" border=\"0\" \/><\/a><\/td>\n<td><a class=\"jcebox\" title=\"Kombination nach Herzenslust\" href=\"http:\/\/www.mode-franziska.de\/atelier\/images\/stories\/komb\/komb2.jpg\" rel=\"Kombination nach Herzenslust\"><img decoding=\"async\" src=\"http:\/\/www.mode-franziska.de\/atelier\/images\/stories\/komb\/thumb\/thumb_komb2.jpg\" alt=\"\" border=\"0\" \/><\/a><\/td>\n<td><a class=\"jcebox\" title=\"Kombination nach Herzenslust\" href=\"http:\/\/www.mode-franziska.de\/atelier\/images\/stories\/komb\/komb3.jpg\" rel=\"Kombination nach Herzenslust\"><img decoding=\"async\" src=\"http:\/\/www.mode-franziska.de\/atelier\/images\/stories\/komb\/thumb\/thumb_komb3.jpg\" alt=\"\" border=\"0\" \/><\/a><\/td>\n<td><a class=\"jcebox\" title=\"Kombination nach Herzenslust\" href=\"http:\/\/www.mode-franziska.de\/atelier\/images\/stories\/komb\/komb4.jpg\" rel=\"Kombination nach Herzenslust\"><img decoding=\"async\" src=\"http:\/\/www.mode-franziska.de\/atelier\/images\/stories\/komb\/thumb\/thumb_komb4.jpg\" alt=\"\" border=\"0\" \/><\/a><\/td>\n<\/tr>\n<\/tbody>\n<\/table>\n<div align=\"left\"><span style=\"font-size: 8pt;\">Foto: Monika Vitzthum<\/span><\/div>\n<p>Das \u201eNon Plus Ultra&#8220; in der Trachtenmode ist Mieder mit Rock!<br \/>\nHier ist der Kombinationslust keine Grenze gesetzt.<br \/>\nZu dem nachtblauem Liegeplisseerock und dem wiesengr\u00fcnen Leinenfaltenrock passen sowohl ein gr\u00fcnes Punktlmieder als auch ein schwarzes Mieder (nicht abgebildet). Auch hat man die M\u00f6glichkeit die Oberteile zu Jeans, eleganter Hose oder schmalem Rock anzuziehen. Die Mieder sind so verarbeitet, dass man sie \u00fcber als auch unter dem Bund tragen kann. In diesem Beispiel hat das gr\u00fcne Mieder einen tiefen eckigen Ausschnitt und ist mit Haken geschlossen. Die Teilungsn\u00e4hte und die Ausschnittkanten ziert eine Paspolverarbeitung und der dunkle Plisseerock hat im Saum ein ansprechendes Ripsband.<br \/>\nDas Besondere bei diesem Trachtenensemble ist die ausgefallene Sch\u00fcrze aus Cuproseide. Gro\u00dffl\u00e4chige Blumenranken auf dunklem Grund sind mit einer gr\u00fcnen Bord\u00fcre eingefasst die auch am Sch\u00fcrzenband verarbeitet ist.<br \/>\nDazu harmoniert eine schlichte Kurzarmbluse aus besticktem Batist. Der glatt eingesetzte \u00c4rmel hat im Saum einen leichten Spitzbogen und ist mit einem Schr\u00e4gband aus dem Oberstoff eingefasst. Genauso ist der Ausschnitt verarbeitet. Ein farblich passender Zierknopf mit Bl\u00fctendessin unter Glas bringt noch einen sch\u00f6nen Akzent.<\/p>\n<div align=\"left\"><\/div>\n<div align=\"left\"><strong>Lieblingsjanker<\/strong><\/p>\n<div align=\"left\"><\/div>\n<table border=\"0\" width=\"348\" cellspacing=\"5\" cellpadding=\"5\" align=\"center\">\n<tbody>\n<tr>\n<td>\n<div align=\"center\"><a class=\"jcebox\" title=\"Lieblingsjanker\" href=\"http:\/\/www.mode-franziska.de\/atelier\/images\/stories\/janker\/janker1.jpg\" rel=\"Lieblingsjanker\"><img decoding=\"async\" src=\"http:\/\/www.mode-franziska.de\/atelier\/images\/stories\/janker\/thumb\/thumb_janker1.jpg\" alt=\"\" border=\"0\" \/><\/a><\/div>\n<\/td>\n<td><a class=\"jcebox\" title=\"Lieblingsjanker\" href=\"http:\/\/www.mode-franziska.de\/atelier\/images\/stories\/janker\/janker2.jpg\" rel=\"Lieblingsjanker\"><img decoding=\"async\" src=\"http:\/\/www.mode-franziska.de\/atelier\/images\/stories\/janker\/thumb\/thumb_janker2.jpg\" alt=\"\" border=\"0\" \/><\/a><\/td>\n<td><a class=\"jcebox\" title=\"Lieblingsjanker\" href=\"http:\/\/www.mode-franziska.de\/atelier\/images\/stories\/janker\/janker3.jpg\" rel=\"Lieblingsjanker\"><img decoding=\"async\" src=\"http:\/\/www.mode-franziska.de\/atelier\/images\/stories\/janker\/thumb\/thumb_janker3.jpg\" alt=\"\" border=\"0\" \/><\/a><\/td>\n<\/tr>\n<\/tbody>\n<\/table>\n<div align=\"left\"><span style=\"font-size: 8pt;\">Foto: Monika Vitzthum<\/span><\/div>\n<p>Dieser leicht taillierte Janker aus grauem Salonloden besticht durch seine Schlichtheit und doch raffinierte Ausarbeitung im Detail: Im geformten R\u00fccken sind zwei verdeckte Schlitze, der hohe Stehkragen und das Beleg sind mit dem Leinenstoff vom Dirndloberteil (siehe Tracht- Unverf\u00e4lschtes Dirndl) unterlegt. Dabei \u201eblitzt\u201c das Leinen an den Kanten noch schmal hervor, genau wie bei den aufgesetzten Taschen. Ansprechende Trachtenkn\u00f6pfe in Altsilber runden das Gesamtbild ab. Die Dame tr\u00e4gt einen figurbetonenden\u00a0 grauen Walkjanker mit den gleichen Kn\u00f6pfen und der ist ebenfalls mit dem Leinenstoff \u201causgeputzt\u201c wie der Herrenjanker.<\/p>\n<div align=\"left\"><\/div>\n<div align=\"left\"><strong>Unverf\u00e4lschtes Dirndl<\/strong><\/p>\n<div align=\"left\"><\/div>\n<table border=\"0\" width=\"348\" cellspacing=\"5\" cellpadding=\"5\" align=\"center\">\n<tbody>\n<tr>\n<td>\n<div align=\"center\"><a class=\"jcebox\" title=\"Unverf\u00e4lschtes Dirndl\" href=\"http:\/\/www.mode-franziska.de\/atelier\/images\/stories\/udirndl\/udirndl1.jpg\" rel=\"Unverf\u00e4lschtes Dirndl\"><img decoding=\"async\" src=\"http:\/\/www.mode-franziska.de\/atelier\/images\/stories\/udirndl\/thumb\/thumb_udirndl1.jpg\" alt=\"\" border=\"0\" \/><\/a><\/div>\n<\/td>\n<td><a class=\"jcebox\" title=\"Unverf\u00e4lschtes Dirndl\" href=\"http:\/\/www.mode-franziska.de\/atelier\/images\/stories\/udirndl\/udirndl2.jpg\" rel=\"Unverf\u00e4lschtes Dirndl\"><img decoding=\"async\" src=\"http:\/\/www.mode-franziska.de\/atelier\/images\/stories\/udirndl\/thumb\/thumb_udirndl2.jpg\" alt=\"\" border=\"0\" \/><\/a><\/td>\n<td><a class=\"jcebox\" title=\"Unverf\u00e4lschtes Dirndl\" href=\"http:\/\/www.mode-franziska.de\/atelier\/images\/stories\/udirndl\/udirndl3.jpg\" rel=\"Unverf\u00e4lschtes Dirndl\"><img decoding=\"async\" src=\"http:\/\/www.mode-franziska.de\/atelier\/images\/stories\/udirndl\/thumb\/thumb_udirndl3.jpg\" alt=\"\" border=\"0\" \/><\/a><\/td>\n<\/tr>\n<\/tbody>\n<\/table>\n<div align=\"left\"><span style=\"font-size: 8pt;\">Foto: Monika Vitzthum<\/span><\/div>\n<p>Das graue Dirndl mit dem gepunkteten, in Falten gelegten Baumwollrock und dem traditionell verarbeitetem Leinenoberteil spricht durch seine Schlichtheit f\u00fcr sich. Die Farbe Grau ist sehr dankbar und l\u00e4sst sich wunderbar kombinieren: hier zum Beispiel mit einer in Falten gelegten klassischen Sch\u00fcrze in rosa Streifendessin oder auch mit einer eleganten blau-grauen Seidensch\u00fcrze. Bei der Sch\u00fcrzenauswahl hat sich herausgestellt, dass sich nahezu fast jeder Farbton zu diesem ansprechenden Trachtenoutfit kombinieren l\u00e4sst. Ein verbindendes Element zum Janker stellen die kleinen Trachtenkn\u00f6pfe in Altsilber her. Die Eleganz dieses Dirndls unterstreicht noch die einfache<br \/>\nPopelinebluse, deren Ausschnitt auf das Oberteil abgestimmt ist.<\/p>\n<div align=\"left\"><\/div>\n<div align=\"left\"><strong>Paarkombinationen<\/strong><\/p>\n<div align=\"left\"><\/div>\n<table border=\"0\" width=\"348\" cellspacing=\"5\" cellpadding=\"5\" align=\"center\">\n<tbody>\n<tr>\n<td>\n<div align=\"center\"><a class=\"jcebox\" title=\"Paarkombinationen\" href=\"http:\/\/www.mode-franziska.de\/atelier\/images\/stories\/paarkombinationen\/paar1.jpg\" rel=\"Paarkombinationen\"><img decoding=\"async\" src=\"http:\/\/www.mode-franziska.de\/atelier\/images\/stories\/paarkombinationen\/thumb\/thumb_paar1.jpg\" alt=\"\" border=\"0\" \/><\/a><\/div>\n<\/td>\n<td><a class=\"jcebox\" title=\"Paarkombinationen\" href=\"http:\/\/www.mode-franziska.de\/atelier\/images\/stories\/paarkombinationen\/paar2.jpg\" rel=\"Paarkombinationen\"><img decoding=\"async\" src=\"http:\/\/www.mode-franziska.de\/atelier\/images\/stories\/paarkombinationen\/thumb\/thumb_paar2.jpg\" alt=\"\" border=\"0\" \/><\/a><\/td>\n<td><a class=\"jcebox\" title=\"Paarkombinationen\" href=\"http:\/\/www.mode-franziska.de\/atelier\/images\/stories\/paarkombinationen\/paar3.jpg\" rel=\"Paarkombinationen\"><img decoding=\"async\" src=\"http:\/\/www.mode-franziska.de\/atelier\/images\/stories\/paarkombinationen\/thumb\/thumb_paar3.jpg\" alt=\"\" border=\"0\" \/><\/a><\/td>\n<\/tr>\n<\/tbody>\n<\/table>\n<div align=\"left\"><span style=\"font-size: 8pt;\">Foto: Monika Vitzthum<\/span><\/div>\n<p>Ein interessanter Druck auf t\u00fcrkisgrundiger Baumwolle bildet das<br \/>\nAugenmerk f\u00fcr dieses jugendliche Dirndl. Den Ausschnitt und die<br \/>\nTeilungsn\u00e4hte ziert eine zarte, braune Baumwollspitze. Der knielange Rock ist in Falten gelegt. Einen besonderen \u201eHingucker\u201c bietet\u00a0 die plissierte Sch\u00fcrze aus braunem<br \/>\nGeorgette. An k\u00fchlen Tagen\u00a0 w\u00e4rmt eine gef\u00fctterte Walkjacke mit Stehkragen. Die Belege sind aus braunbeigen Fischgratk\u00f6per.\u00a0 Aus diesem Material ist auch die elegante Weste des Partners \u2013 beschrieben bei\u00a0 Herrenmode.<\/p>\n<div align=\"left\"><\/div>\n<div align=\"left\"><strong>Trachtenbraut<\/strong><\/p>\n<div align=\"left\"><\/div>\n<table border=\"0\" width=\"348\" cellspacing=\"5\" cellpadding=\"5\" align=\"center\">\n<tbody>\n<tr>\n<td>\n<div align=\"center\"><a class=\"jcebox\" title=\"Trachtenbraut\" href=\"http:\/\/www.mode-franziska.de\/atelier\/images\/stories\/trachenbraut\/trachtenb1.jpg\" rel=\"trachtenbraut\"><img decoding=\"async\" src=\"http:\/\/www.mode-franziska.de\/atelier\/images\/stories\/trachenbraut\/thumbnails\/thumb_trachtenb1.jpg\" alt=\"\" border=\"0\" \/><\/a><\/div>\n<\/td>\n<td><a class=\"jcebox\" title=\"Trachtenbraut\" href=\"http:\/\/www.mode-franziska.de\/atelier\/images\/stories\/trachenbraut\/trachtenb2.jpg\" rel=\"trachtenbraut\"><img decoding=\"async\" src=\"http:\/\/www.mode-franziska.de\/atelier\/images\/stories\/trachenbraut\/thumbnails\/thumb_trachtenb2.jpg\" alt=\"\" border=\"0\" \/><\/a><\/td>\n<td><a class=\"jcebox\" title=\"Trachtenbraut\" href=\"http:\/\/www.mode-franziska.de\/atelier\/images\/stories\/trachenbraut\/trachtenb3.jpg\" rel=\"trachtenbraut\"><img decoding=\"async\" src=\"http:\/\/www.mode-franziska.de\/atelier\/images\/stories\/trachenbraut\/thumbnails\/thumb_trachtenb3.jpg\" alt=\"\" border=\"0\" \/><\/a><\/td>\n<\/tr>\n<\/tbody>\n<\/table>\n<div align=\"left\"><span style=\"font-size: 8pt;\">Foto: Elke Schwarzinger<\/span><\/div>\n<p>Dieses exklusive Dirndl aus champagnerfarbigem Rosenjaquard kleidet die Trachtenbraut ausgezeichnet. Der bodenlange Rock ist figurfreundlich in Falten gelegt. Schmale Paspols zieren die formgebenden Wiener N\u00e4hte. Ton in Ton f\u00fcgt sich die elegante Seidenbluse mit Trompeten\u00e4rmeln ins Gesamtbild. Aus dem Blusenstoff ist auch die zarte Froschmaulr\u00fcsche mit Perlenbesatz gearbeitet.<br \/>\nBlickfang des Hochzeitdirndls ist allerdings die weichflie\u00dfende Sch\u00fcrze mit liebevoller Smogarbeit, die ebenfalls mit farblich passenden Perlen besetzt ist.<\/p>\n<div align=\"left\"><\/div>\n<div align=\"left\"><strong>Bodenst\u00e4ndiges Dirndl<\/strong><\/p>\n<div align=\"left\"><\/div>\n<table border=\"0\" width=\"348\" cellspacing=\"5\" cellpadding=\"5\" align=\"center\">\n<tbody>\n<tr>\n<td>\n<div align=\"center\"><a class=\"jcebox\" title=\"Bodenst\u00e4ndiges Dirndl\" href=\"http:\/\/www.mode-franziska.de\/atelier\/images\/stories\/dirndl_bodens\/bodens1.jpg\" rel=\"Bodenst\u00e4ndiges Dirndl\"><img decoding=\"async\" src=\"http:\/\/www.mode-franziska.de\/atelier\/images\/stories\/dirndl_bodens\/thumbnails\/thumb_bodens1.jpg\" alt=\"\" border=\"0\" \/><\/a><\/div>\n<\/td>\n<td><a class=\"jcebox\" title=\"Bodenst\u00e4ndiges Dirndl\" href=\"http:\/\/www.mode-franziska.de\/atelier\/images\/stories\/dirndl_bodens\/bodens2.jpg\" rel=\"Bodenst\u00e4ndiges Dirndl\"><img decoding=\"async\" src=\"http:\/\/www.mode-franziska.de\/atelier\/images\/stories\/dirndl_bodens\/thumbnails\/thumb_bodens2.jpg\" alt=\"\" border=\"0\" \/><\/a><\/td>\n<td><a class=\"jcebox\" title=\"Bodenst\u00e4ndiges Dirndl\" href=\"http:\/\/www.mode-franziska.de\/atelier\/images\/stories\/dirndl_bodens\/bodens3.jpg\" rel=\"Bodenst\u00e4ndiges Dirndl\"><img decoding=\"async\" src=\"http:\/\/www.mode-franziska.de\/atelier\/images\/stories\/dirndl_bodens\/thumbnails\/thumb_bodens3.jpg\" alt=\"\" border=\"0\" \/><\/a><\/td>\n<\/tr>\n<\/tbody>\n<\/table>\n<div align=\"left\"><span style=\"font-size: 8pt;\">Foto: Monika Vitzthum<\/span><\/div>\n<p>Der Reiz dieses Dirndls liegt zum einen am edlen Material, olivgr\u00fcnes, Seidenleinen, und zum anderen am figurbetonenden Schnitt mit Wiener N\u00e4hten. Ein tiefer Rundhalsausschnitt und einfache Silberkn\u00f6pfe betonen die Schlichtheit des Dirndls. Der Blickfang ist auf jeden Fall die wundersch\u00f6ne Baumwollsch\u00fcrze mit ansprechendem Rosendessin. Die Sch\u00fcrze ist so verarbeitet, dass keine N\u00e4hte sichtbar sind und die Bundweite ist figurfreundlich in Falten gelegt. Eine Leinenbluse mit zartem Spitzenbesatz und W\u00e4schekn\u00f6pfen vervollst\u00e4ndigt das Outfit .An kalten Abenden sorgt eine Walkweste mit Bogenabschluss f\u00fcr W\u00e4rme, deren Farbton mit der Sch\u00fcrze harmoniert. Eine dazu passende Tasche darf nat\u00fcrlich auch nicht fehlen.<\/p>\n<\/div>\n<\/div>\n<\/div>\n<\/div>\n<\/div>\n<\/div>\n","protected":false},"excerpt":{"rendered":"<p>weitere Modelle Mit traditionellen historischen Trachten zeigen Sie Bodenst\u00e4ndigkeit und Liebe zum Detail und haben somit \u201ea gscheids Gwand\u201c. Stehkragendirndl Foto: privat Bei dem klassischen Dirndl aus dunkelgr\u00fcnem Wollstoff ist der knielange Rock in Quetschfalten gelegt. Beim Oberteil sind die formenden R\u00fcckenn\u00e4hte mit Paspol und das Vorderteil mit jeweils zwei Abn\u00e4hern verarbeitet. Acht gr\u00fcne Emailkn\u00f6pfe [&hellip;]<\/p>\n","protected":false},"author":1,"featured_media":0,"parent":0,"menu_order":36,"comment_status":"closed","ping_status":"closed","template":"","meta":{"_et_pb_use_builder":"","_et_pb_old_content":"","_et_gb_content_width":"793","footnotes":""},"class_list":["post-130","page","type-page","status-publish","hentry"],"_links":{"self":[{"href":"https:\/\/mode-franziska.de\/neu\/wp-json\/wp\/v2\/pages\/130","targetHints":{"allow":["GET"]}}],"collection":[{"href":"https:\/\/mode-franziska.de\/neu\/wp-json\/wp\/v2\/pages"}],"about":[{"href":"https:\/\/mode-franziska.de\/neu\/wp-json\/wp\/v2\/types\/page"}],"author":[{"embeddable":true,"href":"https:\/\/mode-franziska.de\/neu\/wp-json\/wp\/v2\/users\/1"}],"replies":[{"embeddable":true,"href":"https:\/\/mode-franziska.de\/neu\/wp-json\/wp\/v2\/comments?post=130"}],"version-history":[{"count":7,"href":"https:\/\/mode-franziska.de\/neu\/wp-json\/wp\/v2\/pages\/130\/revisions"}],"predecessor-version":[{"id":843,"href":"https:\/\/mode-franziska.de\/neu\/wp-json\/wp\/v2\/pages\/130\/revisions\/843"}],"wp:attachment":[{"href":"https:\/\/mode-franziska.de\/neu\/wp-json\/wp\/v2\/media?parent=130"}],"curies":[{"name":"wp","href":"https:\/\/api.w.org\/{rel}","templated":true}]}}