{"id":160,"date":"2008-03-08T22:38:19","date_gmt":"2008-03-08T21:38:19","guid":{"rendered":"https:\/\/mode-franziska.de\/neu\/vereine-und-teams\/"},"modified":"2021-09-13T15:52:43","modified_gmt":"2021-09-13T13:52:43","slug":"vereine-und-teams","status":"publish","type":"page","link":"https:\/\/mode-franziska.de\/neu\/vereine-und-teams\/","title":{"rendered":"Vereine und Teams"},"content":{"rendered":"<p align=\"left\">Ihre Gruppe hebt sich durch individuelle Modelle als Einheit hervor<\/p>\n<div align=\"left\"><strong>Band \u201eSwingfonie\u201c <\/strong><br \/>\n<strong><br \/>\n<\/strong><\/div>\n<table border=\"0\" width=\"348\" cellspacing=\"5\" cellpadding=\"5\" align=\"center\">\n<tbody>\n<tr>\n<td>\n<div align=\"center\"><a class=\"jcebox\" title=\"Band \u201eSwingfonie\u201c\" href=\"http:\/\/www.mode-franziska.de\/atelier\/images\/stories\/vereine5\/swing1.jpg\" rel=\"vereine4\"><img decoding=\"async\" src=\"http:\/\/www.mode-franziska.de\/atelier\/images\/stories\/vereine5\/thumbnails\/thumb_swing1.jpg\" alt=\"\" border=\"0\" \/><\/a><\/div>\n<\/td>\n<td><a class=\"jcebox\" title=\"Band \u201eSwingfonie\u201c\" href=\"http:\/\/www.mode-franziska.de\/atelier\/images\/stories\/vereine5\/swing2.jpg\" rel=\"vereine4\"><img decoding=\"async\" src=\"http:\/\/www.mode-franziska.de\/atelier\/images\/stories\/vereine5\/thumbnails\/thumb_swing2.jpg\" alt=\"\" border=\"0\" \/><\/a><\/td>\n<td><a class=\"jcebox\" title=\"Band \u201eSwingfonie\u201c\" href=\"http:\/\/www.mode-franziska.de\/atelier\/images\/stories\/vereine5\/swing3.jpg\" rel=\"vereine4\"><img decoding=\"async\" src=\"http:\/\/www.mode-franziska.de\/atelier\/images\/stories\/vereine5\/thumbnails\/thumb_swing3.jpg\" alt=\"\" border=\"0\" \/><\/a><\/td>\n<\/tr>\n<\/tbody>\n<\/table>\n<div align=\"left\">\u00a0<span style=\"font-size: 8pt;\">Foto: Privat<\/span><\/div>\n<div align=\"left\">\u00a0Diese Band ist nicht nur ein Klangwunder, sondern auch ein \u201eAugenschmaus.\u201c Die zwei S\u00e4ngerinnen tragen einen dreifarbigen Volantrock, der in der vorderen Mitte keck geteilt ist. Changierende Organza-Volants sind vom Saum bis zur Taille in Breite und in Farbe abgesetzt. Die farblich passende cognacfarbige Corsage ist schneidertechnisch eine Herausforderung. Die Brustteile sind mit Goldpailetten abgefasst.<br \/>\nGoldpailetten umrahmen ebenfalls die Applikationen des auf Figur gearbeiteten Oberteiles. Im Vorderteil ist orangefarbiger Organza unterlegt, der dem Showoutfit einen sexy Touch verleiht. Die R\u00fccken der beiden Corsagen sind unterschiedlich verarbeitet: einen schlie\u00dft eine miederartige Schn\u00fcrung mit Goldb\u00e4ndern, dem anderen verleiht ein schr\u00e4g verlaufender, orangefarbiger Organzatr\u00e4ger Pfiff. Die sechs Herren tragen eine glitzernde, cognacfarbige Pailettenweste, die mit dem Damenoutfit harmoniert und das Gesamtbild der Band noch unterstreicht. Das wei\u00dfe Batisthemd hat am Kragen das Bandlogo und an der rechten \u00c4rmelmanschette den Bandnamen cognacfarben<br \/>\naufgestickt.<\/p>\n<p><strong>Lateinamerikanische Tanzformation &#8211; Dance and feel <\/strong><br \/>\n<strong><br \/>\n<\/strong><\/p>\n<\/div>\n<table border=\"0\" width=\"348\" cellspacing=\"5\" cellpadding=\"5\" align=\"center\">\n<tbody>\n<tr>\n<td>\n<div align=\"center\"><a class=\"jcebox\" title=\"Lateinamerikanische Tanzformation - Dance and feel\" href=\"http:\/\/www.mode-franziska.de\/atelier\/images\/stories\/vereine4\/latein1.jpg\" rel=\"vereine4\"><img decoding=\"async\" src=\"http:\/\/www.mode-franziska.de\/atelier\/images\/stories\/vereine4\/thumbnails\/thumb_latein1.jpg\" alt=\"\" border=\"0\" \/><\/a><\/div>\n<\/td>\n<td><a class=\"jcebox\" title=\"Lateinamerikanische Tanzformation - Dance and feel\" href=\"http:\/\/www.mode-franziska.de\/atelier\/images\/stories\/vereine4\/latein2.jpg\" rel=\"vereine4\"><img decoding=\"async\" src=\"http:\/\/www.mode-franziska.de\/atelier\/images\/stories\/vereine4\/thumbnails\/thumb_latein2.jpg\" alt=\"\" border=\"0\" \/><\/a><\/td>\n<td><a class=\"jcebox\" title=\"Lateinamerikanische Tanzformation - Dance and feel\" href=\"http:\/\/www.mode-franziska.de\/atelier\/images\/stories\/vereine4\/latein3.jpg\" rel=\"vereine4\"><img decoding=\"async\" src=\"http:\/\/www.mode-franziska.de\/atelier\/images\/stories\/vereine4\/thumbnails\/thumb_latein3.jpg\" alt=\"\" border=\"0\" \/><\/a><\/td>\n<\/tr>\n<\/tbody>\n<\/table>\n<div align=\"left\"><span style=\"font-size: 8pt;\"><br \/>\nFoto: Privat<\/span><\/div>\n<div align=\"left\">Das k\u00f6rpernahe,smaragdgr\u00fcne Neckholder Tanzkleid ist aus bielastischem Material gearbeitet. Eine interessante Asymmetrie ergibt sich durch den glitzenden Pailletteneinsatz an der rechten Ausschnittseite und an der linken H\u00fcfte. Der Hingucker ist eine kokette, schwarzgr\u00fcne Fransenborte am schr\u00e4gen Saumabschlu\u00df, die am hohen Beinschlitz endet. Zwei Armstulpen,die am Handr\u00fccken v-f\u00f6rmig geschnitten sind und bis \u00fcber die Ellenbogen reichen, komplettieren das flotte Outfit.<br \/>\nBei den Herren wurden die Kragenspitzen und die vorderen Manschettenkanten der schwarzen Hemden mit den dazu passenden Pallettenstreifen verziert.<\/div>\n<div align=\"left\"><\/div>\n<div align=\"left\"><strong>Cape &#8211; das w\u00e4rmende \u201cDar\u00fcber\u201c\u00a0 f\u00fcr viele Anl\u00e4sse.<\/strong><br \/>\n<strong><br \/>\n<\/strong><\/div>\n<table border=\"0\" width=\"348\" cellspacing=\"5\" cellpadding=\"5\" align=\"center\">\n<tbody>\n<tr>\n<td>\n<div align=\"center\"><a class=\"jcebox\" title=\"Cape - das w\u00e4rmende \u201cDar\u00fcber\u201c  f\u00fcr viele Anl\u00e4sse.\" href=\"http:\/\/www.mode-franziska.de\/atelier\/images\/stories\/vereine1\/verein1.jpg\" rel=\"vereine1\"><img decoding=\"async\" src=\"http:\/\/www.mode-franziska.de\/atelier\/images\/stories\/vereine1\/thumbnails\/thumb_verein1.jpg\" alt=\"\" border=\"0\" \/><\/a><\/div>\n<\/td>\n<td><a class=\"jcebox\" title=\"Cape - das w\u00e4rmende \u201cDar\u00fcber\u201c  f\u00fcr viele Anl\u00e4sse.\" href=\"http:\/\/www.mode-franziska.de\/atelier\/images\/stories\/vereine1\/verein1-2.jpg\" rel=\"vereine1\"><img decoding=\"async\" src=\"http:\/\/www.mode-franziska.de\/atelier\/images\/stories\/vereine1\/thumbnails\/thumb_verein1-2.jpg\" alt=\"\" border=\"0\" \/><\/a><\/td>\n<td><a class=\"jcebox\" title=\"Cape - das w\u00e4rmende \u201cDar\u00fcber\u201c  f\u00fcr viele Anl\u00e4sse.\" href=\"http:\/\/www.mode-franziska.de\/atelier\/images\/stories\/vereine1\/verein1-3.jpg\" rel=\"vereine1\"><img decoding=\"async\" src=\"http:\/\/www.mode-franziska.de\/atelier\/images\/stories\/vereine1\/thumbnails\/thumb_verein1-3.jpg\" alt=\"\" border=\"0\" \/><\/a><\/td>\n<\/tr>\n<\/tbody>\n<\/table>\n<div align=\"left\"><span style=\"font-size: 8pt;\"><br \/>\nFoto: Monika Vitzthum<\/span><\/div>\n<div align=\"left\">Das tannengr\u00fcne, wadenlange Lodencape ist sowohl f\u00fcr Damen als auch f\u00fcr Herren geeignet. Raffiniert eingesetzte, gef\u00fctterte \u00c4rmel, die keine K\u00e4lte durchziehen lassen, verleihen ihm besonderen Tragekomfort. Der Kragen und die vorderen Kanten sind mit rotem Feinloden optisch abgesetzt. Interessante, geh\u00e4mmerte Silberkn\u00f6pfe schm\u00fccken und verschlie\u00dfen das Vorderteil, sowie die Seitenteile vom Saum bis zur H\u00fcfte. Die Enden der Leistentaschen werden durch gesteppte, zierende Dreiecke verst\u00e4rkt.<\/div>\n<div align=\"left\"><\/div>\n<div align=\"left\">\n<div align=\"left\">\n<div align=\"left\"><strong>Liederkranz Simbach \u2013 Rot in allen T\u00f6nen<\/strong><\/div>\n<div align=\"left\">\n<table border=\"0\" width=\"156\">\n<tbody>\n<tr>\n<td><a href=\"https:\/\/mode-franziska.de\/neu\/wp-content\/uploads\/2021\/09\/liederkranz.jpg\"><img loading=\"lazy\" decoding=\"async\" class=\"alignnone\" title=\"Liederkranz Simbach - Rot in allen T\u00f6nen\" src=\"http:\/\/www.mode-franziska.de\/atelier\/images\/stories\/vereine2\/thumbnails\/thumb_liederkranz.jpg\" alt=\"Liederkranz Simbach - Rot in allen T\u00f6nen\" width=\"150\" height=\"100\" align=\"left\" border=\"0\" hspace=\"5\" vspace=\"5\" \/><\/a> <span style=\"font-size: 8pt;\">Foto: Geiring<\/span><\/td>\n<\/tr>\n<\/tbody>\n<\/table>\n<\/div>\n<\/div>\n<div align=\"left\">Weich flie\u00dfende Satin-Roben in drei harmonischen Rott\u00f6nen sorgen f\u00fcr ein stilvolles Gesamtbild. Dem Wunsch des Damenchores auf Vielseitigkeit wird entsprochen. Eine Passe mit V-Ausschnitt, weitschwingende \u00c4rmel und eine reichhaltige Weite erlauben es auch Jacken oder M\u00e4ntel unter der Robe zu tragen. Ein besonders sch\u00f6nes Accessoire &#8211; als Erg\u00e4nzung zur Robe oder solo getragen &#8211; ist ein taillenlanger Formschal in den entsprechenden Rott\u00f6nen, der um den Halsausschnitt schmal und zum Abschluss hin trapezf\u00f6rmig verl\u00e4uft. Eine weitere Variation des verst\u00fcrzten Wendeschals ist es, ihn in einem einheitlichen Petrol zu tragen.<\/div>\n<div align=\"left\"><\/div>\n<div align=\"left\">\n<div align=\"left\">\n<div align=\"left\"><strong>Gospelchor \u2013harmonischer Zusammenschluss<\/strong><\/div>\n<div align=\"left\">\n<table border=\"0\" width=\"156\">\n<tbody>\n<tr>\n<td><a href=\"https:\/\/mode-franziska.de\/neu\/wp-content\/uploads\/2021\/09\/liederkranz2.jpg\"><img loading=\"lazy\" decoding=\"async\" class=\"alignnone\" title=\"liederkranz2\" src=\"http:\/\/www.mode-franziska.de\/atelier\/images\/stories\/vereine2\/thumbnails\/thumb_liederkranz2.jpg\" alt=\"liederkranz2\" width=\"150\" height=\"113\" align=\"left\" border=\"0\" hspace=\"5\" vspace=\"5\" \/><\/a> <span style=\"font-size: 8pt;\">Foto: Privat<\/span><\/td>\n<\/tr>\n<\/tbody>\n<\/table>\n<\/div>\n<\/div>\n<div align=\"left\">Nach der Angliederung des Gospelchores zum Liederkranz und der Aufnahme einiger Herren wird ein vierter Rotton, ein warmer, dunkler Aubergineton, hinzugef\u00fcgt. Die Herren bekommen allerdings keinen V-Ausschnitt wie die Damen, sondern eine Passe mit geradem Abschluss und einem schlichten Stehkragen.\u00a0 Der Wendeschal als schm\u00fcckendes Beiwerk wird auch vom Gospelchor genutzt.<\/div>\n<div align=\"left\"><\/div>\n<div align=\"left\">\n<div align=\"left\">\n<div align=\"left\"><strong>100-j\u00e4hriges Jubil\u00e4um Gasthaus G\u00f6ttler \u2013 eine Einheit in Blau<\/strong><\/div>\n<div align=\"left\">\n<table border=\"0\" width=\"108\">\n<tbody>\n<tr>\n<td><a href=\"https:\/\/mode-franziska.de\/neu\/wp-content\/uploads\/2021\/09\/oettler.jpg\"><img loading=\"lazy\" decoding=\"async\" class=\"alignnone\" title=\"100-j\u00e4hriges Jubil\u00e4um Gasthaus G\u00f6ttler \u2013 eine Einheit in Blau\" src=\"http:\/\/www.mode-franziska.de\/atelier\/images\/stories\/vereine2\/thumbnails\/thumb_oettler.jpg\" alt=\"100-j\u00e4hriges Jubil\u00e4um Gasthaus G\u00f6ttler \u2013 eine Einheit in Blau\" width=\"100\" height=\"150\" align=\"left\" border=\"0\" hspace=\"5\" vspace=\"5\" \/><\/a> <span style=\"font-size: 8pt;\">Foto: Privat<\/span><\/td>\n<\/tr>\n<\/tbody>\n<\/table>\n<\/div>\n<\/div>\n<div align=\"left\">F\u00fcr die Feiern zu diesem sch\u00f6nen Ereignis, entschied sich die Wirtin, zusammen mit ihrer Familie und dem Personal, sich in ein praktisches mittelblaues Leinenkleid im Landhausstil einzukleiden. Die Metragen f\u00fcr das Oberteil wurden in einer Stoffdruckwerkstatt eigens mit wei\u00dfem Bl\u00fcmchenmuster bedruckt. Der in Falten gelegte Rock besitzt zweckm\u00e4\u00dfige Eingriffstaschen.<\/div>\n<div align=\"left\"><\/div>\n<div align=\"left\">\n<div align=\"left\">\n<div align=\"left\"><strong>M\u00fctterverein Eggstetten \u2013 eine Einheit in Gr\u00fcn<\/strong><\/div>\n<div align=\"left\">\n<table border=\"0\" width=\"108\">\n<tbody>\n<tr>\n<td><a href=\"https:\/\/mode-franziska.de\/neu\/wp-content\/uploads\/2021\/09\/muetterverein_eggstetten.jpg\"><img loading=\"lazy\" decoding=\"async\" class=\"alignnone\" title=\"muetterverein_eggstetten\" src=\"http:\/\/www.mode-franziska.de\/atelier\/images\/stories\/vereine2\/thumbnails\/thumb_muetterverein_eggstetten.jpg\" alt=\"muetterverein_eggstetten\" width=\"150\" height=\"100\" align=\"left\" border=\"0\" hspace=\"5\" vspace=\"5\" \/><\/a> <span style=\"font-size: 8pt;\">Foto: Privat<\/span><\/td>\n<\/tr>\n<\/tbody>\n<\/table>\n<\/div>\n<\/div>\n<p>Die Schnittf\u00fchrung der gr\u00fcnen Westen ist auf die Anforderung von 60 verschiedenen Damenfiguren\u00a0 abgestimmt. Streckende Teilungsn\u00e4hte im Vorder- und R\u00fcckteil und ein schlichter V-Ausschnitt schmeicheln den unterschiedlichen weiblichen Proportionen. Im seitlichen Vorderteil sind schr\u00e4g laufende Einsatztaschen zwischen die N\u00e4hte gesetzt. Somit sind die Damen mit ihren Gabardinewesten f\u00fcr jeden festlichen Auftritt bestens ausgestattet.<\/p>\n<\/div>\n<\/div>\n<\/div>\n<\/div>\n","protected":false},"excerpt":{"rendered":"<p>Ihre Gruppe hebt sich durch individuelle Modelle als Einheit hervor Band \u201eSwingfonie\u201c \u00a0Foto: Privat \u00a0Diese Band ist nicht nur ein Klangwunder, sondern auch ein \u201eAugenschmaus.\u201c Die zwei S\u00e4ngerinnen tragen einen dreifarbigen Volantrock, der in der vorderen Mitte keck geteilt ist. Changierende Organza-Volants sind vom Saum bis zur Taille in Breite und in Farbe abgesetzt. Die [&hellip;]<\/p>\n","protected":false},"author":1,"featured_media":0,"parent":0,"menu_order":34,"comment_status":"closed","ping_status":"closed","template":"","meta":{"_et_pb_use_builder":"","_et_pb_old_content":"","_et_gb_content_width":"793","footnotes":""},"class_list":["post-160","page","type-page","status-publish","hentry"],"_links":{"self":[{"href":"https:\/\/mode-franziska.de\/neu\/wp-json\/wp\/v2\/pages\/160","targetHints":{"allow":["GET"]}}],"collection":[{"href":"https:\/\/mode-franziska.de\/neu\/wp-json\/wp\/v2\/pages"}],"about":[{"href":"https:\/\/mode-franziska.de\/neu\/wp-json\/wp\/v2\/types\/page"}],"author":[{"embeddable":true,"href":"https:\/\/mode-franziska.de\/neu\/wp-json\/wp\/v2\/users\/1"}],"replies":[{"embeddable":true,"href":"https:\/\/mode-franziska.de\/neu\/wp-json\/wp\/v2\/comments?post=160"}],"version-history":[{"count":4,"href":"https:\/\/mode-franziska.de\/neu\/wp-json\/wp\/v2\/pages\/160\/revisions"}],"predecessor-version":[{"id":793,"href":"https:\/\/mode-franziska.de\/neu\/wp-json\/wp\/v2\/pages\/160\/revisions\/793"}],"wp:attachment":[{"href":"https:\/\/mode-franziska.de\/neu\/wp-json\/wp\/v2\/media?parent=160"}],"curies":[{"name":"wp","href":"https:\/\/api.w.org\/{rel}","templated":true}]}}