{"id":171,"date":"2008-03-08T22:43:13","date_gmt":"2008-03-08T21:43:13","guid":{"rendered":"https:\/\/mode-franziska.de\/neu\/service\/"},"modified":"2021-09-09T14:41:53","modified_gmt":"2021-09-09T12:41:53","slug":"service","status":"publish","type":"page","link":"https:\/\/mode-franziska.de\/neu\/service\/","title":{"rendered":"Service"},"content":{"rendered":"<div align=\"left\">\n<strong>Beratung wie Typ, Modell, Material und Accessoires am besten zusammen passen<\/strong><br \/>\nMit ausgew\u00e4hlten Designs, Schnitten, Stoffen, Farben und Accessoires werden typgerechte Modelle kreiert.<\/p>\n<p><strong>Modedesign<\/strong><br \/>\nDie Meisterpr\u00fcfung und das Diplom in der Deutschen Meisterschule f\u00fcr Mode ist&nbsp; meine Qualifikation f\u00fcr das Modedesign. F\u00fcr die Kunden werden Modell-Vorschl\u00e4ge entworfen, gezeichnet und skizziert. Diese werden nach den Kundenw\u00fcnschen weiter ausgearbeitet, erweitert und fachgerecht umgesetzt. Schnitte werden gr\u00f6\u00dftenteils nach dem System M\u00fcller &amp; Sohn, M\u00fcnchen erstellt oder aus Fachzeitschriften (Rundschau) und Modezeitungen (Patrones) \u00fcbernommen. Neuerungen und Trends aus den Seminaren fliesen in die Ausarbeitungen mit ein.<\/p>\n<p><strong>Stoffeinkauf mit den Kunden<\/strong><br \/>\nNach Absprache werden zusammen mit dem Kunden in ausgew\u00e4hlten Fachgesch\u00e4ften die Stoffe gemeinsam eingekauft oder bei renommierten Firmen geordert.<\/p>\n<p><strong>Vor Ort-Einsatz bei besonderen Anl\u00e4ssen wie Hochzeiten<\/strong><br \/>\nAuf Wunsch wird durch einen \u201evor Ort-Einsatz\u201c dem Kunden die notwendige Sicherheit f\u00fcr Notf\u00e4lle gegeben.<\/p>\n<p><strong>Vor Ort-Einsatz bei Gro\u00dfauftr\u00e4gen f\u00fcr Vereine, Teams und Gruppen<\/strong><br \/>\nBei Gro\u00dfauftr\u00e4gen wird vor Ort beraten, Ma\u00df genommen, anprobiert und ausgeliefert, um den Zeitaufwand f\u00fcr alle Beteiligten zu minimieren.<\/p>\n<p><strong>\u00c4nderungen aller Art und Reparaturen<\/strong><br \/>\nWeiten und L\u00e4ngen werden angepasst, S\u00e4ume gek\u00fcrzt, Rei\u00dfverschl\u00fcsse erneuert, Kn\u00f6pfe angen\u00e4ht, Reparaturen durchgef\u00fchrt . . . auch f\u00fcr Leder.<\/p>\n<p><strong>Bez\u00fcge f\u00fcr Autositze, Eckbanken, Sofas<\/strong><\/p>\n<table width=\"348\" height=\"160\" cellspacing=\"5\" cellpadding=\"5\" border=\"0\" align=\"center\">\n<tbody>\n<tr>\n<td>\n<div align=\"center\">\n\t\t\t<a rel=\"bezuege\" href=\"https:\/\/mode-franziska.de\/neu\/wp-content\/uploads\/2008\/03\/bild025.jpg\" title=\"Bez\u00fcge f\u00fcr Autositze, Eckbanken, Sofas\" class=\"jcebox\"><img loading=\"lazy\" decoding=\"async\" class=\" size-full wp-image-164\" src=\"https:\/\/mode-franziska.de\/neu\/wp-content\/uploads\/2008\/03\/thumb_bild025.jpg\" alt=\"\" width=\"150\" height=\"113\" border=\"0\"><\/a><\/div>\n<\/td>\n<td>\n\t\t\t<a rel=\"bezuege\" href=\"https:\/\/mode-franziska.de\/neu\/wp-content\/uploads\/2008\/03\/cimg0352.jpg\" title=\"Bez\u00fcge f\u00fcr Autositze, Eckbanken, Sofas\" class=\"jcebox\"><img loading=\"lazy\" decoding=\"async\" class=\" size-full wp-image-167\" src=\"https:\/\/mode-franziska.de\/neu\/wp-content\/uploads\/2008\/03\/thumb_cimg0352.jpg\" alt=\"\" width=\"150\" height=\"85\" border=\"0\"><\/a><\/td>\n<td><a rel=\"bezuege\" href=\"https:\/\/mode-franziska.de\/neu\/wp-content\/uploads\/2008\/03\/bild011.jpg\" title=\"Bez\u00fcge f\u00fcr Autositze, Eckbanken, Sofas\" class=\"jcebox\"><img loading=\"lazy\" decoding=\"async\" class=\" size-full wp-image-169\" src=\"https:\/\/mode-franziska.de\/neu\/wp-content\/uploads\/2008\/03\/thumb_bild011.jpg\" alt=\"\" width=\"113\" height=\"150\" border=\"0\"><\/a><\/td>\n<\/tr>\n<\/tbody>\n<\/table>\n<\/div>\n<div align=\"left\">\nFoto: Privat<br \/>\nCoole Autositzbez\u00fcge in ausgefallene Designs und neues Outfit f\u00fcr Eckb\u00e4nke und Sofas, aber auch exakte Anpassung von Hussen f\u00fcr St\u00fchle werden gefertigt.<\/p>\n<p><strong>Vorh\u00e4nge<\/strong><\/p>\n<\/div>\n<div align=\"left\">\n<a href=\"index2.php?option=com_jce&amp;task=popup\" target=\"PopupImage\" onclick=\"window.open(this.href+'&amp;img=images\/stories\/vorhaenge\/img_0354.jpg&amp;title=Vorh\u00e4nge&amp;w=450&amp;h=600&amp;mode=0&amp;print=0&amp;click=0','Vorh\u00e4nge','height=600,width=450,top=212,left=415,scrollbars=no,resizable=no');return false;\" rel=\"noopener\"><img loading=\"lazy\" decoding=\"async\" class=\" alignleft size-full wp-image-170\" src=\"https:\/\/mode-franziska.de\/neu\/wp-content\/uploads\/2008\/03\/thumb_img_0354.jpg\" alt=\"Vorh\u00e4nge\" title=\"Vorh\u00e4nge\" width=\"113\" vspace=\"5\" hspace=\"5\" height=\"150\" border=\"0\" align=\"left\"><\/a><\/div>\n<div align=\"left\">\nVorh\u00e4nge werden ausgemessen, sauber verarbeitet und ausgeliefert.<\/div>\n<div align=\"left\">\n&nbsp;<\/div>\n<div align=\"left\">\n&nbsp;<\/div>\n<div align=\"left\">\n&nbsp;<\/div>\n<div align=\"left\">\n&nbsp;<\/div>\n<div align=\"left\">\n&nbsp;<\/div>\n<div align=\"left\">\nFoto: Privat<\/div>\n<div align=\"left\">\n&nbsp;<\/div>\n<div align=\"left\">\n&nbsp;<\/div>\n","protected":false},"excerpt":{"rendered":"<p>Beratung wie Typ, Modell, Material und Accessoires am besten zusammen passen Mit ausgew\u00e4hlten Designs, Schnitten, Stoffen, Farben und Accessoires werden typgerechte Modelle kreiert. Modedesign Die Meisterpr\u00fcfung und das Diplom in der Deutschen Meisterschule f\u00fcr Mode ist&nbsp; meine Qualifikation f\u00fcr das Modedesign. F\u00fcr die Kunden werden Modell-Vorschl\u00e4ge entworfen, gezeichnet und skizziert. Diese werden nach den Kundenw\u00fcnschen [&hellip;]<\/p>\n","protected":false},"author":1,"featured_media":164,"parent":0,"menu_order":30,"comment_status":"closed","ping_status":"closed","template":"","meta":{"_et_pb_use_builder":"","_et_pb_old_content":"","_et_gb_content_width":"793","footnotes":""},"class_list":["post-171","page","type-page","status-publish","has-post-thumbnail","hentry"],"_links":{"self":[{"href":"https:\/\/mode-franziska.de\/neu\/wp-json\/wp\/v2\/pages\/171","targetHints":{"allow":["GET"]}}],"collection":[{"href":"https:\/\/mode-franziska.de\/neu\/wp-json\/wp\/v2\/pages"}],"about":[{"href":"https:\/\/mode-franziska.de\/neu\/wp-json\/wp\/v2\/types\/page"}],"author":[{"embeddable":true,"href":"https:\/\/mode-franziska.de\/neu\/wp-json\/wp\/v2\/users\/1"}],"replies":[{"embeddable":true,"href":"https:\/\/mode-franziska.de\/neu\/wp-json\/wp\/v2\/comments?post=171"}],"version-history":[{"count":1,"href":"https:\/\/mode-franziska.de\/neu\/wp-json\/wp\/v2\/pages\/171\/revisions"}],"predecessor-version":[{"id":438,"href":"https:\/\/mode-franziska.de\/neu\/wp-json\/wp\/v2\/pages\/171\/revisions\/438"}],"wp:featuredmedia":[{"embeddable":true,"href":"https:\/\/mode-franziska.de\/neu\/wp-json\/wp\/v2\/media\/164"}],"wp:attachment":[{"href":"https:\/\/mode-franziska.de\/neu\/wp-json\/wp\/v2\/media?parent=171"}],"curies":[{"name":"wp","href":"https:\/\/api.w.org\/{rel}","templated":true}]}}