{"id":216,"date":"2008-04-29T13:04:15","date_gmt":"2008-04-29T11:04:15","guid":{"rendered":"https:\/\/mode-franziska.de\/neu\/buehne-fasching-garde\/"},"modified":"2021-09-13T15:34:01","modified_gmt":"2021-09-13T13:34:01","slug":"buehne-fasching-garde","status":"publish","type":"page","link":"https:\/\/mode-franziska.de\/neu\/buehne-fasching-garde\/","title":{"rendered":"B\u00fchne \/ Fasching \/ Garde"},"content":{"rendered":"<div align=\"left\">Mit kreativen, ausgefallenen Ideen f\u00fcr Ihr pers\u00f6nliches Faschingskost\u00fcm und die Garde l\u00e4sst sich die 5. Jahreszeit besonders gut feiern. Mit ideenreichen, passenden B\u00fchnenmodellen haben Sie das ideale Outfit f\u00fcr Ihren perfekten Auftritt auf den Brettern, die die Welt bedeuten.<\/div>\n<div align=\"left\"><\/div>\n<div align=\"left\"><strong>Prinz Pascal I. Fasching 2012\/2013<\/strong><\/div>\n<table border=\"0\" width=\"348\" cellspacing=\"5\" cellpadding=\"5\" align=\"center\">\n<tbody>\n<tr>\n<td>\n<div align=\"center\"><a class=\"jcebox\" title=\"Prinz Pascal I. Fasching 2012\/2013\" href=\"http:\/\/www.mode-franziska.de\/atelier\/images\/stories\/fasching11\/prinz1.jpg\" rel=\"fasching11\"><img decoding=\"async\" src=\"http:\/\/www.mode-franziska.de\/atelier\/images\/stories\/fasching11\/thumbnails\/thumb_prinz1.jpg\" alt=\"\" border=\"0\" \/><\/a><\/div>\n<\/td>\n<td><a class=\"jcebox\" title=\"Prinz Pascal I. Fasching 2012\/2013\" href=\"http:\/\/www.mode-franziska.de\/atelier\/images\/stories\/fasching11\/prinz2.jpg\" rel=\"fasching11\"><img decoding=\"async\" src=\"http:\/\/www.mode-franziska.de\/atelier\/images\/stories\/fasching11\/thumbnails\/thumb_prinz2.jpg\" alt=\"\" border=\"0\" \/><\/a><\/td>\n<td><\/td>\n<\/tr>\n<\/tbody>\n<\/table>\n<div align=\"left\"><span style=\"font-size: 8pt;\">Foto: Wieland<\/span><\/div>\n<div align=\"left\">\n<div align=\"left\"><\/div>\n<div align=\"left\">Dieser chice Nadelstreifengehrock mit feineingewebten Silberf\u00e4den kleidet den Prinzen ausgezeichnet. Ein hoher Stehkragen, klassische \u00c4rmelverarbeitung mit Zierkn\u00f6pfen und \u00fcberdeckende Fl\u00fcgel in r\u00fcckwertigen Scho\u00dfteil unterst\u00fctzen dies. Bei der schmalgeschnittenen silbergrauen Hose aus elastischem Material ist ein zwei Zentimeter breiter Streifen aus dem Gehrockstoff eingesetzt. \u2013 Zum Showteil tr\u00e4gt der Prinz eine gerade geschnittene lange Hose und ein k\u00f6rpernahes T-Shirt aus schwarzem, elastischem Paillettenstoff. Im Oberteil sind dezente Eins\u00e4tze in magenta und t\u00fcrkis, wobei sich der t\u00fcrkisfarbige Einsatz vom R\u00fccken \u00fcber die rechte Schulter bis zum Saum auf der linken Vorderteilseite des Shirts verj\u00fcngt. Vom spitzen Einsatz auf H\u00fcfth\u00f6he der Tanzhose verl\u00e4uft der t\u00fcrkise Blickfang leicht geschwungen und verbreiternd bis zum Saum des linken Hosenbeines.<\/div>\n<\/div>\n<div align=\"left\"><\/div>\n<div align=\"left\"><strong>Uniformen<\/strong><\/div>\n<div align=\"left\">\n<div align=\"left\">\n<table border=\"0\" width=\"348\" cellspacing=\"5\" cellpadding=\"5\" align=\"center\">\n<tbody>\n<tr>\n<td>\n<div align=\"center\"><a class=\"jcebox\" title=\"Uniformen\" href=\"http:\/\/www.mode-franziska.de\/atelier\/images\/stories\/fasching9\/uniform1.jpg\" rel=\"fasching5\"><img decoding=\"async\" src=\"http:\/\/www.mode-franziska.de\/atelier\/images\/stories\/fasching9\/thumbnails\/thumb_uniform1.jpg\" alt=\"\" border=\"0\" \/><\/a><\/div>\n<\/td>\n<td><a class=\"jcebox\" title=\"Uniformen\" href=\"http:\/\/www.mode-franziska.de\/atelier\/images\/stories\/fasching9\/uniform2.jpg\" rel=\"fasching5\"><img decoding=\"async\" src=\"http:\/\/www.mode-franziska.de\/atelier\/images\/stories\/fasching9\/thumbnails\/thumb_uniform2.jpg\" alt=\"\" border=\"0\" \/><\/a><\/td>\n<td><a class=\"jcebox\" title=\"Uniformen\" href=\"http:\/\/www.mode-franziska.de\/atelier\/images\/stories\/fasching9\/uniform3.jpg\" rel=\"fasching5\"><img decoding=\"async\" src=\"http:\/\/www.mode-franziska.de\/atelier\/images\/stories\/fasching9\/thumbnails\/thumb_uniform3.jpg\" alt=\"\" border=\"0\" \/><\/a><\/td>\n<\/tr>\n<\/tbody>\n<\/table>\n<div align=\"left\"><span style=\"font-size: 8pt;\">Foto: Privat<\/span><\/div>\n<div align=\"left\">Schwarz \u2013 Golden tritt die MoDe-Crew auf. Die Uniformjacken wurden aus schwarzem Crepe gefertigt, wobei die Jacken der Damen eine handbreit \u00fcber der Taille, die der Herren knapp bis zur H\u00fcfte geschnitten wurden. Die langen \u00c4rmel sind mit einer Goldborte abgesetzt. Den besonderen Charakter einer Uniform erh\u00e4lt das Tanzoutfit durch die selbst entwickelten Fransen- Epauletten auf den Schultern, den nach unten<br \/>\nschm\u00e4ler werdenden Posamentenverschl\u00fcssen und den Goldkn\u00f6pfen.<br \/>\nBeim Tanzen blitzt das goldfarbene Innenfutter vor. Was auf dem Bild nicht zu sehen ist, aber bei den T\u00e4nzern gesch\u00e4tzt wird, ist die angeschnittene Stoffzugabe am \u00c4rmeleinsatz.<\/div>\n<div align=\"left\"><\/div>\n<\/div>\n<div align=\"left\"><strong>Herbert &amp; Schnipsi &#8211; als Kasperl und Fliegenpilz<\/strong><\/div>\n<table border=\"0\" width=\"348\" cellspacing=\"5\" cellpadding=\"5\" align=\"center\">\n<tbody>\n<tr>\n<td>\n<div align=\"center\"><a class=\"jcebox\" title=\"Herbert &amp; Schnipsi - als Kasperl und Fliegenpilz\" href=\"http:\/\/www.mode-franziska.de\/atelier\/images\/stories\/buehne\/schwammerl.jpg\" rel=\"buehne\"><img decoding=\"async\" src=\"http:\/\/www.mode-franziska.de\/atelier\/images\/stories\/buehne\/thumbnails\/thumb_schwammerl.jpg\" alt=\"\" border=\"0\" \/><\/a><\/div>\n<\/td>\n<td><a class=\"jcebox\" title=\"Herbert &amp; Schnipsi - als Kasperl und Fliegenpilz\" href=\"http:\/\/www.mode-franziska.de\/atelier\/images\/stories\/buehne\/p1030588.jpg\" rel=\"buehne\"><img decoding=\"async\" src=\"http:\/\/www.mode-franziska.de\/atelier\/images\/stories\/buehne\/thumbnails\/thumb_p1030588.jpg\" alt=\"\" border=\"0\" \/><\/a><\/td>\n<td><\/td>\n<\/tr>\n<\/tbody>\n<\/table>\n<div align=\"left\"><span style=\"font-size: 8pt;\">Foto: Oliver Reiser, Augsburger Allgemeine\/Privat<\/span><\/div>\n<div align=\"left\"><strong>Herbert &amp; Schnipsi &#8211;\u00a0 als Kasperl<\/strong><br \/>\nDas Wichtigste f\u00fcr jedes B\u00fchnenkost\u00fcm ist die M\u00f6glichkeit zum schnellen Umziehen. Deshalb wird das Kasperlkost\u00fcm f\u00fcr Herbert als weiter, farbenfroher Overall mit langem Rei\u00dfverschluss und bunten Wollbommeln in der vorderen Mitte konzipiert. Verschiedenfarbiger T\u00fcll, verarbeitet zu einem volumin\u00f6sen R\u00fcschenkragen, bildet den Halsabschluss. Eine typische Kasperlm\u00fctze mit Knick und gro\u00dfer Wollbommel runden das lustige Outfit ab.<\/p>\n<p><strong>Herbert &amp; Schnipsi &#8211; als Fliegenpilz<\/strong><br \/>\nDas Fliegenpilzkost\u00fcm besteht aus einer ballonf\u00f6rmig geschnittenen, eierschalenfarbigen Hose, die bis unter die Brust reicht und mit breiten Tr\u00e4gern gehalten wird. Ein rotes Boleroj\u00e4ckchen mit plastisch aufgearbeiteten wei\u00dfen Fliegenpilzpunkten und dreiviertel langen \u00c4rmeln bildet das Oberteil. Das herausragende Kost\u00fcmteil ist der Kopfputz, der eine Fliegenpilzkappe t\u00e4uschend echt darstellt. Die riesige Pilzkappe aus Schaumstoff mit dem identischen \u00dcberzug des Boleroj\u00e4ckens ist so gearbeitet, dass die Scheinwerfer keine Schatten auf Schnipsis Gesicht werfen, und das Publikum die Mimik der K\u00fcnstlerin Claudia Schlenger bestens verfolgen kann.<\/p>\n<\/div>\n<div align=\"left\"><\/div>\n<p><strong>Bezaubernde Elisa<\/strong><\/p>\n<div align=\"left\">\n<table border=\"0\" width=\"348\" cellspacing=\"5\" cellpadding=\"5\" align=\"center\">\n<tbody>\n<tr>\n<td>\n<div align=\"center\"><a class=\"jcebox\" title=\"Bezaubernde Elisa\" href=\"http:\/\/www.mode-franziska.de\/atelier\/images\/stories\/fasching8\/elisa1.jpg\" rel=\"fasching5\"><img decoding=\"async\" src=\"http:\/\/www.mode-franziska.de\/atelier\/images\/stories\/fasching8\/thumbnails\/thumb_elisa1.jpg\" alt=\"\" border=\"0\" \/><\/a><\/div>\n<\/td>\n<td><a class=\"jcebox\" title=\"Bezaubernde Elisa\" href=\"http:\/\/www.mode-franziska.de\/atelier\/images\/stories\/fasching8\/elisa2.jpg\" rel=\"fasching5\"><img decoding=\"async\" src=\"http:\/\/www.mode-franziska.de\/atelier\/images\/stories\/fasching8\/thumbnails\/thumb_elisa2.jpg\" alt=\"\" border=\"0\" \/><\/a><\/td>\n<td><a class=\"jcebox\" title=\"Bezaubernde Elisa\" href=\"http:\/\/www.mode-franziska.de\/atelier\/images\/stories\/fasching8\/elisa3.jpg\" rel=\"fasching5\"><img decoding=\"async\" src=\"http:\/\/www.mode-franziska.de\/atelier\/images\/stories\/fasching8\/thumbnails\/thumb_elisa3.jpg\" alt=\"\" border=\"0\" \/><\/a><\/td>\n<\/tr>\n<\/tbody>\n<\/table>\n<div align=\"left\"><span style=\"font-size: 8pt;\">Foto: Monika Vitzthum<\/span><\/div>\n<div align=\"left\">Weichflie\u00dfender, transparenter Voile in kr\u00e4ftigem Rot wurde mit rotgoldenem Stoff zu einem Traumkost\u00fcm verarbeitet. Die weite Pumphose ist mit einem Panty aus dem gleichen Material im H\u00fcftbereich gedoppelt, damit das Modell nicht zu sexy wirkt. Die glatt eingesetzten, dann kr\u00e4ftig erweiterten langen \u00c4rmel und die Hosenbeine sind mit einem rotgoldenen B\u00fcndchen geb\u00e4ndigt. Goldene Kn\u00f6pfe mit Schlingenverschlu\u00df geben ein schm\u00fcckendes Beiwerk.<br \/>\nDas tief ausgeschnittene, rotgoldene Bustier hat zum Abschlu\u00df eine zarte, rote Voiler\u00fcsche.<br \/>\nEin keckes H\u00fctchen mit lockerem Kinn- und langen Seitenschleiern rundet das Modell ab und erinnert an die TV-Serie \u201eBezaubernde Jeannie\u201c.<\/div>\n<div align=\"left\"><\/div>\n<\/div>\n<div align=\"left\">\n<div align=\"left\"><strong>Faschingskost\u00fcm \u00e0 la Mary Poppins<\/strong><\/div>\n<table border=\"0\" width=\"348\" cellspacing=\"5\" cellpadding=\"5\" align=\"center\">\n<tbody>\n<tr>\n<td>\n<div align=\"center\"><a class=\"jcebox\" title=\"Faschingskost\u00fcm \u00e0 la Mary Poppins\" href=\"http:\/\/www.mode-franziska.de\/atelier\/images\/stories\/fasching5\/dscf0369.jpg\" rel=\"fasching5\"><img decoding=\"async\" src=\"http:\/\/www.mode-franziska.de\/atelier\/images\/stories\/fasching5\/thumbnails\/thumb_dscf0369.jpg\" alt=\"\" border=\"0\" \/><\/a><\/div>\n<\/td>\n<td><a class=\"jcebox\" title=\"Faschingskost\u00fcm \u00e0 la Mary Poppins\" href=\"http:\/\/www.mode-franziska.de\/atelier\/images\/stories\/fasching5\/dscf0371.jpg\" rel=\"fasching5\"><img decoding=\"async\" src=\"http:\/\/www.mode-franziska.de\/atelier\/images\/stories\/fasching5\/thumbnails\/thumb_dscf0371.jpg\" alt=\"\" border=\"0\" \/><\/a><\/td>\n<td><a class=\"jcebox\" title=\"Faschingskost\u00fcm \u00e0 la Mary Poppins\" href=\"http:\/\/www.mode-franziska.de\/atelier\/images\/stories\/fasching5\/dscf0373.jpg\" rel=\"fasching5\"><img decoding=\"async\" src=\"http:\/\/www.mode-franziska.de\/atelier\/images\/stories\/fasching5\/thumbnails\/thumb_dscf0373.jpg\" alt=\"\" border=\"0\" \/><\/a><\/td>\n<\/tr>\n<\/tbody>\n<\/table>\n<div align=\"left\"><span style=\"font-size: 8pt;\">Foto: Monika Vitzthum<\/span><\/div>\n<div align=\"left\">Gro\u00dfe wei\u00dfe Punkte auf pinkfarbiger Baumwolle, ein verspielter R\u00fcschenvolant am Saumabschluss und knappe Puff\u00e4rmeln ergeben ein kesses Faschingskleid.<br \/>\nDie Teilungsn\u00e4hte sind mit einem k\u00f6nigsblauen Satinband farblich abgesetzt. M\u00e4dchenhaft verspielt wirkt das Brustteil: Die Abn\u00e4herweite ist als Reihung verarbeitet und den herzf\u00f6rmigen Ausschnitt ziert eine zarte Stoffr\u00fcsche. Blau- wei\u00df karierte Taftschleifen\u00a0 am Vorderteil, den vorderen Teilungsn\u00e4hten und an den Pumps erg\u00e4nzen noch das ansprechende Faschingskost\u00fcm.<br \/>\nVervollst\u00e4ndigt wird das Outfit durch einen zylinderf\u00f6rmigen Hut mit wei\u00df abgesetzter Krempe. Das hohe Kopfteil ist in Falten gelegt, die von einem blauen Satinband gehalten werden, welche als Krempe aufspringen.<\/div>\n<div align=\"left\"><\/div>\n<div align=\"left\"><strong>Brasilianische Nacht\u00a0 schillernd und farbenfroh<\/strong><\/p>\n<table border=\"0\" width=\"493\" cellspacing=\"5\" cellpadding=\"5\" align=\"center\">\n<tbody>\n<tr>\n<td>\n<div align=\"center\"><a class=\"jcebox\" title=\"Brasilianische Nacht\u00a0 schillernd und farbenfroh\" href=\"http:\/\/www.mode-franziska.de\/atelier\/images\/stories\/fasching7\/garde1.jpg\" rel=\"fasching5\"><img decoding=\"async\" src=\"http:\/\/www.mode-franziska.de\/atelier\/images\/stories\/fasching7\/thumbnails\/thumb_garde1.jpg\" alt=\"\" border=\"0\" \/><\/a><\/div>\n<\/td>\n<td><a class=\"jcebox\" title=\"Brasilianische Nacht\u00a0 schillernd und farbenfroh\" href=\"http:\/\/www.mode-franziska.de\/atelier\/images\/stories\/fasching7\/garde2.jpg\" rel=\"fasching5\"><img decoding=\"async\" src=\"http:\/\/www.mode-franziska.de\/atelier\/images\/stories\/fasching7\/thumbnails\/thumb_garde2.jpg\" alt=\"\" border=\"0\" \/><\/a><\/td>\n<td><a class=\"jcebox\" title=\"Brasilianische Nacht\u00a0 schillernd und farbenfroh\" href=\"http:\/\/www.mode-franziska.de\/atelier\/images\/stories\/fasching7\/garde3.jpg\" rel=\"fasching5\"><img decoding=\"async\" src=\"http:\/\/www.mode-franziska.de\/atelier\/images\/stories\/fasching7\/thumbnails\/thumb_garde3.jpg\" alt=\"\" border=\"0\" \/><\/a><\/td>\n<\/tr>\n<\/tbody>\n<\/table>\n<div align=\"left\"><span style=\"font-size: 8pt;\">Foto: Zinner<\/span><\/div>\n<div align=\"left\">Ein gewagter Material-und Farbenmix kombiniert mit frecher Schnittf\u00fchrung ergeben eine gelungene Symbiose. Hochgeg\u00fcrtete H\u00e4ngekleidchen inden vier Leuchtfarben Gelb, Gr\u00fcn, Apricot und T\u00fcrkis bezaubern durch ihre schwingende Saumweite. Halt gibt dem Gardekleid ein Blende um den Armeinsatz und dem BH-Teil. Rosafarbige Paillentenstickerei zieren die Blenden und die vordere Mitte des Tanzkleides.<br \/>\nBei den drei Herren wiederholen sich die Neonfarben am Einsatz der Schlaghosen und an den Armr\u00fcschen. Die schwarzen Achselhemden aus bielatischem Material haben im vorderen V-Ausschnitt und als Schulterpasse einen schwarzen Glitzerbesatz.<\/p>\n<\/div>\n<\/div>\n<div align=\"left\">\n<div align=\"left\"><strong>Gaudianer Triftern \u2013 orientalische Nacht<\/strong><\/div>\n<div align=\"left\">\n<table border=\"0\" width=\"156\">\n<tbody>\n<tr>\n<td><a href=\"https:\/\/mode-franziska.de\/neu\/wp-content\/uploads\/2021\/09\/gaudianer_triftern.jpg\"><img loading=\"lazy\" decoding=\"async\" class=\"aligncenter\" title=\"gaudianer_triftern\" src=\"http:\/\/www.mode-franziska.de\/atelier\/images\/stories\/fasching1\/thumbnails\/thumb_gaudianer_triftern.jpg\" alt=\"gaudianer_triftern\" width=\"150\" height=\"100\" align=\"left\" border=\"0\" hspace=\"5\" vspace=\"5\" \/><\/a> <span style=\"font-size: 8pt;\">Foto: Zinner<\/span><\/td>\n<\/tr>\n<\/tbody>\n<\/table>\n<\/div>\n<div align=\"left\">Das Motto des Showprogramms 2008 lautet \u201c Night of the Sultans\u201d.Die T\u00e4nzerinnen tragen einen Body aus Elastikspitze, bielastischenPanty und dreilagigen Rock in den Grundfarben schwarz und wei\u00df, wobeialle Teile zusammengearbeitet sind um ein rasches Umziehen zuerm\u00f6glichen. Das Spitzenoberteil hat einen zierenden und elastischenZackenabschluss zum Einschl\u00fcpfen. Am rechten \u00c4rmel ist ein wehendesDreieck aus Spitze eingesetzt. Der duftige, wadenlange Rock ist inBahnen gearbeitet, welche aus dem Spitzenstoff des Oberteils und ausjeweils schwarzen oder wei\u00dfen Polygeorgettebahnen besteht. Eineninteressanten Farbtupfer bringen einige Georgettebahnen aus kr\u00e4ftigemPink. Als zierende Beigabe legen die\u00a0 M\u00e4dchen einen silbernenSchmuckg\u00fcrtel um die H\u00fcften. Der einzige Showt\u00e4nzer rundet denGesamteindruck der Garde harmonisch ab. Er tr\u00e4gt eine weite, weichflie\u00dfende Hose aus schwarzem Querstretch Crepe und ein wei\u00dfesSatinhemd, das mit einem breiten Stretchbund am Saum den n\u00f6tigen Haltunter dem Hosenbund hat. Entlang der Ober\u00e4rmel des Hemdes und dieSeitenn\u00e4hte der Hose ziehen sich schm\u00fcckende, gewundenePaillettenbahnen in Silber\u00a0 wie der Schmuckg\u00fcrtel der M\u00e4dchen DieT\u00e4nzerinnen in den wei\u00dfen Kost\u00fcmen treten zus\u00e4tzlich mit einembodenlangen armverl\u00e4ngerten Umhang aus Satin auf.<\/div>\n<\/div>\n<\/div>\n<div align=\"left\"><strong>Harlekin- Ein traditionelles Faschingsoutfit\u00a0<\/strong><\/div>\n<\/div>\n<div align=\"left\">\n<table border=\"0\" width=\"156\">\n<tbody>\n<tr>\n<td><a href=\"https:\/\/mode-franziska.de\/neu\/wp-content\/uploads\/2021\/09\/harlekin.jpg\"><img loading=\"lazy\" decoding=\"async\" class=\"alignnone\" title=\"Harlekin- Ein traditionelles Faschingsoutfit\u00a0\" src=\"http:\/\/www.mode-franziska.de\/atelier\/images\/stories\/fasching6\/thumbnails\/thumb_harlekin.jpg\" alt=\"Harlekin- Ein traditionelles Faschingsoutfit\u00a0\" width=\"150\" height=\"100\" align=\"left\" border=\"0\" hspace=\"5\" vspace=\"5\" \/><\/a> <span style=\"font-size: 8pt;\">Foto: Hager<\/span><\/td>\n<\/tr>\n<\/tbody>\n<\/table>\n<\/div>\n<div align=\"left\">Das schwarz-wei\u00df gehaltene Kost\u00fcm besteht aus einer zweifarbigen, aus elastischem Material verarbeiteten, gerade geschnittenen Hose und einem leicht glockigen wei\u00dfgrundigen Satinoberteil mit schwarzen Punkten. Die trompetenf\u00f6rmigen Raglan\u00e4rmel sind aus dem Hosenstoff gearbeitet und farblich zu den Hosenbeinen versetzt. Eine Halskrause aus gl\u00e4nzendem Organza in Schwarz und Wei\u00df rundet das Kost\u00fcm ab. Das T\u00fcpfelchen auf dem i ist ein keckes Spitzh\u00fctchen, das mit dem Satinstoff \u00fcberzogen ist und als Abschlu\u00df auch eine kleine R\u00fcsche aus Organza hat.<\/div>\n<div align=\"left\"><\/div>\n<div align=\"left\">\n<div align=\"left\"><strong>Frauenbund Erlach &#8211; als Schotten\u00a0<\/strong><\/div>\n<div align=\"left\">\n<table border=\"0\" width=\"156\">\n<tbody>\n<tr>\n<td><a href=\"https:\/\/mode-franziska.de\/neu\/wp-content\/uploads\/2021\/09\/schotten.jpg\"><img loading=\"lazy\" decoding=\"async\" class=\"alignnone\" title=\"schotten\" src=\"http:\/\/www.mode-franziska.de\/atelier\/images\/stories\/fasching2\/thumbnails\/thumb_schotten.jpg\" alt=\"schotten\" width=\"150\" height=\"100\" align=\"left\" border=\"0\" hspace=\"5\" vspace=\"5\" \/><\/a> <span style=\"font-size: 8pt;\">Foto: Hager<\/span><\/td>\n<\/tr>\n<\/tbody>\n<\/table>\n<\/div>\n<\/div>\n<div align=\"left\">Die flotten T\u00e4nzerinnen tragen ein schlichtes wei\u00dfes T-Shirt zum traditionellen Faltenwickelrock aus rotem Karowollstoff mit passender Sch\u00e4rpe und goldener Quaste. Das Schottenoutfit rundet eine Kappe aus demselben Material mit einer schwarzen Wollbommel ab.<\/div>\n<div align=\"left\"><\/div>\n<div align=\"left\">\n<div align=\"left\"><strong>Frauenbund Erlach &#8211; als Abba<\/strong><\/div>\n<div align=\"left\">\n<table border=\"0\" width=\"156\">\n<tbody>\n<tr>\n<td><a href=\"https:\/\/mode-franziska.de\/neu\/wp-content\/uploads\/2021\/09\/abba.jpg\"><img loading=\"lazy\" decoding=\"async\" class=\"alignnone\" title=\"Frauenbund Erlach - als ABBA\" src=\"http:\/\/www.mode-franziska.de\/atelier\/images\/stories\/fasching3\/thumbnails\/thumb_abba.jpg\" alt=\"Frauenbund Erlach - als ABBA\" width=\"150\" height=\"100\" align=\"left\" border=\"0\" hspace=\"5\" vspace=\"5\" \/><\/a> <span style=\"font-size: 8pt;\">Foto: Hager<\/span><\/td>\n<\/tr>\n<\/tbody>\n<\/table>\n<\/div>\n<\/div>\n<div align=\"left\">Zu einem flotten ABBA-Medley tragen die Frauenbunddamen ein t\u00fcrkisfarbenes Paillettenoberteil mit Wickeloptik und Fledermaus\u00e4rmeln. Die schwarze, elastische Pannesamthose hat in der Seitennaht\u00a0 t\u00fcrkisfarbene Paillettengodets, die den Look der ABBA-Gruppe widerspiegelt. Als Kopfputz tr\u00e4gt ein flottes Paillettenstirnband bei.<\/div>\n<div align=\"left\"><\/div>\n<div align=\"left\">\n<div align=\"left\"><strong>Frauenbund Erlach &#8211; als \u00c4gypterinnen<\/strong><\/div>\n<div align=\"left\">\n<table border=\"0\" width=\"156\">\n<tbody>\n<tr>\n<td><a href=\"https:\/\/mode-franziska.de\/neu\/wp-content\/uploads\/2021\/09\/aegypter.jpg\"><img loading=\"lazy\" decoding=\"async\" class=\"alignnone\" title=\"Frauenbund Erlach - als \u00c4gypterinnen\" src=\"http:\/\/www.mode-franziska.de\/atelier\/images\/stories\/fasching4\/thumbnails\/thumb_aegypter.jpg\" alt=\"Frauenbund Erlach - als \u00c4gypterinnen\" width=\"150\" height=\"100\" align=\"left\" border=\"0\" hspace=\"5\" vspace=\"5\" \/><\/a> <span style=\"font-size: 8pt;\">Foto: Hager<\/span><\/td>\n<\/tr>\n<\/tbody>\n<\/table>\n<\/div>\n<p>Ein kn\u00f6chellanges, gerade geschnittenes Kleid, aus wei\u00dfem und gl\u00e4nzendem Crepe Satin kleidet die T\u00e4nzerinnen. Das Kost\u00fcm besitzt \u00fcberschnittene \u00c4rmel und hohe Schlitze in der Seitennaht. Unter der Taille verl\u00e4uft ein goldener Lamee-G\u00fcrtel, der vorne raffiniert zusammengehalten wird. Die schm\u00fcckende Zierde ist das goldene, blau eingefasste Pektoral am Halsausschnitt als Zeichen f\u00fcr den Reichtum der \u00c4gypter an Gold und Lapislazuli. Jedoch der Clou des Kost\u00fcms sind goldene Lamee-Schuhe, die mit einem Fu\u00dfriemchen gehalten werden.<\/p>\n<\/div>\n","protected":false},"excerpt":{"rendered":"<p>Mit kreativen, ausgefallenen Ideen f\u00fcr Ihr pers\u00f6nliches Faschingskost\u00fcm und die Garde l\u00e4sst sich die 5. Jahreszeit besonders gut feiern. Mit ideenreichen, passenden B\u00fchnenmodellen haben Sie das ideale Outfit f\u00fcr Ihren perfekten Auftritt auf den Brettern, die die Welt bedeuten. Prinz Pascal I. Fasching 2012\/2013 Foto: Wieland Dieser chice Nadelstreifengehrock mit feineingewebten Silberf\u00e4den kleidet den Prinzen [&hellip;]<\/p>\n","protected":false},"author":1,"featured_media":0,"parent":0,"menu_order":20,"comment_status":"closed","ping_status":"closed","template":"","meta":{"_et_pb_use_builder":"","_et_pb_old_content":"","_et_gb_content_width":"793","footnotes":""},"class_list":["post-216","page","type-page","status-publish","hentry"],"_links":{"self":[{"href":"https:\/\/mode-franziska.de\/neu\/wp-json\/wp\/v2\/pages\/216","targetHints":{"allow":["GET"]}}],"collection":[{"href":"https:\/\/mode-franziska.de\/neu\/wp-json\/wp\/v2\/pages"}],"about":[{"href":"https:\/\/mode-franziska.de\/neu\/wp-json\/wp\/v2\/types\/page"}],"author":[{"embeddable":true,"href":"https:\/\/mode-franziska.de\/neu\/wp-json\/wp\/v2\/users\/1"}],"replies":[{"embeddable":true,"href":"https:\/\/mode-franziska.de\/neu\/wp-json\/wp\/v2\/comments?post=216"}],"version-history":[{"count":7,"href":"https:\/\/mode-franziska.de\/neu\/wp-json\/wp\/v2\/pages\/216\/revisions"}],"predecessor-version":[{"id":786,"href":"https:\/\/mode-franziska.de\/neu\/wp-json\/wp\/v2\/pages\/216\/revisions\/786"}],"wp:attachment":[{"href":"https:\/\/mode-franziska.de\/neu\/wp-json\/wp\/v2\/media?parent=216"}],"curies":[{"name":"wp","href":"https:\/\/api.w.org\/{rel}","templated":true}]}}