{"id":258,"date":"2009-08-15T16:16:49","date_gmt":"2009-08-15T14:16:49","guid":{"rendered":"https:\/\/mode-franziska.de\/neu\/festliche-mode-1\/"},"modified":"2021-09-13T09:12:32","modified_gmt":"2021-09-13T07:12:32","slug":"festliche-mode-1","status":"publish","type":"page","link":"https:\/\/mode-franziska.de\/neu\/festliche-mode-1\/","title":{"rendered":"Festliche Mode 1"},"content":{"rendered":"<div align=\"right\"><img loading=\"lazy\" decoding=\"async\" class=\" size-full wp-image-6\" title=\"schere\" src=\"https:\/\/mode-franziska.de\/neu\/wp-content\/uploads\/2008\/03\/schere.gif\" alt=\"schere\" width=\"56\" height=\"44\" align=\"middle\" border=\"5\" hspace=\"5\" vspace=\"5\" \/><a title=\"weitere Modelle\" href=\"https:\/\/mode-franziska.de\/neu\/festliche-mode-2\/\"><strong>weitere Modelle<\/strong><\/a><\/div>\n<div align=\"left\">\u00a0Ob Familienfeier, Theaterbesuch, Schul- und Tanzkursabschluss oder sonstige Festlichkeiten &#8211; mit ma\u00dfgeschneiderten Modellen zeigen Sie Ihren individuellen Stil. <a href=\"#Damen\">Damen<\/a> &#8211; <a href=\"#Kinder\">Kinder<\/a> <a title=\"Damen\" name=\"Damen\"><\/a><br \/>\n<strong>Pariser Kleid &#8211; Ein Traum von einem Kleid<\/strong><\/div>\n<table border=\"0\" width=\"348\" cellspacing=\"5\" cellpadding=\"5\" align=\"center\">\n<tbody>\n<tr>\n<td>\n<div align=\"center\"><a title=\"Pariser Kleid - Ein Traum von einem Kleid\" href=\"https:\/\/mode-franziska.de\/neu\/wp-content\/uploads\/2009\/08\/franzi-1.jpg\"><img loading=\"lazy\" decoding=\"async\" class=\" size-full wp-image-221\" src=\"https:\/\/mode-franziska.de\/neu\/wp-content\/uploads\/2009\/08\/thumb_franzi-1.jpg\" alt=\"\" width=\"100\" height=\"150\" border=\"0\" \/><\/a><\/div>\n<\/td>\n<td><a title=\"Pariser Kleid - Ein Traum von einem Kleid\" href=\"https:\/\/mode-franziska.de\/neu\/wp-content\/uploads\/2009\/08\/franzi-2.jpg\"><img loading=\"lazy\" decoding=\"async\" class=\" size-full wp-image-223\" src=\"https:\/\/mode-franziska.de\/neu\/wp-content\/uploads\/2009\/08\/thumb_franzi-2.jpg\" alt=\"\" width=\"100\" height=\"150\" border=\"0\" \/><\/a><\/td>\n<td><a title=\"Pariser Kleid - Ein Traum von einem Kleid\" href=\"https:\/\/mode-franziska.de\/neu\/wp-content\/uploads\/2009\/08\/franzi-3.jpg\"><img loading=\"lazy\" decoding=\"async\" class=\" size-full wp-image-225\" src=\"https:\/\/mode-franziska.de\/neu\/wp-content\/uploads\/2009\/08\/thumb_franzi-3.jpg\" alt=\"\" width=\"100\" height=\"150\" border=\"0\" \/><\/a><\/td>\n<\/tr>\n<tr>\n<td><a title=\"Pariser Kleid - Ein Traum von einem Kleid\" href=\"https:\/\/mode-franziska.de\/neu\/wp-content\/uploads\/2009\/08\/franzi-4.jpg\"><img loading=\"lazy\" decoding=\"async\" class=\"aligncenter wp-image-227 size-full\" src=\"https:\/\/mode-franziska.de\/neu\/wp-content\/uploads\/2009\/08\/thumb_franzi-4.jpg\" alt=\"\" width=\"100\" height=\"150\" border=\"0\" \/><\/a><\/td>\n<td><a title=\"Pariser Kleid - Ein Traum von einem Kleid\" href=\"https:\/\/mode-franziska.de\/neu\/wp-content\/uploads\/2009\/08\/franzi-5.jpg\"><img loading=\"lazy\" decoding=\"async\" class=\" size-full wp-image-229\" src=\"https:\/\/mode-franziska.de\/neu\/wp-content\/uploads\/2009\/08\/thumb_franzi-5.jpg\" alt=\"\" width=\"100\" height=\"150\" border=\"0\" \/><\/a><\/td>\n<td><a title=\"Pariser Kleid - Ein Traum von einem Kleid\" href=\"https:\/\/mode-franziska.de\/neu\/wp-content\/uploads\/2009\/08\/franzi-6.jpg\"><img loading=\"lazy\" decoding=\"async\" class=\" size-full wp-image-231\" src=\"https:\/\/mode-franziska.de\/neu\/wp-content\/uploads\/2009\/08\/thumb_franzi-6.jpg\" alt=\"\" width=\"100\" height=\"150\" border=\"0\" \/><\/a><\/td>\n<\/tr>\n<\/tbody>\n<\/table>\n<p align=\"left\"><span style=\"font-size: 8pt;\">Foto: Monika Vitzthum<br \/>\n<\/span>Koproduktion in Perfektion &#8211; Entwurf: Linda Ballendat fachm\u00e4nnische Verarbeitung: Franziska Sch\u00fctzeneder Die Schn\u00fcrcorsage besticht durch ihre raffinierte Schnittf\u00fchrung und einer noch interessanteren Stoffzusammensetzung. Die Corsage aus schwarzem Satin und wundersch\u00f6nem Rosenmuster wird im Vorderteil von einem Haken- und \u00d6senband verschlossen und\u00a0 im R\u00fccken raffiniert verschn\u00fcrt. Die ansprechende Farbkombination der verschiedenen Rott\u00f6ne und dem schwarzen Grundton findet sich\u00a0 in dem zarten, dreilagig gestuften Georgetterock wieder.\u00a0 Eine schwarze Georgette Drapeesch\u00e4rpe legt sich locker um die H\u00fcfte und vereint sich in der hinteren Mitte auf Taillenh\u00f6he mit einem breiten roten Georgetteband zu einem \u201eCul de Paris\u201c, was den besonderen Reiz dieses Modells ausmacht.<\/p>\n<div align=\"left\"><strong>Nostalgie trifft Moderne &#8211; eine gelungene Symbiose<\/strong><\/div>\n<table border=\"0\" width=\"348\" cellspacing=\"5\" cellpadding=\"5\" align=\"center\">\n<tbody>\n<tr>\n<td>\n<div align=\"center\"><a title=\"Nostalgie trifft Moderne - eine gelungene Symbiose \" href=\"https:\/\/mode-franziska.de\/neu\/wp-content\/uploads\/2009\/08\/dscf0396.jpg\"><img loading=\"lazy\" decoding=\"async\" class=\" size-full wp-image-233\" src=\"https:\/\/mode-franziska.de\/neu\/wp-content\/uploads\/2009\/08\/thumb_dscf0396.jpg\" alt=\"\" width=\"101\" height=\"150\" border=\"0\" \/><\/a><\/div>\n<\/td>\n<td><a title=\"Nostalgie trifft Moderne - eine gelungene Symbiose\" href=\"https:\/\/mode-franziska.de\/neu\/wp-content\/uploads\/2009\/08\/dscf0397.jpg\"><img loading=\"lazy\" decoding=\"async\" class=\" size-full wp-image-235\" src=\"https:\/\/mode-franziska.de\/neu\/wp-content\/uploads\/2009\/08\/thumb_dscf0397.jpg\" alt=\"\" width=\"101\" height=\"150\" border=\"0\" \/><\/a><\/td>\n<td><a title=\"Nostalgie trifft Moderne - eine gelungene Symbiose \" href=\"https:\/\/mode-franziska.de\/neu\/wp-content\/uploads\/2009\/08\/dscf0399.jpg\"><img loading=\"lazy\" decoding=\"async\" class=\" size-full wp-image-237\" src=\"https:\/\/mode-franziska.de\/neu\/wp-content\/uploads\/2009\/08\/thumb_dscf0399.jpg\" alt=\"\" width=\"101\" height=\"150\" border=\"0\" \/><\/a><\/td>\n<\/tr>\n<\/tbody>\n<\/table>\n<div align=\"left\"><span style=\"font-size: 8pt;\">Foto: Monika Vitzthum<\/span><\/div>\n<div align=\"left\">Bei diesem modernen hochgeg\u00fcrteten Minikleid erg\u00e4nzen sich die richtige Stoffwahl und die Schnittf\u00fchrung zu einem Traumkleid.<br \/>\nEin interessanter Handdruck auf reiner Seide in der reizvollen Farbkombination blau, lila und smaragd\u00a0 gab die Idee zu diesem Modell.<br \/>\nIm kurzen Oberteil sind K\u00f6rbchen eingearbeitet. Der rundgezogene Halsausschnitt geht in schmale Tr\u00e4ger \u00fcber, die im R\u00fccken bis zur Taille verlaufen und dort in einem weichen Bogen\u00a0 den tiefen R\u00fcckenausschnitt abschlie\u00dfen. Ein in Falten gelegtes, schmales\u00a0 Band aus smaragdgr\u00fcner Seide verl\u00e4uft unter der Brust um den ganzen Oberk\u00f6rper. Als schm\u00fcckendes Accessoire erg\u00e4nzt ein farblich und modelltypisch passendes T\u00e4schchen das perfekte Outfit.<br \/>\n<strong><br \/>\nAbi-Kleid 2008 &#8211; ein \u201eentz\u00fcckender\u201c R\u00fccken<\/strong><\/div>\n<div align=\"left\">\n<table border=\"0\" width=\"348\" cellspacing=\"5\" cellpadding=\"5\" align=\"center\">\n<tbody>\n<tr>\n<td>\n<div align=\"center\"><a title=\"Abi\u2013Kleid 2008 - ein \u201eentz\u00fcckender\u201c R\u00fccken\" href=\"https:\/\/mode-franziska.de\/neu\/wp-content\/uploads\/2009\/08\/dscf0401.jpg\"><img loading=\"lazy\" decoding=\"async\" class=\" size-full wp-image-239\" src=\"https:\/\/mode-franziska.de\/neu\/wp-content\/uploads\/2009\/08\/thumb_dscf0401.jpg\" alt=\"\" width=\"101\" height=\"150\" border=\"0\" \/><\/a><\/div>\n<\/td>\n<td><a title=\"Abi\u2013Kleid 2008 - ein \u201eentz\u00fcckender\u201c R\u00fccken\" href=\"https:\/\/mode-franziska.de\/neu\/wp-content\/uploads\/2009\/08\/dscf0408.jpg\"><img loading=\"lazy\" decoding=\"async\" class=\" size-full wp-image-241\" src=\"https:\/\/mode-franziska.de\/neu\/wp-content\/uploads\/2009\/08\/thumb_dscf0408.jpg\" alt=\"\" width=\"101\" height=\"150\" border=\"0\" \/><\/a><\/td>\n<td><a title=\"Abi\u2013Kleid 2008 - ein \u201eentz\u00fcckender\u201c R\u00fccken\" href=\"https:\/\/mode-franziska.de\/neu\/wp-content\/uploads\/2009\/08\/dscf0410.jpg\"><img loading=\"lazy\" decoding=\"async\" class=\" size-full wp-image-243\" src=\"https:\/\/mode-franziska.de\/neu\/wp-content\/uploads\/2009\/08\/thumb_dscf0410.jpg\" alt=\"\" width=\"101\" height=\"150\" border=\"0\" \/><\/a><\/td>\n<\/tr>\n<\/tbody>\n<\/table>\n<div align=\"left\"><span style=\"font-size: 8pt;\">Foto: Monika Vitzthum<\/span><\/div>\n<div align=\"left\">Die Abiturientin tr\u00e4gt ein kniekurzes Kleid aus kr\u00e4ftig himbeerfarbigem Crepe Satin mit verspielt ausgestellter Saumweite und interessantem Nahtverlauf der Teilungsn\u00e4hte.<br \/>\nUnterstrichen wird die schlichte Eleganz des Kleides von einem schr\u00e4ggeschnittenen Kragen, der im Vorderteil halsnah angesetzt ist, locker in den tiefen R\u00fcckenausschnitt verl\u00e4uft und in der hinteren Mitte auf\u00a0 Taillenh\u00f6he mit einem neckischen Knopfverschluss gehalten wird.<br \/>\nZur Betonung der Taille ist an den vorderen Teilungsn\u00e4hten ein ebenfalls schr\u00e4ggeschnittener schmaler G\u00fcrtel angesetzt, der das Vorderteil streckend wirken l\u00e4sst.<\/div>\n<div align=\"left\"><\/div>\n<div align=\"left\">\n<div align=\"left\"><strong>Sommerlicher Hosenanzug \u2013 flott und elegant <\/strong><\/div>\n<table border=\"0\" width=\"348\" cellspacing=\"5\" cellpadding=\"5\" align=\"center\">\n<tbody>\n<tr>\n<td>\n<div align=\"center\"><a title=\"Sommerlicher Hosenanzug - flott und elegant\" href=\"https:\/\/mode-franziska.de\/neu\/wp-content\/uploads\/2009\/08\/f_hosena.jpg\"><img loading=\"lazy\" decoding=\"async\" class=\" size-full wp-image-245\" src=\"https:\/\/mode-franziska.de\/neu\/wp-content\/uploads\/2009\/08\/thumb_f_hosena.jpg\" alt=\"\" width=\"101\" height=\"150\" border=\"0\" \/><\/a><\/div>\n<\/td>\n<td><a title=\"Sommerlicher Hosenanzug - flott und elegant\" href=\"https:\/\/mode-franziska.de\/neu\/wp-content\/uploads\/2009\/08\/f_hosena-4.jpg\"><img loading=\"lazy\" decoding=\"async\" class=\" size-full wp-image-247\" src=\"https:\/\/mode-franziska.de\/neu\/wp-content\/uploads\/2009\/08\/thumb_f_hosena-4.jpg\" alt=\"\" width=\"101\" height=\"150\" border=\"0\" \/><\/a><\/td>\n<td><a title=\"Sommerlicher Hosenanzug - flott und elegant\" href=\"https:\/\/mode-franziska.de\/neu\/wp-content\/uploads\/2009\/08\/f_hosena-5.jpg\"><img loading=\"lazy\" decoding=\"async\" class=\" size-full wp-image-249\" src=\"https:\/\/mode-franziska.de\/neu\/wp-content\/uploads\/2009\/08\/thumb_f_hosena-5.jpg\" alt=\"\" width=\"101\" height=\"150\" border=\"0\" \/><\/a><\/td>\n<\/tr>\n<\/tbody>\n<\/table>\n<div align=\"left\"><span style=\"font-size: 8pt;\">Foto: Monika Vitzthum<\/span><\/div>\n<div align=\"left\">Die Tante des Br\u00e4utigams tr\u00e4gt zum Festtag einen sommerlichen Hosenanzug, bestehend aus einer weich flie\u00dfenden, gerade geschnittenen hellblauen Hose und einer gl\u00e4nzenden, dunkelblauen Cardiganjacke mit material- und farbgleicher Blusenjacke.<br \/>\nDie Schnittf\u00fchrung der zwei Oberteile aus gro\u00dffl\u00e4chig besticktem Stoff ist absichtlich schlicht gehalten, da bei diesem Modell das Material dominiert.<\/div>\n<\/div>\n<\/div>\n<div align=\"left\"><strong>Kleid mit Mieder und transparenter Sch\u00fcrze &#8211; eine Kombination aus Tracht und Eleganz<\/strong><\/div>\n<div align=\"left\">\n<table border=\"0\" width=\"348\" cellspacing=\"5\" cellpadding=\"5\" align=\"center\">\n<tbody>\n<tr>\n<td>\n<div align=\"center\"><a title=\"Kleid mit Mieder und transparenter Sch\u00fcrze - eine Kombination aus Tracht und Eleganz\" href=\"https:\/\/mode-franziska.de\/neu\/wp-content\/uploads\/2009\/08\/f_transparent-2.jpg\"><img loading=\"lazy\" decoding=\"async\" class=\" size-full wp-image-251\" src=\"https:\/\/mode-franziska.de\/neu\/wp-content\/uploads\/2009\/08\/thumb_f_transparent-2.jpg\" alt=\"\" width=\"101\" height=\"150\" border=\"0\" \/><\/a><\/div>\n<\/td>\n<td><a title=\"Kleid mit Mieder und transparenter Sch\u00fcrze - eine Kombination aus Tracht und Eleganz\" href=\"https:\/\/mode-franziska.de\/neu\/wp-content\/uploads\/2009\/08\/f_transparent.jpg\"><img loading=\"lazy\" decoding=\"async\" class=\" size-full wp-image-253\" src=\"https:\/\/mode-franziska.de\/neu\/wp-content\/uploads\/2009\/08\/thumb_f_transparent.jpg\" alt=\"\" width=\"101\" height=\"150\" border=\"0\" \/><\/a><\/td>\n<td><a title=\"Kleid mit Mieder und transparenter Sch\u00fcrze - eine Kombination aus Tracht und Eleganz\" href=\"https:\/\/mode-franziska.de\/neu\/wp-content\/uploads\/2009\/08\/f_transparent-3.jpg\"><img loading=\"lazy\" decoding=\"async\" class=\" size-full wp-image-255\" src=\"https:\/\/mode-franziska.de\/neu\/wp-content\/uploads\/2009\/08\/thumb_f_transparent-3.jpg\" alt=\"\" width=\"101\" height=\"150\" border=\"0\" \/><\/a><\/td>\n<\/tr>\n<\/tbody>\n<\/table>\n<\/div>\n<div align=\"left\"><span style=\"font-size: 8pt;\">Foto: Monika Vitzthum<\/span><br \/>\nDas Mieder mit Bogenkante unter der Taille und Hakenverschluss in der vorderen Mitte ist an den\u00a0 Ausschnitten mit einer Paspolschnur aus dem taubenblau-braunem Paisley\u2013Grundstoff vers\u00e4ubert. Auf Grund der raffinierten Schnittf\u00fchrung und Falteneinteilung sieht man dem weich flie\u00dfenden braunen Rock die enorme Rockweite von 2,80 Metern nicht an. Der besondere Hingucker ist die transparente Organzasch\u00fcrze mit schm\u00fcckendem Stickereiabschluss an den Seitenkanten und dem Saum. Die Stickerei findet sich wieder in der zarten Bluse als R\u00fcscheneinsatz im mittleren Vorderteil. Den Rest des Blusenausschnittes ziert eine schmale Stoffr\u00fcsche. Der kurze Puff\u00e4rmel hat einen angenehmen Gummizug und ebenfalls eine schmale Abschlussr\u00fcsche.<\/div>\n<div align=\"left\"><\/div>\n<div align=\"left\"><strong>Kommunionkleid &#8211; M\u00e4dchentraum<\/strong><a title=\"Kinder\" name=\"Kinder\"><\/a><\/div>\n<table border=\"0\" width=\"137\" cellspacing=\"5\" cellpadding=\"5\" align=\"center\">\n<tbody>\n<tr>\n<td>\n<div align=\"center\">\n<div align=\"left\"><a href=\"https:\/\/mode-franziska.de\/neu\/wp-content\/uploads\/2021\/09\/kommunion.jpg\" rel=\"noopener\"><img loading=\"lazy\" decoding=\"async\" class=\"alignleft wp-image-256 size-full\" title=\"kommunion\" src=\"https:\/\/mode-franziska.de\/neu\/wp-content\/uploads\/2009\/08\/thumb_kommunion.jpg\" alt=\"kommunion\" width=\"100\" height=\"150\" align=\"left\" border=\"0\" hspace=\"5\" vspace=\"5\" \/><\/a><\/div>\n<\/div>\n<\/td>\n<\/tr>\n<\/tbody>\n<\/table>\n<div align=\"left\"><span style=\"font-size: 8pt;\">Foto: Privat<\/span><\/div>\n<div align=\"left\">Ein liebevoll verarbeiteter bestickter Baumwollbatist verleiht dem Kommunionkleid seine zeitlose Sch\u00f6nheit. Der in der Taille gereihte Rock ist mit 3,20 Meter Weite wundersch\u00f6n schwingend, im wahrsten Sinne des Wortes ein \u201eM\u00e4dchentraum\u201c. Im Vorderteil ist eine aufwendig verarbeitete, gestickte Doppelstegborte als Spitzpasse eingesetzt. Den R\u00fccken zieren Stoffkugelkn\u00f6pfe und eine lange Satinschleife des Bindeg\u00fcrtels.<\/div>\n<div align=\"left\"><\/div>\n<div align=\"left\"><strong>Taufkleid &#8211; das erste Festkleid<\/strong><\/div>\n<table border=\"0\" width=\"137\" cellspacing=\"5\" cellpadding=\"5\" align=\"center\">\n<tbody>\n<tr>\n<td>\n<div align=\"center\">\n<div align=\"left\"><a href=\"https:\/\/mode-franziska.de\/neu\/wp-content\/uploads\/2021\/09\/taufe.jpg\"><img loading=\"lazy\" decoding=\"async\" class=\"alignleft wp-image-257 size-full\" title=\"taufe\" src=\"https:\/\/mode-franziska.de\/neu\/wp-content\/uploads\/2009\/08\/thumb_taufe.jpg\" alt=\"taufe\" width=\"100\" height=\"150\" align=\"left\" border=\"0\" hspace=\"5\" vspace=\"5\" \/><\/a><\/div>\n<\/div>\n<\/td>\n<\/tr>\n<\/tbody>\n<\/table>\n<div align=\"left\"><span style=\"font-size: 8pt;\">Foto: Privat<\/span><\/div>\n<div align=\"left\">Das individuell gefertigte Modell in Festkleidl\u00e4nge aus Shantungseide besitzt einen wundersch\u00f6nen Kragen, der dem zarten Kleinkindgesicht schmeichelt.<\/div>\n<p><strong>Damenhafte Eleganz<\/strong><\/p>\n<table border=\"0\" width=\"348\" cellspacing=\"5\" cellpadding=\"5\" align=\"center\">\n<tbody>\n<tr>\n<td>\n<div align=\"center\"><a class=\"jcebox\" title=\"Damenhafte Eleganz\" href=\"https:\/\/mode-franziska.de\/neu\/wp-content\/uploads\/2008\/03\/dameneleganz1.jpg\" rel=\"festliche_Mode13\"><img loading=\"lazy\" decoding=\"async\" class=\" size-full wp-image-51\" src=\"https:\/\/mode-franziska.de\/neu\/wp-content\/uploads\/2008\/03\/thumb_dameneleganz1.jpg\" alt=\"\" width=\"101\" height=\"150\" border=\"0\" \/><\/a><\/div>\n<\/td>\n<td><a class=\"jcebox\" title=\"Damenhafte Eleganz\" href=\"https:\/\/mode-franziska.de\/neu\/wp-content\/uploads\/2008\/03\/dameneleganz2.jpg\" rel=\"festliche_Mode13\"><img loading=\"lazy\" decoding=\"async\" class=\" size-full wp-image-53\" src=\"https:\/\/mode-franziska.de\/neu\/wp-content\/uploads\/2008\/03\/thumb_dameneleganz2.jpg\" alt=\"\" width=\"101\" height=\"150\" border=\"0\" \/><\/a><\/td>\n<td><a class=\"jcebox\" title=\"Damenhafte Eleganz\" href=\"https:\/\/mode-franziska.de\/neu\/wp-content\/uploads\/2008\/03\/dameneleganz3.jpg\" rel=\"festliche_Mode13\"><img loading=\"lazy\" decoding=\"async\" class=\" size-full wp-image-55\" src=\"https:\/\/mode-franziska.de\/neu\/wp-content\/uploads\/2008\/03\/thumb_dameneleganz3.jpg\" alt=\"\" width=\"101\" height=\"150\" border=\"0\" \/><\/a><\/td>\n<\/tr>\n<\/tbody>\n<\/table>\n<div align=\"left\"><span style=\"font-size: 8pt;\">Foto: Monika Vitzthum<\/span><\/div>\n<div align=\"left\">Bei diesem Kleid besticht die mutige Farbe \u201eMalve\u201c \u00a0und der raffinierte, schlichte Schnitt. Figur betonende Wienern\u00e4hte mit \u00a0Schlitzen am Saum ergeben \u00a0elegante Weiblichkeit. Der ansprechende Ausschnitt streckt und schmeichelt der Tr\u00e4gerin. Leicht gereihte, in weichem Bogen abgerundete Tulpen\u00e4rmeln machen aus dem Etuikleid ein ausgehfeines Sommerkleid. \u00a0Der pflegeleichte, waschbare und knitterbest\u00e4ndige Jaquardstoff ist sicherlich auch ein Pluspunkt. \u00a0F\u00fcr den Abend erg\u00e4nzt ein Boleroj\u00e4ckchen aus schwarzer, elastischer Spitze das elegante Kleid.<\/p>\n<\/div>\n","protected":false},"excerpt":{"rendered":"<p>weitere Modelle \u00a0Ob Familienfeier, Theaterbesuch, Schul- und Tanzkursabschluss oder sonstige Festlichkeiten &#8211; mit ma\u00dfgeschneiderten Modellen zeigen Sie Ihren individuellen Stil. Damen &#8211; Kinder Pariser Kleid &#8211; Ein Traum von einem Kleid Foto: Monika Vitzthum Koproduktion in Perfektion &#8211; Entwurf: Linda Ballendat fachm\u00e4nnische Verarbeitung: Franziska Sch\u00fctzeneder Die Schn\u00fcrcorsage besticht durch ihre raffinierte Schnittf\u00fchrung und einer noch [&hellip;]<\/p>\n","protected":false},"author":1,"featured_media":6,"parent":0,"menu_order":14,"comment_status":"closed","ping_status":"closed","template":"","meta":{"_et_pb_use_builder":"off","_et_pb_old_content":"<div align=\"right\"><img class=\" size-full wp-image-6\" title=\"schere\" src=\"https:\/\/mode-franziska.de\/neu\/wp-content\/uploads\/2008\/03\/schere.gif\" alt=\"schere\" width=\"56\" height=\"44\" align=\"middle\" border=\"5\" hspace=\"5\" vspace=\"5\" \/><a title=\"weitere Modelle\" href=\"https:\/\/mode-franziska.de\/neu\/festliche-mode-2\/\"><strong>weitere Modelle<\/strong><\/a><\/div>\n<div align=\"left\">\u00a0Ob Familienfeier, Theaterbesuch, Schul- und Tanzkursabschluss oder sonstige Festlichkeiten - mit ma\u00dfgeschneiderten Modellen zeigen Sie Ihren individuellen Stil. <a href=\"#Damen\">Damen<\/a> - <a href=\"#Kinder\">Kinder<\/a> <a title=\"Damen\" name=\"Damen\"><\/a>\n<strong>Pariser Kleid - Ein Traum von einem Kleid<\/strong><\/div>\n<table border=\"0\" width=\"348\" cellspacing=\"5\" cellpadding=\"5\" align=\"center\">\n<tbody>\n<tr>\n<td>\n<div align=\"center\"><a title=\"Pariser Kleid - Ein Traum von einem Kleid\" href=\"https:\/\/mode-franziska.de\/neu\/wp-content\/uploads\/2009\/08\/franzi-1.jpg\"><img class=\" size-full wp-image-221\" src=\"https:\/\/mode-franziska.de\/neu\/wp-content\/uploads\/2009\/08\/thumb_franzi-1.jpg\" alt=\"\" width=\"100\" height=\"150\" border=\"0\" \/><\/a><\/div><\/td>\n<td><a title=\"Pariser Kleid - Ein Traum von einem Kleid\" href=\"https:\/\/mode-franziska.de\/neu\/wp-content\/uploads\/2009\/08\/franzi-2.jpg\"><img class=\" size-full wp-image-223\" src=\"https:\/\/mode-franziska.de\/neu\/wp-content\/uploads\/2009\/08\/thumb_franzi-2.jpg\" alt=\"\" width=\"100\" height=\"150\" border=\"0\" \/><\/a><\/td>\n<td><a title=\"Pariser Kleid - Ein Traum von einem Kleid\" href=\"https:\/\/mode-franziska.de\/neu\/wp-content\/uploads\/2009\/08\/franzi-3.jpg\"><img class=\" size-full wp-image-225\" src=\"https:\/\/mode-franziska.de\/neu\/wp-content\/uploads\/2009\/08\/thumb_franzi-3.jpg\" alt=\"\" width=\"100\" height=\"150\" border=\"0\" \/><\/a><\/td>\n<\/tr>\n<tr>\n<td><a title=\"Pariser Kleid - Ein Traum von einem Kleid\" href=\"https:\/\/mode-franziska.de\/neu\/wp-content\/uploads\/2009\/08\/franzi-4.jpg\"><img class=\" size-full wp-image-227\" src=\"https:\/\/mode-franziska.de\/neu\/wp-content\/uploads\/2009\/08\/thumb_franzi-4.jpg\" alt=\"\" width=\"100\" height=\"150\" border=\"0\" \/><\/a><\/td>\n<td><a title=\"Pariser Kleid - Ein Traum von einem Kleid\" href=\"https:\/\/mode-franziska.de\/neu\/wp-content\/uploads\/2009\/08\/franzi-5.jpg\"><img class=\" size-full wp-image-229\" src=\"https:\/\/mode-franziska.de\/neu\/wp-content\/uploads\/2009\/08\/thumb_franzi-5.jpg\" alt=\"\" width=\"100\" height=\"150\" border=\"0\" \/><\/a><\/td>\n<td><a title=\"Pariser Kleid - Ein Traum von einem Kleid\" href=\"https:\/\/mode-franziska.de\/neu\/wp-content\/uploads\/2009\/08\/franzi-6.jpg\"><img class=\" size-full wp-image-231\" src=\"https:\/\/mode-franziska.de\/neu\/wp-content\/uploads\/2009\/08\/thumb_franzi-6.jpg\" alt=\"\" width=\"100\" height=\"150\" border=\"0\" \/><\/a><\/td>\n<\/tr>\n<\/tbody>\n<\/table>\n<p align=\"left\"><span style=\"font-size: 8pt;\">Foto: Monika Vitzthum\n<\/span>Koproduktion in Perfektion - Entwurf: Linda Ballendat fachm\u00e4nnische Verarbeitung: Franziska Sch\u00fctzeneder Die Schn\u00fcrcorsage besticht durch ihre raffinierte Schnittf\u00fchrung und einer noch interessanteren Stoffzusammensetzung. Die Corsage aus schwarzem Satin und wundersch\u00f6nem Rosenmuster wird im Vorderteil von einem Haken- und \u00d6senband verschlossen und\u00a0 im R\u00fccken raffiniert verschn\u00fcrt. Die ansprechende Farbkombination der verschiedenen Rott\u00f6ne und dem schwarzen Grundton findet sich\u00a0 in dem zarten, dreilagig gestuften Georgetterock wieder.\u00a0 Eine schwarze Georgette Drapeesch\u00e4rpe legt sich locker um die H\u00fcfte und vereint sich in der hinteren Mitte auf Taillenh\u00f6he mit einem breiten roten Georgetteband zu einem \u201eCul de Paris\u201c, was den besonderen Reiz dieses Modells ausmacht.<\/p>\n\n<div align=\"left\"><strong>Nostalgie trifft Moderne - eine gelungene Symbiose<\/strong><\/div>\n<table border=\"0\" width=\"348\" cellspacing=\"5\" cellpadding=\"5\" align=\"center\">\n<tbody>\n<tr>\n<td>\n<div align=\"center\"><a title=\"Nostalgie trifft Moderne - eine gelungene Symbiose \" href=\"https:\/\/mode-franziska.de\/neu\/wp-content\/uploads\/2009\/08\/dscf0396.jpg\"><img class=\" size-full wp-image-233\" src=\"https:\/\/mode-franziska.de\/neu\/wp-content\/uploads\/2009\/08\/thumb_dscf0396.jpg\" alt=\"\" width=\"101\" height=\"150\" border=\"0\" \/><\/a><\/div><\/td>\n<td><a title=\"Nostalgie trifft Moderne - eine gelungene Symbiose\" href=\"https:\/\/mode-franziska.de\/neu\/wp-content\/uploads\/2009\/08\/dscf0397.jpg\"><img class=\" size-full wp-image-235\" src=\"https:\/\/mode-franziska.de\/neu\/wp-content\/uploads\/2009\/08\/thumb_dscf0397.jpg\" alt=\"\" width=\"101\" height=\"150\" border=\"0\" \/><\/a><\/td>\n<td><a title=\"Nostalgie trifft Moderne - eine gelungene Symbiose \" href=\"https:\/\/mode-franziska.de\/neu\/wp-content\/uploads\/2009\/08\/dscf0399.jpg\"><img class=\" size-full wp-image-237\" src=\"https:\/\/mode-franziska.de\/neu\/wp-content\/uploads\/2009\/08\/thumb_dscf0399.jpg\" alt=\"\" width=\"101\" height=\"150\" border=\"0\" \/><\/a><\/td>\n<\/tr>\n<\/tbody>\n<\/table>\n<div align=\"left\"><span style=\"font-size: 8pt;\">Foto: Monika Vitzthum<\/span><\/div>\n<div align=\"left\">Bei diesem modernen hochgeg\u00fcrteten Minikleid erg\u00e4nzen sich die richtige Stoffwahl und die Schnittf\u00fchrung zu einem Traumkleid.\nEin interessanter Handdruck auf reiner Seide in der reizvollen Farbkombination blau, lila und smaragd\u00a0 gab die Idee zu diesem Modell.\nIm kurzen Oberteil sind K\u00f6rbchen eingearbeitet. Der rundgezogene Halsausschnitt geht in schmale Tr\u00e4ger \u00fcber, die im R\u00fccken bis zur Taille verlaufen und dort in einem weichen Bogen\u00a0 den tiefen R\u00fcckenausschnitt abschlie\u00dfen. Ein in Falten gelegtes, schmales\u00a0 Band aus smaragdgr\u00fcner Seide verl\u00e4uft unter der Brust um den ganzen Oberk\u00f6rper. Als schm\u00fcckendes Accessoire erg\u00e4nzt ein farblich und modelltypisch passendes T\u00e4schchen das perfekte Outfit.\n<strong>\nAbi-Kleid 2008 - ein \u201eentz\u00fcckender\u201c R\u00fccken<\/strong><\/div>\n<div align=\"left\">\n<table border=\"0\" width=\"348\" cellspacing=\"5\" cellpadding=\"5\" align=\"center\">\n<tbody>\n<tr>\n<td>\n<div align=\"center\"><a title=\"Abi\u2013Kleid 2008 - ein \u201eentz\u00fcckender\u201c R\u00fccken\" href=\"https:\/\/mode-franziska.de\/neu\/wp-content\/uploads\/2009\/08\/dscf0401.jpg\"><img class=\" size-full wp-image-239\" src=\"https:\/\/mode-franziska.de\/neu\/wp-content\/uploads\/2009\/08\/thumb_dscf0401.jpg\" alt=\"\" width=\"101\" height=\"150\" border=\"0\" \/><\/a><\/div><\/td>\n<td><a title=\"Abi\u2013Kleid 2008 - ein \u201eentz\u00fcckender\u201c R\u00fccken\" href=\"https:\/\/mode-franziska.de\/neu\/wp-content\/uploads\/2009\/08\/dscf0408.jpg\"><img class=\" size-full wp-image-241\" src=\"https:\/\/mode-franziska.de\/neu\/wp-content\/uploads\/2009\/08\/thumb_dscf0408.jpg\" alt=\"\" width=\"101\" height=\"150\" border=\"0\" \/><\/a><\/td>\n<td><a title=\"Abi\u2013Kleid 2008 - ein \u201eentz\u00fcckender\u201c R\u00fccken\" href=\"https:\/\/mode-franziska.de\/neu\/wp-content\/uploads\/2009\/08\/dscf0410.jpg\"><img class=\" size-full wp-image-243\" src=\"https:\/\/mode-franziska.de\/neu\/wp-content\/uploads\/2009\/08\/thumb_dscf0410.jpg\" alt=\"\" width=\"101\" height=\"150\" border=\"0\" \/><\/a><\/td>\n<\/tr>\n<\/tbody>\n<\/table>\n<div align=\"left\"><span style=\"font-size: 8pt;\">Foto: Monika Vitzthum<\/span><\/div>\n<div align=\"left\">Die Abiturientin tr\u00e4gt ein kniekurzes Kleid aus kr\u00e4ftig himbeerfarbigem Crepe Satin mit verspielt ausgestellter Saumweite und interessantem Nahtverlauf der Teilungsn\u00e4hte.\nUnterstrichen wird die schlichte Eleganz des Kleides von einem schr\u00e4ggeschnittenen Kragen, der im Vorderteil halsnah angesetzt ist, locker in den tiefen R\u00fcckenausschnitt verl\u00e4uft und in der hinteren Mitte auf\u00a0 Taillenh\u00f6he mit einem neckischen Knopfverschluss gehalten wird.\nZur Betonung der Taille ist an den vorderen Teilungsn\u00e4hten ein ebenfalls schr\u00e4ggeschnittener schmaler G\u00fcrtel angesetzt, der das Vorderteil streckend wirken l\u00e4sst.<\/div>\n<div align=\"left\"><\/div>\n<div align=\"left\">\n<div align=\"left\"><strong>Sommerlicher Hosenanzug \u2013 flott und elegant <\/strong><\/div>\n<table border=\"0\" width=\"348\" cellspacing=\"5\" cellpadding=\"5\" align=\"center\">\n<tbody>\n<tr>\n<td>\n<div align=\"center\"><a title=\"Sommerlicher Hosenanzug - flott und elegant\" href=\"https:\/\/mode-franziska.de\/neu\/wp-content\/uploads\/2009\/08\/f_hosena.jpg\"><img class=\" size-full wp-image-245\" src=\"https:\/\/mode-franziska.de\/neu\/wp-content\/uploads\/2009\/08\/thumb_f_hosena.jpg\" alt=\"\" width=\"101\" height=\"150\" border=\"0\" \/><\/a><\/div><\/td>\n<td><a title=\"Sommerlicher Hosenanzug - flott und elegant\" href=\"https:\/\/mode-franziska.de\/neu\/wp-content\/uploads\/2009\/08\/f_hosena-4.jpg\"><img class=\" size-full wp-image-247\" src=\"https:\/\/mode-franziska.de\/neu\/wp-content\/uploads\/2009\/08\/thumb_f_hosena-4.jpg\" alt=\"\" width=\"101\" height=\"150\" border=\"0\" \/><\/a><\/td>\n<td><a title=\"Sommerlicher Hosenanzug - flott und elegant\" href=\"https:\/\/mode-franziska.de\/neu\/wp-content\/uploads\/2009\/08\/f_hosena-5.jpg\"><img class=\" size-full wp-image-249\" src=\"https:\/\/mode-franziska.de\/neu\/wp-content\/uploads\/2009\/08\/thumb_f_hosena-5.jpg\" alt=\"\" width=\"101\" height=\"150\" border=\"0\" \/><\/a><\/td>\n<\/tr>\n<\/tbody>\n<\/table>\n<div align=\"left\"><span style=\"font-size: 8pt;\">Foto: Monika Vitzthum<\/span><\/div>\n<div align=\"left\">Die Tante des Br\u00e4utigams tr\u00e4gt zum Festtag einen sommerlichen Hosenanzug, bestehend aus einer weich flie\u00dfenden, gerade geschnittenen hellblauen Hose und einer gl\u00e4nzenden, dunkelblauen Cardiganjacke mit material- und farbgleicher Blusenjacke.\nDie Schnittf\u00fchrung der zwei Oberteile aus gro\u00dffl\u00e4chig besticktem Stoff ist absichtlich schlicht gehalten, da bei diesem Modell das Material dominiert.<\/div>\n<\/div>\n<\/div>\n<div align=\"left\"><strong>Kleid mit Mieder und transparenter Sch\u00fcrze - eine Kombination aus Tracht und Eleganz<\/strong><\/div>\n<div align=\"left\">\n<table border=\"0\" width=\"348\" cellspacing=\"5\" cellpadding=\"5\" align=\"center\">\n<tbody>\n<tr>\n<td>\n<div align=\"center\"><a title=\"Kleid mit Mieder und transparenter Sch\u00fcrze - eine Kombination aus Tracht und Eleganz\" href=\"https:\/\/mode-franziska.de\/neu\/wp-content\/uploads\/2009\/08\/f_transparent-2.jpg\"><img class=\" size-full wp-image-251\" src=\"https:\/\/mode-franziska.de\/neu\/wp-content\/uploads\/2009\/08\/thumb_f_transparent-2.jpg\" alt=\"\" width=\"101\" height=\"150\" border=\"0\" \/><\/a><\/div><\/td>\n<td><a title=\"Kleid mit Mieder und transparenter Sch\u00fcrze - eine Kombination aus Tracht und Eleganz\" href=\"https:\/\/mode-franziska.de\/neu\/wp-content\/uploads\/2009\/08\/f_transparent.jpg\"><img class=\" size-full wp-image-253\" src=\"https:\/\/mode-franziska.de\/neu\/wp-content\/uploads\/2009\/08\/thumb_f_transparent.jpg\" alt=\"\" width=\"101\" height=\"150\" border=\"0\" \/><\/a><\/td>\n<td><a title=\"Kleid mit Mieder und transparenter Sch\u00fcrze - eine Kombination aus Tracht und Eleganz\" href=\"https:\/\/mode-franziska.de\/neu\/wp-content\/uploads\/2009\/08\/f_transparent-3.jpg\"><img class=\" size-full wp-image-255\" src=\"https:\/\/mode-franziska.de\/neu\/wp-content\/uploads\/2009\/08\/thumb_f_transparent-3.jpg\" alt=\"\" width=\"101\" height=\"150\" border=\"0\" \/><\/a><\/td>\n<td><\/td>\n<td><\/td>\n<td><\/td>\n<\/tr>\n<\/tbody>\n<\/table>\n<\/div>\n<div align=\"left\"><span style=\"font-size: 8pt;\">Foto: Monika Vitzthum<\/span>\nDas Mieder mit Bogenkante unter der Taille und Hakenverschluss in der vorderen Mitte ist an den\u00a0 Ausschnitten mit einer Paspolschnur aus dem taubenblau-braunem Paisley\u2013Grundstoff vers\u00e4ubert. Auf Grund der raffinierten Schnittf\u00fchrung und Falteneinteilung sieht man dem weich flie\u00dfenden braunen Rock die enorme Rockweite von 2,80 Metern nicht an. Der besondere Hingucker ist die transparente Organzasch\u00fcrze mit schm\u00fcckendem Stickereiabschluss an den Seitenkanten und dem Saum. Die Stickerei findet sich wieder in der zarten Bluse als R\u00fcscheneinsatz im mittleren Vorderteil. Den Rest des Blusenausschnittes ziert eine schmale Stoffr\u00fcsche. Der kurze Puff\u00e4rmel hat einen angenehmen Gummizug und ebenfalls eine schmale Abschlussr\u00fcsche.<\/div>\n<div align=\"left\"><\/div>\n<div align=\"left\"><strong>Kommunionkleid - M\u00e4dchentraum<\/strong><a title=\"Kinder\" name=\"Kinder\"><\/a><\/div>\n<table border=\"0\" width=\"137\" cellspacing=\"5\" cellpadding=\"5\" align=\"center\">\n<tbody>\n<tr>\n<td>\n<div align=\"center\">\n<div align=\"left\"><a href=\"index2.php?option=com_jce&amp;task=popup\" target=\"PopupImage\" rel=\"noopener\"><img class=\" alignleft size-full wp-image-256\" title=\"kommunion\" src=\"https:\/\/mode-franziska.de\/neu\/wp-content\/uploads\/2009\/08\/thumb_kommunion.jpg\" alt=\"kommunion\" width=\"100\" height=\"150\" align=\"left\" border=\"0\" hspace=\"5\" vspace=\"5\" \/><\/a><\/div>\n<\/div><\/td>\n<td><\/td>\n<td><\/td>\n<td><\/td>\n<td><\/td>\n<\/tr>\n<\/tbody>\n<\/table>\n<div align=\"left\"><span style=\"font-size: 8pt;\">Foto: Privat<\/span><\/div>\n<div align=\"left\">Ein liebevoll verarbeiteter bestickter Baumwollbatist verleiht dem Kommunionkleid seine zeitlose Sch\u00f6nheit. Der in der Taille gereihte Rock ist mit 3,20 Meter Weite wundersch\u00f6n schwingend, im wahrsten Sinne des Wortes ein \u201eM\u00e4dchentraum\u201c. Im Vorderteil ist eine aufwendig verarbeitete, gestickte Doppelstegborte als Spitzpasse eingesetzt. Den R\u00fccken zieren Stoffkugelkn\u00f6pfe und eine lange Satinschleife des Bindeg\u00fcrtels.<\/div>\n<div align=\"left\"><\/div>\n<div align=\"left\"><strong>Taufkleid - das erste Festkleid<\/strong><\/div>\n<table border=\"0\" width=\"137\" cellspacing=\"5\" cellpadding=\"5\" align=\"center\">\n<tbody>\n<tr>\n<td>\n<div align=\"center\">\n<div align=\"left\"><a href=\"index2.php?option=com_jce&amp;task=popup\"><img class=\" alignleft size-full wp-image-257\" title=\"taufe\" src=\"https:\/\/mode-franziska.de\/neu\/wp-content\/uploads\/2009\/08\/thumb_taufe.jpg\" alt=\"taufe\" width=\"100\" height=\"150\" align=\"left\" border=\"0\" hspace=\"5\" vspace=\"5\" \/><\/a><\/div>\n<\/div><\/td>\n<td><\/td>\n<td><\/td>\n<td><\/td>\n<td><\/td>\n<\/tr>\n<\/tbody>\n<\/table>\n<div align=\"left\"><span style=\"font-size: 8pt;\">Foto: Privat<\/span><\/div>\n<div align=\"left\">Das individuell gefertigte Modell in Festkleidl\u00e4nge aus Shantungseide besitzt einen wundersch\u00f6nen Kragen, der dem zarten Kleinkindgesicht schmeichelt.<\/div>\n<strong>Damenhafte Eleganz<\/strong>\n<table border=\"0\" width=\"348\" cellspacing=\"5\" cellpadding=\"5\" align=\"center\">\n<tbody>\n<tr>\n<td>\n<div align=\"center\"><a class=\"jcebox\" title=\"Damenhafte Eleganz\" href=\"https:\/\/mode-franziska.de\/neu\/wp-content\/uploads\/2008\/03\/dameneleganz1.jpg\" rel=\"festliche_Mode13\"><img class=\" size-full wp-image-51\" src=\"https:\/\/mode-franziska.de\/neu\/wp-content\/uploads\/2008\/03\/thumb_dameneleganz1.jpg\" alt=\"\" width=\"101\" height=\"150\" border=\"0\" \/><\/a><\/div><\/td>\n<td><a class=\"jcebox\" title=\"Damenhafte Eleganz\" href=\"https:\/\/mode-franziska.de\/neu\/wp-content\/uploads\/2008\/03\/dameneleganz2.jpg\" rel=\"festliche_Mode13\"><img class=\" size-full wp-image-53\" src=\"https:\/\/mode-franziska.de\/neu\/wp-content\/uploads\/2008\/03\/thumb_dameneleganz2.jpg\" alt=\"\" width=\"101\" height=\"150\" border=\"0\" \/><\/a><\/td>\n<td><a class=\"jcebox\" title=\"Damenhafte Eleganz\" href=\"https:\/\/mode-franziska.de\/neu\/wp-content\/uploads\/2008\/03\/dameneleganz3.jpg\" rel=\"festliche_Mode13\"><img class=\" size-full wp-image-55\" src=\"https:\/\/mode-franziska.de\/neu\/wp-content\/uploads\/2008\/03\/thumb_dameneleganz3.jpg\" alt=\"\" width=\"101\" height=\"150\" border=\"0\" \/><\/a><\/td>\n<\/tr>\n<\/tbody>\n<\/table>\n<div align=\"left\"><span style=\"font-size: 8pt;\">Foto: Monika Vitzthum<\/span><\/div>\n<div align=\"left\">Bei diesem Kleid besticht die mutige Farbe \u201eMalve\u201c \u00a0und der raffinierte, schlichte Schnitt. Figur betonende Wienern\u00e4hte mit \u00a0Schlitzen am Saum ergeben \u00a0elegante Weiblichkeit. Der ansprechende Ausschnitt streckt und schmeichelt der Tr\u00e4gerin. Leicht gereihte, in weichem Bogen abgerundete Tulpen\u00e4rmeln machen aus dem Etuikleid ein ausgehfeines Sommerkleid. \u00a0Der pflegeleichte, waschbare und knitterbest\u00e4ndige Jaquardstoff ist sicherlich auch ein Pluspunkt. \u00a0F\u00fcr den Abend erg\u00e4nzt ein Boleroj\u00e4ckchen aus schwarzer, elastischer Spitze das elegante Kleid.\n\n<\/div>","_et_gb_content_width":"793","footnotes":""},"class_list":["post-258","page","type-page","status-publish","has-post-thumbnail","hentry"],"_links":{"self":[{"href":"https:\/\/mode-franziska.de\/neu\/wp-json\/wp\/v2\/pages\/258","targetHints":{"allow":["GET"]}}],"collection":[{"href":"https:\/\/mode-franziska.de\/neu\/wp-json\/wp\/v2\/pages"}],"about":[{"href":"https:\/\/mode-franziska.de\/neu\/wp-json\/wp\/v2\/types\/page"}],"author":[{"embeddable":true,"href":"https:\/\/mode-franziska.de\/neu\/wp-json\/wp\/v2\/users\/1"}],"replies":[{"embeddable":true,"href":"https:\/\/mode-franziska.de\/neu\/wp-json\/wp\/v2\/comments?post=258"}],"version-history":[{"count":9,"href":"https:\/\/mode-franziska.de\/neu\/wp-json\/wp\/v2\/pages\/258\/revisions"}],"predecessor-version":[{"id":596,"href":"https:\/\/mode-franziska.de\/neu\/wp-json\/wp\/v2\/pages\/258\/revisions\/596"}],"wp:featuredmedia":[{"embeddable":true,"href":"https:\/\/mode-franziska.de\/neu\/wp-json\/wp\/v2\/media\/6"}],"wp:attachment":[{"href":"https:\/\/mode-franziska.de\/neu\/wp-json\/wp\/v2\/media?parent=258"}],"curies":[{"name":"wp","href":"https:\/\/api.w.org\/{rel}","templated":true}]}}