{"id":273,"date":"2010-02-26T12:01:02","date_gmt":"2010-02-26T11:01:02","guid":{"rendered":"https:\/\/mode-franziska.de\/neu\/neu-flaggenkleid-und-taschen\/"},"modified":"2021-09-13T16:09:36","modified_gmt":"2021-09-13T14:09:36","slug":"neu-flaggenkleid-und-taschen","status":"publish","type":"page","link":"https:\/\/mode-franziska.de\/neu\/neu-flaggenkleid-und-taschen\/","title":{"rendered":"Neu &#8211; Flaggenkleid und Taschen"},"content":{"rendered":"<div align=\"left\">\n<h5><span style=\"font-size: 18pt; color: #ffffff;\"><span class=\"center-contents\"><strong>DEUTSCHLAND-FLAGGENKLEID <\/strong><\/span><\/span><\/h5>\n<\/div>\n<div align=\"left\">\n<h5><span style=\"font-size: 18pt; color: #ffffff;\"><span class=\"center-contents\"><strong>UND TASCHEN<\/strong><\/span><\/span><\/h5>\n<\/div>\n<div align=\"left\"><\/div>\n<div align=\"left\"><strong>Mit diesem innovativen Outfit landen Sie bei jedem Event einen Treffer!<\/strong><\/div>\n<div align=\"left\"><\/div>\n<div align=\"left\">Diese vom Deutschen Patent- und Markenamt gesch\u00fctzten Modelle wurden von mir entworfen.<\/div>\n<div align=\"left\"><strong>Deutschland-Flaggenkleid &#8211; ein Sommerm\u00e4rchen<\/strong><\/div>\n<div align=\"left\">\n<div align=\"center\"><\/div>\n<table border=\"0\" width=\"348\" cellspacing=\"5\" cellpadding=\"5\" align=\"center\">\n<tbody>\n<tr>\n<td><a class=\"jcebox\" title=\"Deutschland-Flaggenkleid - ein Sommerm\u00e4rchen\" href=\"http:\/\/www.mode-franziska.de\/atelier\/images\/stories\/Taschen4\/dsc00122.jpg\" rel=\"festliche_Mode2\"><img loading=\"lazy\" decoding=\"async\" src=\"http:\/\/www.mode-franziska.de\/atelier\/images\/stories\/Taschen4\/thumbnails\/thumb_dsc00122.jpg\" alt=\"\" width=\"101\" height=\"150\" border=\"0\" \/><\/a><\/td>\n<td><a class=\"jcebox\" title=\"Deutschland-Flaggenkleid - ein Sommerm\u00e4rchen\" href=\"http:\/\/www.mode-franziska.de\/atelier\/images\/stories\/Taschen4\/dsc00148.jpg\" rel=\"festliche_Mode2\"><img loading=\"lazy\" decoding=\"async\" src=\"http:\/\/www.mode-franziska.de\/atelier\/images\/stories\/Taschen4\/thumbnails\/thumb_dsc00148.jpg\" alt=\"\" width=\"101\" height=\"150\" border=\"0\" \/><\/a><\/td>\n<td><a class=\"jcebox\" title=\"Deutschland-Flaggenkleid - ein Sommerm\u00e4rchen\" href=\"http:\/\/www.mode-franziska.de\/atelier\/images\/stories\/Taschen4\/dsc00140.jpg\" rel=\"festliche_Mode2\"><img loading=\"lazy\" decoding=\"async\" src=\"http:\/\/www.mode-franziska.de\/atelier\/images\/stories\/Taschen4\/thumbnails\/thumb_dsc00140.jpg\" alt=\"\" width=\"101\" height=\"150\" border=\"0\" \/><\/a><\/td>\n<td><\/td>\n<\/tr>\n<\/tbody>\n<\/table>\n<\/div>\n<div align=\"left\"><span style=\"font-size: 8pt;\">\u00a0<\/span><\/div>\n<div align=\"left\">Das innovative Sommerkleid aus &#8211; <a href=\"http:\/\/www.mode-franziska.de\/atelier\/index.php?option=com_content&amp;task=view&amp;id=38&amp;Itemid=54#Flaggenkleid\">trendige Mode, weitere Modelle<\/a> &#8211; wird jetzt nicht mehr in Seide, sondern in sportlichem Leinenstretch angeboten. Auch die L\u00e4nge ist auf eine flotte Ansicht gek\u00fcrtzt.Das raffiniert geschnittene Vorderteil weist in versetztem Schr\u00e4glauf die deutschen Nationalfarben auf. An der linken Seite kompletiert ein Einsatz in Schwarz, Rot, Gold den dekorativen V-Ausschnitt. Jeweils drei Spaghettitr\u00e4ger in den Nationalfarben laufen vom Vorderteilausschnitt aus in das tailliert geschnittene schwarze R\u00fcckenteil des Kleides und sind ebenfalls in V-Form an dem geraden R\u00fcckenausschnitt angesetzt.<\/div>\n<div align=\"left\"><\/div>\n<div align=\"left\">\n<div align=\"left\"><strong>Fu\u00dfballkappentasche -das ultimative Accessoire<\/strong><\/div>\n<div align=\"left\">\n<div align=\"center\"><\/div>\n<table border=\"0\" width=\"348\" cellspacing=\"5\" cellpadding=\"5\" align=\"center\">\n<tbody>\n<tr>\n<td><a class=\"jcebox\" title=\"Fu\u00dfballkappentasche - das ultimative Accessoire\" href=\"http:\/\/www.mode-franziska.de\/atelier\/images\/stories\/Taschen4\/dsc00147.jpg\" rel=\"festliche_Mode2\"><img loading=\"lazy\" decoding=\"async\" src=\"http:\/\/www.mode-franziska.de\/atelier\/images\/stories\/Taschen4\/thumbnails\/thumb_dsc00147.jpg\" alt=\"\" width=\"150\" height=\"101\" border=\"0\" \/><\/a><\/td>\n<td><a class=\"jcebox\" title=\"Fu\u00dfballkappentasche - das ultimative Accessoire\" href=\"http:\/\/www.mode-franziska.de\/atelier\/images\/stories\/Taschen4\/dsc00133.jpg\" rel=\"festliche_Mode2\"><img loading=\"lazy\" decoding=\"async\" src=\"http:\/\/www.mode-franziska.de\/atelier\/images\/stories\/Taschen4\/thumbnails\/thumb_dsc00133.jpg\" alt=\"\" width=\"101\" height=\"150\" border=\"0\" \/><\/a><\/td>\n<td><a class=\"jcebox\" title=\"Fu\u00dfballkappentasche - das ultimative Accessoire\" href=\"http:\/\/www.mode-franziska.de\/atelier\/images\/stories\/Taschen4\/wm-8321.jpg\" rel=\"festliche_Mode2\"><img loading=\"lazy\" decoding=\"async\" src=\"http:\/\/www.mode-franziska.de\/atelier\/images\/stories\/Taschen4\/thumbnails\/thumb_wm-8321.jpg\" alt=\"\" width=\"150\" height=\"101\" border=\"0\" \/><\/a><\/td>\n<td><\/td>\n<\/tr>\n<\/tbody>\n<\/table>\n<\/div>\n<div align=\"left\"><span style=\"font-size: 8pt;\">\u00a0<\/span><\/div>\n<\/div>\n<div align=\"left\">Ein stilisierter Fu\u00dfball wird von einem langen Schultertr\u00e4ger in den Nationalfarben gehalten.Die Halbkugelform der wei\u00dfen,abwaschbaren Tasche hat an den formgebenden N\u00e4hten jeweils die Farben Schwarz, Rot, Gold. Der flache R\u00fccken ist aussen mit einem Stoff im Fu\u00dfballdesign und innen als Rasenspielfeld mit &#8222;Handy-Netz&#8220; gearbeitet.Der 55 cm lange rote Rei\u00dfverschlu\u00df kann so weit ge\u00f6ffnet werden, dass man die Tasche auch als Kappe benutzen kann .Die Tasche gibt es auch mit einem Schild.<\/div>\n<div align=\"left\"><strong>Variable Leinentasche \u2013 ausgehfein<\/strong><\/div>\n<table border=\"0\" width=\"348\" cellspacing=\"5\" cellpadding=\"5\" align=\"center\">\n<tbody>\n<tr>\n<td>\n<div align=\"center\"><a class=\"jcebox\" title=\"Variable Leinentasche \u2013 ausgehfein \" href=\"http:\/\/www.mode-franziska.de\/atelier\/images\/stories\/Taschen1\/leinen-8379.jpg\" rel=\"Taschen1\"><img loading=\"lazy\" decoding=\"async\" src=\"http:\/\/www.mode-franziska.de\/atelier\/images\/stories\/Taschen1\/thumbnails\/thumb_leinen-8379.jpg\" alt=\"\" width=\"101\" height=\"150\" border=\"0\" \/><\/a><\/div>\n<\/td>\n<td><a class=\"jcebox\" title=\"Variable Leinentasche \u2013 ausgehfein\" href=\"http:\/\/www.mode-franziska.de\/atelier\/images\/stories\/Taschen1\/leinen-8391.jpg\" rel=\"Taschen1\"><img loading=\"lazy\" decoding=\"async\" src=\"http:\/\/www.mode-franziska.de\/atelier\/images\/stories\/Taschen1\/thumbnails\/thumb_leinen-8391.jpg\" alt=\"\" width=\"101\" height=\"150\" border=\"0\" \/><\/a><\/td>\n<td><a class=\"jcebox\" title=\"Variable Leinentasche \u2013 ausgehfein \" href=\"http:\/\/www.mode-franziska.de\/atelier\/images\/stories\/Taschen1\/leinen-8399.jpg\" rel=\"Taschen1\"><img loading=\"lazy\" decoding=\"async\" src=\"http:\/\/www.mode-franziska.de\/atelier\/images\/stories\/Taschen1\/thumbnails\/thumb_leinen-8399.jpg\" alt=\"\" width=\"101\" height=\"150\" border=\"0\" \/><\/a><\/td>\n<\/tr>\n<\/tbody>\n<\/table>\n<div align=\"left\"><span style=\"font-size: 8pt;\">Foto: Monika Vitzthum<\/span><\/div>\n<div align=\"left\">Diese Tasche aus maisgelbem Fischgr\u00e4tleinen hat einen interessanten Schnitt in Trapezform. Die Seitenteile sind mit Watte unterlegt und gleichm\u00e4\u00dfig durchgesteppt. Das Innenfutter ist aus dem selben Material und hat ein Handy- sowie ein Kartenfach. Geschlossen wird die Tasche mit einem maisgelben Rei\u00dfverschlu\u00df. Der vier Zentimeter breite Leinentr\u00e4ger hat an den beiden Enden einen Halbbogenb\u00fcgel angesetzt, ebenso wie die Seitenteile der Tasche. Damit kann sie \u2013 je nach Bed\u00fcrfnis und nach Anlass \u2013 abgewandelt werden. Die L\u00e4nge des Tr\u00e4gers kann durch ein 55 Zentimeter langes\u00a0 Bindeband aus dem selben Material variiert werden. Je nach Outfit l\u00e4sst sich die Tasche farblich passend ab\u00e4ndern, zum Beispiel mit einer braunen Spitzenborte, blauem, rotem, wei\u00dfem Satinband, &#8230;<br \/>\nAuf Wunsch gibt es diese Leinentasche auch in Shopper-Gr\u00f6\u00dfe.<\/div>\n<div align=\"left\"><\/div>\n<div align=\"left\">\n<p><strong>Dreidimensionale, elegante Tasche <\/strong><\/p>\n<\/div>\n<table border=\"0\" width=\"348\" cellspacing=\"5\" cellpadding=\"5\" align=\"center\">\n<tbody>\n<tr>\n<td>\n<div align=\"center\"><a class=\"jcebox\" title=\"Dreidimensionale, elegante Tasche\" href=\"http:\/\/www.mode-franziska.de\/atelier\/images\/stories\/Taschen2\/elegant-8354.jpg\"><img loading=\"lazy\" decoding=\"async\" src=\"http:\/\/www.mode-franziska.de\/atelier\/images\/stories\/Taschen2\/thumbnails\/thumb_elegant-8354.jpg\" alt=\"\" width=\"101\" height=\"150\" border=\"0\" \/><\/a><\/div>\n<\/td>\n<td><a class=\"jcebox\" title=\"Dreidimensionale, elegante Tasche\" href=\"http:\/\/www.mode-franziska.de\/atelier\/images\/stories\/Taschen2\/elegant-8363.jpg\" rel=\"festliche_mode5\"><img loading=\"lazy\" decoding=\"async\" src=\"http:\/\/www.mode-franziska.de\/atelier\/images\/stories\/Taschen2\/thumbnails\/thumb_elegant-8363.jpg\" alt=\"\" width=\"150\" height=\"101\" border=\"0\" \/><\/a><\/td>\n<td><a class=\"jcebox\" title=\"Dreidimensionale, elegante Tasche\" href=\"http:\/\/www.mode-franziska.de\/atelier\/images\/stories\/Taschen2\/elegant-8358.jpg\" rel=\"festliche_mode5\"><img loading=\"lazy\" decoding=\"async\" src=\"http:\/\/www.mode-franziska.de\/atelier\/images\/stories\/Taschen2\/thumbnails\/thumb_elegant-8358.jpg\" alt=\"\" width=\"150\" height=\"101\" border=\"0\" \/><\/a><\/td>\n<\/tr>\n<\/tbody>\n<\/table>\n<div align=\"left\"><span style=\"font-size: 8pt;\">Foto: Monika Vitzthum<\/span><\/div>\n<div align=\"left\">\n<div align=\"left\">Das Modell besticht durch Stoffauswahl und Verarbeitung. Durch die Smokreihung wirkt die Tasche dreidimensional. Ein praktischer Rei\u00dfverschlu\u00df schlie\u00dft die Innentasche, die aus dem selben Material und mit einem Handyfach gearbeitet ist.\u00a0 Den Tr\u00e4ger bildet ein lockeres Stoffband, das mit einer verspielten Reihung an den Seitenteilen abschlie\u00dft.<\/div>\n<\/div>\n<div align=\"left\">\n<div align=\"left\"><\/div>\n<p><strong>Brauttasche \u2013 die Schlichte, die zu vielem passt <\/strong><\/p>\n<\/div>\n<table border=\"0\" width=\"348\" cellspacing=\"5\" cellpadding=\"5\" align=\"center\">\n<tbody>\n<tr>\n<td>\n<div align=\"center\"><a class=\"jcebox\" title=\"Brauttasche \u2013 die Schlichte, die zu vielem passt\" href=\"http:\/\/www.mode-franziska.de\/atelier\/images\/stories\/Taschen3\/braut-8347.jpg\" rel=\"festliche_Mode\"><img loading=\"lazy\" decoding=\"async\" src=\"http:\/\/www.mode-franziska.de\/atelier\/images\/stories\/Taschen3\/thumbnails\/thumb_braut-8347.jpg\" alt=\"\" width=\"101\" height=\"150\" border=\"0\" \/><\/a><\/div>\n<\/td>\n<td><a class=\"jcebox\" title=\"Brauttasche \u2013 die Schlichte, die zu vielem passt\" href=\"http:\/\/www.mode-franziska.de\/atelier\/images\/stories\/Taschen3\/braut-8351.jpg\" rel=\"festliche_Mode\"><img loading=\"lazy\" decoding=\"async\" src=\"http:\/\/www.mode-franziska.de\/atelier\/images\/stories\/Taschen3\/thumbnails\/thumb_braut-8351.jpg\" alt=\"\" width=\"101\" height=\"150\" border=\"0\" \/><\/a><\/td>\n<td><a class=\"jcebox\" title=\"Brauttasche \u2013 die Schlichte, die zu vielem passt\" href=\"http:\/\/www.mode-franziska.de\/atelier\/images\/stories\/Taschen3\/brauttasche.jpg\" rel=\"festliche_Mode\"><img loading=\"lazy\" decoding=\"async\" src=\"http:\/\/www.mode-franziska.de\/atelier\/images\/stories\/Taschen3\/thumbnails\/thumb_brauttasche.jpg\" alt=\"\" width=\"150\" height=\"101\" border=\"0\" \/><\/a><\/td>\n<\/tr>\n<\/tbody>\n<\/table>\n<div align=\"left\"><span style=\"font-size: 8pt;\">Foto: Monika Vitzthum<\/span><\/div>\n<div align=\"left\">Die kleine, feine Tasche aus wei\u00dfem in sich gemustertem Stoff besticht durch die Liebe zum Detail. Als Verschlu\u00df dient eine zarte Bortenschlinge um einen Zierknopf. An den weichfallenden Seitenteilen ist eine mit Perlen besetzte Brautspitze als Tr\u00e4ger angen\u00e4ht.<\/div>\n","protected":false},"excerpt":{"rendered":"<p>DEUTSCHLAND-FLAGGENKLEID UND TASCHEN Mit diesem innovativen Outfit landen Sie bei jedem Event einen Treffer! Diese vom Deutschen Patent- und Markenamt gesch\u00fctzten Modelle wurden von mir entworfen. Deutschland-Flaggenkleid &#8211; ein Sommerm\u00e4rchen \u00a0 Das innovative Sommerkleid aus &#8211; trendige Mode, weitere Modelle &#8211; wird jetzt nicht mehr in Seide, sondern in sportlichem Leinenstretch angeboten. Auch die L\u00e4nge [&hellip;]<\/p>\n","protected":false},"author":1,"featured_media":0,"parent":0,"menu_order":11,"comment_status":"closed","ping_status":"closed","template":"","meta":{"_et_pb_use_builder":"","_et_pb_old_content":"","_et_gb_content_width":"793","footnotes":""},"class_list":["post-273","page","type-page","status-publish","hentry"],"_links":{"self":[{"href":"https:\/\/mode-franziska.de\/neu\/wp-json\/wp\/v2\/pages\/273","targetHints":{"allow":["GET"]}}],"collection":[{"href":"https:\/\/mode-franziska.de\/neu\/wp-json\/wp\/v2\/pages"}],"about":[{"href":"https:\/\/mode-franziska.de\/neu\/wp-json\/wp\/v2\/types\/page"}],"author":[{"embeddable":true,"href":"https:\/\/mode-franziska.de\/neu\/wp-json\/wp\/v2\/users\/1"}],"replies":[{"embeddable":true,"href":"https:\/\/mode-franziska.de\/neu\/wp-json\/wp\/v2\/comments?post=273"}],"version-history":[{"count":5,"href":"https:\/\/mode-franziska.de\/neu\/wp-json\/wp\/v2\/pages\/273\/revisions"}],"predecessor-version":[{"id":803,"href":"https:\/\/mode-franziska.de\/neu\/wp-json\/wp\/v2\/pages\/273\/revisions\/803"}],"wp:attachment":[{"href":"https:\/\/mode-franziska.de\/neu\/wp-json\/wp\/v2\/media?parent=273"}],"curies":[{"name":"wp","href":"https:\/\/api.w.org\/{rel}","templated":true}]}}