{"id":274,"date":"2010-05-27T12:58:07","date_gmt":"2010-05-27T10:58:07","guid":{"rendered":"https:\/\/mode-franziska.de\/neu\/agb-mode-franziska\/"},"modified":"2021-09-09T14:35:52","modified_gmt":"2021-09-09T12:35:52","slug":"agb-mode-franziska","status":"publish","type":"page","link":"https:\/\/mode-franziska.de\/neu\/agb-mode-franziska\/","title":{"rendered":"AGB  Mode Franziska"},"content":{"rendered":"<div align=\"left\">\n<strong>Allgemeine Gesch\u00e4ftsbedingungen<\/strong><\/div>\n<div align=\"left\">\n<p><strong>\u20281. Geltungsbereich<\/strong><\/div>\n<div align=\"left\">\nF\u00fcr die Gesch\u00e4ftsbeziehungen zwischen www.mode-franziska.de, Inhaber Franziska Sch\u00fctzeneder, und dem Kunden gelten ausschlie\u00dflich diese Allgemeinen Gesch\u00e4ftsbedingungen (AGB). Entgegenstehende oder von diesen AGB abweichende Bedingungen erkenne ich, Franziska Sch\u00fctzeneder, nicht an und widerspreche ihnen hiermit ausdr\u00fccklich. Entgegenstehende Gesch\u00e4ftsbedingungen des Kunden sind nur g\u00fcltig, wenn Franziska Sch\u00fctzeneder ausdr\u00fccklich und schriftlich zustimmt. Ist der Kunde nicht privater Einzelverbraucher, gelten abweichende Bedingungen.<\/div>\n<div align=\"left\">\n&nbsp;<\/div>\n<div align=\"left\">\n<strong>2. Vertragsschluss<\/strong><\/div>\n<div align=\"left\">\nDie Darstellung der Produkte auf meiner Homepage www.mode-franziska.de stellt kein rechtlich bindendes Angebot dar. Die Best\u00e4tigung des Eingangs der Bestellung erfolgt innerhalb kurzer Zeit nach Eingang Ihrer schriftlichen Bestellung. Der Kaufvertrag kommt mit unserer Auftragsbest\u00e4tigung oder Lieferung der Waren zustande. Sollten Sie binnen 2 Wochen keine Auftragsbest\u00e4tigung oder Lieferung von uns erhalten, sind Sie nicht mehr an Ihre Bestellung gebunden.<\/div>\n<div align=\"left\">\n&nbsp;<\/div>\n<div align=\"left\">\n<strong>3. Preise und Versandkosten<\/strong><\/div>\n<div align=\"left\">\nDie Preise verstehen sich inklusive gesetzlicher Umsatzsteuer (derzeit 19%). Die Versandkosten h\u00e4ngen von der Menge der bestellten Waren sowie der Versandart ab. F\u00fcr Nachnamesendungen fallen gesonderte Geb\u00fchren an.<\/div>\n<div align=\"left\">\n&nbsp;<\/div>\n<div align=\"left\">\n<strong>4. Lieferung<\/strong><\/div>\n<div align=\"left\">\nSind einzelne Produkte kurzweilig nicht lieferbar, sind wir &#8211; sofern Ihnen als Kunde zumutbar &#8211; zu Teillieferung vorab berechtigt. Erh\u00f6hte Versandkosten aufgrund von Teillieferungen tr\u00e4gt der Auftragnehmer. Die Lieferung bleibt bis zur Vollst\u00e4ndigen Bezahlung unser Eigentum.\u2028\u2028Lieferungen sind europaweit m\u00f6glich.<\/div>\n<div align=\"left\">\n&nbsp;<\/div>\n<div align=\"left\">\n<strong>5. Zahlung<\/strong><\/div>\n<div align=\"left\">\nAls Zahlungsarten stehen national Nachnahme und Vorkasse zur Verf\u00fcgung. International akzeptieren wir nur Vorkasse. Sind Nachbelastungen erforderlich, stimmen wir dies mit Ihnen schriftlich ab. Im Falle von R\u00fccklastschriften, f\u00fcr die wir nicht verantwortlich sind, entstehen bankseitige Geb\u00fchren, die vom Kunden beleghaft zu tragen sind.<\/div>\n<div align=\"left\">\n&nbsp;<\/div>\n<div align=\"left\">\n<strong>\u20286. Widerrufsrecht<\/strong><\/div>\n<div align=\"left\">\nSie k\u00f6nnen Ihre Vertragserkl\u00e4rung innerhalb von zwei Wochen ohne Angabe von Gr\u00fcnden in Textform (z. B. Brief, Fax, E-Mail) oder &#8211; wenn Ihnen die Sache vor Fristablauf \u00fcberlassen wird &#8211; durch R\u00fccksendung der Sache widerrufen. Die Frist beginnt nach Erhalt dieser Belehrung in Textform, jedoch nicht vor Eingang der Ware beim Empf\u00e4nger (bei der wiederkehrenden Lieferung gleichartiger Waren nicht vor dem Eingang der ersten Teillieferung) und auch nicht vor Erf\u00fcllung unserer Informationspflichten gem\u00e4\u00df \u00a7 312c Abs. 2 BGB in Verbindung mit \u00a7 1 Abs. 1, 2 und 4 BGB-InfoV sowie unserer Pflichten gem\u00e4\u00df \u00a7 312e Abs. 1 Satz 1 BGB in Verbindung mit \u00a7 3 BGB-InfoV. Zur Wahrung der Widerrufsfrist gen\u00fcgt die rechtzeitige Absendung des Widerrufs oder der Sache. Der Widerruf ist zu richten an:<\/div>\n<div align=\"left\">\n&nbsp;<\/div>\n<div align=\"left\">\nMa\u00dfmode Franziska Inhaberin: Franziska Sch\u00fctzeneder, Erlenweg 5, 84359 Simbach am Inn, Telefon: 08571-3824, E-Mail: atelier@mode-franziska.de<\/div>\n<div align=\"left\">\n&nbsp;<\/div>\n<div align=\"left\">\n<strong>Widerrufsfolgen<\/strong><\/div>\n<div align=\"left\">\nIm Falle eines wirksamen Widerrufs sind die beiderseits empfangenen Leistungen zur\u00fcckzugew\u00e4hren und durch uns ggf. gezogene Nutzungen (z. B. Zinsen) herauszugeben. K\u00f6nnen Sie uns die empfangene Leistung ganz oder teilweise nicht oder nur in verschlechtertem Zustand zur\u00fcckgew\u00e4hren, m\u00fcssen Sie uns insoweit ggf. Wertersatz leisten. Bei der \u00dcberlassung von Sachen gilt dies nicht, wenn die Verschlechterung der Sache ausschlie\u00dflich auf deren Pr\u00fcfung &#8211; wie sie Ihnen etwa im Ladengesch\u00e4ft m\u00f6glich gewesen w\u00e4re &#8211; zur\u00fcckzuf\u00fchren ist. F\u00fcr eine durch die bestimmungsgem\u00e4\u00dfe Ingebrauchnahme der Sache entstandene Verschlechterung m\u00fcssen Sie keinen Wertersatz leisten. Paketversandf\u00e4hige Sachen sind auf unsere Gefahr zur\u00fcckzusenden. Sie haben die Kosten der R\u00fccksendung zu tragen, wenn die gelieferte Ware der bestellten entspricht und wenn der Preis der zur\u00fcckzusendenden Sache einen Betrag von 40 Euro nicht \u00fcbersteigt oder wenn Sie bei einem h\u00f6heren Preis der Sache zum Zeitpunkt des Widerrufs noch nicht die Gegenleistung oder eine vertraglich vereinbarte Teilzahlung erbracht haben. Anderenfalls ist die R\u00fccksendung f\u00fcr Sie kostenfrei. Nicht paketversandf\u00e4hige Sachen werden bei Ihnen abgeholt. Verpflichtungen zur Erstattung von Zahlungen m\u00fcssen innerhalb von 30 Tagen erf\u00fcllt werden. Die Frist beginnt f\u00fcr Sie mit der Absendung Ihrer Widerrufserkl\u00e4rung oder der Sache, f\u00fcr uns mit deren Empfang.<\/div>\n<div align=\"left\">\n&nbsp;<\/div>\n<div align=\"left\">\n<strong>7. Verstoss, \u00c4nderung und Rechtswahl\u2028<\/strong><\/div>\n<div align=\"left\">\nBei Verst\u00f6ssen gegen die Allgemeinen Gesch\u00e4ftsbedingungen behalte ich mir das Rechts vor, den Kunden ohne Vorank\u00fcndigung von der weiteren Teilnahme auszuschliessen. Ebenso behalte ich mir vor, diese Allgemeinen Gesch\u00e4ftsbedingungen jederzeit und ohne Angabe von Gr\u00fcnden zu \u00e4ndern. Solche \u00c4nderungen gelten nicht f\u00fcr bereits get\u00e4tigte Bestellungen.<\/div>\n<div align=\"left\">\n&nbsp;<\/div>\n<div align=\"left\">\n<strong>\u20288. Anwendbares Recht\u2028<\/strong><\/div>\n<div align=\"left\">\nEs gilt ausschlie\u00dflich deutsches Recht unter Ausschluss des UN-Kaufrechts. Dies gilt auch, wenn Sie Ihren allgemeinen Gerichtsstand im Ausland haben.\u2028Im Verkehr mit Endverbrauchern ist auch das Recht am Wohnsitz des Endverbrauchers anwendbar, sofern es sich zwingend um verbraucherrechtliche Bestimmungen handelt. Sofern es sich bei dem Kunden um Kaufleute im Sinne des Handelsgesetzbuches, um \u00f6ffentlich rechtliche Sonderverm\u00f6gen oder juristische Personen des \u00f6ffentlichen Rechts handelt, wird Berlin als ausschlie\u00dflicher Gerichtsstand vereinbart. Sollte eine Bestimmung dieser AGB unwirksam sein, bleiben die \u00fcbrigen Bestimmungen unber\u00fchrt. Version der AGB: 17.05.2010.<\/div>\n<div align=\"left\">\n&nbsp;<\/div>\n<div align=\"left\">\n<strong>9. Datenschutz<\/strong><\/div>\n<div align=\"left\">\nDer Schutz Ihrer Privatsph\u00e4re ist f\u00fcr uns sehr wichtig. Nachstehend informieren wir Sie ausf\u00fchrlich \u00fcber den Umgang mit Ihren Daten.<\/div>\n<div align=\"left\">\n&nbsp;<\/div>\n<div align=\"left\">\n<strong>\u2028Erhebung, Verarbeitung und Nutzung personenbezogener Daten<\/strong><\/div>\n<div align=\"left\">\nSie k\u00f6nnen unsere Seite besuchen, ohne Angaben zu Ihrer Person zu machen. Personenbezogene Daten werden nur erhoben, wenn Sie uns diese im Rahmen Ihrer Warenbestellung freiwillig mitteilen. Wir verwenden die von ihnen mitgeteilten Daten ohne Ihre gesonderte Einwilligung ausschlie\u00dflich zur Erf\u00fcllung und Abwicklung Ihrer Bestellung. Mit vollst\u00e4ndiger Abwicklung des Vertrages und vollst\u00e4ndiger Kaufpreiszahlung werden Ihre Daten f\u00fcr die weitere Verwendung gesperrt und nach Ablauf der steuer- und handelsrechtlichen Vorschriften gel\u00f6scht, sofern Sie nicht ausdr\u00fccklich in die weitere Nutzung Ihrer Daten eingewilligt haben.<\/div>\n<div align=\"left\">\n&nbsp;<\/div>\n<div align=\"left\">\n<strong>Weitergabe personenbezogener Daten<\/strong><\/div>\n<div align=\"left\">\nEine Weitergabe Ihrer Daten erfolgt an das mit der Lieferung beauftragte Versandunternehmen, soweit dies zur Lieferung der Waren notwendig ist. Zur Abwicklung von Zahlungen geben wir Ihre Zahlungsdaten an das mit der Zahlung beauftragte Kreditinstitut weiter.<\/div>\n<div align=\"left\">\n&nbsp;<\/div>\n<div align=\"left\">\n<strong>\u2028Auskunftsrecht<\/strong><\/div>\n<div align=\"left\">\nNach dem Bundesdatenschutzgesetz haben Sie ein Recht auf unentgeltliche Auskunft \u00fcber Ihre gespeicherten Daten sowie ggf. ein Recht auf Berichtigung, Sperrung oder L\u00f6schung dieser Daten.<strong>\u2028\u2028<\/strong><\/div>\n<div align=\"left\">\n&nbsp;<\/div>\n<div align=\"left\">\n<strong>Ansprechpartner f\u00fcr Datenschutz<\/strong><\/div>\n<div align=\"left\">\nBei Fragen zur Erhebung, Verarbeitung oder Nutzung Ihrer personenbezogenen Daten, bei Ausk\u00fcnften, Berichtigung, Sperrung oder L\u00f6schung von Daten sowie Widerruf erteilter Einwilligungen wenden Sie sich bitte an:<\/div>\n<div align=\"left\">\nMa\u00dfmode Franziska Inhaberin: Franziska Sch\u00fctzeneder, Erlenweg 5, 84359 Simbach am Inn<\/div>\n<div align=\"left\">\n&nbsp;<\/div>\n<div align=\"left\">\n<strong>10. Abmahnungen \/ Verletzung Rechte Dritter<\/strong><\/div>\n<div align=\"left\">\nKeine Abmahnung ohne vorherigen Kontakt! Sollte der Inhalt oder die Aufmachung unserer Seiten Rechte Dritter oder gesetzliche Bestimmungen verletzen, so bitten wir um eine entsprechende Nachricht ohne Kostennote. Die Beseitigung einer m\u00f6glicherweise von diesen Seiten ausgehenden Schutzrecht-Verletzung durch Schutzrecht-Inhaberinnen selbst darf nicht ohne unsere Zustimmung stattfinden. Wir garantieren, dass die zu Recht beanstandeten Passagen unverz\u00fcglich entfernt werden, ohne dass von Ihrer Seite die Einschaltung eines Rechtsbeistandes erforderlich ist. Dennoch von Ihnen ohne vorherige Kontaktaufnahme ausgel\u00f6ste Kosten werden wir vollumf\u00e4nglich zur\u00fcckweisen und gegebenenfalls Gegenklage wegen Verletzung vorgenannter Bestimmungen einreichen. Vielen Dank f\u00fcr Ihr Verst\u00e4ndnis!<\/div>\n<div align=\"left\">\n&nbsp;<\/div>\n<div align=\"left\">\n<strong>11. Aufrechnung<\/strong><\/div>\n<div align=\"left\">\nEin Recht zur Aufrechnung steht dem Besteller nur zu, wenn seine Gegenanspr\u00fcche rechtskr\u00e4ftig festgestellt, oder durch mir anerkannt wurden.<\/div>\n<div align=\"left\">\n&nbsp;<\/div>\n<div align=\"left\">\n<strong>12. Salvatorische Klausel<\/strong><\/div>\n<div align=\"left\">\n<strong>\u2028<\/strong>Sollte eine der vorstehenden Bestimmungen nichtig sein oder werden, so bleibt die G\u00fcltigkeit der anderen Bestimmungen erhalten.<\/div>\n<div align=\"left\">\n&nbsp;<\/div>\n<div align=\"left\">\nVerfasser: \u2028Ma\u00dfmode Franziska Inhaberin: Franziska Sch\u00fctzeneder, \u2028Erlenweg 5 84359 Simbach am Inn \u2028Steuernummer: 271\/60143<\/div>\n","protected":false},"excerpt":{"rendered":"<p>Allgemeine Gesch\u00e4ftsbedingungen \u20281. Geltungsbereich F\u00fcr die Gesch\u00e4ftsbeziehungen zwischen www.mode-franziska.de, Inhaber Franziska Sch\u00fctzeneder, und dem Kunden gelten ausschlie\u00dflich diese Allgemeinen Gesch\u00e4ftsbedingungen (AGB). Entgegenstehende oder von diesen AGB abweichende Bedingungen erkenne ich, Franziska Sch\u00fctzeneder, nicht an und widerspreche ihnen hiermit ausdr\u00fccklich. Entgegenstehende Gesch\u00e4ftsbedingungen des Kunden sind nur g\u00fcltig, wenn Franziska Sch\u00fctzeneder ausdr\u00fccklich und schriftlich zustimmt. Ist der [&hellip;]<\/p>\n","protected":false},"author":1,"featured_media":0,"parent":0,"menu_order":10,"comment_status":"closed","ping_status":"closed","template":"","meta":{"_et_pb_use_builder":"","_et_pb_old_content":"","_et_gb_content_width":"793","footnotes":""},"class_list":["post-274","page","type-page","status-publish","hentry"],"_links":{"self":[{"href":"https:\/\/mode-franziska.de\/neu\/wp-json\/wp\/v2\/pages\/274","targetHints":{"allow":["GET"]}}],"collection":[{"href":"https:\/\/mode-franziska.de\/neu\/wp-json\/wp\/v2\/pages"}],"about":[{"href":"https:\/\/mode-franziska.de\/neu\/wp-json\/wp\/v2\/types\/page"}],"author":[{"embeddable":true,"href":"https:\/\/mode-franziska.de\/neu\/wp-json\/wp\/v2\/users\/1"}],"replies":[{"embeddable":true,"href":"https:\/\/mode-franziska.de\/neu\/wp-json\/wp\/v2\/comments?post=274"}],"version-history":[{"count":1,"href":"https:\/\/mode-franziska.de\/neu\/wp-json\/wp\/v2\/pages\/274\/revisions"}],"predecessor-version":[{"id":422,"href":"https:\/\/mode-franziska.de\/neu\/wp-json\/wp\/v2\/pages\/274\/revisions\/422"}],"wp:attachment":[{"href":"https:\/\/mode-franziska.de\/neu\/wp-json\/wp\/v2\/media?parent=274"}],"curies":[{"name":"wp","href":"https:\/\/api.w.org\/{rel}","templated":true}]}}