{"id":310,"date":"2013-03-27T11:59:13","date_gmt":"2013-03-27T10:59:13","guid":{"rendered":"https:\/\/mode-franziska.de\/neu\/festliche-mode-3\/"},"modified":"2021-09-13T18:12:15","modified_gmt":"2021-09-13T16:12:15","slug":"festliche-mode-3","status":"publish","type":"page","link":"https:\/\/mode-franziska.de\/neu\/festliche-mode-3\/","title":{"rendered":"Festliche Mode 3"},"content":{"rendered":"<div align=\"right\"><img loading=\"lazy\" decoding=\"async\" class=\" size-full wp-image-6\" title=\"schere\" src=\"https:\/\/mode-franziska.de\/neu\/wp-content\/uploads\/2008\/03\/schere.gif\" alt=\"schere\" width=\"56\" height=\"44\" align=\"middle\" border=\"5\" hspace=\"5\" vspace=\"5\" \/><strong><a title=\"weitere Modelle\" href=\"https:\/\/mode-franziska.de\/neu\/festliche-mode\/\">weitere Modelle<\/a><\/strong><\/div>\n<div align=\"left\">\u00a0Ob Familienfeier, Theaterbesuch, Schul- und Tanzkursabschluss oder sonstige Festlichkeiten &#8211; mit ma\u00dfgeschneiderten Modellen zeigen Sie Ihren individuellen Stil. <a href=\"#Damen\">Damen<\/a> &#8211; <a href=\"#Kinder\">Kinder<\/a> <a title=\"Damen\" name=\"Damen\"><\/a><\/p>\n<p><strong>Plisseekleid<\/strong><\/p>\n<\/div>\n<table border=\"0\" width=\"348\" cellspacing=\"5\" cellpadding=\"5\" align=\"center\">\n<tbody>\n<tr>\n<td>\n<div align=\"center\"><a class=\"jcebox\" href=\"https:\/\/mode-franziska.de\/neu\/wp-content\/uploads\/2021\/09\/plisee_1.jpg\" rel=\"Pliseekleid\"><img loading=\"lazy\" decoding=\"async\" class=\"alignnone wp-image-506 size-full\" src=\"https:\/\/mode-franziska.de\/neu\/wp-content\/uploads\/2021\/09\/thumb_plisee_1.jpg\" alt=\"\" width=\"100\" height=\"150\" \/><\/a><\/div>\n<\/td>\n<td>\n<div align=\"center\"><a class=\"jcebox\" href=\"https:\/\/mode-franziska.de\/neu\/wp-content\/uploads\/2021\/09\/plisee_2.jpg\" rel=\"Pliseekleid\"><img loading=\"lazy\" decoding=\"async\" class=\"alignnone wp-image-504 size-full\" src=\"https:\/\/mode-franziska.de\/neu\/wp-content\/uploads\/2021\/09\/thumb_plisee_2.jpg\" alt=\"\" width=\"100\" height=\"150\" \/><\/a><\/div>\n<\/td>\n<td>\n<div align=\"center\"><a class=\"jcebox\" href=\"https:\/\/mode-franziska.de\/neu\/wp-content\/uploads\/2021\/09\/plisee_3.jpg\" rel=\"Pliseekleid\"><img loading=\"lazy\" decoding=\"async\" class=\"alignnone wp-image-505 size-full\" src=\"https:\/\/mode-franziska.de\/neu\/wp-content\/uploads\/2021\/09\/thumb_plisee_3.jpg\" alt=\"\" width=\"100\" height=\"150\" \/><\/a><\/div>\n<\/td>\n<\/tr>\n<\/tbody>\n<\/table>\n<div align=\"left\"><span style=\"font-size: 8pt;\">Foto: privat<\/span><\/div>\n<div align=\"left\">\n<p>Dieses knielange Kleid aus smaragdgr\u00fcnem Georgette ist dreilagig verarbeitet. Die obere Lage ist drei Stoffbahnen breit und plissiert. Ein flacher Ausschnitt im Vorderteil verl\u00e4uft zu einem V-Ausschnitt im R\u00fccken des Oberteils. Die Taille ziert ein schmaler G\u00fcrtel aus Crepe Satin in pudrigem Ros\u00e9 Aus demselben Material und Farbe ist die kleine Umh\u00e4ngetasche mit Magnetverschluss verarbeitet. F\u00fcr k\u00fchlere Tage w\u00e4rmt ein farblich passendes taillenlanges Chenillej\u00e4ckchen mit kleinem Kragen.<\/p>\n<\/div>\n<p><strong>Jugendliches Spitzenkleid<\/strong><\/p>\n<table border=\"0\" width=\"348\" cellspacing=\"5\" cellpadding=\"5\" align=\"center\">\n<tbody>\n<tr>\n<td>\n<div align=\"center\"><a class=\"jcebox\" title=\"Jugendliches_Spitzenkleid\" href=\"https:\/\/mode-franziska.de\/neu\/wp-content\/uploads\/2013\/03\/Spitzenkleid1.jpg\" rel=\"Jugendliches Spitzenkleid\"><img loading=\"lazy\" decoding=\"async\" class=\"alignnone wp-image-281 size-full\" src=\"https:\/\/mode-franziska.de\/neu\/wp-content\/uploads\/2013\/03\/thumbs_Spitzenkleid1.jpg\" alt=\"\" width=\"100\" height=\"150\" border=\"0\" \/><\/a><\/div>\n<\/td>\n<td>\n<div align=\"center\"><a class=\"jcebox\" title=\"Jugendliches_Spitzenkleid\" href=\"https:\/\/mode-franziska.de\/neu\/wp-content\/uploads\/2013\/03\/Spitzenkleid2.jpg\" rel=\"Jugendliches Spitzenkleid\"><img loading=\"lazy\" decoding=\"async\" class=\" size-full wp-image-283\" src=\"https:\/\/mode-franziska.de\/neu\/wp-content\/uploads\/2013\/03\/thumbs_Spitzenkleid2.jpg\" alt=\"\" width=\"101\" height=\"150\" border=\"0\" \/><\/a><\/div>\n<\/td>\n<td>\n<div align=\"center\"><a class=\"jcebox\" title=\"Jugendliches_Spitzenkleid\" href=\"https:\/\/mode-franziska.de\/neu\/wp-content\/uploads\/2013\/03\/Spitzenkleid3.jpg\" rel=\"Jugendliches Spitzenkleid\"><img loading=\"lazy\" decoding=\"async\" class=\" size-full wp-image-285\" src=\"https:\/\/mode-franziska.de\/neu\/wp-content\/uploads\/2013\/03\/thumbs_Spitzenkleid3.jpg\" alt=\"\" width=\"101\" height=\"150\" border=\"0\" \/><\/a><\/div>\n<\/td>\n<\/tr>\n<\/tbody>\n<\/table>\n<div align=\"left\"><span style=\"font-size: 8pt;\">Foto: privat<\/span><\/div>\n<div align=\"left\">\n<p>Den V-Ausschnitt im Vorder- und R\u00fcckenteil dieses jugendlichen Kleides ziert der Bogenabschluss einer wundersch\u00f6nen alt-rose farbigen Kordelspitze. Das bis zur Taille ge\u00f6ffnete R\u00fcckenteil ist transparent, im Vorderteil ist im Farbton passender Crepe-Satin unterlegt. Ein weich fallender Glockenrock aus dem gleichen Material umspielt das Knie.<\/p>\n<\/div>\n<p><strong>Elegante Brautmutter<\/strong><\/p>\n<table border=\"0\" width=\"348\" cellspacing=\"5\" cellpadding=\"5\" align=\"center\">\n<tbody>\n<tr>\n<td><a class=\"jcebox\" title=\"Elegante Brautmutter\" href=\"https:\/\/mode-franziska.de\/neu\/wp-content\/uploads\/2008\/03\/Brautmutter1.jpg\" rel=\"Elegante_Brautmutter\"><img loading=\"lazy\" decoding=\"async\" src=\"http:\/\/www.mode-franziska.de\/atelier\/images\/stories\/Elegante_Brautmutter\/thumbs\/thumbs_Brautmutter1.jpg\" alt=\"\" width=\"101\" height=\"150\" border=\"0\" \/><\/a><\/td>\n<td><a class=\"jcebox\" title=\"Elegante Brautmutter\" href=\"https:\/\/mode-franziska.de\/neu\/wp-content\/uploads\/2008\/03\/Brautmutter2.jpg\" rel=\"Elegante_Brautmutter\"><img loading=\"lazy\" decoding=\"async\" src=\"http:\/\/www.mode-franziska.de\/atelier\/images\/stories\/Elegante_Brautmutter\/thumbs\/thumbs_Brautmutter2.jpg\" alt=\"\" width=\"101\" height=\"150\" border=\"0\" \/><\/a><\/td>\n<td><a class=\"jcebox\" title=\"Elegante Brautmutter\" href=\"https:\/\/mode-franziska.de\/neu\/wp-content\/uploads\/2008\/03\/Brautmutter3.jpg\" rel=\"Elegante_Brautmutter\"><img decoding=\"async\" src=\"http:\/\/www.mode-franziska.de\/atelier\/images\/stories\/Elegante_Brautmutter\/thumbs\/thumbs_Brautmutter3.jpg\" alt=\"\" width=\"101\" border=\"0\" \/><\/a><\/td>\n<\/tr>\n<\/tbody>\n<\/table>\n<div align=\"left\"><span style=\"font-size: 8pt;\">Foto: privat<\/span><\/div>\n<div align=\"left\">Dieses ansprechende Etuikleid aus rosa\/alpaka farbigen Rosenjacquard in Leinen-Schurwollmischung betont und umspielt die weibliche Figur zugleich.<\/div>\n<div align=\"left\">Ein einfacher Rundhalsausschnitt und kurze \u00c4rmel unterstreichen die Eleganz des Kleides. Komplettiert wir das Ensemble durch ein Kimonochaussuble mit locker fallendem Revers aus gleichfarbigem, weichfliesendem Georgette.<\/div>\n<div align=\"left\"><\/div>\n<div align=\"left\"><\/div>\n<div align=\"left\"><strong id=\"Brautjungfernkleider\">Brautjungfernkleider<\/strong><\/div>\n<table border=\"0\" width=\"348\" cellspacing=\"5\" cellpadding=\"5\" align=\"center\">\n<tbody>\n<tr>\n<td>\n<div align=\"center\"><a class=\"jcebox\" title=\"Brautjungfernkleider\" href=\"https:\/\/mode-franziska.de\/neu\/wp-content\/uploads\/2013\/03\/jungfern1.jpg\" rel=\"Brautjungfernkleider\"><img loading=\"lazy\" decoding=\"async\" class=\" size-full wp-image-287\" src=\"https:\/\/mode-franziska.de\/neu\/wp-content\/uploads\/2013\/03\/thumb_jungern1.jpg\" alt=\"\" width=\"100\" height=\"150\" border=\"0\" \/><\/a><\/div>\n<\/td>\n<td><a class=\"jcebox\" title=\"Brautjungfernkleider\" href=\"https:\/\/mode-franziska.de\/neu\/wp-content\/uploads\/2013\/03\/jungfern2.jpg\" rel=\"Brautjungfernkleider\"><img loading=\"lazy\" decoding=\"async\" class=\" size-full wp-image-289\" src=\"https:\/\/mode-franziska.de\/neu\/wp-content\/uploads\/2013\/03\/thumb_jungern2.jpg\" alt=\"\" width=\"100\" height=\"150\" border=\"0\" \/><\/a><\/td>\n<td><a class=\"jcebox\" title=\"Brautjungfernkleider\" href=\"https:\/\/mode-franziska.de\/neu\/wp-content\/uploads\/2013\/03\/jungfern3.jpg\" rel=\"Brautjungfernkleider\"><img loading=\"lazy\" decoding=\"async\" class=\" size-full wp-image-291\" src=\"https:\/\/mode-franziska.de\/neu\/wp-content\/uploads\/2013\/03\/thumb_jungern3.jpg\" alt=\"\" width=\"100\" height=\"150\" border=\"0\" \/><\/a><\/td>\n<\/tr>\n<tr>\n<td><a class=\"jcebox\" title=\"Brautjungfernkleider\" href=\"https:\/\/mode-franziska.de\/neu\/wp-content\/uploads\/2013\/03\/jungfern4.jpg\" rel=\"Brautjungfernkleider\"><img loading=\"lazy\" decoding=\"async\" class=\"size-full wp-image-293 alignnone\" src=\"https:\/\/mode-franziska.de\/neu\/wp-content\/uploads\/2013\/03\/thumb_jungern4.jpg\" alt=\"\" width=\"100\" height=\"150\" border=\"0\" \/><\/a><\/td>\n<td><a class=\"jcebox\" title=\"Brautjungfernkleider\" href=\"https:\/\/mode-franziska.de\/neu\/wp-content\/uploads\/2013\/03\/jungfern5.jpg\" rel=\"Brautjungfernkleider\"><img loading=\"lazy\" decoding=\"async\" class=\" size-full wp-image-295\" src=\"https:\/\/mode-franziska.de\/neu\/wp-content\/uploads\/2013\/03\/thumb_jungern5.jpg\" alt=\"\" width=\"114\" height=\"100\" border=\"0\" \/><\/a><\/td>\n<td><a class=\"jcebox\" title=\"Brautjungfernkleider\" href=\"https:\/\/mode-franziska.de\/neu\/wp-content\/uploads\/2013\/03\/jungfern6.jpg\" rel=\"Brautjungfernkleider\"><img loading=\"lazy\" decoding=\"async\" class=\" size-full wp-image-297\" src=\"https:\/\/mode-franziska.de\/neu\/wp-content\/uploads\/2013\/03\/thumb_jungern6.jpg\" alt=\"\" width=\"138\" height=\"100\" border=\"0\" \/><\/a><\/td>\n<\/tr>\n<\/tbody>\n<\/table>\n<div align=\"left\"><span style=\"font-size: 8pt;\">Foto: privat<\/span><\/div>\n<div align=\"left\">Vorgabe f\u00fcr die sechs Brautjungfern war ein ausgestellter Rock in A-Linie aus auberginefarbenem Crepe Satin. Dazu wurde noch eine gleichfarbige Spitze mit Bogenabschluss gew\u00e4hlt. Das Design der Oberteile konnten sich die M\u00e4dels selbst aussuchen, wodurch sich interessante Varianten ergaben.<\/p>\n<p>Die Brautjungfernkleider wurden passend zum Brautkleid &#8222;Zarter Spitzentraum&#8220; entworfen, <a href=\"http:\/\/www.mode-franziska.de\/atelier\/index.php?option=com_content&amp;task=view&amp;id=15&amp;Itemid=30#Spitzentraum\">das hier zu sehen ist.<\/a><\/p>\n<\/div>\n<div align=\"left\">\n<p><strong>Prinzessinentaufkleid f\u00fcr Franziska <\/strong><\/p>\n<\/div>\n<table border=\"0\" width=\"348\" cellspacing=\"5\" cellpadding=\"5\" align=\"center\">\n<tbody>\n<tr>\n<td>\n<div align=\"center\"><a class=\"jcebox\" title=\"Prinzessinentaufkleid f\u00fcr Franziska \" href=\"https:\/\/mode-franziska.de\/neu\/wp-content\/uploads\/2013\/03\/tauf1.jpg\" rel=\"tauf\"><img loading=\"lazy\" decoding=\"async\" class=\" size-full wp-image-299\" src=\"https:\/\/mode-franziska.de\/neu\/wp-content\/uploads\/2013\/03\/thumb_tauf1.jpg\" alt=\"\" width=\"101\" height=\"150\" border=\"0\" \/><\/a><\/div>\n<\/td>\n<td><a class=\"jcebox\" title=\"Prinzessinentaufkleid f\u00fcr Franziska \" href=\"https:\/\/mode-franziska.de\/neu\/wp-content\/uploads\/2013\/03\/tauf2.jpg\" rel=\"tauf\"><img loading=\"lazy\" decoding=\"async\" class=\" size-full wp-image-301\" src=\"https:\/\/mode-franziska.de\/neu\/wp-content\/uploads\/2013\/03\/thumb_tauf2.jpg\" alt=\"\" width=\"150\" height=\"101\" border=\"0\" \/><\/a><\/td>\n<td><a class=\"jcebox\" title=\"Prinzessinentaufkleid f\u00fcr Franziska \" href=\"https:\/\/mode-franziska.de\/neu\/wp-content\/uploads\/2013\/03\/tauf3.jpg\" rel=\"tauf\"><img loading=\"lazy\" decoding=\"async\" class=\" size-full wp-image-303\" src=\"https:\/\/mode-franziska.de\/neu\/wp-content\/uploads\/2013\/03\/thumb_tauf3.jpg\" alt=\"\" width=\"101\" height=\"150\" border=\"0\" \/><\/a><\/td>\n<\/tr>\n<\/tbody>\n<\/table>\n<div align=\"left\"><span style=\"font-size: 8pt;\">Foto: Monika Vitzthum<\/span><\/div>\n<div align=\"left\">Dieses wundersch\u00f6ne Taufkleid wurde aus den Resten von <a href=\"http:\/\/www.mode-franziska.de\/atelier\/index.php?option=com_content&amp;task=view&amp;id=52&amp;Itemid=52#Annes Traumkleid\">Annes Traumkleid<\/a> gearbeitet. Allerdings habe ich hier die gl\u00e4nzende Seite des Crepe Satin verwendet. Die Spitzenreste des Brautkleides zieren als aufwendige Applikation dieses Modell. Bei der Saumspitze im Vorderteil wurde der Satin entfernt, damit ist sie transparent und noch modelliger. Den Halsausschnitt schm\u00fcckt eine zarte T\u00fcllr\u00fcsche.<br \/>\n<a href=\"http:\/\/www.mode-franziska.de\/atelier\/index.php?option=com_content&amp;task=view&amp;id=52&amp;Item=52#Annes Traumkleid\">Annes Traumkleid<\/a><\/div>\n<div align=\"left\"><strong>Streifenspiel<\/strong><\/div>\n<table border=\"0\" width=\"348\" cellspacing=\"5\" cellpadding=\"5\" align=\"center\">\n<tbody>\n<tr>\n<td>\n<div align=\"center\"><a class=\"jcebox\" title=\"Streifenspiel\" href=\"https:\/\/mode-franziska.de\/neu\/wp-content\/uploads\/2008\/03\/streifen_1.jpg\" rel=\"streifen\"><img loading=\"lazy\" decoding=\"async\" class=\" size-full wp-image-96\" src=\"https:\/\/mode-franziska.de\/neu\/wp-content\/uploads\/2008\/03\/thumb_streifen_1.jpg\" alt=\"\" width=\"101\" height=\"150\" border=\"0\" \/><\/a><\/div>\n<\/td>\n<td><a class=\"jcebox\" title=\"Streifenspiel\" href=\"https:\/\/mode-franziska.de\/neu\/wp-content\/uploads\/2008\/03\/streifen_2.jpg\" rel=\"streifen\"><img loading=\"lazy\" decoding=\"async\" class=\" size-full wp-image-98\" src=\"https:\/\/mode-franziska.de\/neu\/wp-content\/uploads\/2008\/03\/thumb_streifen_2.jpg\" alt=\"\" width=\"101\" height=\"150\" border=\"0\" \/><\/a><\/td>\n<td><a class=\"jcebox\" title=\"Streifenspiel\" href=\"https:\/\/mode-franziska.de\/neu\/wp-content\/uploads\/2008\/03\/streifen_3.jpg\" rel=\"streifen\"><img loading=\"lazy\" decoding=\"async\" class=\" size-full wp-image-100\" src=\"https:\/\/mode-franziska.de\/neu\/wp-content\/uploads\/2008\/03\/thumb_streifen_3.jpg\" alt=\"\" width=\"101\" height=\"150\" border=\"0\" \/><\/a><\/td>\n<\/tr>\n<\/tbody>\n<\/table>\n<div align=\"left\">\u00a0\u00a0<span style=\"letter-spacing: 0.04em; text-align: center; font-size: 8pt;\">Foto: Monika Vitzthum<\/span><\/div>\n<p align=\"left\">Dieses figurbetonende Tr\u00e4gerkleid aus royalblauem Crepe Satin \u00fcberzeugt durch seinen interessanten Blockeinsatz: Schmale Streifen sind abwechselnd mit der matten bzw. gl\u00e4nzenden Seite zu einem 20cm breiten Block verarbeitet. Dieser ist schr\u00e4gverlaufend in das Grundkleid eingesetzt. Deckungsgleich verl\u00e4uft das &#8222;Streifenspiel&#8220; auch bei der taillenkurzen Jacke und wiederholt sich zum Rundhalsausschnitt.<\/p>\n<p><strong>Elegantes Seidenkleid<\/strong><\/p>\n<table border=\"0\" width=\"348\" cellspacing=\"5\" cellpadding=\"5\" align=\"center\">\n<tbody>\n<tr>\n<td>\n<div align=\"center\"><a class=\"jcebox\" title=\"Elegantes Seidenkleid\" href=\"https:\/\/mode-franziska.de\/neu\/wp-content\/uploads\/2013\/03\/elegantesseidenkleid1.jpg\" rel=\"festliche_Mode12\"><img loading=\"lazy\" decoding=\"async\" class=\" size-full wp-image-305\" src=\"https:\/\/mode-franziska.de\/neu\/wp-content\/uploads\/2013\/03\/thumb_elegantesseidenkleid1.jpg\" alt=\"\" width=\"101\" height=\"150\" border=\"0\" \/><\/a><\/div>\n<\/td>\n<td><a class=\"jcebox\" title=\"Elegantes Seidenkleid\" href=\"https:\/\/mode-franziska.de\/neu\/wp-content\/uploads\/2013\/03\/elegantesseidenkleid2.jpg\" rel=\"festliche_Mode12\"><img loading=\"lazy\" decoding=\"async\" class=\" size-full wp-image-307\" src=\"https:\/\/mode-franziska.de\/neu\/wp-content\/uploads\/2013\/03\/thumb_elegantesseidenkleid2.jpg\" alt=\"\" width=\"101\" height=\"150\" border=\"0\" \/><\/a><\/td>\n<td><a class=\"jcebox\" title=\"Elegantes Seidenkleid\" href=\"https:\/\/mode-franziska.de\/neu\/wp-content\/uploads\/2013\/03\/elegantesseidenkleid3.jpg\" rel=\"festliche_Mode12\"><img loading=\"lazy\" decoding=\"async\" class=\" size-full wp-image-309\" src=\"https:\/\/mode-franziska.de\/neu\/wp-content\/uploads\/2013\/03\/thumb_elegantesseidenkleid3.jpg\" alt=\"\" width=\"101\" height=\"150\" border=\"0\" \/><\/a><\/td>\n<\/tr>\n<\/tbody>\n<\/table>\n<div align=\"left\">\u00a0\u00a0<span style=\"letter-spacing: 0.04em; text-align: center; font-size: 8pt;\">Foto: Monika Vitzthum<\/span><\/div>\n<p align=\"left\">Ein Figur betonender Schnitt mit ansprechenden Details, zum Beispiel \u00a0die Reihung an der Halsausschnittblende und die aufspringenden Quetschfalten an der Taille lassen das auberginefarbene Seidenkleid sehr feminin wirken. \u00dcberraschend ist der \u00a0R\u00fccken, der \u00a0an der Rundhalsblende und am engen Rock geschlossen ist. Ansonsten l\u00e4sst \u00a0die offene Naht in der gesamten R\u00fcckenl\u00e4nge raffinierte Einblicke zu.<\/p>\n<div align=\"left\"><\/div>\n","protected":false},"excerpt":{"rendered":"<p>weitere Modelle \u00a0Ob Familienfeier, Theaterbesuch, Schul- und Tanzkursabschluss oder sonstige Festlichkeiten &#8211; mit ma\u00dfgeschneiderten Modellen zeigen Sie Ihren individuellen Stil. Damen &#8211; Kinder Plisseekleid Foto: privat Dieses knielange Kleid aus smaragdgr\u00fcnem Georgette ist dreilagig verarbeitet. Die obere Lage ist drei Stoffbahnen breit und plissiert. Ein flacher Ausschnitt im Vorderteil verl\u00e4uft zu einem V-Ausschnitt im R\u00fccken [&hellip;]<\/p>\n","protected":false},"author":1,"featured_media":6,"parent":0,"menu_order":4,"comment_status":"closed","ping_status":"closed","template":"","meta":{"_et_pb_use_builder":"off","_et_pb_old_content":"<div align=\"right\"><img class=\" size-full wp-image-6\" title=\"schere\" src=\"https:\/\/mode-franziska.de\/neu\/wp-content\/uploads\/2008\/03\/schere.gif\" alt=\"schere\" width=\"56\" height=\"44\" align=\"middle\" border=\"5\" hspace=\"5\" vspace=\"5\" \/><strong><a title=\"weitere Modelle\" href=\"https:\/\/mode-franziska.de\/neu\/festliche-mode\/\">weitere Modelle<\/a><\/strong><\/div>\n<div align=\"left\">\u00a0Ob Familienfeier, Theaterbesuch, Schul- und Tanzkursabschluss oder sonstige Festlichkeiten - mit ma\u00dfgeschneiderten Modellen zeigen Sie Ihren individuellen Stil. <a href=\"#Damen\">Damen<\/a> - <a href=\"#Kinder\">Kinder<\/a> <a title=\"Damen\" name=\"Damen\"><\/a>\n\n<strong>Plisseekleid<\/strong>\n\n<\/div>\n<table border=\"0\" width=\"348\" cellspacing=\"5\" cellpadding=\"5\" align=\"center\">\n<tbody>\n<tr>\n<td>\n<div align=\"center\"><a class=\"jcebox\" title=\"Plisseekleid\" href=\"https:\/\/mode-franziska.de\/neu\/wp-content\/uploads\/2013\/03\/Spitzenkleid1.jpg\" rel=\"Plisseekleid\"><img class=\"alignnone\" src=\"images\/stories\/plisee\/thumb\/thumb_plisee_1.jpg\" alt=\"Plisseekleid\" width=\"101\" height=\"150\" border=\"0\" \/><\/a><\/div><\/td>\n<td>\n<div align=\"center\"><a class=\"jcebox\" title=\"Plisseekleid\" href=\"images\/stories\/plisee\/plisee_2.jpg\" rel=\"Plisseekleid\"><img src=\"images\/stories\/plisee\/thumb\/thumb_plisee_2.jpg\" alt=\"Plisseekleid\" width=\"101\" height=\"150\" border=\"0\" \/><\/a><\/div><\/td>\n<td>\n<div align=\"center\"><a class=\"jcebox\" title=\"Plisseekleid\" href=\"images\/stories\/plisee\/plisee_3.jpg\" rel=\"Plisseekleid\"><img src=\"images\/stories\/plisee\/thumb\/thumb_plisee_3.jpg\" alt=\"Plisseekleid\" width=\"101\" height=\"150\" border=\"0\" \/><\/a><\/div><\/td>\n<\/tr>\n<\/tbody>\n<\/table>\n<div align=\"left\"><span style=\"font-size: 8pt;\">Foto: privat<\/span><\/div>\n<div align=\"left\">\n\nDieses knielange Kleid aus smaragdgr\u00fcnem Georgette ist dreilagig verarbeitet. Die obere Lage ist drei Stoffbahnen breit und plissiert. Ein flacher Ausschnitt im Vorderteil verl\u00e4uft zu einem V-Ausschnitt im R\u00fccken des Oberteils. Die Taille ziert ein schmaler G\u00fcrtel aus Crepe Satin in pudrigem Ros\u00e9 Aus demselben Material und Farbe ist die kleine Umh\u00e4ngetasche mit Magnetverschluss verarbeitet. F\u00fcr k\u00fchlere Tage w\u00e4rmt ein farblich passendes taillenlanges Chenillej\u00e4ckchen mit kleinem Kragen.\n\n<\/div>\n<strong>Jugendliches Spitzenkleid<\/strong>\n<table border=\"0\" width=\"348\" cellspacing=\"5\" cellpadding=\"5\" align=\"center\">\n<tbody>\n<tr>\n<td>\n<div align=\"center\"><a class=\"jcebox\" title=\"Jugendliches_Spitzenkleid\" href=\"https:\/\/mode-franziska.de\/neu\/wp-content\/uploads\/2013\/03\/Spitzenkleid1.jpg\" rel=\"Jugendliches Spitzenkleid\"><img class=\"alignnone wp-image-281 size-full\" src=\"https:\/\/mode-franziska.de\/neu\/wp-content\/uploads\/2013\/03\/thumbs_Spitzenkleid1.jpg\" alt=\"\" width=\"100\" height=\"150\" border=\"0\" \/><\/a><\/div><\/td>\n<td>\n<div align=\"center\"><a class=\"jcebox\" title=\"Jugendliches_Spitzenkleid\" href=\"https:\/\/mode-franziska.de\/neu\/wp-content\/uploads\/2013\/03\/Spitzenkleid2.jpg\" rel=\"Jugendliches Spitzenkleid\"><img class=\" size-full wp-image-283\" src=\"https:\/\/mode-franziska.de\/neu\/wp-content\/uploads\/2013\/03\/thumbs_Spitzenkleid2.jpg\" alt=\"\" width=\"101\" height=\"150\" border=\"0\" \/><\/a><\/div><\/td>\n<td>\n<div align=\"center\"><a class=\"jcebox\" title=\"Jugendliches_Spitzenkleid\" href=\"https:\/\/mode-franziska.de\/neu\/wp-content\/uploads\/2013\/03\/Spitzenkleid3.jpg\" rel=\"Jugendliches Spitzenkleid\"><img class=\" size-full wp-image-285\" src=\"https:\/\/mode-franziska.de\/neu\/wp-content\/uploads\/2013\/03\/thumbs_Spitzenkleid3.jpg\" alt=\"\" width=\"101\" height=\"150\" border=\"0\" \/><\/a><\/div><\/td>\n<\/tr>\n<\/tbody>\n<\/table>\n<div align=\"left\"><span style=\"font-size: 8pt;\">Foto: privat<\/span><\/div>\n<div align=\"left\">\n\nDen V-Ausschnitt im Vorder- und R\u00fcckenteil dieses jugendlichen Kleides ziert der Bogenabschluss einer wundersch\u00f6nen alt-rose farbigen Kordelspitze. Das bis zur Taille ge\u00f6ffnete R\u00fcckenteil ist transparent, im Vorderteil ist im Farbton passender Crepe-Satin unterlegt. Ein weich fallender Glockenrock aus dem gleichen Material umspielt das Knie.\n\n<\/div>\n<strong>Elegante Brautmutter<\/strong>\n<table border=\"0\" width=\"348\" cellspacing=\"5\" cellpadding=\"5\" align=\"center\">\n<tbody>\n<tr>\n<td><a class=\"jcebox\" title=\"Elegante Brautmutter\" href=\"https:\/\/mode-franziska.de\/neu\/wp-content\/uploads\/2008\/03\/Brautmutter1.jpg\" rel=\"Elegante_Brautmutter\"><img src=\"http:\/\/www.mode-franziska.de\/atelier\/images\/stories\/Elegante_Brautmutter\/thumbs\/thumbs_Brautmutter1.jpg\" alt=\"\" width=\"101\" height=\"150\" border=\"0\" \/><\/a><\/td>\n<td><a class=\"jcebox\" title=\"Elegante Brautmutter\" href=\"https:\/\/mode-franziska.de\/neu\/wp-content\/uploads\/2008\/03\/Brautmutter2.jpg\" rel=\"Elegante_Brautmutter\"><img src=\"http:\/\/www.mode-franziska.de\/atelier\/images\/stories\/Elegante_Brautmutter\/thumbs\/thumbs_Brautmutter2.jpg\" alt=\"\" width=\"101\" height=\"150\" border=\"0\" \/><\/a><\/td>\n<td><a class=\"jcebox\" title=\"Elegante Brautmutter\" href=\"https:\/\/mode-franziska.de\/neu\/wp-content\/uploads\/2008\/03\/Brautmutter3.jpg\" rel=\"Elegante_Brautmutter\"><img src=\"http:\/\/www.mode-franziska.de\/atelier\/images\/stories\/Elegante_Brautmutter\/thumbs\/thumbs_Brautmutter3.jpg\" alt=\"\" width=\"101\" border=\"0\" \/><\/a><\/td>\n<\/tr>\n<\/tbody>\n<\/table>\n<div align=\"left\"><span style=\"font-size: 8pt;\">Foto: privat<\/span><\/div>\n<div align=\"left\">Dieses ansprechende Etuikleid aus rosa\/alpaka farbigen Rosenjacquard in Leinen-Schurwollmischung betont und umspielt die weibliche Figur zugleich.<\/div>\n<div align=\"left\">Ein einfacher Rundhalsausschnitt und kurze \u00c4rmel unterstreichen die Eleganz des Kleides. Komplettiert wir das Ensemble durch ein Kimonochaussuble mit locker fallendem Revers aus gleichfarbigem, weichfliesendem Georgette.<\/div>\n<div align=\"left\"><\/div>\n<div align=\"left\"><\/div>\n<div align=\"left\"><strong id=\"Brautjungfernkleider\">Brautjungfernkleider<\/strong><\/div>\n<table border=\"0\" width=\"348\" cellspacing=\"5\" cellpadding=\"5\" align=\"center\">\n<tbody>\n<tr>\n<td>\n<div align=\"center\"><a class=\"jcebox\" title=\"Brautjungfernkleider\" href=\"https:\/\/mode-franziska.de\/neu\/wp-content\/uploads\/2013\/03\/jungfern1.jpg\" rel=\"Brautjungfernkleider\"><img class=\" size-full wp-image-287\" src=\"https:\/\/mode-franziska.de\/neu\/wp-content\/uploads\/2013\/03\/thumb_jungern1.jpg\" alt=\"\" width=\"100\" height=\"150\" border=\"0\" \/><\/a><\/div><\/td>\n<td><a class=\"jcebox\" title=\"Brautjungfernkleider\" href=\"https:\/\/mode-franziska.de\/neu\/wp-content\/uploads\/2013\/03\/jungfern2.jpg\" rel=\"Brautjungfernkleider\"><img class=\" size-full wp-image-289\" src=\"https:\/\/mode-franziska.de\/neu\/wp-content\/uploads\/2013\/03\/thumb_jungern2.jpg\" alt=\"\" width=\"100\" height=\"150\" border=\"0\" \/><\/a><\/td>\n<td><a class=\"jcebox\" title=\"Brautjungfernkleider\" href=\"https:\/\/mode-franziska.de\/neu\/wp-content\/uploads\/2013\/03\/jungfern3.jpg\" rel=\"Brautjungfernkleider\"><img class=\" size-full wp-image-291\" src=\"https:\/\/mode-franziska.de\/neu\/wp-content\/uploads\/2013\/03\/thumb_jungern3.jpg\" alt=\"\" width=\"100\" height=\"150\" border=\"0\" \/><\/a><\/td>\n<td><\/td>\n<td><\/td>\n<td><\/td>\n<\/tr>\n<tr>\n<td><a class=\"jcebox\" title=\"Brautjungfernkleider\" href=\"https:\/\/mode-franziska.de\/neu\/wp-content\/uploads\/2013\/03\/jungfern4.jpg\" rel=\"Brautjungfernkleider\"><img class=\" size-full wp-image-293\" src=\"https:\/\/mode-franziska.de\/neu\/wp-content\/uploads\/2013\/03\/thumb_jungern4.jpg\" alt=\"\" width=\"100\" height=\"150\" border=\"0\" \/><\/a><\/td>\n<td><a class=\"jcebox\" title=\"Brautjungfernkleider\" href=\"https:\/\/mode-franziska.de\/neu\/wp-content\/uploads\/2013\/03\/jungfern5.jpg\" rel=\"Brautjungfernkleider\"><img class=\" size-full wp-image-295\" src=\"https:\/\/mode-franziska.de\/neu\/wp-content\/uploads\/2013\/03\/thumb_jungern5.jpg\" alt=\"\" width=\"114\" height=\"100\" border=\"0\" \/><\/a><\/td>\n<td><a class=\"jcebox\" title=\"Brautjungfernkleider\" href=\"https:\/\/mode-franziska.de\/neu\/wp-content\/uploads\/2013\/03\/jungfern6.jpg\" rel=\"Brautjungfernkleider\"><img class=\" size-full wp-image-297\" src=\"https:\/\/mode-franziska.de\/neu\/wp-content\/uploads\/2013\/03\/thumb_jungern6.jpg\" alt=\"\" width=\"138\" height=\"100\" border=\"0\" \/><\/a><\/td>\n<td><\/td>\n<td><\/td>\n<td><\/td>\n<\/tr>\n<\/tbody>\n<\/table>\n<div align=\"left\"><span style=\"font-size: 8pt;\">Foto: privat<\/span><\/div>\n<div align=\"left\">Vorgabe f\u00fcr die sechs Brautjungfern war ein ausgestellter Rock in A-Linie aus auberginefarbenem Crepe Satin. Dazu wurde noch eine gleichfarbige Spitze mit Bogenabschluss gew\u00e4hlt. Das Design der Oberteile konnten sich die M\u00e4dels selbst aussuchen, wodurch sich interessante Varianten ergaben.\n\nDie Brautjungfernkleider wurden passend zum Brautkleid \"Zarter Spitzentraum\" entworfen, <a href=\"http:\/\/www.mode-franziska.de\/atelier\/index.php?option=com_content&amp;task=view&amp;id=15&amp;Itemid=30#Spitzentraum\">das hier zu sehen ist.<\/a>\n\n<\/div>\n<div align=\"left\">\n\n<strong>Prinzessinentaufkleid f\u00fcr Franziska <\/strong>\n\n<\/div>\n<table border=\"0\" width=\"348\" cellspacing=\"5\" cellpadding=\"5\" align=\"center\">\n<tbody>\n<tr>\n<td>\n<div align=\"center\"><a class=\"jcebox\" title=\"Prinzessinentaufkleid f\u00fcr Franziska \" href=\"https:\/\/mode-franziska.de\/neu\/wp-content\/uploads\/2013\/03\/tauf1.jpg\" rel=\"tauf\"><img class=\" size-full wp-image-299\" src=\"https:\/\/mode-franziska.de\/neu\/wp-content\/uploads\/2013\/03\/thumb_tauf1.jpg\" alt=\"\" width=\"101\" height=\"150\" border=\"0\" \/><\/a><\/div><\/td>\n<td><a class=\"jcebox\" title=\"Prinzessinentaufkleid f\u00fcr Franziska \" href=\"https:\/\/mode-franziska.de\/neu\/wp-content\/uploads\/2013\/03\/tauf2.jpg\" rel=\"tauf\"><img class=\" size-full wp-image-301\" src=\"https:\/\/mode-franziska.de\/neu\/wp-content\/uploads\/2013\/03\/thumb_tauf2.jpg\" alt=\"\" width=\"150\" height=\"101\" border=\"0\" \/><\/a><\/td>\n<td><a class=\"jcebox\" title=\"Prinzessinentaufkleid f\u00fcr Franziska \" href=\"https:\/\/mode-franziska.de\/neu\/wp-content\/uploads\/2013\/03\/tauf3.jpg\" rel=\"tauf\"><img class=\" size-full wp-image-303\" src=\"https:\/\/mode-franziska.de\/neu\/wp-content\/uploads\/2013\/03\/thumb_tauf3.jpg\" alt=\"\" width=\"101\" height=\"150\" border=\"0\" \/><\/a><\/td>\n<\/tr>\n<\/tbody>\n<\/table>\n<div align=\"left\"><span style=\"font-size: 8pt;\">Foto: Monika Vitzthum<\/span><\/div>\n<div align=\"left\">Dieses wundersch\u00f6ne Taufkleid wurde aus den Resten von <a href=\"http:\/\/www.mode-franziska.de\/atelier\/index.php?option=com_content&amp;task=view&amp;id=52&amp;Itemid=52#Annes Traumkleid\">Annes Traumkleid<\/a> gearbeitet. Allerdings habe ich hier die gl\u00e4nzende Seite des Crepe Satin verwendet. Die Spitzenreste des Brautkleides zieren als aufwendige Applikation dieses Modell. Bei der Saumspitze im Vorderteil wurde der Satin entfernt, damit ist sie transparent und noch modelliger. Den Halsausschnitt schm\u00fcckt eine zarte T\u00fcllr\u00fcsche.\n<a href=\"http:\/\/www.mode-franziska.de\/atelier\/index.php?option=com_content&amp;task=view&amp;id=52&amp;Item=52#Annes Traumkleid\">Annes Traumkleid<\/a><\/div>\n<div align=\"left\"><strong>Streifenspiel<\/strong><\/div>\n<table border=\"0\" width=\"348\" cellspacing=\"5\" cellpadding=\"5\" align=\"center\">\n<tbody>\n<tr>\n<td>\n<div align=\"center\"><a class=\"jcebox\" title=\"Streifenspiel\" href=\"https:\/\/mode-franziska.de\/neu\/wp-content\/uploads\/2008\/03\/streifen_1.jpg\" rel=\"streifen\"><img class=\" size-full wp-image-96\" src=\"https:\/\/mode-franziska.de\/neu\/wp-content\/uploads\/2008\/03\/thumb_streifen_1.jpg\" alt=\"\" width=\"101\" height=\"150\" border=\"0\" \/><\/a><\/div><\/td>\n<td><a class=\"jcebox\" title=\"Streifenspiel\" href=\"https:\/\/mode-franziska.de\/neu\/wp-content\/uploads\/2008\/03\/streifen_2.jpg\" rel=\"streifen\"><img class=\" size-full wp-image-98\" src=\"https:\/\/mode-franziska.de\/neu\/wp-content\/uploads\/2008\/03\/thumb_streifen_2.jpg\" alt=\"\" width=\"101\" height=\"150\" border=\"0\" \/><\/a><\/td>\n<td><a class=\"jcebox\" title=\"Streifenspiel\" href=\"https:\/\/mode-franziska.de\/neu\/wp-content\/uploads\/2008\/03\/streifen_3.jpg\" rel=\"streifen\"><img class=\" size-full wp-image-100\" src=\"https:\/\/mode-franziska.de\/neu\/wp-content\/uploads\/2008\/03\/thumb_streifen_3.jpg\" alt=\"\" width=\"101\" height=\"150\" border=\"0\" \/><\/a><\/td>\n<\/tr>\n<\/tbody>\n<\/table>\n<div align=\"left\">\u00a0\u00a0<span style=\"letter-spacing: 0.04em; text-align: center; font-size: 8pt;\">Foto: Monika Vitzthum<\/span><\/div>\n<p align=\"left\">Dieses figurbetonende Tr\u00e4gerkleid aus royalblauem Crepe Satin \u00fcberzeugt durch seinen interessanten Blockeinsatz: Schmale Streifen sind abwechselnd mit der matten bzw. gl\u00e4nzenden Seite zu einem 20cm breiten Block verarbeitet. Dieser ist schr\u00e4gverlaufend in das Grundkleid eingesetzt. Deckungsgleich verl\u00e4uft das \"Streifenspiel\" auch bei der taillenkurzen Jacke und wiederholt sich zum Rundhalsausschnitt.<\/p>\n<strong>Elegantes Seidenkleid<\/strong>\n<table border=\"0\" width=\"348\" cellspacing=\"5\" cellpadding=\"5\" align=\"center\">\n<tbody>\n<tr>\n<td>\n<div align=\"center\"><a class=\"jcebox\" title=\"Elegantes Seidenkleid\" href=\"https:\/\/mode-franziska.de\/neu\/wp-content\/uploads\/2013\/03\/elegantesseidenkleid1.jpg\" rel=\"festliche_Mode12\"><img class=\" size-full wp-image-305\" src=\"https:\/\/mode-franziska.de\/neu\/wp-content\/uploads\/2013\/03\/thumb_elegantesseidenkleid1.jpg\" alt=\"\" width=\"101\" height=\"150\" border=\"0\" \/><\/a><\/div><\/td>\n<td><a class=\"jcebox\" title=\"Elegantes Seidenkleid\" href=\"https:\/\/mode-franziska.de\/neu\/wp-content\/uploads\/2013\/03\/elegantesseidenkleid2.jpg\" rel=\"festliche_Mode12\"><img class=\" size-full wp-image-307\" src=\"https:\/\/mode-franziska.de\/neu\/wp-content\/uploads\/2013\/03\/thumb_elegantesseidenkleid2.jpg\" alt=\"\" width=\"101\" height=\"150\" border=\"0\" \/><\/a><\/td>\n<td><a class=\"jcebox\" title=\"Elegantes Seidenkleid\" href=\"https:\/\/mode-franziska.de\/neu\/wp-content\/uploads\/2013\/03\/elegantesseidenkleid3.jpg\" rel=\"festliche_Mode12\"><img class=\" size-full wp-image-309\" src=\"https:\/\/mode-franziska.de\/neu\/wp-content\/uploads\/2013\/03\/thumb_elegantesseidenkleid3.jpg\" alt=\"\" width=\"101\" height=\"150\" border=\"0\" \/><\/a><\/td>\n<\/tr>\n<\/tbody>\n<\/table>\n<div align=\"left\">\u00a0\u00a0<span style=\"letter-spacing: 0.04em; text-align: center; font-size: 8pt;\">Foto: Monika Vitzthum<\/span><\/div>\n<p align=\"left\">Ein Figur betonender Schnitt mit ansprechenden Details, zum Beispiel \u00a0die Reihung an der Halsausschnittblende und die aufspringenden Quetschfalten an der Taille lassen das auberginefarbene Seidenkleid sehr feminin wirken. \u00dcberraschend ist der \u00a0R\u00fccken, der \u00a0an der Rundhalsblende und am engen Rock geschlossen ist. Ansonsten l\u00e4sst \u00a0die offene Naht in der gesamten R\u00fcckenl\u00e4nge raffinierte Einblicke zu.<\/p>\n\n<div align=\"left\"><\/div>","_et_gb_content_width":"793","footnotes":""},"class_list":["post-310","page","type-page","status-publish","has-post-thumbnail","hentry"],"_links":{"self":[{"href":"https:\/\/mode-franziska.de\/neu\/wp-json\/wp\/v2\/pages\/310","targetHints":{"allow":["GET"]}}],"collection":[{"href":"https:\/\/mode-franziska.de\/neu\/wp-json\/wp\/v2\/pages"}],"about":[{"href":"https:\/\/mode-franziska.de\/neu\/wp-json\/wp\/v2\/types\/page"}],"author":[{"embeddable":true,"href":"https:\/\/mode-franziska.de\/neu\/wp-json\/wp\/v2\/users\/1"}],"replies":[{"embeddable":true,"href":"https:\/\/mode-franziska.de\/neu\/wp-json\/wp\/v2\/comments?post=310"}],"version-history":[{"count":9,"href":"https:\/\/mode-franziska.de\/neu\/wp-json\/wp\/v2\/pages\/310\/revisions"}],"predecessor-version":[{"id":828,"href":"https:\/\/mode-franziska.de\/neu\/wp-json\/wp\/v2\/pages\/310\/revisions\/828"}],"wp:featuredmedia":[{"embeddable":true,"href":"https:\/\/mode-franziska.de\/neu\/wp-json\/wp\/v2\/media\/6"}],"wp:attachment":[{"href":"https:\/\/mode-franziska.de\/neu\/wp-json\/wp\/v2\/media?parent=310"}],"curies":[{"name":"wp","href":"https:\/\/api.w.org\/{rel}","templated":true}]}}