{"id":312,"date":"2015-01-26T17:21:14","date_gmt":"2015-01-26T16:21:14","guid":{"rendered":"https:\/\/mode-franziska.de\/neu\/tracht-1\/"},"modified":"2021-09-16T14:31:10","modified_gmt":"2021-09-16T12:31:10","slug":"tracht-1","status":"publish","type":"page","link":"https:\/\/mode-franziska.de\/neu\/tracht-1\/","title":{"rendered":"Tracht 1"},"content":{"rendered":"<div align=\"left\">\n<div align=\"right\"><img loading=\"lazy\" decoding=\"async\" title=\"schere\" src=\"http:\/\/www.mode-franziska.de\/atelier\/images\/stories\/Grafiken\/schere.gif\" alt=\"schere\" width=\"56\" height=\"44\" align=\"middle\" border=\"5\" hspace=\"5\" vspace=\"5\" \/><a href=\"https:\/\/mode-franziska.de\/neu\/trachten\/\"><strong>weitere Modelle<\/strong><\/a><\/div>\n<p>Mit traditionellen historischen Trachten zeigen Sie Bodenst\u00e4ndigkeit und Liebe zum Detail und haben somit \u201ea gscheids Gwand\u201c.<\/p>\n<\/div>\n<div align=\"left\"><a href=\"#Damen\">Damen<\/a> &#8211; <a href=\"#Herren\">Herren<\/a><\/div>\n<div align=\"left\"><strong>K\u00f6nigsblau ist Trumpf<\/strong><\/p>\n<div align=\"left\"><\/div>\n<table border=\"0\" width=\"348\" cellspacing=\"5\" cellpadding=\"5\" align=\"center\">\n<tbody>\n<tr>\n<td>\n<div align=\"center\"><a class=\"jcebox\" title=\"K\u00f6nigsblau ist Trumpf\" href=\"http:\/\/www.mode-franziska.de\/atelier\/images\/stories\/Tracht9\/blau1.jpg\" rel=\"Tracht9\"><img decoding=\"async\" src=\"http:\/\/www.mode-franziska.de\/atelier\/images\/stories\/Tracht9\/thumbnails\/thumb_blau1.jpg\" alt=\"\" border=\"0\" \/><\/a><\/div>\n<\/td>\n<td><a class=\"jcebox\" title=\"K\u00f6nigsblau ist Trumpf\" href=\"http:\/\/www.mode-franziska.de\/atelier\/images\/stories\/Tracht9\/blau2.jpg\" rel=\"Tracht9\"><img decoding=\"async\" src=\"http:\/\/www.mode-franziska.de\/atelier\/images\/stories\/Tracht9\/thumbnails\/thumb_blau2.jpg\" alt=\"\" border=\"0\" \/><\/a><\/td>\n<td><a class=\"jcebox\" title=\"K\u00f6nigsblau ist Trumpf\" href=\"http:\/\/www.mode-franziska.de\/atelier\/images\/stories\/Tracht9\/blau3.jpg\" rel=\"Tracht9\"><img decoding=\"async\" src=\"http:\/\/www.mode-franziska.de\/atelier\/images\/stories\/Tracht9\/thumbnails\/thumb_blau3.jpg\" alt=\"\" border=\"0\" \/><\/a><\/td>\n<\/tr>\n<\/tbody>\n<\/table>\n<div align=\"left\"><span style=\"font-size: 8pt;\">Foto: Monika Vitzthum<\/span><\/div>\n<p>Der Baumwollrock des k\u00f6nigsblauen Dirndls ist glockig geschnitten und mit wei\u00dfem Baumwollunterrock abgef\u00fcttert. Im Vorderteil sind formgebende Brustteile eingearbeitet und zwei Zentimeter breite R\u00fcschen aus dem Grundstoff liebevoll an den bogigen Ausschnitt gesetzt. Eine Kettenschn\u00fcrung ziert den Hakenverschluss. Sehr interessant ist die R\u00fcckenl\u00f6sung. Vom spitzen R\u00fcckenausschnitt gehen zu beiden Seiten drei gleich breite Streifen bis zur Seitennaht. Jugendlich dazu wirkt die wei\u00dfgrundige Streublumensch\u00fcrze, die in kleine F\u00e4ltchen gelegt ist und deren Saum abgerundet ist.<\/p>\n<\/div>\n<div align=\"left\"><\/div>\n<div align=\"left\"><strong>Baumwolldirndl<br \/>\n<\/strong><\/div>\n<div align=\"left\"><\/div>\n<table border=\"0\" width=\"348\" cellspacing=\"5\" cellpadding=\"5\" align=\"center\">\n<tbody>\n<tr>\n<td>\n<div align=\"center\"><a class=\"jcebox\" title=\"Baumwolldirndl\" href=\"http:\/\/www.mode-franziska.de\/atelier\/images\/stories\/Tracht8\/baumwolldirndl1.jpg\" rel=\"Tracht8\"><img decoding=\"async\" src=\"http:\/\/www.mode-franziska.de\/atelier\/images\/stories\/Tracht8\/thumbnails\/thumb_baumwolldirndl1.jpg\" alt=\"\" border=\"0\" \/><\/a><\/div>\n<\/td>\n<td><a class=\"jcebox\" title=\"Baumwolldirndl\" href=\"http:\/\/www.mode-franziska.de\/atelier\/images\/stories\/Tracht8\/baumwolldirndl2.jpg\" rel=\"Tracht8\"><img decoding=\"async\" src=\"http:\/\/www.mode-franziska.de\/atelier\/images\/stories\/Tracht8\/thumbnails\/thumb_baumwolldirndl2.jpg\" alt=\"\" border=\"0\" \/><\/a><\/td>\n<td><a class=\"jcebox\" title=\"Baumwolldirndl\" href=\"http:\/\/www.mode-franziska.de\/atelier\/images\/stories\/Tracht8\/baumwolldirndl3.jpg\" rel=\"Tracht8\"><img decoding=\"async\" src=\"http:\/\/www.mode-franziska.de\/atelier\/images\/stories\/Tracht8\/thumbnails\/thumb_baumwolldirndl3.jpg\" alt=\"\" border=\"0\" \/><\/a><\/td>\n<\/tr>\n<\/tbody>\n<\/table>\n<div align=\"left\"><span style=\"font-size: 8pt;\">Foto: Monika Vitzthum<\/span><\/div>\n<div align=\"left\">\n<div align=\"left\">Jugendliche Grazie und zarte Einfachheit zeichnet dieses all-over Streubl\u00fcmchendirndl aus. Der Rock ist rundherum in Quetschfalten gelegt. Silberkn\u00f6pfe schlie\u00dfen das Oberteil. Die handgereihte, zart karierte Baumwollsch\u00fcrze \u00a0rundet das Dirndl stimmig ab.<\/div>\n<div align=\"left\"><\/div>\n<div align=\"left\">\n<div align=\"left\"><strong>Flottes Trachtenpaar<\/strong><\/div>\n<table border=\"0\" width=\"348\" cellspacing=\"5\" cellpadding=\"5\" align=\"center\">\n<tbody>\n<tr>\n<td>\n<div align=\"center\"><a class=\"jcebox\" title=\"Flottes Trachtenpaar\" href=\"http:\/\/www.mode-franziska.de\/atelier\/images\/stories\/Trachtenpaar\/dirndl.jpg\" rel=\"Trachtenpaar\"><img decoding=\"async\" src=\"http:\/\/www.mode-franziska.de\/atelier\/images\/stories\/Trachtenpaar\/thumbnails\/thumb_dirndl1.jpg\" alt=\"\" border=\"0\" \/><\/a><\/div>\n<\/td>\n<td><a class=\"jcebox\" title=\"Flottes Trachtenpaar\" href=\"http:\/\/www.mode-franziska.de\/atelier\/images\/stories\/Trachtenpaar\/dirndl2.jpg\" rel=\"Trachtenpaar\"><img decoding=\"async\" src=\"http:\/\/www.mode-franziska.de\/atelier\/images\/stories\/Trachtenpaar\/thumbnails\/thumb_dirndl2.jpg\" alt=\"\" border=\"0\" \/><\/a><\/td>\n<td><a class=\"jcebox\" title=\"Flottes Trachtenpaar\" href=\"http:\/\/www.mode-franziska.de\/atelier\/images\/stories\/Trachtenpaar\/dirndl3.jpg\" rel=\"Trachtenpaar\"><img decoding=\"async\" src=\"http:\/\/www.mode-franziska.de\/atelier\/images\/stories\/Trachtenpaar\/thumbnails\/thumb_dirndl3.jpg\" alt=\"\" border=\"0\" \/><\/a><\/td>\n<\/tr>\n<\/tbody>\n<\/table>\n<div align=\"left\"><span style=\"font-size: 8pt;\">Foto: privat<\/span><\/div>\n<div align=\"left\">\n<div align=\"left\">Das adrette lila Baumwolldirndl ist im R\u00fccken mit Wiener N\u00e4hten und im Vorderteil mit einem formgebenden Einsatz und Schn\u00fcrung verarbeitet. Den weichgezogenen tiefen Carreeausschnitt ziert eine aus dem Grundstoff und dem gleichfarbigen Streifenstoff verst\u00fcrzte Froschmaulr\u00fcsche, die mit zarten lilafarbigen Perlen bestickt ist. Die Handreihung im mittleren hinteren Rockteil gibt dem ansonsten schlankmachenden in Falten gelegten Dirndlrock eine interessante Note.<br \/>\nEine dezent karierte von Hand gestieftelte Seidensch\u00fcrze komplettiert das Dirndl. Das dazupassende kleinkarierte Baumwollhemd ist an der Kragensteginnenseite und den inneren \u00c4rmelmanschetten mit dem Dirndlstoff verst\u00fcrzt.<\/div>\n<\/div>\n<\/div>\n<div><\/div>\n<\/div>\n<div align=\"left\"><strong>Goldhaubentracht \u2013 aufwendige Smokarbeit<\/strong><\/div>\n<table border=\"0\" width=\"348\" cellspacing=\"5\" cellpadding=\"5\" align=\"center\">\n<tbody>\n<tr>\n<td>\n<div align=\"center\"><a class=\"jcebox\" title=\"Goldhaubentracht \u2013 aufwendige Smokarbeit\" href=\"http:\/\/www.mode-franziska.de\/atelier\/images\/stories\/Tracht1\/gold.jpg\" rel=\"Tracht1\"><img decoding=\"async\" src=\"http:\/\/www.mode-franziska.de\/atelier\/images\/stories\/Tracht1\/thumbnails\/thumb_gold.jpg\" alt=\"\" border=\"0\" \/><\/a><\/div>\n<\/td>\n<td><a class=\"jcebox\" title=\"Goldhaubentracht \u2013 aufwendige Smokarbeit\" href=\"http:\/\/www.mode-franziska.de\/atelier\/images\/stories\/Tracht1\/gold-3.jpg\" rel=\"Tracht1\"><img decoding=\"async\" src=\"http:\/\/www.mode-franziska.de\/atelier\/images\/stories\/Tracht1\/thumbnails\/thumb_gold-3.jpg\" alt=\"\" border=\"0\" \/><\/a><\/td>\n<td><a class=\"jcebox\" title=\"Goldhaubentracht \u2013 aufwendige Smokarbeit\" href=\"http:\/\/www.mode-franziska.de\/atelier\/images\/stories\/Tracht1\/gold-2.jpg\" rel=\"Tracht1\"><img decoding=\"async\" src=\"http:\/\/www.mode-franziska.de\/atelier\/images\/stories\/Tracht1\/thumbnails\/thumb_gold-2.jpg\" alt=\"\" border=\"0\" \/><\/a><\/td>\n<td><\/td>\n<td><\/td>\n<td><\/td>\n<\/tr>\n<tr>\n<td><a class=\"jcebox\" title=\"Goldhaubentracht \u2013 aufwendige Smokarbeit\" href=\"http:\/\/www.mode-franziska.de\/atelier\/images\/stories\/Tracht1\/gold-5.jpg\" rel=\"Tracht1\"><img decoding=\"async\" src=\"http:\/\/www.mode-franziska.de\/atelier\/images\/stories\/Tracht1\/thumbnails\/thumb_gold-5.jpg\" alt=\"\" border=\"0\" \/><\/a><\/td>\n<td><a class=\"jcebox\" title=\"Goldhaubentracht \u2013 aufwendige Smokarbeit\" href=\"http:\/\/www.mode-franziska.de\/atelier\/images\/stories\/Tracht1\/gold-6.jpg\" rel=\"Tracht1\"><img decoding=\"async\" src=\"http:\/\/www.mode-franziska.de\/atelier\/images\/stories\/Tracht1\/thumbnails\/thumb_gold-6.jpg\" alt=\"\" border=\"0\" \/><\/a><\/td>\n<td><a class=\"jcebox\" title=\"Goldhaubentracht \u2013 aufwendige Smokarbeit\" href=\"http:\/\/www.mode-franziska.de\/atelier\/images\/stories\/Tracht1\/gold-4.jpg\" rel=\"Tracht1\"><img decoding=\"async\" src=\"http:\/\/www.mode-franziska.de\/atelier\/images\/stories\/Tracht1\/thumbnails\/thumb_gold-4.jpg\" alt=\"\" border=\"0\" \/><\/a><\/td>\n<td><\/td>\n<td><\/td>\n<td><\/td>\n<\/tr>\n<\/tbody>\n<\/table>\n<p align=\"left\"><span style=\"font-size: 8pt;\"><br \/>\nFoto: Monika Vitzthum<\/span><br \/>\nDas zweiteilige Trachtenkleid aus gr\u00fcner Seide ist mit feinstem Batist unterlegt. Ein fachm\u00e4nnischer Futtertaillenschnitt bewirkt die figurbetonende Passform des Spencers. Die Teilungs- und Ziern\u00e4hte sind mit einer sch\u00f6nen Bogenborte verziert. Kleine schwarze Kugelkn\u00f6pfe schlie\u00dfen sowohl den Schlitz an den Keulen\u00e4rmeln als auch das Vorderteil. Zarte wei\u00dfe Kl\u00f6ppelspitzen zieren den \u00c4rmelsaum und den niedrigen Stehkragen. Das Besondere an dieser Tracht ist jedoch die aufwendige Smokarbeit der Passe. Zierliche schwarze Perlen sind rautenf\u00f6rmig darin eingestickt. Der handgereihte Rock hat eine Saumweite von 3,40 Metern und wird durch einen Besenbortenabschluss gesch\u00fctzt. Ein schwarzer Organzaunterrock mit feinem Spitzenabschluss komplettiert die Tracht.<\/p>\n<div align=\"left\"><strong>Volkstracht-Trachtenverein Edelwei\u00df Antersdorf<\/strong><br \/>\n<strong><br \/>\n<\/strong><\/div>\n<table border=\"0\" width=\"348\" cellspacing=\"5\" cellpadding=\"5\" align=\"center\">\n<tbody>\n<tr>\n<td>\n<div align=\"center\"><a class=\"jcebox\" title=\"Volkstracht-Trachtenverein Edelwei\u00df Antersdorf\" href=\"http:\/\/www.mode-franziska.de\/atelier\/images\/stories\/Tracht6\/dscf0392.jpg\" rel=\"Tracht6\"><img decoding=\"async\" src=\"http:\/\/www.mode-franziska.de\/atelier\/images\/stories\/Tracht6\/thumbnails\/thumb_dscf0392.jpg\" alt=\"\" border=\"0\" \/><\/a><\/div>\n<\/td>\n<td><a class=\"jcebox\" title=\"Volkstracht-Trachtenverein Edelwei\u00df Antersdorf\" href=\"http:\/\/www.mode-franziska.de\/atelier\/images\/stories\/Tracht6\/dscf0389.jpg\" rel=\"Tracht6\"><img decoding=\"async\" src=\"http:\/\/www.mode-franziska.de\/atelier\/images\/stories\/Tracht6\/thumbnails\/thumb_dscf0389.jpg\" alt=\"\" border=\"0\" \/><\/a><\/td>\n<td><a class=\"jcebox\" title=\"Volkstracht-Trachtenverein Edelwei\u00df Antersdorf\" href=\"http:\/\/www.mode-franziska.de\/atelier\/images\/stories\/Tracht6\/dscf0390.jpg\" rel=\"Tracht6\"><img decoding=\"async\" src=\"http:\/\/www.mode-franziska.de\/atelier\/images\/stories\/Tracht6\/thumbnails\/thumb_dscf0390.jpg\" alt=\"\" border=\"0\" \/><\/a><\/td>\n<\/tr>\n<\/tbody>\n<\/table>\n<div align=\"left\"><span style=\"font-size: 8pt;\"><br \/>\nFoto: Monika Vitzthum<\/span><\/div>\n<div align=\"left\">Das dunkelblaue Schurwollkleid hat eine reiche Saumweite. Der\u00a0 angesetzte Rock ist 9 cm breit handgereiht und hat eine Eingrifftasche im Faltenbruch des rechten Vorderteils. Im R\u00fccken endet das Oberteil in einem V- , vorne dagegen in einem eckigen Ausschnitt. Eine dunkelblaue Paspel aus dem Grundstoff mit einer dazwischen gearbeiteten\u00a0 Paspolschnur\u00a0 vers\u00e4ubert die Kanten des Arm- und Halsausschnittes. In der vorderen Mitte ist ein Haken-und \u00d6senband mit Untertritt gearbeitet.<br \/>\nEine wei\u00dfe Baumwollbluse mit Spitzenbesatz an den \u00c4rmeln und am Hals wird mit einer Brosche verschlossen. Die farblich passende Webstreifensch\u00fcrze mit verst\u00fcrzten B\u00e4ndern ist ebenfalls handgereiht.<br \/>\n<strong>Tanzhose:<\/strong><br \/>\nEine knielange wei\u00dfe Baumwollhose mit schr\u00e4gem Einstieg und Spitzenabschluss an der Saumr\u00fcsche zieht die Blicke bei den schwungvollen Drehungen im Volkstanz auf sich.Einige\u00a0 liebevolle Details\u00a0 wie zum Beispiel die dachf\u00f6rmig gesteppten Biesen an den Seiten, sowie die Lochborte mit durchgezogenem Satinband und kleiner Schleife zieren die traditionsgebundene Tanzhose.<br \/>\n<strong>Drehrock:<\/strong><br \/>\nEin dreistufiger wei\u00dfer Unterrock mit Spitzenabschluss am Saumvolant\u00a0 komplettiert die Ausstattung f\u00fcr die Volkstanzgruppe. Das mittlere Volant hat eine Weite von \u00fcber zwei Metern, damit beim Drehen eine Glocke \u201estehen\u201c kann. Die Passe ist auf lockere H\u00fcftweite gearbeitet und hat im R\u00fcckteil einen bequemen Gummizug. Seitlich eingezogene B\u00e4nder schlie\u00dfen den Drehrock. Den Einstieg erleichtert ein\u00a0 Schlitz im Vorderteil.<\/p>\n<\/div>\n<div align=\"left\"><strong>Hellblaues Kleid mit Wechselsch\u00fcrze \u2013 festlich und allt\u00e4glich<\/strong><br \/>\n<strong><br \/>\n<\/strong><\/div>\n<table border=\"0\" width=\"348\" cellspacing=\"5\" cellpadding=\"5\" align=\"center\">\n<tbody>\n<tr>\n<td>\n<div align=\"center\"><a class=\"jcebox\" title=\"Hellblaues Kleid mit Wechselsch\u00fcrze\" href=\"http:\/\/www.mode-franziska.de\/atelier\/images\/stories\/Tracht2\/hellblau-3.jpg\" rel=\"Tracht2\"><img decoding=\"async\" src=\"http:\/\/www.mode-franziska.de\/atelier\/images\/stories\/Tracht2\/thumbnails\/thumb_hellblau-3.jpg\" alt=\"\" border=\"0\" \/><\/a><\/div>\n<\/td>\n<td><a class=\"jcebox\" title=\"Hellblaues Kleid mit Wechselsch\u00fcrze \" href=\"http:\/\/www.mode-franziska.de\/atelier\/images\/stories\/Tracht2\/hellblau-2.jpg\" rel=\"Tracht2\"><img decoding=\"async\" src=\"http:\/\/www.mode-franziska.de\/atelier\/images\/stories\/Tracht2\/thumbnails\/thumb_hellblau-2.jpg\" alt=\"\" border=\"0\" \/><\/a><\/td>\n<td><a class=\"jcebox\" title=\"Hellblaues Kleid mit Wechselsch\u00fcrze \" href=\"http:\/\/www.mode-franziska.de\/atelier\/images\/stories\/Tracht2\/hellblau.jpg\" rel=\"Tracht2\"><img decoding=\"async\" src=\"http:\/\/www.mode-franziska.de\/atelier\/images\/stories\/Tracht2\/thumbnails\/thumb_hellblau.jpg\" alt=\"\" border=\"0\" \/><\/a><\/td>\n<\/tr>\n<\/tbody>\n<\/table>\n<div align=\"left\"><span style=\"font-size: 8pt;\"><br \/>\nFoto: Monika Vitzthum<\/span><\/div>\n<div align=\"left\">Stoffgleiche Paspolierung um den tiefen\u00a0 Ausschnitt ziert das schlichte Baumwollkleid mit Punktdruck, dessen Rock\u00a0 in Falten gelegt ist. Die Bluse besteht aus feinem, wei\u00dfem Batist. Am runden, zum Oberteil stimmigen Ausschnitt und den \u00c4rmelkanten, sind breite Batistschr\u00e4gstreifen glatt angesetzt, welche in Bruch geb\u00fcgelt und an der offenen Kante dressiert, also ohne die \u00fcbliche Reihung\u00a0 gearbeitet sind. Als \u201eFesttagssch\u00fcrze\u201c eignet sich edler, wei\u00dfer Stickereit\u00fcll mit einem breiten, gebl\u00fcmten Sch\u00fcrzenband aus hellblauer Baumwolle. Die \u201eWerktagssch\u00fcrze\u201c ist eine einfach gereihte\u00a0 wei\u00dfgrundige Baumwollsch\u00fcrze mit ansprechendem blauem Rosenmuster im 50er Jahre Stil.<\/div>\n<div align=\"left\"><\/div>\n<div align=\"left\">\n<div align=\"left\"><strong>Gr\u00fcnes Trachtenkleid mit Rosensch\u00fcrze \u2013 Jagdszene aus Niederbayern<\/strong><br \/>\n<strong><br \/>\n<\/strong><\/div>\n<table border=\"0\" width=\"348\" cellspacing=\"5\" cellpadding=\"5\" align=\"center\">\n<tbody>\n<tr>\n<td>\n<div align=\"center\"><a class=\"jcebox\" title=\"Gr\u00fcnes Trachtenkleid mit Rosensch\u00fcrze \u2013 Jagdszene aus Niederbayern\" href=\"http:\/\/www.mode-franziska.de\/atelier\/images\/stories\/Tracht3\/tracht31.jpg\" rel=\"Tracht3\"><img decoding=\"async\" src=\"http:\/\/www.mode-franziska.de\/atelier\/images\/stories\/Tracht3\/thumbnails\/thumb_tracht31.jpg\" alt=\"\" border=\"0\" \/><\/a><\/div>\n<\/td>\n<td><a class=\"jcebox\" title=\"Gr\u00fcnes Trachtenkleid mit Rosensch\u00fcrze \u2013 Jagdszene aus Niederbayern \" href=\"http:\/\/www.mode-franziska.de\/atelier\/images\/stories\/Tracht3\/tracht32.jpg\" rel=\"Tracht3\"><img decoding=\"async\" src=\"http:\/\/www.mode-franziska.de\/atelier\/images\/stories\/Tracht3\/thumbnails\/thumb_tracht32.jpg\" alt=\"\" border=\"0\" \/><\/a><\/td>\n<td><a class=\"jcebox\" title=\"Gr\u00fcnes Trachtenkleid mit Rosensch\u00fcrze \u2013 Jagdszene aus Niederbayern \" href=\"http:\/\/www.mode-franziska.de\/atelier\/images\/stories\/Tracht3\/tracht33.jpg\" rel=\"Tracht3\"><img decoding=\"async\" src=\"http:\/\/www.mode-franziska.de\/atelier\/images\/stories\/Tracht3\/thumbnails\/thumb_tracht33.jpg\" alt=\"\" border=\"0\" \/><\/a><\/td>\n<\/tr>\n<\/tbody>\n<\/table>\n<div align=\"left\"><span style=\"font-size: 8pt;\"><br \/>\nFoto: Monika Vitzthum<\/span><\/div>\n<\/div>\n<div align=\"left\">Ein tannengr\u00fcnes Grundkleid aus weichflie\u00dfendem Flanell l\u00e4sst mit seinem Faltenrock und den\u00a0 markanten Kn\u00f6pfen im eckig ausgeschnitten Oberteil an eine Jagdszene denken. Die schmucke Jacke hat an den Teilungsn\u00e4hten 3 cm lange Schlitze. Dreieckige Pattentaschen zieren das Vorderteil,\u00a0 das anliegende R\u00fcckenteil wird mit einem dekorativen Riegel in Taillenh\u00f6he betont. Auff\u00e4llige Silberkn\u00f6pfe in unterschiedlichen Gr\u00f6\u00dfen unterstreichen die Gef\u00e4lligkeit des Teiles. Der \u00c4rmel hat eine schmale Reihung\u00a0 und der schlichte Stehkragen rundet das Modell harmonisch ab. Eine wei\u00dfgrundige Baumwollsch\u00fcrze mit ansprechendem Rosenmuster gibt dem Ganzen noch einen erfreulichen Farbtupfer.<\/div>\n<div align=\"left\"><a title=\"Herren\" name=\"Herren\"><\/a><\/div>\n<div align=\"left\"><strong>Doppelreihige Trachtenweste- Antersdorfer Tracht<\/strong><\/div>\n<div align=\"left\"><a href=\"http:\/\/www.mode-franziska.de\/atelier\/index2.php?option=com_jce&amp;task=popup\"><img loading=\"lazy\" decoding=\"async\" title=\"Doppelreihige Trachtenweste- Antersdorfer Tracht\" src=\"http:\/\/www.mode-franziska.de\/atelier\/images\/stories\/Tracht5\/thumbnails\/thumb_scannen00031.jpg\" alt=\"Doppelreihige Trachtenweste- Antersdorfer Tracht\" width=\"75\" height=\"150\" align=\"bottom\" border=\"0\" hspace=\"5\" vspace=\"5\" \/><\/a><\/div>\n<div align=\"left\"><span style=\"font-size: 8pt;\"><br \/>\nFoto: Privat<\/span><\/div>\n<div align=\"left\">Die Weste mit V-Ausschnitt im Revers und silbernen Halbkugelkn\u00f6pfen ist aus schwarzem besticktem Baumwollsamt gearbeitet. Eine Innenschlaufe in der Leistentasche dient zum Einh\u00e4ngen der Uhrkette.<\/div>\n","protected":false},"excerpt":{"rendered":"<p>weitere Modelle Mit traditionellen historischen Trachten zeigen Sie Bodenst\u00e4ndigkeit und Liebe zum Detail und haben somit \u201ea gscheids Gwand\u201c. Damen &#8211; Herren K\u00f6nigsblau ist Trumpf Foto: Monika Vitzthum Der Baumwollrock des k\u00f6nigsblauen Dirndls ist glockig geschnitten und mit wei\u00dfem Baumwollunterrock abgef\u00fcttert. Im Vorderteil sind formgebende Brustteile eingearbeitet und zwei Zentimeter breite R\u00fcschen aus dem Grundstoff [&hellip;]<\/p>\n","protected":false},"author":1,"featured_media":0,"parent":0,"menu_order":3,"comment_status":"closed","ping_status":"closed","template":"","meta":{"_et_pb_use_builder":"off","_et_pb_old_content":"<div align=\"left\">\n<div align=\"right\">\n<img title=\"schere\" src=\"http:\/\/www.mode-franziska.de\/atelier\/images\/stories\/Grafiken\/schere.gif\" alt=\"schere\" width=\"56\" height=\"44\" align=\"middle\" border=\"5\" hspace=\"5\" vspace=\"5\" \/><a href=\"http:\/\/www.mode-franziska.de\/atelier\/index.php?option=com_content&amp;task=view&amp;id=16&amp;Itemid=31&gt;title=\"><strong>weitere Modelle<\/strong><\/a><\/div>\nMit traditionellen historischen Trachten zeigen Sie Bodenst\u00e4ndigkeit und Liebe zum Detail und haben somit \u201ea gscheids Gwand\u201c.\n\n<\/div>\n<div align=\"left\"><a href=\"#Damen\">Damen<\/a> - <a href=\"#Herren\">Herren<\/a><\/div>\n<div align=\"left\"><strong>K\u00f6nigsblau ist Trumpf<\/strong>\n<div align=\"left\"><\/div>\n<table border=\"0\" width=\"348\" cellspacing=\"5\" cellpadding=\"5\" align=\"center\">\n<tbody>\n<tr>\n<td>\n<div align=\"center\"><a class=\"jcebox\" title=\"K\u00f6nigsblau ist Trumpf\" href=\"http:\/\/www.mode-franziska.de\/atelier\/images\/stories\/Tracht9\/blau1.jpg\" rel=\"Tracht9\"><img src=\"http:\/\/www.mode-franziska.de\/atelier\/images\/stories\/Tracht9\/thumbnails\/thumb_blau1.jpg\" alt=\"\" border=\"0\" \/><\/a><\/div><\/td>\n<td><a class=\"jcebox\" title=\"K\u00f6nigsblau ist Trumpf\" href=\"http:\/\/www.mode-franziska.de\/atelier\/images\/stories\/Tracht9\/blau2.jpg\" rel=\"Tracht9\"><img src=\"http:\/\/www.mode-franziska.de\/atelier\/images\/stories\/Tracht9\/thumbnails\/thumb_blau2.jpg\" alt=\"\" border=\"0\" \/><\/a><\/td>\n<td><a class=\"jcebox\" title=\"K\u00f6nigsblau ist Trumpf\" href=\"http:\/\/www.mode-franziska.de\/atelier\/images\/stories\/Tracht9\/blau3.jpg\" rel=\"Tracht9\"><img src=\"http:\/\/www.mode-franziska.de\/atelier\/images\/stories\/Tracht9\/thumbnails\/thumb_blau3.jpg\" alt=\"\" border=\"0\" \/><\/a><\/td>\n<\/tr>\n<\/tbody>\n<\/table>\n<div align=\"left\"><span style=\"font-size: 8pt;\">Foto: Monika Vitzthum<\/span><\/div>\nDer Baumwollrock des k\u00f6nigsblauen Dirndls ist glockig geschnitten und mit wei\u00dfem Baumwollunterrock abgef\u00fcttert. Im Vorderteil sind formgebende Brustteile eingearbeitet und zwei Zentimeter breite R\u00fcschen aus dem Grundstoff liebevoll an den bogigen Ausschnitt gesetzt. Eine Kettenschn\u00fcrung ziert den Hakenverschluss. Sehr interessant ist die R\u00fcckenl\u00f6sung. Vom spitzen R\u00fcckenausschnitt gehen zu beiden Seiten drei gleich breite Streifen bis zur Seitennaht. Jugendlich dazu wirkt die wei\u00dfgrundige Streublumensch\u00fcrze, die in kleine F\u00e4ltchen gelegt ist und deren Saum abgerundet ist.\n\n<\/div>\n<div align=\"left\"><\/div>\n<div align=\"left\"><strong>Baumwolldirndl\n<\/strong><\/div>\n<div align=\"left\"><\/div>\n<table border=\"0\" width=\"348\" cellspacing=\"5\" cellpadding=\"5\" align=\"center\">\n<tbody>\n<tr>\n<td>\n<div align=\"center\"><a class=\"jcebox\" title=\"Baumwolldirndl\" href=\"http:\/\/www.mode-franziska.de\/atelier\/images\/stories\/Tracht8\/baumwolldirndl1.jpg\" rel=\"Tracht8\"><img src=\"http:\/\/www.mode-franziska.de\/atelier\/images\/stories\/Tracht8\/thumbnails\/thumb_baumwolldirndl1.jpg\" alt=\"\" border=\"0\" \/><\/a><\/div><\/td>\n<td><a class=\"jcebox\" title=\"Baumwolldirndl\" href=\"http:\/\/www.mode-franziska.de\/atelier\/images\/stories\/Tracht8\/baumwolldirndl2.jpg\" rel=\"Tracht8\"><img src=\"http:\/\/www.mode-franziska.de\/atelier\/images\/stories\/Tracht8\/thumbnails\/thumb_baumwolldirndl2.jpg\" alt=\"\" border=\"0\" \/><\/a><\/td>\n<td><a class=\"jcebox\" title=\"Baumwolldirndl\" href=\"http:\/\/www.mode-franziska.de\/atelier\/images\/stories\/Tracht8\/baumwolldirndl3.jpg\" rel=\"Tracht8\"><img src=\"http:\/\/www.mode-franziska.de\/atelier\/images\/stories\/Tracht8\/thumbnails\/thumb_baumwolldirndl3.jpg\" alt=\"\" border=\"0\" \/><\/a><\/td>\n<\/tr>\n<\/tbody>\n<\/table>\n<div align=\"left\"><span style=\"font-size: 8pt;\">Foto: Monika Vitzthum<\/span><\/div>\n<div align=\"left\">\n<div align=\"left\">Jugendliche Grazie und zarte Einfachheit zeichnet dieses all-over Streubl\u00fcmchendirndl aus. Der Rock ist rundherum in Quetschfalten gelegt. Silberkn\u00f6pfe schlie\u00dfen das Oberteil. Die handgereihte, zart karierte Baumwollsch\u00fcrze \u00a0rundet das Dirndl stimmig ab.<\/div>\n<div align=\"left\"><\/div>\n<div align=\"left\">\n<div align=\"left\"><strong>Flottes Trachtenpaar<\/strong><\/div>\n<table border=\"0\" width=\"348\" cellspacing=\"5\" cellpadding=\"5\" align=\"center\">\n<tbody>\n<tr>\n<td>\n<div align=\"center\"><a class=\"jcebox\" title=\"Flottes Trachtenpaar\" href=\"http:\/\/www.mode-franziska.de\/atelier\/images\/stories\/Trachtenpaar\/dirndl.jpg\" rel=\"Trachtenpaar\"><img src=\"http:\/\/www.mode-franziska.de\/atelier\/images\/stories\/Trachtenpaar\/thumbnails\/thumb_dirndl1.jpg\" alt=\"\" border=\"0\" \/><\/a><\/div><\/td>\n<td><a class=\"jcebox\" title=\"Flottes Trachtenpaar\" href=\"http:\/\/www.mode-franziska.de\/atelier\/images\/stories\/Trachtenpaar\/dirndl2.jpg\" rel=\"Trachtenpaar\"><img src=\"http:\/\/www.mode-franziska.de\/atelier\/images\/stories\/Trachtenpaar\/thumbnails\/thumb_dirndl2.jpg\" alt=\"\" border=\"0\" \/><\/a><\/td>\n<td><a class=\"jcebox\" title=\"Flottes Trachtenpaar\" href=\"http:\/\/www.mode-franziska.de\/atelier\/images\/stories\/Trachtenpaar\/dirndl3.jpg\" rel=\"Trachtenpaar\"><img src=\"http:\/\/www.mode-franziska.de\/atelier\/images\/stories\/Trachtenpaar\/thumbnails\/thumb_dirndl3.jpg\" alt=\"\" border=\"0\" \/><\/a><\/td>\n<\/tr>\n<\/tbody>\n<\/table>\n<div align=\"left\"><span style=\"font-size: 8pt;\">Foto: privat<\/span><\/div>\n<div align=\"left\">\n<div align=\"left\">Das adrette lila Baumwolldirndl ist im R\u00fccken mit Wiener N\u00e4hten und im Vorderteil mit einem formgebenden Einsatz und Schn\u00fcrung verarbeitet. Den weichgezogenen tiefen Carreeausschnitt ziert eine aus dem Grundstoff und dem gleichfarbigen Streifenstoff verst\u00fcrzte Froschmaulr\u00fcsche, die mit zarten lilafarbigen Perlen bestickt ist. Die Handreihung im mittleren hinteren Rockteil gibt dem ansonsten schlankmachenden in Falten gelegten Dirndlrock eine interessante Note.\nEine dezent karierte von Hand gestieftelte Seidensch\u00fcrze komplettiert das Dirndl. Das dazupassende kleinkarierte Baumwollhemd ist an der Kragensteginnenseite und den inneren \u00c4rmelmanschetten mit dem Dirndlstoff verst\u00fcrzt.<\/div>\n<\/div>\n<\/div>\n<div><\/div>\n<\/div>\n<div align=\"left\"><strong>Goldhaubentracht \u2013 aufwendige Smokarbeit<\/strong><\/div>\n<table border=\"0\" width=\"348\" cellspacing=\"5\" cellpadding=\"5\" align=\"center\">\n<tbody>\n<tr>\n<td>\n<div align=\"center\"><a class=\"jcebox\" title=\"Goldhaubentracht \u2013 aufwendige Smokarbeit\" href=\"http:\/\/www.mode-franziska.de\/atelier\/images\/stories\/Tracht1\/gold.jpg\" rel=\"Tracht1\"><img src=\"http:\/\/www.mode-franziska.de\/atelier\/images\/stories\/Tracht1\/thumbnails\/thumb_gold.jpg\" alt=\"\" border=\"0\" \/><\/a><\/div><\/td>\n<td><a class=\"jcebox\" title=\"Goldhaubentracht \u2013 aufwendige Smokarbeit\" href=\"http:\/\/www.mode-franziska.de\/atelier\/images\/stories\/Tracht1\/gold-3.jpg\" rel=\"Tracht1\"><img src=\"http:\/\/www.mode-franziska.de\/atelier\/images\/stories\/Tracht1\/thumbnails\/thumb_gold-3.jpg\" alt=\"\" border=\"0\" \/><\/a><\/td>\n<td><a class=\"jcebox\" title=\"Goldhaubentracht \u2013 aufwendige Smokarbeit\" href=\"http:\/\/www.mode-franziska.de\/atelier\/images\/stories\/Tracht1\/gold-2.jpg\" rel=\"Tracht1\"><img src=\"http:\/\/www.mode-franziska.de\/atelier\/images\/stories\/Tracht1\/thumbnails\/thumb_gold-2.jpg\" alt=\"\" border=\"0\" \/><\/a><\/td>\n<td><\/td>\n<td><\/td>\n<td><\/td>\n<\/tr>\n<tr>\n<td><a class=\"jcebox\" title=\"Goldhaubentracht \u2013 aufwendige Smokarbeit\" href=\"http:\/\/www.mode-franziska.de\/atelier\/images\/stories\/Tracht1\/gold-5.jpg\" rel=\"Tracht1\"><img src=\"http:\/\/www.mode-franziska.de\/atelier\/images\/stories\/Tracht1\/thumbnails\/thumb_gold-5.jpg\" alt=\"\" border=\"0\" \/><\/a><\/td>\n<td><a class=\"jcebox\" title=\"Goldhaubentracht \u2013 aufwendige Smokarbeit\" href=\"http:\/\/www.mode-franziska.de\/atelier\/images\/stories\/Tracht1\/gold-6.jpg\" rel=\"Tracht1\"><img src=\"http:\/\/www.mode-franziska.de\/atelier\/images\/stories\/Tracht1\/thumbnails\/thumb_gold-6.jpg\" alt=\"\" border=\"0\" \/><\/a><\/td>\n<td><a class=\"jcebox\" title=\"Goldhaubentracht \u2013 aufwendige Smokarbeit\" href=\"http:\/\/www.mode-franziska.de\/atelier\/images\/stories\/Tracht1\/gold-4.jpg\" rel=\"Tracht1\"><img src=\"http:\/\/www.mode-franziska.de\/atelier\/images\/stories\/Tracht1\/thumbnails\/thumb_gold-4.jpg\" alt=\"\" border=\"0\" \/><\/a><\/td>\n<td><\/td>\n<td><\/td>\n<td><\/td>\n<\/tr>\n<\/tbody>\n<\/table>\n<p align=\"left\"><span style=\"font-size: 8pt;\">\nFoto: Monika Vitzthum<\/span>\nDas zweiteilige Trachtenkleid aus gr\u00fcner Seide ist mit feinstem Batist unterlegt. Ein fachm\u00e4nnischer Futtertaillenschnitt bewirkt die figurbetonende Passform des Spencers. Die Teilungs- und Ziern\u00e4hte sind mit einer sch\u00f6nen Bogenborte verziert. Kleine schwarze Kugelkn\u00f6pfe schlie\u00dfen sowohl den Schlitz an den Keulen\u00e4rmeln als auch das Vorderteil. Zarte wei\u00dfe Kl\u00f6ppelspitzen zieren den \u00c4rmelsaum und den niedrigen Stehkragen. Das Besondere an dieser Tracht ist jedoch die aufwendige Smokarbeit der Passe. Zierliche schwarze Perlen sind rautenf\u00f6rmig darin eingestickt. Der handgereihte Rock hat eine Saumweite von 3,40 Metern und wird durch einen Besenbortenabschluss gesch\u00fctzt. Ein schwarzer Organzaunterrock mit feinem Spitzenabschluss komplettiert die Tracht.<\/p>\n\n<div align=\"left\"><strong>Volkstracht-Trachtenverein Edelwei\u00df Antersdorf<\/strong>\n<strong>\n<\/strong><\/div>\n<table border=\"0\" width=\"348\" cellspacing=\"5\" cellpadding=\"5\" align=\"center\">\n<tbody>\n<tr>\n<td>\n<div align=\"center\"><a class=\"jcebox\" title=\"Volkstracht-Trachtenverein Edelwei\u00df Antersdorf\" href=\"http:\/\/www.mode-franziska.de\/atelier\/images\/stories\/Tracht6\/dscf0392.jpg\" rel=\"Tracht6\"><img src=\"http:\/\/www.mode-franziska.de\/atelier\/images\/stories\/Tracht6\/thumbnails\/thumb_dscf0392.jpg\" alt=\"\" border=\"0\" \/><\/a><\/div><\/td>\n<td><a class=\"jcebox\" title=\"Volkstracht-Trachtenverein Edelwei\u00df Antersdorf\" href=\"http:\/\/www.mode-franziska.de\/atelier\/images\/stories\/Tracht6\/dscf0389.jpg\" rel=\"Tracht6\"><img src=\"http:\/\/www.mode-franziska.de\/atelier\/images\/stories\/Tracht6\/thumbnails\/thumb_dscf0389.jpg\" alt=\"\" border=\"0\" \/><\/a><\/td>\n<td><a class=\"jcebox\" title=\"Volkstracht-Trachtenverein Edelwei\u00df Antersdorf\" href=\"http:\/\/www.mode-franziska.de\/atelier\/images\/stories\/Tracht6\/dscf0390.jpg\" rel=\"Tracht6\"><img src=\"http:\/\/www.mode-franziska.de\/atelier\/images\/stories\/Tracht6\/thumbnails\/thumb_dscf0390.jpg\" alt=\"\" border=\"0\" \/><\/a><\/td>\n<\/tr>\n<\/tbody>\n<\/table>\n<div align=\"left\"><span style=\"font-size: 8pt;\">\nFoto: Monika Vitzthum<\/span><\/div>\n<div align=\"left\">Das dunkelblaue Schurwollkleid hat eine reiche Saumweite. Der\u00a0 angesetzte Rock ist 9 cm breit handgereiht und hat eine Eingrifftasche im Faltenbruch des rechten Vorderteils. Im R\u00fccken endet das Oberteil in einem V- , vorne dagegen in einem eckigen Ausschnitt. Eine dunkelblaue Paspel aus dem Grundstoff mit einer dazwischen gearbeiteten\u00a0 Paspolschnur\u00a0 vers\u00e4ubert die Kanten des Arm- und Halsausschnittes. In der vorderen Mitte ist ein Haken-und \u00d6senband mit Untertritt gearbeitet.\nEine wei\u00dfe Baumwollbluse mit Spitzenbesatz an den \u00c4rmeln und am Hals wird mit einer Brosche verschlossen. Die farblich passende Webstreifensch\u00fcrze mit verst\u00fcrzten B\u00e4ndern ist ebenfalls handgereiht.\n<strong>Tanzhose:<\/strong>\nEine knielange wei\u00dfe Baumwollhose mit schr\u00e4gem Einstieg und Spitzenabschluss an der Saumr\u00fcsche zieht die Blicke bei den schwungvollen Drehungen im Volkstanz auf sich.Einige\u00a0 liebevolle Details\u00a0 wie zum Beispiel die dachf\u00f6rmig gesteppten Biesen an den Seiten, sowie die Lochborte mit durchgezogenem Satinband und kleiner Schleife zieren die traditionsgebundene Tanzhose.\n<strong>Drehrock:<\/strong>\nEin dreistufiger wei\u00dfer Unterrock mit Spitzenabschluss am Saumvolant\u00a0 komplettiert die Ausstattung f\u00fcr die Volkstanzgruppe. Das mittlere Volant hat eine Weite von \u00fcber zwei Metern, damit beim Drehen eine Glocke \u201estehen\u201c kann. Die Passe ist auf lockere H\u00fcftweite gearbeitet und hat im R\u00fcckteil einen bequemen Gummizug. Seitlich eingezogene B\u00e4nder schlie\u00dfen den Drehrock. Den Einstieg erleichtert ein\u00a0 Schlitz im Vorderteil.\n\n<\/div>\n<div align=\"left\"><strong>Hellblaues Kleid mit Wechselsch\u00fcrze \u2013 festlich und allt\u00e4glich<\/strong>\n<strong>\n<\/strong><\/div>\n<table border=\"0\" width=\"348\" cellspacing=\"5\" cellpadding=\"5\" align=\"center\">\n<tbody>\n<tr>\n<td>\n<div align=\"center\"><a class=\"jcebox\" title=\"Hellblaues Kleid mit Wechselsch\u00fcrze\" href=\"http:\/\/www.mode-franziska.de\/atelier\/images\/stories\/Tracht2\/hellblau-3.jpg\" rel=\"Tracht2\"><img src=\"http:\/\/www.mode-franziska.de\/atelier\/images\/stories\/Tracht2\/thumbnails\/thumb_hellblau-3.jpg\" alt=\"\" border=\"0\" \/><\/a><\/div><\/td>\n<td><a class=\"jcebox\" title=\"Hellblaues Kleid mit Wechselsch\u00fcrze \" href=\"http:\/\/www.mode-franziska.de\/atelier\/images\/stories\/Tracht2\/hellblau-2.jpg\" rel=\"Tracht2\"><img src=\"http:\/\/www.mode-franziska.de\/atelier\/images\/stories\/Tracht2\/thumbnails\/thumb_hellblau-2.jpg\" alt=\"\" border=\"0\" \/><\/a><\/td>\n<td><a class=\"jcebox\" title=\"Hellblaues Kleid mit Wechselsch\u00fcrze \" href=\"http:\/\/www.mode-franziska.de\/atelier\/images\/stories\/Tracht2\/hellblau.jpg\" rel=\"Tracht2\"><img src=\"http:\/\/www.mode-franziska.de\/atelier\/images\/stories\/Tracht2\/thumbnails\/thumb_hellblau.jpg\" alt=\"\" border=\"0\" \/><\/a><\/td>\n<\/tr>\n<\/tbody>\n<\/table>\n<div align=\"left\"><span style=\"font-size: 8pt;\">\nFoto: Monika Vitzthum<\/span><\/div>\n<div align=\"left\">Stoffgleiche Paspolierung um den tiefen\u00a0 Ausschnitt ziert das schlichte Baumwollkleid mit Punktdruck, dessen Rock\u00a0 in Falten gelegt ist. Die Bluse besteht aus feinem, wei\u00dfem Batist. Am runden, zum Oberteil stimmigen Ausschnitt und den \u00c4rmelkanten, sind breite Batistschr\u00e4gstreifen glatt angesetzt, welche in Bruch geb\u00fcgelt und an der offenen Kante dressiert, also ohne die \u00fcbliche Reihung\u00a0 gearbeitet sind. Als \u201eFesttagssch\u00fcrze\u201c eignet sich edler, wei\u00dfer Stickereit\u00fcll mit einem breiten, gebl\u00fcmten Sch\u00fcrzenband aus hellblauer Baumwolle. Die \u201eWerktagssch\u00fcrze\u201c ist eine einfach gereihte\u00a0 wei\u00dfgrundige Baumwollsch\u00fcrze mit ansprechendem blauem Rosenmuster im 50er Jahre Stil.<\/div>\n<div align=\"left\"><\/div>\n<div align=\"left\">\n<div align=\"left\"><strong>Gr\u00fcnes Trachtenkleid mit Rosensch\u00fcrze \u2013 Jagdszene aus Niederbayern<\/strong>\n<strong>\n<\/strong><\/div>\n<table border=\"0\" width=\"348\" cellspacing=\"5\" cellpadding=\"5\" align=\"center\">\n<tbody>\n<tr>\n<td>\n<div align=\"center\"><a class=\"jcebox\" title=\"Gr\u00fcnes Trachtenkleid mit Rosensch\u00fcrze \u2013 Jagdszene aus Niederbayern\" href=\"http:\/\/www.mode-franziska.de\/atelier\/images\/stories\/Tracht3\/tracht31.jpg\" rel=\"Tracht3\"><img src=\"http:\/\/www.mode-franziska.de\/atelier\/images\/stories\/Tracht3\/thumbnails\/thumb_tracht31.jpg\" alt=\"\" border=\"0\" \/><\/a><\/div><\/td>\n<td><a class=\"jcebox\" title=\"Gr\u00fcnes Trachtenkleid mit Rosensch\u00fcrze \u2013 Jagdszene aus Niederbayern \" href=\"http:\/\/www.mode-franziska.de\/atelier\/images\/stories\/Tracht3\/tracht32.jpg\" rel=\"Tracht3\"><img src=\"http:\/\/www.mode-franziska.de\/atelier\/images\/stories\/Tracht3\/thumbnails\/thumb_tracht32.jpg\" alt=\"\" border=\"0\" \/><\/a><\/td>\n<td><a class=\"jcebox\" title=\"Gr\u00fcnes Trachtenkleid mit Rosensch\u00fcrze \u2013 Jagdszene aus Niederbayern \" href=\"http:\/\/www.mode-franziska.de\/atelier\/images\/stories\/Tracht3\/tracht33.jpg\" rel=\"Tracht3\"><img src=\"http:\/\/www.mode-franziska.de\/atelier\/images\/stories\/Tracht3\/thumbnails\/thumb_tracht33.jpg\" alt=\"\" border=\"0\" \/><\/a><\/td>\n<\/tr>\n<\/tbody>\n<\/table>\n<div align=\"left\"><span style=\"font-size: 8pt;\">\nFoto: Monika Vitzthum<\/span><\/div>\n<\/div>\n<div align=\"left\">Ein tannengr\u00fcnes Grundkleid aus weichflie\u00dfendem Flanell l\u00e4sst mit seinem Faltenrock und den\u00a0 markanten Kn\u00f6pfen im eckig ausgeschnitten Oberteil an eine Jagdszene denken. Die schmucke Jacke hat an den Teilungsn\u00e4hten 3 cm lange Schlitze. Dreieckige Pattentaschen zieren das Vorderteil,\u00a0 das anliegende R\u00fcckenteil wird mit einem dekorativen Riegel in Taillenh\u00f6he betont. Auff\u00e4llige Silberkn\u00f6pfe in unterschiedlichen Gr\u00f6\u00dfen unterstreichen die Gef\u00e4lligkeit des Teiles. Der \u00c4rmel hat eine schmale Reihung\u00a0 und der schlichte Stehkragen rundet das Modell harmonisch ab. Eine wei\u00dfgrundige Baumwollsch\u00fcrze mit ansprechendem Rosenmuster gibt dem Ganzen noch einen erfreulichen Farbtupfer.<\/div>\n<div align=\"left\"><a title=\"Herren\" name=\"Herren\"><\/a><\/div>\n<div align=\"left\"><strong>Doppelreihige Trachtenweste- Antersdorfer Tracht<\/strong><\/div>\n<div align=\"left\"><a href=\"http:\/\/www.mode-franziska.de\/atelier\/index2.php?option=com_jce&amp;task=popup\"><img title=\"Doppelreihige Trachtenweste- Antersdorfer Tracht\" src=\"http:\/\/www.mode-franziska.de\/atelier\/images\/stories\/Tracht5\/thumbnails\/thumb_scannen00031.jpg\" alt=\"Doppelreihige Trachtenweste- Antersdorfer Tracht\" width=\"75\" height=\"150\" align=\"bottom\" border=\"0\" hspace=\"5\" vspace=\"5\" \/><\/a><\/div>\n<div align=\"left\"><span style=\"font-size: 8pt;\">\nFoto: Privat<\/span><\/div>\n<div align=\"left\">Die Weste mit V-Ausschnitt im Revers und silbernen Halbkugelkn\u00f6pfen ist aus schwarzem besticktem Baumwollsamt gearbeitet. Eine Innenschlaufe in der Leistentasche dient zum Einh\u00e4ngen der Uhrkette.<\/div>","_et_gb_content_width":"793","footnotes":""},"class_list":["post-312","page","type-page","status-publish","hentry"],"_links":{"self":[{"href":"https:\/\/mode-franziska.de\/neu\/wp-json\/wp\/v2\/pages\/312","targetHints":{"allow":["GET"]}}],"collection":[{"href":"https:\/\/mode-franziska.de\/neu\/wp-json\/wp\/v2\/pages"}],"about":[{"href":"https:\/\/mode-franziska.de\/neu\/wp-json\/wp\/v2\/types\/page"}],"author":[{"embeddable":true,"href":"https:\/\/mode-franziska.de\/neu\/wp-json\/wp\/v2\/users\/1"}],"replies":[{"embeddable":true,"href":"https:\/\/mode-franziska.de\/neu\/wp-json\/wp\/v2\/comments?post=312"}],"version-history":[{"count":6,"href":"https:\/\/mode-franziska.de\/neu\/wp-json\/wp\/v2\/pages\/312\/revisions"}],"predecessor-version":[{"id":847,"href":"https:\/\/mode-franziska.de\/neu\/wp-json\/wp\/v2\/pages\/312\/revisions\/847"}],"wp:attachment":[{"href":"https:\/\/mode-franziska.de\/neu\/wp-json\/wp\/v2\/media?parent=312"}],"curies":[{"name":"wp","href":"https:\/\/api.w.org\/{rel}","templated":true}]}}