{"id":314,"date":"2015-07-08T20:52:41","date_gmt":"2015-07-08T18:52:41","guid":{"rendered":"https:\/\/mode-franziska.de\/neu\/herrenmode\/"},"modified":"2021-09-09T14:31:11","modified_gmt":"2021-09-09T12:31:11","slug":"herrenmode","status":"publish","type":"page","link":"https:\/\/mode-franziska.de\/neu\/herrenmode\/","title":{"rendered":"Herrenmode"},"content":{"rendered":"<p>Elgant, klassisch schlicht oder mit ganz besonderen Modeideen &#8211; auch f\u00fcr Herren gibt es vielf\u00e4ltige modische Ideen &#8211; und das nicht nur zur Hochzeit!<\/p>\n<div align=\"left\">\n<div align=\"left\">\n<strong>Lieblingsjanker<\/strong><\/p>\n<div align=\"left\"><\/div>\n<table width=\"348\" height=\"160\" cellspacing=\"5\" cellpadding=\"5\" border=\"0\" align=\"center\">\n<tbody>\n<tr>\n<td>\n<div align=\"center\">\n\t\t\t<a rel=\"Lieblingsjanker\" href=\"http:\/\/www.mode-franziska.de\/atelier\/images\/stories\/janker\/janker1.jpg\" title=\"Lieblingsjanker\" class=\"jcebox\"><img decoding=\"async\" src=\"http:\/\/www.mode-franziska.de\/atelier\/images\/stories\/janker\/thumb\/thumb_janker1.jpg\" alt=\"\" border=\"0\"><\/a><\/div>\n<\/td>\n<td><a rel=\"Lieblingsjanker\" href=\"http:\/\/www.mode-franziska.de\/atelier\/images\/stories\/janker\/janker2.jpg\" title=\"Lieblingsjanker\" class=\"jcebox\"><img decoding=\"async\" src=\"http:\/\/www.mode-franziska.de\/atelier\/images\/stories\/janker\/thumb\/thumb_janker2.jpg\" alt=\"\" border=\"0\"><\/a><\/td>\n<td><a rel=\"Lieblingsjanker\" href=\"http:\/\/www.mode-franziska.de\/atelier\/images\/stories\/janker\/janker3.jpg\" title=\"Lieblingsjanker\" class=\"jcebox\"><img decoding=\"async\" src=\"http:\/\/www.mode-franziska.de\/atelier\/images\/stories\/janker\/thumb\/thumb_janker3.jpg\" alt=\"\" border=\"0\"><\/a><\/td>\n<\/tr>\n<\/tbody>\n<\/table>\n<div align=\"left\">\n<span style=\"font-size: 8pt\">Foto: Monika Vitzthum<\/span><\/div>\n<p>Dieser leicht taillierte Janker aus grauem Salonloden besticht durch<br \/>\nseine Schlichtheit und doch raffinierte Ausarbeitung im Detail: Im<br \/>\ngeformten R\u00fccken sind zwei verdeckte Schlitze, der hohe Stehkragen<br \/>\nund das Beleg sind mit dem Leinenstoff vom Dirndloberteil (siehe<br \/>\nTracht- Unverf\u00e4lschtes Dirndl) unterlegt. Dabei<br \/>\n\u201eblitzt\u201c das Leinen an den Kanten noch schmal hervor, genau<br \/>\nwie bei den aufgesetzten Taschen. Ansprechende&nbsp;<br \/>\nTrachtenkn\u00f6pfe in Altsilber runden das Gesamtbild ab. Die Dame<br \/>\ntr\u00e4gt einen figurbetonenden&nbsp; grauen Walkjanker mit den<br \/>\ngleichen Kn\u00f6pfen und der ist ebenfalls mit dem Leinenstoff<br \/>\n\u201causgeputzt\u201c wie der Herrenjanker.<\/p>\n<div align=\"left\"><\/div>\n<p><strong>Fischgratweste<\/strong><\/p>\n<div align=\"left\"><\/div>\n<table width=\"348\" height=\"160\" cellspacing=\"5\" cellpadding=\"5\" border=\"0\" align=\"center\">\n<tbody>\n<tr>\n<td>\n<a rel=\"Fischgrat\" href=\"http:\/\/www.mode-franziska.de\/atelier\/images\/stories\/Fischgrat\/fisch1.jpg\" title=\"Fischgratweste\" class=\"jcebox\"><img decoding=\"async\" src=\"http:\/\/www.mode-franziska.de\/atelier\/images\/stories\/Fischgrat\/thumbnails\/fisch1_thumb.jpg\" alt=\"\" border=\"0\"><\/a><\/td>\n<td>\n<a rel=\"Fischgrat\" href=\"http:\/\/www.mode-franziska.de\/atelier\/images\/stories\/Fischgrat\/fisch2.jpg\" title=\"Fischgratweste\" class=\"jcebox\"><img decoding=\"async\" src=\"http:\/\/www.mode-franziska.de\/atelier\/images\/stories\/Fischgrat\/thumbnails\/fisch2_thumb.jpg\" \"=\"\" alt=\"\" border=\"0\"><\/a><\/td>\n<td>\n<a rel=\"Fischgrat\" href=\"http:\/\/www.mode-franziska.de\/atelier\/images\/stories\/Fischgrat\/fisch3.jpg\" title=\"Fischgratweste\" class=\"jcebox\"><img decoding=\"async\" src=\"http:\/\/www.mode-franziska.de\/atelier\/images\/stories\/Fischgrat\/thumbnails\/fisch3_thumb.jpg\" alt=\"\" border=\"0\"><\/a><\/td>\n<\/tr>\n<\/tbody>\n<\/table>\n<div align=\"left\">\n<span style=\"font-size: 8pt\">Foto: Monika Vitzthum<\/span><\/div>\n<p>Diese vielseitige Trachtenweste&nbsp; aus braunbeigem Fischgrat wurde<br \/>\nmit&nbsp; Stehkragen und Hirschhornkn\u00f6pfen verarbeitet.&nbsp; Der<br \/>\nR\u00fccken besteht aus einem changierenden Futtersatin und ist<br \/>\nebenfalls&nbsp; mit einer&nbsp; Westenschlie\u00dfe in der Weite<br \/>\nverstellbar.<br \/>\nSiehe auch <a href=\"http:\/\/www.mode-franziska.de\/atelier\/index.php?option=com_content&amp;task=view&amp;id=16&amp;Itemid=31\u201e\">Paarkombinationen <\/a>unter Trachten.<\/p>\n<\/div>\n<div align=\"left\">\n<strong>Verwandlungsk\u00fcnstler<\/strong><\/p>\n<div align=\"left\"><\/div>\n<table width=\"348\" height=\"160\" cellspacing=\"5\" cellpadding=\"5\" border=\"0\" align=\"center\">\n<tbody>\n<tr>\n<td>\n<a rel=\"Verwandlungsk\u00fcnstler\" href=\"http:\/\/www.mode-franziska.de\/atelier\/images\/stories\/Verwandlungskuenstler\/verwand1.jpg\" title=\"Samtweste\" class=\"jcebox\"><img decoding=\"async\" src=\"http:\/\/www.mode-franziska.de\/atelier\/images\/stories\/Verwandlungskuenstler\/thumb\/thumb_verwand1.jpg\" alt=\"\" border=\"0\"><\/a><\/td>\n<td>\n<a rel=\"Verwandlungsk\u00fcnstler\" href=\"http:\/\/www.mode-franziska.de\/atelier\/images\/stories\/Verwandlungskuenstler\/verwand2.jpg\" title=\"Samtweste\" class=\"jcebox\"><img decoding=\"async\" src=\"http:\/\/www.mode-franziska.de\/atelier\/images\/stories\/Verwandlungskuenstler\/thumb\/thumb_verwand2.jpg\" alt=\"\" border=\"0\"><\/a><\/td>\n<td>\n<a rel=\"Verwandlungsk\u00fcnstler\" href=\"http:\/\/www.mode-franziska.de\/atelier\/images\/stories\/Verwandlungskuenstler\/verwand3.jpg\" title=\"Samtweste\" class=\"jcebox\"><img decoding=\"async\" src=\"http:\/\/www.mode-franziska.de\/atelier\/images\/stories\/Verwandlungskuenstler\/thumb\/thumb_verwand3.jpg\" alt=\"\" border=\"0\"><\/a><\/td>\n<\/tr>\n<\/tbody>\n<\/table>\n<div align=\"left\">\n<span style=\"font-size: 8pt\">Foto: Monika Vitzthum<\/span><\/div>\n<p>Diese erbsengr\u00fcne Baumwollweste mit V-Ausschnitt hat mehrere<br \/>\nPluspunkte:<\/p>\n<ul>\n<li>Wiener N\u00e4hte im Vorderteil, wobei der&nbsp; Webstreifen im<br \/>\nSeitenteil schr\u00e4g verl\u00e4uft<\/li>\n<li>&nbsp;Die Zierblenden am V-Ausschnitt sind abnehmbar; somit kann<br \/>\nman die Weste ganz schlicht uni tragen oder passend zu den<br \/>\nKleidern&nbsp; \u201cSommerfolklore\u201c und<br \/>\n\u201eStreifenspiel\u201c mit dem blau-gr\u00fcnen Einsatz&nbsp;<br \/>\n(siehe&nbsp;<a href=\"http:\/\/www.mode-franziska.de\/atelier\/index.php?option=com_content&amp;task=view&amp;id=16&amp;Itemid=31\">\u201eTrachtenmode\u201c<\/a>und <a href=\"http:\/\/www.mode-franziska.de\/atelier\/index.php?option=com_content&amp;task=view&amp;id=14&amp;Itemid=28\">\u201etrendige Mode\u201c<\/a><\/li>\n<li>&nbsp; Flache, altsilberne&nbsp; Trachtenkn\u00f6pfe<\/li>\n<li>&nbsp; Futterr\u00fccken&nbsp; mit Riegel aus dem gr\u00fcnen<br \/>\nWebstoff<\/li>\n<\/ul>\n<\/div>\n<div align=\"left\">\n<strong>Samtweste<\/strong><\/p>\n<div align=\"left\"><\/div>\n<table width=\"348\" height=\"160\" cellspacing=\"5\" cellpadding=\"5\" border=\"0\" align=\"center\">\n<tbody>\n<tr>\n<td>\n<a rel=\"Samtweste\" href=\"http:\/\/www.mode-franziska.de\/atelier\/images\/stories\/Samtweste\/samt1.jpg\" title=\"Samtweste\" class=\"jcebox\"><img decoding=\"async\" src=\"http:\/\/www.mode-franziska.de\/atelier\/images\/stories\/Samtweste\/thumb\/thumb_samt1.jpg\" alt=\"\" border=\"0\"><\/a><\/td>\n<td>\n<a rel=\"Samtweste\" href=\"http:\/\/www.mode-franziska.de\/atelier\/images\/stories\/Samtweste\/samt2.jpg\" title=\"Samtweste\" class=\"jcebox\"><img decoding=\"async\" src=\"http:\/\/www.mode-franziska.de\/atelier\/images\/stories\/Samtweste\/thumb\/thumb_samt2.jpg\" alt=\"\" border=\"0\"><\/a><\/td>\n<td>\n<a rel=\"Samtweste\" href=\"http:\/\/www.mode-franziska.de\/atelier\/images\/stories\/Samtweste\/samt3.jpg\" title=\"Samtweste\" class=\"jcebox\"><img decoding=\"async\" src=\"http:\/\/www.mode-franziska.de\/atelier\/images\/stories\/Samtweste\/thumb\/thumb_samt3.jpg\" alt=\"\" border=\"0\"><\/a><\/td>\n<\/tr>\n<\/tbody>\n<\/table>\n<div align=\"left\">\n<span style=\"font-size: 8pt\">Foto: Monika Vitzthum<\/span><\/div>\n<p>Diese festliche Stehkragenweste aus k\u00f6nigsblauem&nbsp; Samt ist<br \/>\nmit Abn\u00e4hern im Vorderteil&nbsp; und schlichten Leistentaschen<br \/>\nverarbeitet. Viele Silberkn\u00f6pfe&nbsp; pr\u00e4gen das Frontbild.<br \/>\nDer elegante R\u00fccken&nbsp; aus dunkelblauem Satin kann in der Weite<br \/>\nmit einer Westenschlie\u00dfe variiert werden.<br \/>\nHarmonisierend hierzu das Dirndl <a href=\"http:\/\/www.mode-franziska.de\/atelier\/index.php?option=com_content&amp;task=view&amp;id=16&amp;Itemid=31\">\u201eTrachtenmode\u201c<\/a>und <a href=\"http:\/\/www.mode-franziska.de\/atelier\/index.php?option=com_content&amp;task=view&amp;id=48&amp;Itemid=48%3Etitle=\">\u201eK\u00f6nigsblau ist Trumpf\u201c <\/a>beschrieben unter Trachten.<\/p>\n<div align=\"left\"><\/div>\n<div align=\"left\">\n<strong>Br\u00e4utigam im Gehrock<\/strong><\/p>\n<div align=\"left\"><\/div>\n<table width=\"348\" height=\"160\" cellspacing=\"5\" cellpadding=\"5\" border=\"0\" align=\"center\">\n<tbody>\n<tr>\n<td>\n<a rel=\"Br\u00e4utigam im Gehrock\" href=\"http:\/\/www.mode-franziska.de\/atelier\/images\/stories\/gehrock\/gehrock1.jpg\" title=\"Br\u00e4utigam im Gehrock\" class=\"jcebox\"><img decoding=\"async\" src=\"http:\/\/www.mode-franziska.de\/atelier\/images\/stories\/gehrock\/thumbnails\/thumb_gehrock1.jpg\" alt=\"\" border=\"0\"><\/a><\/td>\n<td>\n<a rel=\"Br\u00e4utigam im Gehrock\" href=\"http:\/\/www.mode-franziska.de\/atelier\/images\/stories\/gehrock\/gehrock2.jpg\" title=\"Br\u00e4utigam im Gehrock\" class=\"jcebox\"><img decoding=\"async\" src=\"http:\/\/www.mode-franziska.de\/atelier\/images\/stories\/gehrock\/thumbnails\/thumb_gehrock2.jpg\" alt=\"\" border=\"0\"><\/a><\/td>\n<td><a rel=\"Br\u00e4utigam im Gehrock\" href=\"http:\/\/www.mode-franziska.de\/atelier\/images\/stories\/gehrock\/gehrock3.jpg\" title=\"Br\u00e4utigam im Gehrock\" class=\"jcebox\"><img decoding=\"async\" src=\"http:\/\/www.mode-franziska.de\/atelier\/images\/stories\/gehrock\/thumbnails\/thumb_gehrock3.jpg\" alt=\"\" border=\"0\"><\/a><\/td>\n<\/tr>\n<\/tbody>\n<\/table>\n<div align=\"left\">\n<span style=\"font-size: 8pt\">Foto: Monika Vitzthum<\/span><\/div>\n<p>Der Grundstoff des eleganten Gehrocks ist aus schwarzem, gemustertem Wollsatin. Aus dem selben Material, jedoch in uni, sind der hochgeschnittene Stehkragen und die \u00fcberzogenen Kn\u00f6pfe gearbeitet: Zum Verschlie\u00dfen ist auf Bundh\u00f6he ein gro\u00dfer Knopf platziert, die mittleren Kn\u00f6pfe verlaufen beidseitig am Revers und von den kleinen Kn\u00f6pfen sind jeweils f\u00fcnf an den \u00c4rmelschlitzen angen\u00e4ht. Pepp erh\u00e4lt der Gehrock durch ein mittelblaues Seidenfutter .Die Kombination des Br\u00e4utigams erg\u00e4nzt eine Weste aus dem gemusterten Wollsatin. Abgerundet wird dieses ansprechende Herrenoutfit durch einen in Falten gelegten Schal und ein Einstecktuch aus dem Kleiderstoff der Braut.<\/p>\n<div align=\"left\"><\/div>\n<div align=\"left\">\n<p><strong>Der etwas andere Anzug &#8211; White&nbsp; and Black<\/strong><a name=\"Herren\" title=\"Herren\"><\/a><\/p>\n<table width=\"348\" height=\"160\" cellspacing=\"5\" cellpadding=\"5\" border=\"0\" align=\"center\">\n<tbody>\n<tr>\n<td>\n<div align=\"center\">\n\t\t\t<a rel=\"Abendmode6\" href=\"https:\/\/mode-franziska.de\/neu\/wp-content\/uploads\/2008\/03\/dscf2471.jpg\" title=\"Der etwas andere Anzug - White and Black\" class=\"jcebox\"><img loading=\"lazy\" decoding=\"async\" class=\" size-full wp-image-14\" src=\"https:\/\/mode-franziska.de\/neu\/wp-content\/uploads\/2008\/03\/thumb_dscf2471.jpg\" alt=\"\" width=\"101\" height=\"150\" border=\"0\"><\/a><\/div>\n<\/td>\n<td>\t\t\t<a rel=\"Abendmode6\" href=\"https:\/\/mode-franziska.de\/neu\/wp-content\/uploads\/2008\/03\/dscf2469.jpg\" title=\"Der etwas andere Anzug - White and Black\" class=\"jcebox\"><img loading=\"lazy\" decoding=\"async\" class=\" size-full wp-image-16\" src=\"https:\/\/mode-franziska.de\/neu\/wp-content\/uploads\/2008\/03\/thumb_dscf2469.jpg\" alt=\"\" width=\"101\" height=\"150\" border=\"0\"><\/a><\/td>\n<td><a rel=\"Abendmode6\" href=\"https:\/\/mode-franziska.de\/neu\/wp-content\/uploads\/2008\/03\/dscf2476.jpg\" title=\"Der etwas andere Anzug - White and Black\" class=\"jcebox\"><img loading=\"lazy\" decoding=\"async\" class=\" size-full wp-image-18\" src=\"https:\/\/mode-franziska.de\/neu\/wp-content\/uploads\/2008\/03\/thumb_dscf2476.jpg\" alt=\"\" width=\"100\" height=\"150\" border=\"0\"><\/a><\/td>\n<\/tr>\n<\/tbody>\n<\/table>\n<div align=\"left\">\n<span style=\"font-size: 8pt\">Foto: Monika Vitzthum<\/span><\/div>\n<p>Das wei\u00dfe Sakko aus bequemen Stretchstoff mit entsprechendem Futter hatein klassisches Revers und eine Brusttasche auf dem linken Vorderteil.Die schmal abgesteppten Patten sind zwischen zwei Paspel gearbeitet undunter der Bundh\u00f6he als Taschen eingesetzt.&nbsp; Die vorderen Kanten&nbsp; wurdenzum Saum hin abgerundet.<br \/>\nDie gerade geschnittene Hose ist bis unter die Knie mit&nbsp; Stretchfutterunterlegt und hat in der Vorderhose zwei schr\u00e4ge Eingriffstaschen. Indie rechte Hinterhose ist eine Paspeltasche mit Knopfverschlusseingearbeitet.<br \/>\nEine wei\u00dfe, schr\u00e4g geschnittene Krawatte aus dem Anzugstoff wurde ganz fixiert und voll unterf\u00fcttert.<br \/>\nAls Kontrast dient ein schwarzes Kurzarmhemd aus Popeline. Derextragro\u00dfe Kragen hat zwei Buttons. Damit es auch au\u00dfen getragen werdenkann, ist die Hemdl\u00e4nge auf die L\u00e4nge des Sakkos geschnitten.<br \/>\nZur Abrundung des Gesamtbildes tr\u00e4gt auch die Knopfauswahl bei. An Hemdund Sakko sind jeweils die gleichen, farblich und gr\u00f6\u00dfenm\u00e4\u00dfigabgestimmte Knopfformen. Drei kleine Kn\u00f6pfe zieren die \u00c4rmelschlitze.<\/p>\n<\/div>\n<\/div>\n<\/div>\n<\/div>\n","protected":false},"excerpt":{"rendered":"<p>Elgant, klassisch schlicht oder mit ganz besonderen Modeideen &#8211; auch f\u00fcr Herren gibt es vielf\u00e4ltige modische Ideen &#8211; und das nicht nur zur Hochzeit! Lieblingsjanker Foto: Monika Vitzthum Dieser leicht taillierte Janker aus grauem Salonloden besticht durch seine Schlichtheit und doch raffinierte Ausarbeitung im Detail: Im geformten R\u00fccken sind zwei verdeckte Schlitze, der hohe Stehkragen [&hellip;]<\/p>\n","protected":false},"author":1,"featured_media":0,"parent":0,"menu_order":2,"comment_status":"closed","ping_status":"closed","template":"","meta":{"_et_pb_use_builder":"","_et_pb_old_content":"","_et_gb_content_width":"793","footnotes":""},"class_list":["post-314","page","type-page","status-publish","hentry"],"_links":{"self":[{"href":"https:\/\/mode-franziska.de\/neu\/wp-json\/wp\/v2\/pages\/314","targetHints":{"allow":["GET"]}}],"collection":[{"href":"https:\/\/mode-franziska.de\/neu\/wp-json\/wp\/v2\/pages"}],"about":[{"href":"https:\/\/mode-franziska.de\/neu\/wp-json\/wp\/v2\/types\/page"}],"author":[{"embeddable":true,"href":"https:\/\/mode-franziska.de\/neu\/wp-json\/wp\/v2\/users\/1"}],"replies":[{"embeddable":true,"href":"https:\/\/mode-franziska.de\/neu\/wp-json\/wp\/v2\/comments?post=314"}],"version-history":[{"count":1,"href":"https:\/\/mode-franziska.de\/neu\/wp-json\/wp\/v2\/pages\/314\/revisions"}],"predecessor-version":[{"id":416,"href":"https:\/\/mode-franziska.de\/neu\/wp-json\/wp\/v2\/pages\/314\/revisions\/416"}],"wp:attachment":[{"href":"https:\/\/mode-franziska.de\/neu\/wp-json\/wp\/v2\/media?parent=314"}],"curies":[{"name":"wp","href":"https:\/\/api.w.org\/{rel}","templated":true}]}}