{"id":316,"date":"2008-03-08T22:29:32","date_gmt":"2008-03-08T21:29:32","guid":{"rendered":"https:\/\/mode-franziska.de\/neu\/hochzeitsmode-2\/"},"modified":"2021-09-17T15:21:11","modified_gmt":"2021-09-17T13:21:11","slug":"hochzeitsmode-2","status":"publish","type":"page","link":"https:\/\/mode-franziska.de\/neu\/hochzeitsmode-2\/","title":{"rendered":"Hochzeitsmode 2"},"content":{"rendered":"<div align=\"right\"><img loading=\"lazy\" decoding=\"async\" title=\"schere\" src=\"http:\/\/www.mode-franziska.de\/atelier\/images\/stories\/Grafiken\/schere.gif\" alt=\"schere\" width=\"56\" height=\"44\" align=\"middle\" border=\"5\" hspace=\"5\" vspace=\"5\" \/><a href=\"https:\/\/mode-franziska.de\/neu\/hochzeitsmoden\/\"><strong>weitere Modelle<\/strong><\/a><\/div>\n<div align=\"left\">Mit einem einzigartigen wundersch\u00f6nen Traumkleid f\u00fcr die Braut und einem eleganten Hochzeitsanzug f\u00fcr den Br\u00e4utigam feiern und genie\u00dfen Sie Ihren unvergesslichen Hochzeitstag.<\/div>\n<p><strong>Brautdirndl<\/strong><\/p>\n<div align=\"left\"><\/div>\n<table border=\"0\" width=\"348\" cellspacing=\"5\" cellpadding=\"5\" align=\"center\">\n<tbody>\n<tr>\n<td>\n<div align=\"center\">\n<p><a class=\"jcebox\" title=\"Brautdirndl\" href=\"http:\/\/www.mode-franziska.de\/atelier\/images\/stories\/trachenbraut\/trachtenb1.jpg\" rel=\"trachtenbraut\"><img decoding=\"async\" src=\"http:\/\/www.mode-franziska.de\/atelier\/images\/stories\/trachenbraut\/thumbnails\/thumb_trachtenb1.jpg\" alt=\"\" border=\"0\" \/><\/a><\/p>\n<\/div>\n<\/td>\n<td><a class=\"jcebox\" title=\"Brautdirndl\" href=\"http:\/\/www.mode-franziska.de\/atelier\/images\/stories\/trachenbraut\/trachtenb2.jpg\" rel=\"trachtenbraut\"><img decoding=\"async\" src=\"http:\/\/www.mode-franziska.de\/atelier\/images\/stories\/trachenbraut\/thumbnails\/thumb_trachtenb2.jpg\" alt=\"\" border=\"0\" \/><\/a><\/td>\n<td><a class=\"jcebox\" title=\"Brautdirndl\" href=\"http:\/\/www.mode-franziska.de\/atelier\/images\/stories\/trachenbraut\/trachtenb3.jpg\" rel=\"trachtenbraut\"><img decoding=\"async\" src=\"http:\/\/www.mode-franziska.de\/atelier\/images\/stories\/trachenbraut\/thumbnails\/thumb_trachtenb3.jpg\" alt=\"\" border=\"0\" \/><\/a><\/td>\n<\/tr>\n<\/tbody>\n<\/table>\n<div align=\"left\">\n<p><span style=\"font-size: 8pt;\">Foto: Elke Schwarzinger<\/span><\/p>\n<\/div>\n<p>Dieses exklusive Dirndl aus champagnerfarbigem Rosenjaquard kleidet die Trachtenbraut ausgezeichnet. Der bodenlange Rock ist figurfreundlich in Falten gelegt. Schmale Paspols zieren die formgebenden Wiener N\u00e4hte. Ton in Ton f\u00fcgt sich die elegante Seidenbluse mit Trompeten\u00e4rmeln ins Gesamtbild. Aus dem Blusenstoff ist auch die zarte Froschmaulr\u00fcsche mit Perlenbesatz gearbeitet.<br \/>\nBlickfang des Hochzeitdirndls ist allerdings die weichflie\u00dfende Sch\u00fcrze mit liebevoller Smogarbeit, die ebenfalls mit farblich passenden Perlen besetzt ist.<\/p>\n<div align=\"left\"><strong> Elegant zum Standesamt <\/strong><\/p>\n<table border=\"0\" width=\"348\" cellspacing=\"5\" cellpadding=\"5\" align=\"center\">\n<tbody>\n<tr>\n<td><a class=\"jcebox\" title=\"Elegant zum Standesamt\" href=\"http:\/\/www.mode-franziska.de\/atelier\/images\/stories\/elegant\/elegant1.jpg\" rel=\"Elegant zum Standesamt\"><img decoding=\"async\" src=\"http:\/\/www.mode-franziska.de\/atelier\/images\/stories\/elegant\/thumbnails\/thumb_elegant1.jpg\" alt=\"\" border=\"0\" \/><\/a><\/td>\n<td><a class=\"jcebox\" title=\"Elegant zum Standesamt\" href=\"http:\/\/www.mode-franziska.de\/atelier\/images\/stories\/elegant\/elegant2.jpg\" rel=\"Elegant zum Standesamt\"><img decoding=\"async\" src=\"http:\/\/www.mode-franziska.de\/atelier\/images\/stories\/elegant\/thumbnails\/thumb_elegant2.jpg\" alt=\"\" border=\"0\" \/><\/a><\/td>\n<td><a class=\"jcebox\" title=\"Elegant zum Standesamt\" href=\"http:\/\/www.mode-franziska.de\/atelier\/images\/stories\/elegant\/elegant3.jpg\" rel=\"Elegant zum Standesamt\"><img decoding=\"async\" src=\"http:\/\/www.mode-franziska.de\/atelier\/images\/stories\/elegant\/thumbnails\/thumb_elegant3.jpg\" alt=\"\" border=\"0\" \/><\/a><\/td>\n<\/tr>\n<\/tbody>\n<\/table>\n<div align=\"left\"><span style=\"font-size: 8pt;\">Foto: Monika Vitzthum<\/span><\/div>\n<p>Ein hochgeschlossenes Etuikleid mit formenden Wiener N\u00e4hten und schwingendem Saum aus t\u00fcrkisfarbenem Satin bildet das Grundkleid zu diesem interessanten Ensemble. Die Eleganz unterstreicht ein farblich passendes Spitzenchasuble, bestehend aus schwarzem Feint\u00fcll mit wei\u00dfen und t\u00fcrkisen Stickereimotiven und einem sch\u00f6n geformten Bogenabschluss.<br \/>\nDieser ziert auch das Oberteil mit dem ansprechenden V-Ausschnitt sowie die dreiviertellangen \u00c4rmel. Zum Spitzenchasuble kann die Kundin ein schnittgleiches schwarzes Grundkleid tragen oder es mit einer eleganten Hose und einem Top kombinieren.<\/p>\n<div align=\"left\"><\/div>\n<div align=\"left\"><\/div>\n<div align=\"left\"><strong>Br\u00e4utigam im Gehrock<\/strong><\/p>\n<div align=\"left\"><\/div>\n<table border=\"0\" width=\"348\" cellspacing=\"5\" cellpadding=\"5\" align=\"center\">\n<tbody>\n<tr>\n<td><a class=\"jcebox\" title=\"Br\u00e4utigam im Gehrock\" href=\"http:\/\/www.mode-franziska.de\/atelier\/images\/stories\/gehrock\/gehrock1.jpg\" rel=\"Br\u00e4utigam im Gehrock\"><img decoding=\"async\" src=\"http:\/\/www.mode-franziska.de\/atelier\/images\/stories\/gehrock\/thumbnails\/thumb_gehrock1.jpg\" alt=\"\" border=\"0\" \/><\/a><\/td>\n<td><a class=\"jcebox\" title=\"Br\u00e4utigam im Gehrock\" href=\"http:\/\/www.mode-franziska.de\/atelier\/images\/stories\/gehrock\/gehrock2.jpg\" rel=\"Br\u00e4utigam im Gehrock\"><img decoding=\"async\" src=\"http:\/\/www.mode-franziska.de\/atelier\/images\/stories\/gehrock\/thumbnails\/thumb_gehrock2.jpg\" alt=\"\" border=\"0\" \/><\/a><\/td>\n<td><a class=\"jcebox\" title=\"Br\u00e4utigam im Gehrock\" href=\"http:\/\/www.mode-franziska.de\/atelier\/images\/stories\/gehrock\/gehrock3.jpg\" rel=\"Br\u00e4utigam im Gehrock\"><img decoding=\"async\" src=\"http:\/\/www.mode-franziska.de\/atelier\/images\/stories\/gehrock\/thumbnails\/thumb_gehrock3.jpg\" alt=\"\" border=\"0\" \/><\/a><\/td>\n<\/tr>\n<\/tbody>\n<\/table>\n<div align=\"left\"><span style=\"font-size: 8pt;\">Foto: Monika Vitzthum<\/span><\/div>\n<p>Der Grundstoff des eleganten Gehrocks ist aus schwarzem, gemustertem Wollsatin. Aus dem selben Material, jedoch in uni, sind der hochgeschnittene Stehkragen und die \u00fcberzogenen Kn\u00f6pfe gearbeitet: Zum Verschlie\u00dfen ist auf Bundh\u00f6he ein gro\u00dfer Knopf platziert, die mittleren Kn\u00f6pfe verlaufen beidseitig am Revers und von den kleinen Kn\u00f6pfen sind jeweils f\u00fcnf an den \u00c4rmelschlitzen angen\u00e4ht. Pepp erh\u00e4lt der Gehrock durch ein mittelblaues Seidenfutter .Die Kombination des Br\u00e4utigams erg\u00e4nzt eine Weste aus dem gemusterten Wollsatin. Abgerundet wird dieses ansprechende Herrenoutfit durch einen in Falten gelegten Schal und ein Einstecktuch aus dem Kleiderstoff der Braut.<\/p>\n<div align=\"left\"><\/div>\n<div align=\"left\"><strong>Brautdirndl mit Spencer<\/strong><\/p>\n<div align=\"left\"><\/div>\n<table border=\"0\" width=\"348\" cellspacing=\"5\" cellpadding=\"5\" align=\"center\">\n<tbody>\n<tr>\n<td><a class=\"jcebox\" title=\"Brautdirndl mit Spencer\" href=\"http:\/\/www.mode-franziska.de\/atelier\/images\/stories\/dirndl_braun\/dirndl001jpg.jpg\" rel=\"Brautdirndl mit Spencer\"><img decoding=\"async\" src=\"http:\/\/www.mode-franziska.de\/atelier\/images\/stories\/dirndl_braun\/thumbnails\/dirndl001_thumb.jpg\" alt=\"\" border=\"0\" \/><\/a><\/td>\n<td><a class=\"jcebox\" title=\"Brautdirndl mit Spencer\" href=\"http:\/\/www.mode-franziska.de\/atelier\/images\/stories\/dirndl_braun\/dirndl002jpg.jpg\" rel=\"Brautdirndl mit Spencer\"><img decoding=\"async\" src=\"http:\/\/www.mode-franziska.de\/atelier\/images\/stories\/dirndl_braun\/thumbnails\/dirndl002_thumb.jpg\" alt=\"\" border=\"0\" \/><\/a><\/td>\n<td><a class=\"jcebox\" title=\"Brautdirndl mit Spencer\" href=\"http:\/\/www.mode-franziska.de\/atelier\/images\/stories\/dirndl_braun\/dirndl003jpg.jpg\" rel=\"Brautdirndl mit Spencer\"><img decoding=\"async\" src=\"http:\/\/www.mode-franziska.de\/atelier\/images\/stories\/dirndl_braun\/thumbnails\/dirndl003_thumb.jpg\" alt=\"\" border=\"0\" \/><\/a><\/td>\n<\/tr>\n<\/tbody>\n<\/table>\n<div align=\"left\"><span style=\"font-size: 8pt;\">Foto: privat<\/span><\/div>\n<p>Bei diesem eleganten Brautdirndl aus champagnerfarbener Duchesse ist Stimmigkeit gro\u00df geschrieben. Zum bodenlagen Rock ist ein Spencer aus gleichfarbigem Satin mit Tupfen kombiniert. Zarte Kugelkn\u00f6pfchen harmonieren mit dem Tupfendesign. Den ansprechenden Ausschnitt ziert eine Froschmaulr\u00fcsche, die aus dem Rock-und dem Sch\u00fcrzenstoff gearbeitet ist. Die Glocken\u00e4rmeln und das Oberteil s\u00e4umen schmale Paspole aus dem Sch\u00fcrzenstoff. Eine \u00dcberraschung bei diesem Brautdirndl stellt sicher die cognacfarbige Seidentaftsch\u00fcrze dar. Die Sch\u00f6nheit des Materials unterst\u00fctzt noch die aufwendige Smokarbeit.<\/p>\n<div align=\"left\"><a name=\"Annes Traumkleid\"><\/a><strong>Annes Traumkleid <\/strong><\/p>\n<div align=\"left\"><\/div>\n<table border=\"0\" width=\"348\" cellspacing=\"5\" cellpadding=\"5\" align=\"center\">\n<tbody>\n<tr>\n<td><a class=\"jcebox\" title=\"Annes Traumkleid\" href=\"http:\/\/www.mode-franziska.de\/atelier\/images\/stories\/annes_traum\/Annestraum1.jpg\" rel=\"Annes Traumkleid\"><img decoding=\"async\" src=\"http:\/\/www.mode-franziska.de\/atelier\/images\/stories\/annes_traum\/thumbnails\/thumb_Annestraum1.jpg\" alt=\"\" border=\"0\" \/><\/a><\/td>\n<td><a class=\"jcebox\" title=\"Annes Traumkleid\" href=\"http:\/\/www.mode-franziska.de\/atelier\/images\/stories\/annes_traum\/Annestraum2.jpg\" rel=\"Annes Traumkleid\"><img decoding=\"async\" src=\"http:\/\/www.mode-franziska.de\/atelier\/images\/stories\/annes_traum\/thumbnails\/thumb_Annestraum2.jpg\" alt=\"\" border=\"0\" \/><\/a><\/td>\n<td><a class=\"jcebox\" title=\"Annes Traumkleid\" href=\"http:\/\/www.mode-franziska.de\/atelier\/images\/stories\/annes_traum\/Annestraum3.jpg\" rel=\"Annes Traumkleid\"><img decoding=\"async\" src=\"http:\/\/www.mode-franziska.de\/atelier\/images\/stories\/annes_traum\/thumbnails\/thumb_Annestraum3.jpg\" alt=\"\" border=\"0\" \/><\/a><\/td>\n<\/tr>\n<\/tbody>\n<\/table>\n<div align=\"left\"><span style=\"font-size: 8pt;\">Foto: FotoStudio27<\/span><\/div>\n<p>Elfenbeinfarbiger Cr\u00eape Satin ist der Grundstoff des weichflie\u00dfenden, zum Saum weit ausgestellten Drappeekleides. Perlenbesetzte T\u00fcllbogenspitze ziert den Ausschnitt im Sissilook. Diese wundersch\u00f6ne Spitze verl\u00e4uft zart ins Oberteil und ziert auch den Einsatz im vorderen Rockteil sowie die 1,80m langen Schleppe des Traumkleides. Die Rockweite st\u00fctzt ein T\u00fcllunterrock.<\/p>\n<\/div>\n<\/div>\n<\/div>\n<\/div>\n","protected":false},"excerpt":{"rendered":"<p>weitere Modelle Mit einem einzigartigen wundersch\u00f6nen Traumkleid f\u00fcr die Braut und einem eleganten Hochzeitsanzug f\u00fcr den Br\u00e4utigam feiern und genie\u00dfen Sie Ihren unvergesslichen Hochzeitstag. Brautdirndl Foto: Elke Schwarzinger Dieses exklusive Dirndl aus champagnerfarbigem Rosenjaquard kleidet die Trachtenbraut ausgezeichnet. Der bodenlange Rock ist figurfreundlich in Falten gelegt. Schmale Paspols zieren die formgebenden Wiener N\u00e4hte. Ton in [&hellip;]<\/p>\n","protected":false},"author":1,"featured_media":0,"parent":0,"menu_order":39,"comment_status":"closed","ping_status":"closed","template":"","meta":{"_et_pb_use_builder":"","_et_pb_old_content":"","_et_gb_content_width":"793","footnotes":""},"class_list":["post-316","page","type-page","status-publish","hentry"],"_links":{"self":[{"href":"https:\/\/mode-franziska.de\/neu\/wp-json\/wp\/v2\/pages\/316","targetHints":{"allow":["GET"]}}],"collection":[{"href":"https:\/\/mode-franziska.de\/neu\/wp-json\/wp\/v2\/pages"}],"about":[{"href":"https:\/\/mode-franziska.de\/neu\/wp-json\/wp\/v2\/types\/page"}],"author":[{"embeddable":true,"href":"https:\/\/mode-franziska.de\/neu\/wp-json\/wp\/v2\/users\/1"}],"replies":[{"embeddable":true,"href":"https:\/\/mode-franziska.de\/neu\/wp-json\/wp\/v2\/comments?post=316"}],"version-history":[{"count":3,"href":"https:\/\/mode-franziska.de\/neu\/wp-json\/wp\/v2\/pages\/316\/revisions"}],"predecessor-version":[{"id":851,"href":"https:\/\/mode-franziska.de\/neu\/wp-json\/wp\/v2\/pages\/316\/revisions\/851"}],"wp:attachment":[{"href":"https:\/\/mode-franziska.de\/neu\/wp-json\/wp\/v2\/media?parent=316"}],"curies":[{"name":"wp","href":"https:\/\/api.w.org\/{rel}","templated":true}]}}