{"id":88,"date":"2008-03-08T22:20:34","date_gmt":"2008-03-08T21:20:34","guid":{"rendered":"https:\/\/mode-franziska.de\/neu\/festliche-mode\/"},"modified":"2021-09-13T09:37:51","modified_gmt":"2021-09-13T07:37:51","slug":"festliche-mode","status":"publish","type":"page","link":"https:\/\/mode-franziska.de\/neu\/festliche-mode\/","title":{"rendered":"Festliche Mode 1"},"content":{"rendered":"<p>[et_pb_section fb_built=&#8220;1&#8243; _builder_version=&#8220;4.10.7&#8243; hover_enabled=&#8220;0&#8243; global_colors_info=&#8220;{}&#8220; background_color=&#8220;#cccc9a&#8220; sticky_enabled=&#8220;0&#8243;][et_pb_row _builder_version=&#8220;3.25&#8243; background_size=&#8220;initial&#8220; background_position=&#8220;top_left&#8220; background_repeat=&#8220;repeat&#8220; global_colors_info=&#8220;{}&#8220;][et_pb_column type=&#8220;4_4&#8243; _builder_version=&#8220;3.25&#8243; custom_padding=&#8220;|||&#8220; global_colors_info=&#8220;{}&#8220; custom_padding__hover=&#8220;|||&#8220;][et_pb_text _builder_version=&#8220;3.27.4&#8243; background_size=&#8220;initial&#8220; background_position=&#8220;top_left&#8220; background_repeat=&#8220;repeat&#8220; global_colors_info=&#8220;{}&#8220;]<\/p>\n<div align=\"right\"> <img loading=\"lazy\" decoding=\"async\" class=\" size-full wp-image-6\" src=\"https:\/\/mode-franziska.de\/neu\/wp-content\/uploads\/2008\/03\/schere.gif\" alt=\"schere\" title=\"schere\" width=\"56\" vspace=\"5\" hspace=\"5\" height=\"44\" border=\"5\" align=\"middle\"><a href=\"https:\/\/mode-franziska.de\/neu\/festliche-mode-2\/\" title=\"weitere Modelle\"><strong>weitere Modelle<\/strong><\/a><\/div>\n<div align=\"left\"> &nbsp;Ob Familienfeier, Theaterbesuch, Schul- und Tanzkursabschluss oder sonstige Festlichkeiten &#8211; mit ma\u00dfgeschneiderten Modellen zeigen Sie Ihren individuellen Stil.  <a href=\"#Damen\">Damen<\/a> &#8211; <a href=\"#Kinder\">Kinder<\/a> <a name=\"Damen\" title=\"Damen\"><\/a><\/div>\n<div align=\"left\">\n<p><strong>Damenhafte Eleganz<\/strong><\/p>\n<\/div>\n<table width=\"348\" height=\"160\" cellspacing=\"5\" cellpadding=\"5\" border=\"0\" align=\"center\">\n<tbody>\n<tr>\n<td>\n<div align=\"center\">\n<a rel=\"festliche_Mode13\" href=\"https:\/\/mode-franziska.de\/neu\/wp-content\/uploads\/2008\/03\/dameneleganz1.jpg\" title=\"Damenhafte Eleganz\" class=\"jcebox\"><img loading=\"lazy\" decoding=\"async\" class=\" size-full wp-image-51\" src=\"https:\/\/mode-franziska.de\/neu\/wp-content\/uploads\/2008\/03\/thumb_dameneleganz1.jpg\" alt=\"\" width=\"101\" height=\"150\" border=\"0\"><\/a><\/div>\n<\/td>\n<td>\n<a rel=\"festliche_Mode13\" href=\"https:\/\/mode-franziska.de\/neu\/wp-content\/uploads\/2008\/03\/dameneleganz2.jpg\" title=\"Damenhafte Eleganz\" class=\"jcebox\"><img loading=\"lazy\" decoding=\"async\" class=\" size-full wp-image-53\" src=\"https:\/\/mode-franziska.de\/neu\/wp-content\/uploads\/2008\/03\/thumb_dameneleganz2.jpg\" alt=\"\" width=\"101\" height=\"150\" border=\"0\"><\/a><\/td>\n<td>\n<a rel=\"festliche_Mode13\" href=\"https:\/\/mode-franziska.de\/neu\/wp-content\/uploads\/2008\/03\/dameneleganz3.jpg\" title=\"Damenhafte Eleganz\" class=\"jcebox\"><img loading=\"lazy\" decoding=\"async\" class=\" size-full wp-image-55\" src=\"https:\/\/mode-franziska.de\/neu\/wp-content\/uploads\/2008\/03\/thumb_dameneleganz3.jpg\" alt=\"\" width=\"101\" height=\"150\" border=\"0\"><\/a><\/td>\n<\/tr>\n<\/tbody>\n<\/table>\n<div align=\"left\"> <span style=\"font-size: 8pt\">Foto: Monika Vitzthum<\/span><\/div>\n<div align=\"left\"> Bei diesem Kleid besticht die mutige Farbe \u201eMalve\u201c &nbsp;und der raffinierte, schlichte Schnitt. Figur betonende Wienern\u00e4hte mit &nbsp;Schlitzen am Saum ergeben &nbsp;elegante Weiblichkeit. Der ansprechende Ausschnitt streckt und schmeichelt der Tr\u00e4gerin. Leicht gereihte, in weichem Bogen abgerundete Tulpen\u00e4rmeln machen aus dem Etuikleid ein ausgehfeines Sommerkleid. &nbsp;Der pflegeleichte, waschbare und knitterbest\u00e4ndige Jaquardstoff ist sicherlich auch ein Pluspunkt. &nbsp;F\u00fcr den Abend erg\u00e4nzt ein Boleroj\u00e4ckchen aus schwarzer, elastischer Spitze das elegante Kleid.<\/p>\n<\/div>\n<p><strong>Festkleid<\/strong><\/p>\n<table width=\"348\" height=\"160\" cellspacing=\"5\" cellpadding=\"5\" border=\"0\" align=\"center\">\n<tbody>\n<tr>\n<td>\n<a rel=\"festliche_Mode_11\" href=\"https:\/\/mode-franziska.de\/neu\/wp-content\/uploads\/2008\/03\/festl_vorne_kl.jpg\" title=\"Festkleid\" class=\"jcebox\"><img loading=\"lazy\" decoding=\"async\" class=\" size-full wp-image-57\" src=\"https:\/\/mode-franziska.de\/neu\/wp-content\/uploads\/2008\/03\/thumb_festl_vorne_kl.jpg\" alt=\"\" width=\"101\" height=\"150\" border=\"0\"><\/a><\/td>\n<td>\n<a rel=\"festliche_Mode_11\" href=\"https:\/\/mode-franziska.de\/neu\/wp-content\/uploads\/2008\/03\/festl_hinten.jpg\" title=\"Festkleid\" class=\"jcebox\"><img loading=\"lazy\" decoding=\"async\" class=\" size-full wp-image-59\" src=\"https:\/\/mode-franziska.de\/neu\/wp-content\/uploads\/2008\/03\/thumb_festl_hinten.jpg\" alt=\"\" width=\"101\" height=\"150\" border=\"0\"><\/a><\/td>\n<td>\n<a rel=\"festliche_Mode_11\" href=\"https:\/\/mode-franziska.de\/neu\/wp-content\/uploads\/2008\/03\/festl_detail_kl.jpg\" title=\"Festkleid\" class=\"jcebox\"><img loading=\"lazy\" decoding=\"async\" class=\" size-full wp-image-61\" src=\"https:\/\/mode-franziska.de\/neu\/wp-content\/uploads\/2008\/03\/thumb_festl_detail_kl.jpg\" alt=\"\" width=\"101\" height=\"150\" border=\"0\"><\/a><\/td>\n<\/tr>\n<\/tbody>\n<\/table>\n<div align=\"left\"> <span style=\"font-size: 8pt\">Foto: Monika Vitzthum<\/span><\/div>\n<p>Augenf\u00e4llig an diesem hellen Corsagenkleid ist die T\u00fcllstickerei mit Bogenabschluss. Dieser umspielt den Saum des halbkreisf\u00f6rmig geschnittenen Grundrockes aus Crepe Satin. Im Oberteil dominieren die T\u00fclldrappierung und der Bogenabschluss am Ausschnitt. Mit einem Sating\u00fcrtel und einem Verschluss in Bl\u00fctenform erh\u00e4lt das Kleid die gew\u00fcnschte Festlichkeit.<\/p>\n<div align=\"left\"> &nbsp;<\/div>\n<div align=\"left\"> <strong>Beschwingtes Sommerkleid mit Bolero-ausgehfein<\/strong><\/div>\n<div align=\"left\">\n<table width=\"348\" height=\"160\" cellspacing=\"5\" cellpadding=\"5\" border=\"0\" align=\"center\">\n<tbody>\n<tr>\n<td><a rel=\"festliche_Mode10\" href=\"https:\/\/mode-franziska.de\/neu\/wp-content\/uploads\/2008\/03\/sommer-7492.jpg\" title=\"Beschwingtes Sommerkleid mit Bolero-ausgehfein\" class=\"jcebox\"><img loading=\"lazy\" decoding=\"async\" class=\" size-full wp-image-63\" src=\"https:\/\/mode-franziska.de\/neu\/wp-content\/uploads\/2008\/03\/thumb_sommer-7492.jpg\" alt=\"\" width=\"101\" height=\"150\" border=\"0\"><\/a><\/td>\n<td><a rel=\"festliche_Mode10\" href=\"https:\/\/mode-franziska.de\/neu\/wp-content\/uploads\/2008\/03\/sommer.jpg\" title=\"Beschwingtes Sommerkleid mit Bolero-ausgehfein \" class=\"jcebox\"><img loading=\"lazy\" decoding=\"async\" class=\" size-full wp-image-65\" src=\"https:\/\/mode-franziska.de\/neu\/wp-content\/uploads\/2008\/03\/thumb_sommer.jpg\" alt=\"\" width=\"101\" height=\"150\" border=\"0\"><\/a><\/td>\n<td><a rel=\"festliche_Mode10\" href=\"https:\/\/mode-franziska.de\/neu\/wp-content\/uploads\/2008\/03\/sommer-7508.jpg\" title=\"Beschwingtes Sommerkleid mit Bolero-ausgehfein\" class=\"jcebox\"><img loading=\"lazy\" decoding=\"async\" class=\" size-full wp-image-67\" src=\"https:\/\/mode-franziska.de\/neu\/wp-content\/uploads\/2008\/03\/thumb_sommer-7508.jpg\" alt=\"\" width=\"101\" height=\"150\" border=\"0\"><\/a><\/td>\n<\/tr>\n<\/tbody>\n<\/table>\n<div align=\"left\"> <span style=\"font-size: 8pt\">Foto: Monika Vitzthum<\/span><\/div>\n<div align=\"left\"> Dieses Modell aus dem edelsten aller Materialien \u2013Seide- ist hochgeg\u00fcrtet, hat einen elegant tief gezogenen Ausschnitt und ist&nbsp; bis zur Knieh\u00f6he k\u00f6rpernah&nbsp; geschnitten. Die&nbsp; wadenlange,beschwingte Saumweite entwickelt sich aus den angeschnittenben Godets der Teilungsn\u00e4hte. Das florale Muster der wei\u00dfgrundigen Seide mit gro\u00dfz\u00fcgigen magenta, t\u00fcrkis und haselnussbraunen Bl\u00fcten unterstreicht noch die Weiblichkeit.<br \/>\nIn einem modischen Bolero aus Taft Changeant wiederholt sich der magentafarbige Ton. Ebenso findet sich dieser Ton und dieses Material wieder in dem hochgesetzten G\u00fcrtel mit liebevoll gearbeiteter Rosette.<br \/>\nEin schmeichelnder Kelchkragen und Trompeten\u00e4rmel mit Schlitzen im Bolero verleihen dem Gesamtbild eine harmonische Abrundung.<\/p>\n<p><strong>Abi 2010&nbsp;<\/strong><\/p>\n<table width=\"348\" height=\"160\" cellspacing=\"5\" cellpadding=\"5\" border=\"0\" align=\"center\">\n<tbody>\n<tr>\n<td><a rel=\"festliche_Mode9\" href=\"https:\/\/mode-franziska.de\/neu\/wp-content\/uploads\/2008\/03\/abi2010-8237.jpg\" title=\"Abi 2010 \" class=\"jcebox\"><img loading=\"lazy\" decoding=\"async\" class=\" size-full wp-image-69\" src=\"https:\/\/mode-franziska.de\/neu\/wp-content\/uploads\/2008\/03\/thumb_abi2010-8237.jpg\" alt=\"\" width=\"101\" height=\"150\" border=\"0\"><\/a><\/td>\n<td><a rel=\"festliche_Mode9\" href=\"https:\/\/mode-franziska.de\/neu\/wp-content\/uploads\/2008\/03\/abi2010-8259.jpg\" title=\"Abi 2010 \" class=\"jcebox\"><img loading=\"lazy\" decoding=\"async\" class=\" size-full wp-image-71\" src=\"https:\/\/mode-franziska.de\/neu\/wp-content\/uploads\/2008\/03\/thumb_abi2010-8259.jpg\" alt=\"\" width=\"101\" height=\"150\" border=\"0\"><\/a><\/td>\n<td><a rel=\"festliche_Mode9\" href=\"https:\/\/mode-franziska.de\/neu\/wp-content\/uploads\/2008\/03\/abi2010-8252.jpg\" title=\"Abi 2010 \" class=\"jcebox\"><img loading=\"lazy\" decoding=\"async\" class=\" size-full wp-image-73\" src=\"https:\/\/mode-franziska.de\/neu\/wp-content\/uploads\/2008\/03\/thumb_abi2010-8252.jpg\" alt=\"\" width=\"101\" height=\"150\" border=\"0\"><\/a><\/td>\n<\/tr>\n<\/tbody>\n<\/table>\n<div align=\"left\"> <span style=\"font-size: 8pt\">Foto: Monika Vitzthum<\/span><\/div>\n<div align=\"left\"> Ein jugendliches Kleid in modischer Knie umspielender L\u00e4nge aus blauer Fallschirmseide unterstreicht die Pers\u00f6nlichkeit der Tr\u00e4gerin.<br \/>\nZwei verst\u00fcrzte Tr\u00e4ger sitzen seitlich am gerade gehaltenen Ausschnitt des Modells. Die figurbezogenen Teilungsn\u00e4hte verlaufen bis zur H\u00fcfte k\u00f6rpernah, erweitern sich allerdings dann zu einem schwingenden Rock bis auf Kniel\u00e4nge. Auf dem Futterrock sind&nbsp; abwechselnd in Schwarz und Blau gehaltene Organzastreifen als R\u00fcschen aufgearbeitet. Diese geben dem Modell den flotten Schwung.<\/p>\n<\/div>\n<p><strong>Brautmutter-schlichte Eleganz &nbsp;<\/strong><\/p>\n<table width=\"348\" height=\"160\" cellspacing=\"5\" cellpadding=\"5\" border=\"0\" align=\"center\">\n<tbody>\n<tr>\n<td><a rel=\"festliche_Mode8\" href=\"https:\/\/mode-franziska.de\/neu\/wp-content\/uploads\/2008\/03\/mutter-braut-2675.jpg\" title=\"Brautmutter-schlichte Eleganz\" class=\"jcebox\"><img loading=\"lazy\" decoding=\"async\" class=\" size-full wp-image-75\" src=\"https:\/\/mode-franziska.de\/neu\/wp-content\/uploads\/2008\/03\/thumb_mutter-braut-2675.jpg\" alt=\"\" width=\"101\" height=\"150\" border=\"0\"><\/a><\/td>\n<td><a rel=\"festliche_Mode8\" href=\"https:\/\/mode-franziska.de\/neu\/wp-content\/uploads\/2008\/03\/brautmutter-2686.jpg\" title=\"Brautmutter-schlichte Eleganz\" class=\"jcebox\"><img loading=\"lazy\" decoding=\"async\" class=\" size-full wp-image-77\" src=\"https:\/\/mode-franziska.de\/neu\/wp-content\/uploads\/2008\/03\/thumb_brautmutter-2686.jpg\" alt=\"\" width=\"101\" height=\"150\" border=\"0\"><\/a><\/td>\n<td><a rel=\"festliche_Mode8\" href=\"https:\/\/mode-franziska.de\/neu\/wp-content\/uploads\/2008\/03\/brautmutter-2691.jpg\" title=\"Brautmutter-schlichte Eleganz\" class=\"jcebox\"><img loading=\"lazy\" decoding=\"async\" class=\" size-full wp-image-79\" src=\"https:\/\/mode-franziska.de\/neu\/wp-content\/uploads\/2008\/03\/thumb_brautmutter-2691.jpg\" alt=\"\" width=\"101\" height=\"150\" border=\"0\"><\/a><\/td>\n<\/tr>\n<\/tbody>\n<\/table>\n<div align=\"left\"> <span style=\"font-size: 8pt\">Foto: Monika Vitzthum<\/span><\/div>\n<div align=\"left\"> Das k\u00f6rperumspielende Kleid aus Schurwolle mit&nbsp; Fischgratbindung in der modischen Farbe Wicke (dunkles Lila) hat einen halsnahen Ausschnitt und kurze, schmale \u00c4rmel.&nbsp; Der einzige Schmuck an diesem Modell besteht in dem stimmigen Stoffg\u00fcrtel mit rechteckiger Schlie\u00dfe.<br \/>\nAus dem selben Material des Grundkleides, allerdings mit gro\u00dfen Bl\u00fctenumrissen in Schwarz, ist die kurze Reversjacke dazu kombiniert.<br \/>\nWirkundsvoll erg\u00e4nzen \u00fcberzogene Kn\u00f6pfe aus dem Kleiderstoff im Vorderteil und an den \u00c4rmelschlitzen das Ensemble.<br \/>\nDer Wunsch von Braut und Brautmutter nach Schlichtheit und doch Eleganz wurde erf\u00fcllt.<br \/>\nDas Modell der Braut ist in Brautmoden beschrieben.<\/div>\n<\/div>\n<p>&nbsp;<\/p>\n<\/div>\n<div align=\"left\"> <strong>Seidenkombination Harmonie in Schnitt und Farbe<\/strong><\/div>\n<table width=\"348\" height=\"160\" cellspacing=\"5\" cellpadding=\"5\" border=\"0\" align=\"center\">\n<tbody>\n<tr>\n<td><a rel=\"festliche_Mode7\" href=\"https:\/\/mode-franziska.de\/neu\/wp-content\/uploads\/2008\/03\/fest4.jpg\" title=\"Seidenkombination Harmonie in Schnitt und Farbe\" class=\"jcebox\"><img loading=\"lazy\" decoding=\"async\" class=\" size-full wp-image-81\" src=\"https:\/\/mode-franziska.de\/neu\/wp-content\/uploads\/2008\/03\/thumb_fest4.jpg\" alt=\"\" width=\"101\" height=\"150\" border=\"0\"><\/a><\/td>\n<td><a rel=\"festliche_Mode7\" href=\"https:\/\/mode-franziska.de\/neu\/wp-content\/uploads\/2008\/03\/fest2.jpg\" title=\"Seidenkombination Harmonie in Schnitt und Farbe\" class=\"jcebox\"><img loading=\"lazy\" decoding=\"async\" class=\" size-full wp-image-83\" src=\"https:\/\/mode-franziska.de\/neu\/wp-content\/uploads\/2008\/03\/thumb_fest2.jpg\" alt=\"\" width=\"101\" height=\"150\" border=\"0\"><\/a><\/td>\n<td><a rel=\"festliche_Mode7\" href=\"https:\/\/mode-franziska.de\/neu\/wp-content\/uploads\/2008\/03\/fest3.jpg\" title=\"Seidenkombination Harmonie in Schnitt und Farbe \" class=\"jcebox\"><img loading=\"lazy\" decoding=\"async\" class=\" size-full wp-image-85\" src=\"https:\/\/mode-franziska.de\/neu\/wp-content\/uploads\/2008\/03\/thumb_fest3.jpg\" alt=\"\" width=\"101\" height=\"150\" border=\"0\"><\/a><\/td>\n<td><a rel=\"festliche_Mode7\" href=\"https:\/\/mode-franziska.de\/neu\/wp-content\/uploads\/2008\/03\/fest1.jpg\" title=\"Seidenkombination Harmonie in Schnitt und Farbe\" class=\"jcebox\"><img loading=\"lazy\" decoding=\"async\" class=\" size-full wp-image-87\" src=\"https:\/\/mode-franziska.de\/neu\/wp-content\/uploads\/2008\/03\/thumb_fest1.jpg\" alt=\"\" width=\"101\" height=\"150\" border=\"0\"><\/a><\/td>\n<\/tr>\n<\/tbody>\n<\/table>\n<div align=\"left\"> <span style=\"font-size: 8pt\">Foto: Monika Vitzthum<\/span><\/div>\n<div align=\"left\"> Ein t\u00fcrkisfarbenes, kn\u00f6chellanges Etuikleid mit flach verlaufendem Ausschnitt bildet das Kernst\u00fcck des Seidenensembles.<br \/>\nAls Erg\u00e4nzung wird dazu eine gemusterte transparente Bluse in T\u00fcrkis und Naturwei\u00df<br \/>\n&nbsp;mit Reversausschnitt und kurzen \u00c4rmeln getragen. Alternativ dazu kann ein kurzes Seidenj\u00e4ckchen aus cyanblauer Wildseide kombiniert werden. Die Jacke ist klassisch verarbeitet: schmales Revers, Paspolknopfl\u00f6cher im Vorderteil, Schlitze an den \u00c4rmeln.<br \/>\nJe nach Anlass kann die Jacke auch businessm\u00e4\u00dfig mit einem kurzen farbgleichen&nbsp; Kost\u00fcmrock aus dem gleichen Material abgewandelt werden. Nat\u00fcrlich passt auch die transparente Bluse zum Kost\u00fcm.<\/div>\n<p>[\/et_pb_text][\/et_pb_column][\/et_pb_row][\/et_pb_section]<\/p>\n","protected":false},"excerpt":{"rendered":"<p>weitere Modelle &nbsp;Ob Familienfeier, Theaterbesuch, Schul- und Tanzkursabschluss oder sonstige Festlichkeiten &#8211; mit ma\u00dfgeschneiderten Modellen zeigen Sie Ihren individuellen Stil. Damen &#8211; Kinder Damenhafte Eleganz Foto: Monika Vitzthum Bei diesem Kleid besticht die mutige Farbe \u201eMalve\u201c &nbsp;und der raffinierte, schlichte Schnitt. Figur betonende Wienern\u00e4hte mit &nbsp;Schlitzen am Saum ergeben &nbsp;elegante Weiblichkeit. Der ansprechende Ausschnitt streckt [&hellip;]<\/p>\n","protected":false},"author":1,"featured_media":6,"parent":0,"menu_order":37,"comment_status":"closed","ping_status":"closed","template":"","meta":{"_et_pb_use_builder":"on","_et_pb_old_content":"<div align=\"right\"><img class=\" size-full wp-image-6\" title=\"schere\" src=\"https:\/\/mode-franziska.de\/neu\/wp-content\/uploads\/2008\/03\/schere.gif\" alt=\"schere\" width=\"56\" height=\"44\" align=\"middle\" border=\"5\" hspace=\"5\" vspace=\"5\" \/><a title=\"weitere Modelle\" href=\"https:\/\/mode-franziska.de\/neu\/festliche-mode-2\/\"><strong>weitere Modelle<\/strong><\/a><\/div>\n<div align=\"left\">\u00a0Ob Familienfeier, Theaterbesuch, Schul- und Tanzkursabschluss oder sonstige Festlichkeiten - mit ma\u00dfgeschneiderten Modellen zeigen Sie Ihren individuellen Stil. <a href=\"#Damen\">Damen<\/a> - <a href=\"#Kinder\">Kinder<\/a> <a title=\"Damen\" name=\"Damen\"><\/a><\/div>\n<div align=\"left\">\n\n<strong>Damenhafte Eleganz<\/strong>\n\n<\/div>\n<table border=\"0\" width=\"348\" cellspacing=\"5\" cellpadding=\"5\" align=\"center\">\n<tbody>\n<tr>\n<td>\n<div align=\"center\"><a class=\"jcebox\" title=\"Damenhafte Eleganz\" href=\"https:\/\/mode-franziska.de\/neu\/wp-content\/uploads\/2008\/03\/dameneleganz1.jpg\" rel=\"festliche_Mode13\"><img class=\" size-full wp-image-51\" src=\"https:\/\/mode-franziska.de\/neu\/wp-content\/uploads\/2008\/03\/thumb_dameneleganz1.jpg\" alt=\"\" width=\"101\" height=\"150\" border=\"0\" \/><\/a><\/div><\/td>\n<td><a class=\"jcebox\" title=\"Damenhafte Eleganz\" href=\"https:\/\/mode-franziska.de\/neu\/wp-content\/uploads\/2008\/03\/dameneleganz2.jpg\" rel=\"festliche_Mode13\"><img class=\" size-full wp-image-53\" src=\"https:\/\/mode-franziska.de\/neu\/wp-content\/uploads\/2008\/03\/thumb_dameneleganz2.jpg\" alt=\"\" width=\"101\" height=\"150\" border=\"0\" \/><\/a><\/td>\n<td><a class=\"jcebox\" title=\"Damenhafte Eleganz\" href=\"https:\/\/mode-franziska.de\/neu\/wp-content\/uploads\/2008\/03\/dameneleganz3.jpg\" rel=\"festliche_Mode13\"><img class=\" size-full wp-image-55\" src=\"https:\/\/mode-franziska.de\/neu\/wp-content\/uploads\/2008\/03\/thumb_dameneleganz3.jpg\" alt=\"\" width=\"101\" height=\"150\" border=\"0\" \/><\/a><\/td>\n<\/tr>\n<\/tbody>\n<\/table>\n<div align=\"left\"><span style=\"font-size: 8pt;\">Foto: Monika Vitzthum<\/span><\/div>\n<div align=\"left\">Bei diesem Kleid besticht die mutige Farbe \u201eMalve\u201c \u00a0und der raffinierte, schlichte Schnitt. Figur betonende Wienern\u00e4hte mit \u00a0Schlitzen am Saum ergeben \u00a0elegante Weiblichkeit. Der ansprechende Ausschnitt streckt und schmeichelt der Tr\u00e4gerin. Leicht gereihte, in weichem Bogen abgerundete Tulpen\u00e4rmeln machen aus dem Etuikleid ein ausgehfeines Sommerkleid. \u00a0Der pflegeleichte, waschbare und knitterbest\u00e4ndige Jaquardstoff ist sicherlich auch ein Pluspunkt. \u00a0F\u00fcr den Abend erg\u00e4nzt ein Boleroj\u00e4ckchen aus schwarzer, elastischer Spitze das elegante Kleid.\n\n<\/div>\n<strong>Festkleid<\/strong>\n<table border=\"0\" width=\"348\" cellspacing=\"5\" cellpadding=\"5\" align=\"center\">\n<tbody>\n<tr>\n<td><a class=\"jcebox\" title=\"Festkleid\" href=\"https:\/\/mode-franziska.de\/neu\/wp-content\/uploads\/2008\/03\/festl_vorne_kl.jpg\" rel=\"festliche_Mode_11\"><img class=\" size-full wp-image-57\" src=\"https:\/\/mode-franziska.de\/neu\/wp-content\/uploads\/2008\/03\/thumb_festl_vorne_kl.jpg\" alt=\"\" width=\"101\" height=\"150\" border=\"0\" \/><\/a><\/td>\n<td><a class=\"jcebox\" title=\"Festkleid\" href=\"https:\/\/mode-franziska.de\/neu\/wp-content\/uploads\/2008\/03\/festl_hinten.jpg\" rel=\"festliche_Mode_11\"><img class=\" size-full wp-image-59\" src=\"https:\/\/mode-franziska.de\/neu\/wp-content\/uploads\/2008\/03\/thumb_festl_hinten.jpg\" alt=\"\" width=\"101\" height=\"150\" border=\"0\" \/><\/a><\/td>\n<td><a class=\"jcebox\" title=\"Festkleid\" href=\"https:\/\/mode-franziska.de\/neu\/wp-content\/uploads\/2008\/03\/festl_detail_kl.jpg\" rel=\"festliche_Mode_11\"><img class=\" size-full wp-image-61\" src=\"https:\/\/mode-franziska.de\/neu\/wp-content\/uploads\/2008\/03\/thumb_festl_detail_kl.jpg\" alt=\"\" width=\"101\" height=\"150\" border=\"0\" \/><\/a><\/td>\n<\/tr>\n<\/tbody>\n<\/table>\n<div align=\"left\"><span style=\"font-size: 8pt;\">Foto: Monika Vitzthum<\/span><\/div>\nAugenf\u00e4llig an diesem hellen Corsagenkleid ist die T\u00fcllstickerei mit Bogenabschluss. Dieser umspielt den Saum des halbkreisf\u00f6rmig geschnittenen Grundrockes aus Crepe Satin. Im Oberteil dominieren die T\u00fclldrappierung und der Bogenabschluss am Ausschnitt. Mit einem Sating\u00fcrtel und einem Verschluss in Bl\u00fctenform erh\u00e4lt das Kleid die gew\u00fcnschte Festlichkeit.\n<div align=\"left\"><\/div>\n<div align=\"left\"><strong>Beschwingtes Sommerkleid mit Bolero-ausgehfein<\/strong><\/div>\n<div align=\"left\">\n<table border=\"0\" width=\"348\" cellspacing=\"5\" cellpadding=\"5\" align=\"center\">\n<tbody>\n<tr>\n<td><a class=\"jcebox\" title=\"Beschwingtes Sommerkleid mit Bolero-ausgehfein\" href=\"https:\/\/mode-franziska.de\/neu\/wp-content\/uploads\/2008\/03\/sommer-7492.jpg\" rel=\"festliche_Mode10\"><img class=\" size-full wp-image-63\" src=\"https:\/\/mode-franziska.de\/neu\/wp-content\/uploads\/2008\/03\/thumb_sommer-7492.jpg\" alt=\"\" width=\"101\" height=\"150\" border=\"0\" \/><\/a><\/td>\n<td><a class=\"jcebox\" title=\"Beschwingtes Sommerkleid mit Bolero-ausgehfein \" href=\"https:\/\/mode-franziska.de\/neu\/wp-content\/uploads\/2008\/03\/sommer.jpg\" rel=\"festliche_Mode10\"><img class=\" size-full wp-image-65\" src=\"https:\/\/mode-franziska.de\/neu\/wp-content\/uploads\/2008\/03\/thumb_sommer.jpg\" alt=\"\" width=\"101\" height=\"150\" border=\"0\" \/><\/a><\/td>\n<td><a class=\"jcebox\" title=\"Beschwingtes Sommerkleid mit Bolero-ausgehfein\" href=\"https:\/\/mode-franziska.de\/neu\/wp-content\/uploads\/2008\/03\/sommer-7508.jpg\" rel=\"festliche_Mode10\"><img class=\" size-full wp-image-67\" src=\"https:\/\/mode-franziska.de\/neu\/wp-content\/uploads\/2008\/03\/thumb_sommer-7508.jpg\" alt=\"\" width=\"101\" height=\"150\" border=\"0\" \/><\/a><\/td>\n<\/tr>\n<\/tbody>\n<\/table>\n<div align=\"left\"><span style=\"font-size: 8pt;\">Foto: Monika Vitzthum<\/span><\/div>\n<div align=\"left\">Dieses Modell aus dem edelsten aller Materialien \u2013Seide- ist hochgeg\u00fcrtet, hat einen elegant tief gezogenen Ausschnitt und ist\u00a0 bis zur Knieh\u00f6he k\u00f6rpernah\u00a0 geschnitten. Die\u00a0 wadenlange,beschwingte Saumweite entwickelt sich aus den angeschnittenben Godets der Teilungsn\u00e4hte. Das florale Muster der wei\u00dfgrundigen Seide mit gro\u00dfz\u00fcgigen magenta, t\u00fcrkis und haselnussbraunen Bl\u00fcten unterstreicht noch die Weiblichkeit.\nIn einem modischen Bolero aus Taft Changeant wiederholt sich der magentafarbige Ton. Ebenso findet sich dieser Ton und dieses Material wieder in dem hochgesetzten G\u00fcrtel mit liebevoll gearbeiteter Rosette.\nEin schmeichelnder Kelchkragen und Trompeten\u00e4rmel mit Schlitzen im Bolero verleihen dem Gesamtbild eine harmonische Abrundung.\n\n<strong>Abi 2010\u00a0<\/strong>\n<table border=\"0\" width=\"348\" cellspacing=\"5\" cellpadding=\"5\" align=\"center\">\n<tbody>\n<tr>\n<td><a class=\"jcebox\" title=\"Abi 2010 \" href=\"https:\/\/mode-franziska.de\/neu\/wp-content\/uploads\/2008\/03\/abi2010-8237.jpg\" rel=\"festliche_Mode9\"><img class=\" size-full wp-image-69\" src=\"https:\/\/mode-franziska.de\/neu\/wp-content\/uploads\/2008\/03\/thumb_abi2010-8237.jpg\" alt=\"\" width=\"101\" height=\"150\" border=\"0\" \/><\/a><\/td>\n<td><a class=\"jcebox\" title=\"Abi 2010 \" href=\"https:\/\/mode-franziska.de\/neu\/wp-content\/uploads\/2008\/03\/abi2010-8259.jpg\" rel=\"festliche_Mode9\"><img class=\" size-full wp-image-71\" src=\"https:\/\/mode-franziska.de\/neu\/wp-content\/uploads\/2008\/03\/thumb_abi2010-8259.jpg\" alt=\"\" width=\"101\" height=\"150\" border=\"0\" \/><\/a><\/td>\n<td><a class=\"jcebox\" title=\"Abi 2010 \" href=\"https:\/\/mode-franziska.de\/neu\/wp-content\/uploads\/2008\/03\/abi2010-8252.jpg\" rel=\"festliche_Mode9\"><img class=\" size-full wp-image-73\" src=\"https:\/\/mode-franziska.de\/neu\/wp-content\/uploads\/2008\/03\/thumb_abi2010-8252.jpg\" alt=\"\" width=\"101\" height=\"150\" border=\"0\" \/><\/a><\/td>\n<\/tr>\n<\/tbody>\n<\/table>\n<div align=\"left\"><span style=\"font-size: 8pt;\">Foto: Monika Vitzthum<\/span><\/div>\n<div align=\"left\">Ein jugendliches Kleid in modischer Knie umspielender L\u00e4nge aus blauer Fallschirmseide unterstreicht die Pers\u00f6nlichkeit der Tr\u00e4gerin.\nZwei verst\u00fcrzte Tr\u00e4ger sitzen seitlich am gerade gehaltenen Ausschnitt des Modells. Die figurbezogenen Teilungsn\u00e4hte verlaufen bis zur H\u00fcfte k\u00f6rpernah, erweitern sich allerdings dann zu einem schwingenden Rock bis auf Kniel\u00e4nge. Auf dem Futterrock sind\u00a0 abwechselnd in Schwarz und Blau gehaltene Organzastreifen als R\u00fcschen aufgearbeitet. Diese geben dem Modell den flotten Schwung.\n\n<\/div>\n<strong>Brautmutter-schlichte Eleganz \u00a0<\/strong>\n<table border=\"0\" width=\"348\" cellspacing=\"5\" cellpadding=\"5\" align=\"center\">\n<tbody>\n<tr>\n<td><a class=\"jcebox\" title=\"Brautmutter-schlichte Eleganz\" href=\"https:\/\/mode-franziska.de\/neu\/wp-content\/uploads\/2008\/03\/mutter-braut-2675.jpg\" rel=\"festliche_Mode8\"><img class=\" size-full wp-image-75\" src=\"https:\/\/mode-franziska.de\/neu\/wp-content\/uploads\/2008\/03\/thumb_mutter-braut-2675.jpg\" alt=\"\" width=\"101\" height=\"150\" border=\"0\" \/><\/a><\/td>\n<td><a class=\"jcebox\" title=\"Brautmutter-schlichte Eleganz\" href=\"https:\/\/mode-franziska.de\/neu\/wp-content\/uploads\/2008\/03\/brautmutter-2686.jpg\" rel=\"festliche_Mode8\"><img class=\" size-full wp-image-77\" src=\"https:\/\/mode-franziska.de\/neu\/wp-content\/uploads\/2008\/03\/thumb_brautmutter-2686.jpg\" alt=\"\" width=\"101\" height=\"150\" border=\"0\" \/><\/a><\/td>\n<td><a class=\"jcebox\" title=\"Brautmutter-schlichte Eleganz\" href=\"https:\/\/mode-franziska.de\/neu\/wp-content\/uploads\/2008\/03\/brautmutter-2691.jpg\" rel=\"festliche_Mode8\"><img class=\" size-full wp-image-79\" src=\"https:\/\/mode-franziska.de\/neu\/wp-content\/uploads\/2008\/03\/thumb_brautmutter-2691.jpg\" alt=\"\" width=\"101\" height=\"150\" border=\"0\" \/><\/a><\/td>\n<\/tr>\n<\/tbody>\n<\/table>\n<div align=\"left\"><span style=\"font-size: 8pt;\">Foto: Monika Vitzthum<\/span><\/div>\n<div align=\"left\">Das k\u00f6rperumspielende Kleid aus Schurwolle mit\u00a0 Fischgratbindung in der modischen Farbe Wicke (dunkles Lila) hat einen halsnahen Ausschnitt und kurze, schmale \u00c4rmel.\u00a0 Der einzige Schmuck an diesem Modell besteht in dem stimmigen Stoffg\u00fcrtel mit rechteckiger Schlie\u00dfe.\nAus dem selben Material des Grundkleides, allerdings mit gro\u00dfen Bl\u00fctenumrissen in Schwarz, ist die kurze Reversjacke dazu kombiniert.\nWirkundsvoll erg\u00e4nzen \u00fcberzogene Kn\u00f6pfe aus dem Kleiderstoff im Vorderteil und an den \u00c4rmelschlitzen das Ensemble.\nDer Wunsch von Braut und Brautmutter nach Schlichtheit und doch Eleganz wurde erf\u00fcllt.\nDas Modell der Braut ist in Brautmoden beschrieben.<\/div>\n<\/div>\n<\/div>\n<div align=\"left\"><strong>Seidenkombination Harmonie in Schnitt und Farbe<\/strong><\/div>\n<table border=\"0\" width=\"348\" cellspacing=\"5\" cellpadding=\"5\" align=\"center\">\n<tbody>\n<tr>\n<td><a class=\"jcebox\" title=\"Seidenkombination Harmonie in Schnitt und Farbe\" href=\"https:\/\/mode-franziska.de\/neu\/wp-content\/uploads\/2008\/03\/fest4.jpg\" rel=\"festliche_Mode7\"><img class=\" size-full wp-image-81\" src=\"https:\/\/mode-franziska.de\/neu\/wp-content\/uploads\/2008\/03\/thumb_fest4.jpg\" alt=\"\" width=\"101\" height=\"150\" border=\"0\" \/><\/a><\/td>\n<td><a class=\"jcebox\" title=\"Seidenkombination Harmonie in Schnitt und Farbe\" href=\"https:\/\/mode-franziska.de\/neu\/wp-content\/uploads\/2008\/03\/fest2.jpg\" rel=\"festliche_Mode7\"><img class=\" size-full wp-image-83\" src=\"https:\/\/mode-franziska.de\/neu\/wp-content\/uploads\/2008\/03\/thumb_fest2.jpg\" alt=\"\" width=\"101\" height=\"150\" border=\"0\" \/><\/a><\/td>\n<td><a class=\"jcebox\" title=\"Seidenkombination Harmonie in Schnitt und Farbe \" href=\"https:\/\/mode-franziska.de\/neu\/wp-content\/uploads\/2008\/03\/fest3.jpg\" rel=\"festliche_Mode7\"><img class=\" size-full wp-image-85\" src=\"https:\/\/mode-franziska.de\/neu\/wp-content\/uploads\/2008\/03\/thumb_fest3.jpg\" alt=\"\" width=\"101\" height=\"150\" border=\"0\" \/><\/a><\/td>\n<td><a class=\"jcebox\" title=\"Seidenkombination Harmonie in Schnitt und Farbe\" href=\"https:\/\/mode-franziska.de\/neu\/wp-content\/uploads\/2008\/03\/fest1.jpg\" rel=\"festliche_Mode7\"><img class=\" size-full wp-image-87\" src=\"https:\/\/mode-franziska.de\/neu\/wp-content\/uploads\/2008\/03\/thumb_fest1.jpg\" alt=\"\" width=\"101\" height=\"150\" border=\"0\" \/><\/a><\/td>\n<\/tr>\n<\/tbody>\n<\/table>\n<div align=\"left\"><span style=\"font-size: 8pt;\">Foto: Monika Vitzthum<\/span><\/div>\n<div align=\"left\">Ein t\u00fcrkisfarbenes, kn\u00f6chellanges Etuikleid mit flach verlaufendem Ausschnitt bildet das Kernst\u00fcck des Seidenensembles.\nAls Erg\u00e4nzung wird dazu eine gemusterte transparente Bluse in T\u00fcrkis und Naturwei\u00df\nmit Reversausschnitt und kurzen \u00c4rmeln getragen. Alternativ dazu kann ein kurzes Seidenj\u00e4ckchen aus cyanblauer Wildseide kombiniert werden. Die Jacke ist klassisch verarbeitet: schmales Revers, Paspolknopfl\u00f6cher im Vorderteil, Schlitze an den \u00c4rmeln.\nJe nach Anlass kann die Jacke auch businessm\u00e4\u00dfig mit einem kurzen farbgleichen\u00a0 Kost\u00fcmrock aus dem gleichen Material abgewandelt werden. Nat\u00fcrlich passt auch die transparente Bluse zum Kost\u00fcm.<\/div>","_et_gb_content_width":"793","footnotes":""},"class_list":["post-88","page","type-page","status-publish","has-post-thumbnail","hentry"],"_links":{"self":[{"href":"https:\/\/mode-franziska.de\/neu\/wp-json\/wp\/v2\/pages\/88","targetHints":{"allow":["GET"]}}],"collection":[{"href":"https:\/\/mode-franziska.de\/neu\/wp-json\/wp\/v2\/pages"}],"about":[{"href":"https:\/\/mode-franziska.de\/neu\/wp-json\/wp\/v2\/types\/page"}],"author":[{"embeddable":true,"href":"https:\/\/mode-franziska.de\/neu\/wp-json\/wp\/v2\/users\/1"}],"replies":[{"embeddable":true,"href":"https:\/\/mode-franziska.de\/neu\/wp-json\/wp\/v2\/comments?post=88"}],"version-history":[{"count":6,"href":"https:\/\/mode-franziska.de\/neu\/wp-json\/wp\/v2\/pages\/88\/revisions"}],"predecessor-version":[{"id":611,"href":"https:\/\/mode-franziska.de\/neu\/wp-json\/wp\/v2\/pages\/88\/revisions\/611"}],"wp:featuredmedia":[{"embeddable":true,"href":"https:\/\/mode-franziska.de\/neu\/wp-json\/wp\/v2\/media\/6"}],"wp:attachment":[{"href":"https:\/\/mode-franziska.de\/neu\/wp-json\/wp\/v2\/media?parent=88"}],"curies":[{"name":"wp","href":"https:\/\/api.w.org\/{rel}","templated":true}]}}